{"id":3393,"date":"2022-10-07T17:22:00","date_gmt":"2022-10-07T15:22:00","guid":{"rendered":"https:\/\/recuerdasdeunavida.com\/?post_type=conciertos&#038;p=3393"},"modified":"2023-06-07T18:30:08","modified_gmt":"2023-06-07T16:30:08","slug":"claustro-del-convento-de-nuestra-senora-del-rosario-y-santo-domingo","status":"publish","type":"conciertos","link":"https:\/\/recuerdasdeunavida.com\/en\/conciertos\/claustro-del-convento-de-nuestra-senora-del-rosario-y-santo-domingo\/","title":{"rendered":"Cloister of the Convent &#8220;Nuestra Se\u00f1ora del Rosario y Santo Domingo&#8221;"},"content":{"rendered":"\t\t<div data-elementor-type=\"wp-post\" data-elementor-id=\"3393\" class=\"elementor elementor-3393 elementor-2696\" data-elementor-post-type=\"conciertos\">\n\t\t\t\t\t\t<section class=\"elementor-section elementor-top-section elementor-element elementor-element-365eb0b5 elementor-section-boxed elementor-section-height-default elementor-section-height-default\" data-id=\"365eb0b5\" data-element_type=\"section\" data-e-type=\"section\" data-settings=\"{&quot;background_background&quot;:&quot;classic&quot;}\">\n\t\t\t\t\t\t<div class=\"elementor-container elementor-column-gap-default\">\n\t\t\t\t\t<div class=\"elementor-column elementor-col-100 elementor-top-column elementor-element elementor-element-421727c\" data-id=\"421727c\" data-element_type=\"column\" data-e-type=\"column\">\n\t\t\t<div class=\"elementor-widget-wrap elementor-element-populated\">\n\t\t\t\t\t\t<div class=\"elementor-element elementor-element-37876388 elementor-widget elementor-widget-heading\" data-id=\"37876388\" data-element_type=\"widget\" data-e-type=\"widget\" data-widget_type=\"heading.default\">\n\t\t\t\t<div class=\"elementor-widget-container\">\n\t\t\t\t\t<h2 class=\"elementor-heading-title elementor-size-default\">CONCERTS &gt; CONVENT NUESTRA SE\u00d1ORA DEL ROSARIO Y SANTO DOMINGO<\/h2>\t\t\t\t<\/div>\n\t\t\t\t<\/div>\n\t\t\t\t\t<\/div>\n\t\t<\/div>\n\t\t\t\t\t<\/div>\n\t\t<\/section>\n\t\t\t\t<section class=\"elementor-section elementor-top-section elementor-element elementor-element-3eb1c3b0 elementor-section-content-middle elementor-reverse-mobile elementor-section-boxed elementor-section-height-default elementor-section-height-default\" data-id=\"3eb1c3b0\" data-element_type=\"section\" data-e-type=\"section\" data-settings=\"{&quot;background_background&quot;:&quot;classic&quot;}\">\n\t\t\t\t\t\t<div class=\"elementor-container elementor-column-gap-no\">\n\t\t\t\t\t<div class=\"elementor-column elementor-col-50 elementor-top-column elementor-element elementor-element-6592f421\" data-id=\"6592f421\" data-element_type=\"column\" data-e-type=\"column\">\n\t\t\t<div class=\"elementor-widget-wrap elementor-element-populated\">\n\t\t\t\t\t\t<div class=\"elementor-element elementor-element-4d0e9082 elementor-widget elementor-widget-heading\" data-id=\"4d0e9082\" data-element_type=\"widget\" data-e-type=\"widget\" data-widget_type=\"heading.default\">\n\t\t\t\t<div class=\"elementor-widget-container\">\n\t\t\t\t\t<h2 class=\"elementor-heading-title elementor-size-default\">CONCERT AT THE CLOISTER OF THE CONVENT \u201cNUESTRA SE\u00d1ORA DEL ROSARIO Y SANTO DOMINGO\u201d, C\u00e1diz.\n<br>November 11, 2022.<br>20:00h\n<\/h2>\t\t\t\t<\/div>\n\t\t\t\t<\/div>\n\t\t\t\t<div class=\"elementor-element elementor-element-52bd272c elementor-widget elementor-widget-text-editor\" data-id=\"52bd272c\" data-element_type=\"widget\" data-e-type=\"widget\" data-widget_type=\"text-editor.default\">\n\t\t\t\t<div class=\"elementor-widget-container\">\n\t\t\t\t\t\t\t\t\t<p>This concert is especially relevant for the homage and tribute to the figure of \u00c1ngel since it will be the first time that his works are performed in C\u00e1diz (his hometown). Without a doubt, it will be an emotional moment and another milestone in the dissemination of his work throughout Spain and other corners of the world.<\/p>\t\t\t\t\t\t\t\t<\/div>\n\t\t\t\t<\/div>\n\t\t\t\t\t<\/div>\n\t\t<\/div>\n\t\t\t\t<div class=\"elementor-column elementor-col-50 elementor-top-column elementor-element elementor-element-ee5ec12\" data-id=\"ee5ec12\" data-element_type=\"column\" data-e-type=\"column\">\n\t\t\t<div class=\"elementor-widget-wrap\">\n\t\t\t\t\t\t\t<\/div>\n\t\t<\/div>\n\t\t\t\t\t<\/div>\n\t\t<\/section>\n\t\t\t\t<section class=\"elementor-section elementor-top-section elementor-element elementor-element-664f003c elementor-section-height-min-height elementor-section-items-top elementor-section-boxed elementor-section-height-default\" data-id=\"664f003c\" data-element_type=\"section\" data-e-type=\"section\" data-settings=\"{&quot;background_background&quot;:&quot;classic&quot;}\">\n\t\t\t\t\t\t<div class=\"elementor-container elementor-column-gap-default\">\n\t\t\t\t\t<div class=\"elementor-column elementor-col-50 elementor-top-column elementor-element elementor-element-1c52fdfd\" data-id=\"1c52fdfd\" data-element_type=\"column\" data-e-type=\"column\">\n\t\t\t<div class=\"elementor-widget-wrap elementor-element-populated\">\n\t\t\t\t\t\t<div class=\"elementor-element elementor-element-4cc2f4a2 elementor-widget elementor-widget-heading\" data-id=\"4cc2f4a2\" data-element_type=\"widget\" data-e-type=\"widget\" data-widget_type=\"heading.default\">\n\t\t\t\t<div class=\"elementor-widget-container\">\n\t\t\t\t\t<h2 class=\"elementor-heading-title elementor-size-default\">THE VENUE<\/h2>\t\t\t\t<\/div>\n\t\t\t\t<\/div>\n\t\t\t\t<div class=\"elementor-element elementor-element-5356d3c9 elementor-widget elementor-widget-image\" data-id=\"5356d3c9\" data-element_type=\"widget\" data-e-type=\"widget\" data-widget_type=\"image.default\">\n\t\t\t\t<div class=\"elementor-widget-container\">\n\t\t\t\t\t\t\t\t\t\t\t\t\t\t\t<img fetchpriority=\"high\" decoding=\"async\" width=\"800\" height=\"489\" src=\"https:\/\/recuerdasdeunavida.com\/wp-content\/uploads\/2022\/10\/elespacio_rosariosantodomingo-1024x626.jpg\" class=\"attachment-large size-large wp-image-3180\" alt=\"el espacio concierto recuerdas convento santo domingo\" srcset=\"https:\/\/recuerdasdeunavida.com\/wp-content\/uploads\/2022\/10\/elespacio_rosariosantodomingo-1024x626.jpg 1024w, https:\/\/recuerdasdeunavida.com\/wp-content\/uploads\/2022\/10\/elespacio_rosariosantodomingo-300x183.jpg 300w, https:\/\/recuerdasdeunavida.com\/wp-content\/uploads\/2022\/10\/elespacio_rosariosantodomingo-768x469.jpg 768w, https:\/\/recuerdasdeunavida.com\/wp-content\/uploads\/2022\/10\/elespacio_rosariosantodomingo.jpg 1080w\" sizes=\"(max-width: 800px) 100vw, 800px\" \/>\t\t\t\t\t\t\t\t\t\t\t\t\t\t\t<\/div>\n\t\t\t\t<\/div>\n\t\t\t\t\t<\/div>\n\t\t<\/div>\n\t\t\t\t<div class=\"elementor-column elementor-col-50 elementor-top-column elementor-element elementor-element-1bcd12d6\" data-id=\"1bcd12d6\" data-element_type=\"column\" data-e-type=\"column\">\n\t\t\t<div class=\"elementor-widget-wrap elementor-element-populated\">\n\t\t\t\t\t\t<div class=\"elementor-element elementor-element-1962e491 elementor-widget elementor-widget-heading\" data-id=\"1962e491\" data-element_type=\"widget\" data-e-type=\"widget\" data-widget_type=\"heading.default\">\n\t\t\t\t<div class=\"elementor-widget-container\">\n\t\t\t\t\t<h2 class=\"elementor-heading-title elementor-size-default\">Convent of Nuestra Se\u00f1ora del Rosario and Santo Domingo <\/h2>\t\t\t\t<\/div>\n\t\t\t\t<\/div>\n\t\t\t\t<div class=\"elementor-element elementor-element-6f5b8a0e elementor-widget elementor-widget-text-editor\" data-id=\"6f5b8a0e\" data-element_type=\"widget\" data-e-type=\"widget\" data-widget_type=\"text-editor.default\">\n\t\t\t\t<div class=\"elementor-widget-container\">\n\t\t\t\t\t\t\t\t\t<p>The convent of <em>Nuestra Se\u00f1ora del Rosario and Santo Domingo<\/em> (also called the church of Santo Domingo) in C\u00e1diz, located on the edge of the historic center, near the port, from a historical perspective, is the religious building in Cadiz with the greatest American connection from the moment of its foundation, as its objective was to house the Dominicans who came and went from the other end of the Atlantic. It is in the late Mannerist style, with Baroque elements, and is an asset of cultural interest.<\/p><p>In addition to the church, the large cloister courtyard and the chapel of the Venerable Third Order stand out from the complex.<\/p><p>From an artistic point of view, the convent contains important Baroque marble works of Genoese origin, fundamental testimonies of the intense commercial and artistic relations established between C\u00e1diz and Genoa in the 17th and 18th centuries.<\/p>\t\t\t\t\t\t\t\t<\/div>\n\t\t\t\t<\/div>\n\t\t\t\t\t<\/div>\n\t\t<\/div>\n\t\t\t\t\t<\/div>\n\t\t<\/section>\n\t\t\t\t<section class=\"elementor-section elementor-top-section elementor-element elementor-element-33aba22d elementor-hidden-desktop elementor-hidden-tablet elementor-hidden-mobile elementor-section-boxed elementor-section-height-default elementor-section-height-default\" data-id=\"33aba22d\" data-element_type=\"section\" data-e-type=\"section\" data-settings=\"{&quot;background_background&quot;:&quot;classic&quot;}\">\n\t\t\t\t\t\t<div class=\"elementor-container elementor-column-gap-default\">\n\t\t\t\t\t<div class=\"elementor-column elementor-col-50 elementor-top-column elementor-element elementor-element-641de307\" data-id=\"641de307\" data-element_type=\"column\" data-e-type=\"column\">\n\t\t\t<div class=\"elementor-widget-wrap elementor-element-populated\">\n\t\t\t\t\t\t<div class=\"elementor-element elementor-element-71e5de9 elementor-widget elementor-widget-heading\" data-id=\"71e5de9\" data-element_type=\"widget\" data-e-type=\"widget\" data-widget_type=\"heading.default\">\n\t\t\t\t<div class=\"elementor-widget-container\">\n\t\t\t\t\t<h2 class=\"elementor-heading-title elementor-size-default\">EL DIRECTOR<\/h2>\t\t\t\t<\/div>\n\t\t\t\t<\/div>\n\t\t\t\t<div class=\"elementor-element elementor-element-4c41cc2d elementor-widget elementor-widget-image\" data-id=\"4c41cc2d\" data-element_type=\"widget\" data-e-type=\"widget\" data-widget_type=\"image.default\">\n\t\t\t\t<div class=\"elementor-widget-container\">\n\t\t\t\t\t\t\t\t\t\t\t\t\t\t\t<img decoding=\"async\" width=\"626\" height=\"594\" src=\"https:\/\/recuerdasdeunavida.com\/wp-content\/uploads\/2022\/10\/director.jpg\" class=\"attachment-full size-full wp-image-2718\" alt=\"\" srcset=\"https:\/\/recuerdasdeunavida.com\/wp-content\/uploads\/2022\/10\/director.jpg 626w, https:\/\/recuerdasdeunavida.com\/wp-content\/uploads\/2022\/10\/director-300x285.jpg 300w\" sizes=\"(max-width: 626px) 100vw, 626px\" \/>\t\t\t\t\t\t\t\t\t\t\t\t\t\t\t<\/div>\n\t\t\t\t<\/div>\n\t\t\t\t\t<\/div>\n\t\t<\/div>\n\t\t\t\t<div class=\"elementor-column elementor-col-50 elementor-top-column elementor-element elementor-element-468fd762\" data-id=\"468fd762\" data-element_type=\"column\" data-e-type=\"column\">\n\t\t\t<div class=\"elementor-widget-wrap elementor-element-populated\">\n\t\t\t\t\t\t<div class=\"elementor-element elementor-element-39b842e4 elementor-widget elementor-widget-heading\" data-id=\"39b842e4\" data-element_type=\"widget\" data-e-type=\"widget\" data-widget_type=\"heading.default\">\n\t\t\t\t<div class=\"elementor-widget-container\">\n\t\t\t\t\t<h2 class=\"elementor-heading-title elementor-size-default\">NOMBRE APELLIDO<\/h2>\t\t\t\t<\/div>\n\t\t\t\t<\/div>\n\t\t\t\t<div class=\"elementor-element elementor-element-1fd81ec elementor-widget elementor-widget-text-editor\" data-id=\"1fd81ec\" data-element_type=\"widget\" data-e-type=\"widget\" data-widget_type=\"text-editor.default\">\n\t\t\t\t<div class=\"elementor-widget-container\">\n\t\t\t\t\t\t\t\t\t<p>Entre las numerosas orquestas que ha dirigido, destacan la Sinf\u00f3nica de Mil\u00e1n, Sinf\u00f3nica de Madrid, l\u2019Orchestra del Teatro Carlo Felice de G\u00e9nova, Orquesta Sinf\u00f3nica de Castilla y Le\u00f3n, Orquesta de la Comunidad de Madrid, Sinf\u00f3nica de Galicia, l\u2019Orchestra Accademia del Teatro La Scala de Mil\u00e1n, l\u2019Orchestre de l\u2019Opera Royal de Wallonie, l\u2019Orchestre Symphonique de Saint-\u00c9tienne, Real Filharmon\u00eda de Galicia, Orquesta de Extremadura, Sinf\u00f3nica de Navarra, Sinf\u00f3nica de la Regi\u00f3n de Murcia, Orquesta de C\u00f3rdoba, l\u2019Orchestra Filarmonia Veneta y Orquesta Cl\u00e1sica Santa Cecilia entre otras.<\/p>\t\t\t\t\t\t\t\t<\/div>\n\t\t\t\t<\/div>\n\t\t\t\t\t<\/div>\n\t\t<\/div>\n\t\t\t\t\t<\/div>\n\t\t<\/section>\n\t\t\t\t<section class=\"elementor-section elementor-top-section elementor-element elementor-element-448ef8c8 elementor-hidden-desktop elementor-hidden-tablet elementor-hidden-mobile elementor-section-boxed elementor-section-height-default elementor-section-height-default\" data-id=\"448ef8c8\" data-element_type=\"section\" data-e-type=\"section\" data-settings=\"{&quot;background_background&quot;:&quot;classic&quot;}\">\n\t\t\t\t\t\t<div class=\"elementor-container elementor-column-gap-default\">\n\t\t\t\t\t<div class=\"elementor-column elementor-col-50 elementor-top-column elementor-element elementor-element-7cb0f466\" data-id=\"7cb0f466\" data-element_type=\"column\" data-e-type=\"column\">\n\t\t\t<div class=\"elementor-widget-wrap elementor-element-populated\">\n\t\t\t\t\t\t<div class=\"elementor-element elementor-element-1bac279c elementor-widget elementor-widget-heading\" data-id=\"1bac279c\" data-element_type=\"widget\" data-e-type=\"widget\" data-widget_type=\"heading.default\">\n\t\t\t\t<div class=\"elementor-widget-container\">\n\t\t\t\t\t<h2 class=\"elementor-heading-title elementor-size-default\">ORQUESTA<\/h2>\t\t\t\t<\/div>\n\t\t\t\t<\/div>\n\t\t\t\t<div class=\"elementor-element elementor-element-36cc571e elementor-widget elementor-widget-text-editor\" data-id=\"36cc571e\" data-element_type=\"widget\" data-e-type=\"widget\" data-widget_type=\"text-editor.default\">\n\t\t\t\t<div class=\"elementor-widget-container\">\n\t\t\t\t\t\t\t\t\t<p>Entre las numerosas orquestas que ha dirigido, destacan la Sinf\u00f3nica de Mil\u00e1n, Sinf\u00f3nica de Madrid, l\u2019Orchestra del Teatro Carlo Felice de G\u00e9nova, Orquesta Sinf\u00f3nica de Castilla y Le\u00f3n, Orquesta de la Comunidad de Madrid, Sinf\u00f3nica de Galicia, l\u2019Orchestra Accademia del Teatro La Scala de Mil\u00e1n, l\u2019Orchestre de l\u2019Opera Royal de Wallonie, l\u2019Orchestre Symphonique de Saint-\u00c9tienne, Real Filharmon\u00eda de Galicia, Orquesta de Extremadura, Sinf\u00f3nica de Navarra, Sinf\u00f3nica de la Regi\u00f3n de Murcia, Orquesta de C\u00f3rdoba, l\u2019Orchestra Filarmonia Veneta y Orquesta Cl\u00e1sica Santa Cecilia entre otras.<\/p>\t\t\t\t\t\t\t\t<\/div>\n\t\t\t\t<\/div>\n\t\t\t\t\t<\/div>\n\t\t<\/div>\n\t\t\t\t<div class=\"elementor-column elementor-col-50 elementor-top-column elementor-element elementor-element-7a3b0ed2\" data-id=\"7a3b0ed2\" data-element_type=\"column\" data-e-type=\"column\">\n\t\t\t<div class=\"elementor-widget-wrap elementor-element-populated\">\n\t\t\t\t\t\t<div class=\"elementor-element elementor-element-5384c0b1 elementor-widget elementor-widget-image\" data-id=\"5384c0b1\" data-element_type=\"widget\" data-e-type=\"widget\" data-widget_type=\"image.default\">\n\t\t\t\t<div class=\"elementor-widget-container\">\n\t\t\t\t\t\t\t\t\t\t\t\t\t\t\t<img decoding=\"async\" width=\"626\" height=\"594\" src=\"https:\/\/recuerdasdeunavida.com\/wp-content\/uploads\/2022\/10\/director.jpg\" class=\"attachment-full size-full wp-image-2718\" alt=\"\" srcset=\"https:\/\/recuerdasdeunavida.com\/wp-content\/uploads\/2022\/10\/director.jpg 626w, https:\/\/recuerdasdeunavida.com\/wp-content\/uploads\/2022\/10\/director-300x285.jpg 300w\" sizes=\"(max-width: 626px) 100vw, 626px\" \/>\t\t\t\t\t\t\t\t\t\t\t\t\t\t\t<\/div>\n\t\t\t\t<\/div>\n\t\t\t\t\t<\/div>\n\t\t<\/div>\n\t\t\t\t\t<\/div>\n\t\t<\/section>\n\t\t\t\t<section class=\"elementor-section elementor-top-section elementor-element elementor-element-70cc99a elementor-hidden-desktop elementor-hidden-tablet elementor-hidden-mobile elementor-section-boxed elementor-section-height-default elementor-section-height-default\" data-id=\"70cc99a\" data-element_type=\"section\" data-e-type=\"section\" data-settings=\"{&quot;background_background&quot;:&quot;classic&quot;}\">\n\t\t\t\t\t\t<div class=\"elementor-container elementor-column-gap-default\">\n\t\t\t\t\t<div class=\"elementor-column elementor-col-50 elementor-top-column elementor-element elementor-element-1ceabbe8\" data-id=\"1ceabbe8\" data-element_type=\"column\" data-e-type=\"column\">\n\t\t\t<div class=\"elementor-widget-wrap elementor-element-populated\">\n\t\t\t\t\t\t<div class=\"elementor-element elementor-element-3a82d93 elementor-widget elementor-widget-heading\" data-id=\"3a82d93\" data-element_type=\"widget\" data-e-type=\"widget\" data-widget_type=\"heading.default\">\n\t\t\t\t<div class=\"elementor-widget-container\">\n\t\t\t\t\t<h2 class=\"elementor-heading-title elementor-size-default\">ORQUESTA<\/h2>\t\t\t\t<\/div>\n\t\t\t\t<\/div>\n\t\t\t\t<div class=\"elementor-element elementor-element-49143fc4 elementor-widget elementor-widget-text-editor\" data-id=\"49143fc4\" data-element_type=\"widget\" data-e-type=\"widget\" data-widget_type=\"text-editor.default\">\n\t\t\t\t<div class=\"elementor-widget-container\">\n\t\t\t\t\t\t\t\t\t<p>Entre las numerosas orquestas que ha dirigido, destacan la Sinf\u00f3nica de Mil\u00e1n, Sinf\u00f3nica de Madrid, l\u2019Orchestra del Teatro Carlo Felice de G\u00e9nova, Orquesta Sinf\u00f3nica de Castilla y Le\u00f3n, Orquesta de la Comunidad de Madrid, Sinf\u00f3nica de Galicia, l\u2019Orchestra Accademia del Teatro La Scala de Mil\u00e1n, l\u2019Orchestre de l\u2019Opera Royal de Wallonie, l\u2019Orchestre Symphonique de Saint-\u00c9tienne, Real Filharmon\u00eda de Galicia, Orquesta de Extremadura, Sinf\u00f3nica de Navarra, Sinf\u00f3nica de la Regi\u00f3n de Murcia, Orquesta de C\u00f3rdoba, l\u2019Orchestra Filarmonia Veneta y Orquesta Cl\u00e1sica Santa Cecilia entre otras.<\/p>\t\t\t\t\t\t\t\t<\/div>\n\t\t\t\t<\/div>\n\t\t\t\t\t<\/div>\n\t\t<\/div>\n\t\t\t\t<div class=\"elementor-column elementor-col-50 elementor-top-column elementor-element elementor-element-16e67106\" data-id=\"16e67106\" data-element_type=\"column\" data-e-type=\"column\">\n\t\t\t<div class=\"elementor-widget-wrap elementor-element-populated\">\n\t\t\t\t\t\t<div class=\"elementor-element elementor-element-1e2ae9b7 elementor-widget elementor-widget-image\" data-id=\"1e2ae9b7\" data-element_type=\"widget\" data-e-type=\"widget\" data-widget_type=\"image.default\">\n\t\t\t\t<div class=\"elementor-widget-container\">\n\t\t\t\t\t\t\t\t\t\t\t\t\t\t\t<img decoding=\"async\" width=\"626\" height=\"594\" src=\"https:\/\/recuerdasdeunavida.com\/wp-content\/uploads\/2022\/10\/director.jpg\" class=\"attachment-full size-full wp-image-2718\" alt=\"\" srcset=\"https:\/\/recuerdasdeunavida.com\/wp-content\/uploads\/2022\/10\/director.jpg 626w, https:\/\/recuerdasdeunavida.com\/wp-content\/uploads\/2022\/10\/director-300x285.jpg 300w\" sizes=\"(max-width: 626px) 100vw, 626px\" \/>\t\t\t\t\t\t\t\t\t\t\t\t\t\t\t<\/div>\n\t\t\t\t<\/div>\n\t\t\t\t\t<\/div>\n\t\t<\/div>\n\t\t\t\t\t<\/div>\n\t\t<\/section>\n\t\t\t\t<section class=\"elementor-section elementor-top-section elementor-element elementor-element-4497e7a8 elementor-section-boxed elementor-section-height-default elementor-section-height-default\" data-id=\"4497e7a8\" data-element_type=\"section\" data-e-type=\"section\" data-settings=\"{&quot;background_background&quot;:&quot;classic&quot;}\">\n\t\t\t\t\t\t<div class=\"elementor-container elementor-column-gap-default\">\n\t\t\t\t\t<div class=\"elementor-column elementor-col-50 elementor-top-column elementor-element elementor-element-6d1e6347\" data-id=\"6d1e6347\" data-element_type=\"column\" data-e-type=\"column\">\n\t\t\t<div class=\"elementor-widget-wrap elementor-element-populated\">\n\t\t\t\t\t\t<div class=\"elementor-element elementor-element-54ae630e elementor-widget elementor-widget-heading\" data-id=\"54ae630e\" data-element_type=\"widget\" data-e-type=\"widget\" data-widget_type=\"heading.default\">\n\t\t\t\t<div class=\"elementor-widget-container\">\n\t\t\t\t\t<h2 class=\"elementor-heading-title elementor-size-default\">THE ARTIST<\/h2>\t\t\t\t<\/div>\n\t\t\t\t<\/div>\n\t\t\t\t<div class=\"elementor-element elementor-element-5f2c6d91 elementor-widget elementor-widget-image\" data-id=\"5f2c6d91\" data-element_type=\"widget\" data-e-type=\"widget\" data-widget_type=\"image.default\">\n\t\t\t\t<div class=\"elementor-widget-container\">\n\t\t\t\t\t\t\t\t\t\t\t\t\t\t\t<img decoding=\"async\" width=\"600\" height=\"401\" src=\"https:\/\/recuerdasdeunavida.com\/wp-content\/uploads\/2022\/10\/lucaromanelli.jpg\" class=\"attachment-full size-full wp-image-2988\" alt=\"guitarrista luca romanelli concierto recuerdas santo domingo\" srcset=\"https:\/\/recuerdasdeunavida.com\/wp-content\/uploads\/2022\/10\/lucaromanelli.jpg 600w, https:\/\/recuerdasdeunavida.com\/wp-content\/uploads\/2022\/10\/lucaromanelli-300x201.jpg 300w\" sizes=\"(max-width: 600px) 100vw, 600px\" \/>\t\t\t\t\t\t\t\t\t\t\t\t\t\t\t<\/div>\n\t\t\t\t<\/div>\n\t\t\t\t\t<\/div>\n\t\t<\/div>\n\t\t\t\t<div class=\"elementor-column elementor-col-50 elementor-top-column elementor-element elementor-element-127fb7ca\" data-id=\"127fb7ca\" data-element_type=\"column\" data-e-type=\"column\">\n\t\t\t<div class=\"elementor-widget-wrap elementor-element-populated\">\n\t\t\t\t\t\t<div class=\"elementor-element elementor-element-37a0fb9 elementor-widget elementor-widget-heading\" data-id=\"37a0fb9\" data-element_type=\"widget\" data-e-type=\"widget\" data-widget_type=\"heading.default\">\n\t\t\t\t<div class=\"elementor-widget-container\">\n\t\t\t\t\t<h2 class=\"elementor-heading-title elementor-size-default\">Guitarist: Luca Romanelli<\/h2>\t\t\t\t<\/div>\n\t\t\t\t<\/div>\n\t\t\t\t<div class=\"elementor-element elementor-element-cdf5b7e elementor-widget elementor-widget-tp-unfold\" data-id=\"cdf5b7e\" data-element_type=\"widget\" data-e-type=\"widget\" data-widget_type=\"tp-unfold.default\">\n\t\t\t\t<div class=\"elementor-widget-container\">\n\t\t\t\t\t<div class=\"tp-unfold-wrapper plus69f1d9afdfb28  \" data-id=\"plus69f1d9afdfb28\"  data-content_a_source=\"content\" data-con_pos=\"default\" data-icon-position=\"tp_ic_pos_before\" data-readmore=\"View more\" data-readless=\"View less\" data-readmore-icon=\"\" data-readless-icon=\"\"  data-transition-duration=\"200\" data-content-max-height=\"187\" data-content-max-height-t=\"100\" data-content-max-height-m=\"329\"  ><div class=\"tp-unfold-title\"><\/div><div class=\"tp-unfold-description\" ><div class=\"tp-unfold-description-inner\"><p>Luca Romanelli is a young Italian who began playing classical guitar at the age of 11 and who is currently a guitar professor at the IMC Sant'Elpidio a Mare (FM) in Italy.<\/p><p>He has already recorded two CDs, the first \u201cI\" in 2015 including music by Bach, Rodrigo, Giuliani and others, the other \u201cElogio\" dedicated to Leo Brouwerfor for his 80 years in 2019.<\/p><p>Luca performs in numerous concerts\u00a0in Italy, Austria, Germany and Romania as a soloist and as a member of the Marche's Guitar Orchestra and the M\u00fcnster Gitarre.<\/p><p>He has participated in numerous competitions, winning among other things the 2nd Prize at the International Competition Citt\u00e0 di Mottola in 2012, the 2nd Prize at the National Rospigliosi Competition in 2013 and 2018,\u00a0 arriving in the final in the Review of the Best Italian Graduates of 2015 in Castrocaro Terme, 1st Prize at the \"From Nature to Sound\" Review 2018 and 1st Prize at the Paolo Competition Barrasso 2018 of Caramanico Terme, until the victory on Rassegna Musicale Joaquin Rodrigo and VI Angel Pi\u0144ero International Guitar Competition in 2019.<\/p><p>He collaborates with the composers Silvio Catalini, Kacha Metreveli, and Dang Ngoc Long in the dissemination of his works for guitar, participating in some of their concerts and in some musical recordings.<\/p><p>Luca actively collaborates in disseminating the works of \u00c1ngel G. Pi\u00f1ero, performing his works in numerous concerts in Italy and abroad. He was one of the guitarists at the concert <em>Recuerdas de una vida<\/em>, which took place at the Teatro Real in Madrid on March 24, 2022, in homage to the Spanish classical guitar and the figure of \u00c1ngel G. Pi\u00f1ero.<\/p><\/div><\/div><div class=\"tp-unfold-last-toggle flex-start\"><button class=\"tp-unfold-toggle \"> View more <\/button><\/div><\/div>\t\t\t\t<\/div>\n\t\t\t\t<\/div>\n\t\t\t\t\t<\/div>\n\t\t<\/div>\n\t\t\t\t\t<\/div>\n\t\t<\/section>\n\t\t\t\t<section class=\"elementor-section elementor-top-section elementor-element elementor-element-66ee9963 elementor-section-boxed elementor-section-height-default elementor-section-height-default\" data-id=\"66ee9963\" data-element_type=\"section\" data-e-type=\"section\" data-settings=\"{&quot;background_background&quot;:&quot;classic&quot;}\">\n\t\t\t\t\t\t<div class=\"elementor-container elementor-column-gap-default\">\n\t\t\t\t\t<div class=\"elementor-column elementor-col-50 elementor-top-column elementor-element elementor-element-561c5be1\" data-id=\"561c5be1\" data-element_type=\"column\" data-e-type=\"column\">\n\t\t\t<div class=\"elementor-widget-wrap elementor-element-populated\">\n\t\t\t\t\t\t<div class=\"elementor-element elementor-element-7a389605 elementor-widget elementor-widget-heading\" data-id=\"7a389605\" data-element_type=\"widget\" data-e-type=\"widget\" data-widget_type=\"heading.default\">\n\t\t\t\t<div class=\"elementor-widget-container\">\n\t\t\t\t\t<h2 class=\"elementor-heading-title elementor-size-default\">String quartet from the Orchestra \u201c\u00c1lvarez Beigbeder\u201d (Jerez de la Frontera)<\/h2>\t\t\t\t<\/div>\n\t\t\t\t<\/div>\n\t\t\t\t<div class=\"elementor-element elementor-element-6979690 elementor-widget elementor-widget-tp-unfold\" data-id=\"6979690\" data-element_type=\"widget\" data-e-type=\"widget\" data-widget_type=\"tp-unfold.default\">\n\t\t\t\t<div class=\"elementor-widget-container\">\n\t\t\t\t\t<div class=\"tp-unfold-wrapper plus69f1d9afe0660  \" data-id=\"plus69f1d9afe0660\"  data-content_a_source=\"content\" data-con_pos=\"default\" data-icon-position=\"tp_ic_pos_before\" data-readmore=\"View more\" data-readless=\"View less\" data-readmore-icon=\"\" data-readless-icon=\"\"  data-transition-duration=\"200\" data-content-max-height=\"187\" data-content-max-height-t=\"100\" data-content-max-height-m=\"329\"  ><div class=\"tp-unfold-title\"><\/div><div class=\"tp-unfold-description\" ><div class=\"tp-unfold-description-inner\"><p>The \u00c1LVAREZ BEIGBEDER string quartet is integrated by: Fernando Pina (violin I), Ana Bel\u00e9n Pina (violin II), Mar\u00eda Calvo (viola) and Candela Hern\u00e1ndez (cello).<\/p><p>The orchestra was created in 1998, thanks to the initiative of Archil Pochkua (viola of the ROSS) and the Jerez-born lawyer Antonio de la Herr\u00e1n and various people interested in music, thus creating a non-profit association.<\/p><p>It owes its name to the famous Jerez composer Mr. Germ\u00e1n \u00c1lvarez Beigbeder. Since then, it has been operating in a stable and continuous way, giving young Andalusian musicians the opportunity to train and participate in multiple classical music events inside and outside Spain.<\/p><p>Since its creation, the Orchestra has promoted knowledge and dissemination of the works of the great Jerez-born composer D. Germ\u00e1n \u00c1lvarez Beigbeder, as well as that of other Spanish composers.<\/p><p>It has offered hundreds of concerts throughout Andalusia, a large part of the Spanish geography and abroad regularly in countries such as Canada, France, Belgium, China, Russia, etc.<\/p><p>Among its many performances, the concerts offered in Paris stand out, one of them in the Oratory of the Louvre Museum, invited by the Chevalier de Saint-George Association. In addition, under the baton of its honorary director, Juan Luis P\u00e9rez, and maestro Carlos Arag\u00f3n, he performed the Brittens family opera \"El Diluvio de No\u00e9\" at the Villamarta Theater in December 2007 and 2008. The recording of his First Album in 2004 released by the Joly Group and republished by the Ministry of Education when it was designated by it for the celebration of the 250th anniversary of Mozart's birth.<\/p><p>In its beginnings, the Orchestra was made up of student musicians from the \"Joaqu\u00edn Villatoro\" Conservatory of Jerez. Subsequently, thanks to the work of its board of directors and the quality of the orchestra itself, its number increased with students from all over the province and Andalusia. It is currently made up of founding musicians, graduates and teachers.<\/p><p>The orchestra gives the students who form its Joven Camerata (School Orchestra) the opportunity to participate in the different concerts that are organized, being an excellent and unique opportunity for these young musicians.<\/p><p>It is a benchmark of quality, serious work and commitment throughout Andalusia, being the oldest orchestra in the entire province.<\/p><p>It participates annually in the prestigious festival for young people \"Eurochestries\", taking Spanish music and especially that of maestro D. Germ\u00e1n \u00c1lvarez Beigbeder around the world. Currently the orchestra continues to offer its concerts with quality, experience and public success. Recently, \"Stabat Mater\" by D. Germ\u00e1n \u00c1lvarez Beigbeder at the <em>Teatro Villamarta<\/em> and \"Beethoven's Ninth Symphony\" with the Coral de la Uca at the <em>Gran Teatro Falla<\/em> stand out.<\/p><\/div><\/div><div class=\"tp-unfold-last-toggle flex-start\"><button class=\"tp-unfold-toggle \"> View more <\/button><\/div><\/div>\t\t\t\t<\/div>\n\t\t\t\t<\/div>\n\t\t\t\t\t<\/div>\n\t\t<\/div>\n\t\t\t\t<div class=\"elementor-column elementor-col-50 elementor-top-column elementor-element elementor-element-1834f6ba\" data-id=\"1834f6ba\" data-element_type=\"column\" data-e-type=\"column\">\n\t\t\t<div class=\"elementor-widget-wrap elementor-element-populated\">\n\t\t\t\t\t\t<div class=\"elementor-element elementor-element-4b2bcf24 elementor-widget elementor-widget-image\" data-id=\"4b2bcf24\" data-element_type=\"widget\" data-e-type=\"widget\" data-widget_type=\"image.default\">\n\t\t\t\t<div class=\"elementor-widget-container\">\n\t\t\t\t\t\t\t\t\t\t\t\t\t\t\t<img loading=\"lazy\" decoding=\"async\" width=\"1083\" height=\"725\" src=\"https:\/\/recuerdasdeunavida.com\/wp-content\/uploads\/2022\/10\/Captura-de-pantalla-2022-10-16-a-las-23.23.29.png\" class=\"attachment-full size-full wp-image-3169\" alt=\"orquesta concierto recuerdas santo domingo\" srcset=\"https:\/\/recuerdasdeunavida.com\/wp-content\/uploads\/2022\/10\/Captura-de-pantalla-2022-10-16-a-las-23.23.29.png 1083w, https:\/\/recuerdasdeunavida.com\/wp-content\/uploads\/2022\/10\/Captura-de-pantalla-2022-10-16-a-las-23.23.29-300x201.png 300w, https:\/\/recuerdasdeunavida.com\/wp-content\/uploads\/2022\/10\/Captura-de-pantalla-2022-10-16-a-las-23.23.29-1024x686.png 1024w, https:\/\/recuerdasdeunavida.com\/wp-content\/uploads\/2022\/10\/Captura-de-pantalla-2022-10-16-a-las-23.23.29-768x514.png 768w\" sizes=\"(max-width: 1083px) 100vw, 1083px\" \/>\t\t\t\t\t\t\t\t\t\t\t\t\t\t\t<\/div>\n\t\t\t\t<\/div>\n\t\t\t\t\t<\/div>\n\t\t<\/div>\n\t\t\t\t\t<\/div>\n\t\t<\/section>\n\t\t\t\t<section class=\"elementor-section elementor-top-section elementor-element elementor-element-2148c4d elementor-section-boxed elementor-section-height-default elementor-section-height-default\" data-id=\"2148c4d\" data-element_type=\"section\" data-e-type=\"section\" data-settings=\"{&quot;background_background&quot;:&quot;classic&quot;}\">\n\t\t\t\t\t\t<div class=\"elementor-container elementor-column-gap-default\">\n\t\t\t\t\t<div class=\"elementor-column elementor-col-100 elementor-top-column elementor-element elementor-element-1f0207dd\" data-id=\"1f0207dd\" data-element_type=\"column\" data-e-type=\"column\">\n\t\t\t<div class=\"elementor-widget-wrap elementor-element-populated\">\n\t\t\t\t\t\t<div class=\"elementor-element elementor-element-67cea203 elementor-widget elementor-widget-heading\" data-id=\"67cea203\" data-element_type=\"widget\" data-e-type=\"widget\" data-widget_type=\"heading.default\">\n\t\t\t\t<div class=\"elementor-widget-container\">\n\t\t\t\t\t<h2 class=\"elementor-heading-title elementor-size-default\">THE PROGRAM<\/h2>\t\t\t\t<\/div>\n\t\t\t\t<\/div>\n\t\t\t\t<div class=\"elementor-element elementor-element-22ec0a35 elementor-widget-divider--view-line elementor-widget elementor-widget-divider\" data-id=\"22ec0a35\" data-element_type=\"widget\" data-e-type=\"widget\" data-widget_type=\"divider.default\">\n\t\t\t\t<div class=\"elementor-widget-container\">\n\t\t\t\t\t\t\t<div class=\"elementor-divider\">\n\t\t\t<span class=\"elementor-divider-separator\">\n\t\t\t\t\t\t<\/span>\n\t\t<\/div>\n\t\t\t\t\t\t<\/div>\n\t\t\t\t<\/div>\n\t\t\t\t<div class=\"elementor-element elementor-element-770a2b1a elementor-widget elementor-widget-text-editor\" data-id=\"770a2b1a\" data-element_type=\"widget\" data-e-type=\"widget\" data-widget_type=\"text-editor.default\">\n\t\t\t\t<div class=\"elementor-widget-container\">\n\t\t\t\t\t\t\t\t\t<p><span style=\"color: #000000;\"><strong>GUITAR<\/strong><\/span><\/p><p><strong>\u00c1ngel G. Pi\u00f1ero:<\/strong><\/p><ul><li>Preludio Azul<\/li><li>Evocaci\u00f3n<\/li><li>Murmullo Musical<\/li><\/ul><p>\u00a0<\/p><p><strong>Francisco T\u00e1rrega:<\/strong> Recuerdos de la Alhambra<\/p><p><strong>\u00c1ngel G. Pi\u00f1ero:<\/strong> Fantas\u00eda Andaluza<\/p><p><strong>Isaac Alb\u00e9niz:<\/strong> Asturias Leyenda<\/p><p>\u00a0<\/p><p><span style=\"color: #000000;\"><strong>QUARTET<\/strong><\/span><\/p><p><b>Isaac Alb\u00e9niz:<\/b><\/p><ul><li>C\u00e1diz<\/li><li>Sevilla<\/li><\/ul><p>\u00a0<\/p><p><span style=\"color: #000000;\"><strong>GUITAR AND QUARTET<\/strong><\/span><\/p><p><strong>\u00c1ngel G. Pi\u00f1ero:<\/strong><\/p><ul><li>Meditaci\u00f3n<\/li><li>Alegr\u00edas en El Puerto<\/li><li>Fantas\u00eda andaluza (Danza n\u00ba 3)<\/li><li>Brisas de C\u00e1diz \u00a0 \u00a0 \u00a0 \u00a0 \u00a0 \u00a0 \u00a0 \u00a0 \u00a0\u00a0<\/li><\/ul>\t\t\t\t\t\t\t\t<\/div>\n\t\t\t\t<\/div>\n\t\t\t\t<div class=\"elementor-element elementor-element-44c21a8e elementor-hidden-desktop elementor-hidden-tablet elementor-hidden-mobile elementor-widget elementor-widget-heading\" data-id=\"44c21a8e\" data-element_type=\"widget\" data-e-type=\"widget\" data-widget_type=\"heading.default\">\n\t\t\t\t<div class=\"elementor-widget-container\">\n\t\t\t\t\t<h2 class=\"elementor-heading-title elementor-size-default\">PRIMERA PARTE<\/h2>\t\t\t\t<\/div>\n\t\t\t\t<\/div>\n\t\t\t\t<div class=\"elementor-element elementor-element-65bccc22 elementor-hidden-desktop elementor-hidden-tablet elementor-hidden-mobile elementor-widget elementor-widget-tp-unfold\" data-id=\"65bccc22\" data-element_type=\"widget\" data-e-type=\"widget\" data-widget_type=\"tp-unfold.default\">\n\t\t\t\t<div class=\"elementor-widget-container\">\n\t\t\t\t\t<div class=\"tp-unfold-wrapper plus69f1d9afe18f5  \" data-id=\"plus69f1d9afe18f5\"  data-content_a_source=\"content\" data-con_pos=\"default\" data-icon-position=\"tp_ic_pos_before\" data-readmore=\"Ver m\u00e1s\" data-readless=\"Ver menos\" data-readmore-icon=\"\" data-readless-icon=\"\"  data-transition-duration=\"200\" data-content-max-height=\"187\" data-content-max-height-t=\"100\" data-content-max-height-m=\"329\"  ><div class=\"tp-unfold-title\"><\/div><div class=\"tp-unfold-description\" ><div class=\"tp-unfold-description-inner\"><p><strong>Guitarra sola<\/strong><\/p><ul><li class=\"li1\">Meditaci\u00f3n. Int\u00e9rprete Luca Romanelli (Italia)<\/li><li class=\"li1\">Preludio azul. Int\u00e9rprete Stanislav Steshenko (Ucrania)<\/li><li class=\"li1\">Evocaci\u00f3n. Int\u00e9rprete Stanislav Steshenko<\/li><li class=\"li1\">Murmullo musical. Int\u00e9rprete Stanislav Steshenko<\/li><li class=\"li1\">El viento de la vida. Int\u00e9rprete Stanislav Steshenko<\/li><li class=\"li1\">Caprichos. Int\u00e9rprete Stanislav Steshenko<\/li><\/ul><p style=\"padding-left: 40px\"><strong>Meditaci\u00f3n<\/strong><br \/>Compuesta en 2020 en plena campa\u00f1a del coronavirus, como homenaje al dolor y a las v\u00edctimas de la pandemia.<\/p><p style=\"padding-left: 40px\"><strong>Preludio azul<\/strong><br \/>Dedicada a mi madre, v\u00edctima de la voracidad de la Guerra Civil espa\u00f1ola. Debe estar en el cielo y por eso lleva el nombre de Preludio Azul.<\/p><p style=\"padding-left: 40px\"><strong>Evocaci\u00f3n<\/strong><br \/>Recuerdo de juventud de postguerra con mi hermano y su apoyo para yo fuera m\u00fasico. En esta obra se refleja entre sus notas, la vida de sacrificios por salir adelante en nuestra juventud.<\/p><p style=\"padding-left: 40px\"><strong>Murmullo musical<\/strong><br \/>Es un murmullo musical en tono Mayor y menor simulando un chorro continuado de notas.<\/p><p style=\"padding-left: 40px\"><strong> El viento de la vida<\/strong><br \/>Preludio dedicado a la vida, su empuje y fuerza.<\/p><p style=\"padding-left: 40px\"><strong> Caprichos<\/strong><br \/>Es una obra espont\u00e1nea, juguetona, hay un juego entre la melod\u00eda y el cromatismo que le da un inter\u00e9s especial<\/p><\/div><\/div><div class=\"tp-unfold-last-toggle flex-start\"><button class=\"tp-unfold-toggle \"> Ver m\u00e1s <\/button><\/div><\/div>\t\t\t\t<\/div>\n\t\t\t\t<\/div>\n\t\t\t\t\t<\/div>\n\t\t<\/div>\n\t\t\t\t\t<\/div>\n\t\t<\/section>\n\t\t\t\t<section class=\"elementor-section elementor-top-section elementor-element elementor-element-3342c6a0 elementor-section-boxed elementor-section-height-default elementor-section-height-default\" data-id=\"3342c6a0\" data-element_type=\"section\" data-e-type=\"section\" data-settings=\"{&quot;background_background&quot;:&quot;classic&quot;}\">\n\t\t\t\t\t\t<div class=\"elementor-container elementor-column-gap-default\">\n\t\t\t\t\t<div class=\"elementor-column elementor-col-100 elementor-top-column elementor-element elementor-element-269c17be\" data-id=\"269c17be\" data-element_type=\"column\" data-e-type=\"column\">\n\t\t\t<div class=\"elementor-widget-wrap elementor-element-populated\">\n\t\t\t\t\t\t<div class=\"elementor-element elementor-element-2cc6a073 elementor-widget elementor-widget-heading\" data-id=\"2cc6a073\" data-element_type=\"widget\" data-e-type=\"widget\" data-widget_type=\"heading.default\">\n\t\t\t\t<div class=\"elementor-widget-container\">\n\t\t\t\t\t<h2 class=\"elementor-heading-title elementor-size-default\">GALLERY <\/h2>\t\t\t\t<\/div>\n\t\t\t\t<\/div>\n\t\t\t\t<section class=\"elementor-section elementor-inner-section elementor-element elementor-element-716c520b elementor-section-boxed elementor-section-height-default elementor-section-height-default\" data-id=\"716c520b\" data-element_type=\"section\" data-e-type=\"section\">\n\t\t\t\t\t\t<div class=\"elementor-container elementor-column-gap-default\">\n\t\t\t\t\t<div class=\"elementor-column elementor-col-50 elementor-inner-column elementor-element elementor-element-67788bfe\" data-id=\"67788bfe\" data-element_type=\"column\" data-e-type=\"column\">\n\t\t\t<div class=\"elementor-widget-wrap elementor-element-populated\">\n\t\t\t\t\t\t<div class=\"elementor-element elementor-element-587d8d12 elementor-hidden-desktop elementor-hidden-tablet elementor-hidden-mobile elementor-widget elementor-widget-text-editor\" data-id=\"587d8d12\" data-element_type=\"widget\" data-e-type=\"widget\" data-widget_type=\"text-editor.default\">\n\t\t\t\t<div class=\"elementor-widget-container\">\n\t\t\t\t\t\t\t\t\t<p>Duis malesuada sapien id dolor fermentum pretium. Curabitur a orci vehicula, porta augue id, ultrices ipsum. Aliquam lorem arcu, porttitor egestas ante quis, eleifend interdum orci. Donec id elementum nisl. Nulla enim augue, iaculis eget tellus eleifend, vehicula facilisis enim. Proin nec placerat nulla. Duis fringilla est est, in rutrum nunc consectetur sit amet. Proin in quam et sapien lobortis condimentum ac ac elit. Ut sed metus risus.<\/p>\t\t\t\t\t\t\t\t<\/div>\n\t\t\t\t<\/div>\n\t\t\t\t\t<\/div>\n\t\t<\/div>\n\t\t\t\t<div class=\"elementor-column elementor-col-50 elementor-inner-column elementor-element elementor-element-2c0f8bee\" data-id=\"2c0f8bee\" data-element_type=\"column\" data-e-type=\"column\">\n\t\t\t<div class=\"elementor-widget-wrap\">\n\t\t\t\t\t\t\t<\/div>\n\t\t<\/div>\n\t\t\t\t\t<\/div>\n\t\t<\/section>\n\t\t\t\t<div class=\"elementor-element elementor-element-311e2559 elementor-widget elementor-widget-gallery\" data-id=\"311e2559\" data-element_type=\"widget\" data-e-type=\"widget\" data-settings=\"{&quot;gallery_layout&quot;:&quot;justified&quot;,&quot;ideal_row_height&quot;:{&quot;unit&quot;:&quot;px&quot;,&quot;size&quot;:259,&quot;sizes&quot;:[]},&quot;overlay_title&quot;:&quot;caption&quot;,&quot;lazyload&quot;:&quot;yes&quot;,&quot;ideal_row_height_tablet&quot;:{&quot;unit&quot;:&quot;px&quot;,&quot;size&quot;:150,&quot;sizes&quot;:[]},&quot;ideal_row_height_mobile&quot;:{&quot;unit&quot;:&quot;px&quot;,&quot;size&quot;:150,&quot;sizes&quot;:[]},&quot;gap&quot;:{&quot;unit&quot;:&quot;px&quot;,&quot;size&quot;:10,&quot;sizes&quot;:[]},&quot;gap_tablet&quot;:{&quot;unit&quot;:&quot;px&quot;,&quot;size&quot;:10,&quot;sizes&quot;:[]},&quot;gap_mobile&quot;:{&quot;unit&quot;:&quot;px&quot;,&quot;size&quot;:10,&quot;sizes&quot;:[]},&quot;link_to&quot;:&quot;file&quot;,&quot;overlay_background&quot;:&quot;yes&quot;,&quot;content_hover_animation&quot;:&quot;fade-in&quot;}\" data-widget_type=\"gallery.default\">\n\t\t\t\t<div class=\"elementor-widget-container\">\n\t\t\t\t\t\t\t<div class=\"elementor-gallery__container\">\n\t\t\t\t\t\t\t<a class=\"e-gallery-item elementor-gallery-item elementor-animated-content\" href=\"https:\/\/recuerdasdeunavida.com\/wp-content\/uploads\/2022\/11\/EL-BOSCO-0-3.jpg\" data-elementor-open-lightbox=\"yes\" data-elementor-lightbox-slideshow=\"311e2559\" data-e-action-hash=\"#elementor-action%3Aaction%3Dlightbox%26settings%3DeyJpZCI6NDM0NiwidXJsIjoiaHR0cHM6XC9cL3JlY3VlcmRhc2RldW5hdmlkYS5jb21cL3dwLWNvbnRlbnRcL3VwbG9hZHNcLzIwMjJcLzExXC9FTC1CT1NDTy0wLTMuanBnIiwic2xpZGVzaG93IjoiMzExZTI1NTkifQ%3D%3D\">\n\t\t\t\t\t<div class=\"e-gallery-image elementor-gallery-item__image\" data-thumbnail=\"https:\/\/recuerdasdeunavida.com\/wp-content\/uploads\/2022\/11\/EL-BOSCO-0-3-768x512.jpg\" data-width=\"768\" data-height=\"512\" aria-label=\"\" role=\"img\" ><\/div>\n\t\t\t\t\t\t\t\t\t\t\t<div class=\"elementor-gallery-item__overlay\"><\/div>\n\t\t\t\t\t\t\t\t\t\t\t\t\t\t\t<div class=\"elementor-gallery-item__content\">\n\t\t\t\t\t\t\t\t\t\t\t<\/div>\n\t\t\t\t\t\t\t\t\t<\/a>\n\t\t\t\t\t\t\t<a class=\"e-gallery-item elementor-gallery-item elementor-animated-content\" href=\"https:\/\/recuerdasdeunavida.com\/wp-content\/uploads\/2022\/11\/EL-BOSCO-0-9.jpg\" data-elementor-open-lightbox=\"yes\" data-elementor-lightbox-slideshow=\"311e2559\" data-e-action-hash=\"#elementor-action%3Aaction%3Dlightbox%26settings%3DeyJpZCI6NDM0OSwidXJsIjoiaHR0cHM6XC9cL3JlY3VlcmRhc2RldW5hdmlkYS5jb21cL3dwLWNvbnRlbnRcL3VwbG9hZHNcLzIwMjJcLzExXC9FTC1CT1NDTy0wLTkuanBnIiwic2xpZGVzaG93IjoiMzExZTI1NTkifQ%3D%3D\">\n\t\t\t\t\t<div class=\"e-gallery-image elementor-gallery-item__image\" data-thumbnail=\"https:\/\/recuerdasdeunavida.com\/wp-content\/uploads\/2022\/11\/EL-BOSCO-0-9-768x512.jpg\" data-width=\"768\" data-height=\"512\" aria-label=\"\" role=\"img\" ><\/div>\n\t\t\t\t\t\t\t\t\t\t\t<div class=\"elementor-gallery-item__overlay\"><\/div>\n\t\t\t\t\t\t\t\t\t\t\t\t\t\t\t<div class=\"elementor-gallery-item__content\">\n\t\t\t\t\t\t\t\t\t\t\t<\/div>\n\t\t\t\t\t\t\t\t\t<\/a>\n\t\t\t\t\t\t\t<a class=\"e-gallery-item elementor-gallery-item elementor-animated-content\" href=\"https:\/\/recuerdasdeunavida.com\/wp-content\/uploads\/2022\/11\/EL-BOSCO-0-17.jpg\" data-elementor-open-lightbox=\"yes\" data-elementor-lightbox-slideshow=\"311e2559\" data-e-action-hash=\"#elementor-action%3Aaction%3Dlightbox%26settings%3DeyJpZCI6NDM1MiwidXJsIjoiaHR0cHM6XC9cL3JlY3VlcmRhc2RldW5hdmlkYS5jb21cL3dwLWNvbnRlbnRcL3VwbG9hZHNcLzIwMjJcLzExXC9FTC1CT1NDTy0wLTE3LmpwZyIsInNsaWRlc2hvdyI6IjMxMWUyNTU5In0%3D\">\n\t\t\t\t\t<div class=\"e-gallery-image elementor-gallery-item__image\" data-thumbnail=\"https:\/\/recuerdasdeunavida.com\/wp-content\/uploads\/2022\/11\/EL-BOSCO-0-17-768x512.jpg\" data-width=\"768\" data-height=\"512\" aria-label=\"\" role=\"img\" ><\/div>\n\t\t\t\t\t\t\t\t\t\t\t<div class=\"elementor-gallery-item__overlay\"><\/div>\n\t\t\t\t\t\t\t\t\t\t\t\t\t\t\t<div class=\"elementor-gallery-item__content\">\n\t\t\t\t\t\t\t\t\t\t\t<\/div>\n\t\t\t\t\t\t\t\t\t<\/a>\n\t\t\t\t\t\t\t<a class=\"e-gallery-item elementor-gallery-item elementor-animated-content\" href=\"https:\/\/recuerdasdeunavida.com\/wp-content\/uploads\/2022\/11\/EL-BOSCO-0-21.jpg\" data-elementor-open-lightbox=\"yes\" data-elementor-lightbox-slideshow=\"311e2559\" data-e-action-hash=\"#elementor-action%3Aaction%3Dlightbox%26settings%3DeyJpZCI6NDM1NSwidXJsIjoiaHR0cHM6XC9cL3JlY3VlcmRhc2RldW5hdmlkYS5jb21cL3dwLWNvbnRlbnRcL3VwbG9hZHNcLzIwMjJcLzExXC9FTC1CT1NDTy0wLTIxLmpwZyIsInNsaWRlc2hvdyI6IjMxMWUyNTU5In0%3D\">\n\t\t\t\t\t<div class=\"e-gallery-image elementor-gallery-item__image\" data-thumbnail=\"https:\/\/recuerdasdeunavida.com\/wp-content\/uploads\/2022\/11\/EL-BOSCO-0-21.jpg\" data-width=\"720\" data-height=\"1080\" aria-label=\"\" role=\"img\" ><\/div>\n\t\t\t\t\t\t\t\t\t\t\t<div class=\"elementor-gallery-item__overlay\"><\/div>\n\t\t\t\t\t\t\t\t\t\t\t\t\t\t\t<div class=\"elementor-gallery-item__content\">\n\t\t\t\t\t\t\t\t\t\t\t<\/div>\n\t\t\t\t\t\t\t\t\t<\/a>\n\t\t\t\t\t\t\t<a class=\"e-gallery-item elementor-gallery-item elementor-animated-content\" href=\"https:\/\/recuerdasdeunavida.com\/wp-content\/uploads\/2022\/11\/EL-BOSCO-0-23.jpg\" data-elementor-open-lightbox=\"yes\" data-elementor-lightbox-slideshow=\"311e2559\" data-e-action-hash=\"#elementor-action%3Aaction%3Dlightbox%26settings%3DeyJpZCI6NDM1OCwidXJsIjoiaHR0cHM6XC9cL3JlY3VlcmRhc2RldW5hdmlkYS5jb21cL3dwLWNvbnRlbnRcL3VwbG9hZHNcLzIwMjJcLzExXC9FTC1CT1NDTy0wLTIzLmpwZyIsInNsaWRlc2hvdyI6IjMxMWUyNTU5In0%3D\">\n\t\t\t\t\t<div class=\"e-gallery-image elementor-gallery-item__image\" data-thumbnail=\"https:\/\/recuerdasdeunavida.com\/wp-content\/uploads\/2022\/11\/EL-BOSCO-0-23.jpg\" data-width=\"720\" data-height=\"1080\" aria-label=\"\" role=\"img\" ><\/div>\n\t\t\t\t\t\t\t\t\t\t\t<div class=\"elementor-gallery-item__overlay\"><\/div>\n\t\t\t\t\t\t\t\t\t\t\t\t\t\t\t<div class=\"elementor-gallery-item__content\">\n\t\t\t\t\t\t\t\t\t\t\t<\/div>\n\t\t\t\t\t\t\t\t\t<\/a>\n\t\t\t\t\t\t\t<a class=\"e-gallery-item elementor-gallery-item elementor-animated-content\" href=\"https:\/\/recuerdasdeunavida.com\/wp-content\/uploads\/2022\/11\/EL-BOSCO-0-25.jpg\" data-elementor-open-lightbox=\"yes\" data-elementor-lightbox-slideshow=\"311e2559\" data-e-action-hash=\"#elementor-action%3Aaction%3Dlightbox%26settings%3DeyJpZCI6NDM2MSwidXJsIjoiaHR0cHM6XC9cL3JlY3VlcmRhc2RldW5hdmlkYS5jb21cL3dwLWNvbnRlbnRcL3VwbG9hZHNcLzIwMjJcLzExXC9FTC1CT1NDTy0wLTI1LmpwZyIsInNsaWRlc2hvdyI6IjMxMWUyNTU5In0%3D\">\n\t\t\t\t\t<div class=\"e-gallery-image elementor-gallery-item__image\" data-thumbnail=\"https:\/\/recuerdasdeunavida.com\/wp-content\/uploads\/2022\/11\/EL-BOSCO-0-25.jpg\" data-width=\"720\" data-height=\"1080\" aria-label=\"\" role=\"img\" ><\/div>\n\t\t\t\t\t\t\t\t\t\t\t<div class=\"elementor-gallery-item__overlay\"><\/div>\n\t\t\t\t\t\t\t\t\t\t\t\t\t\t\t<div class=\"elementor-gallery-item__content\">\n\t\t\t\t\t\t\t\t\t\t\t<\/div>\n\t\t\t\t\t\t\t\t\t<\/a>\n\t\t\t\t\t\t\t<a class=\"e-gallery-item elementor-gallery-item elementor-animated-content\" href=\"https:\/\/recuerdasdeunavida.com\/wp-content\/uploads\/2022\/11\/EL-BOSCO-0-63.jpg\" data-elementor-open-lightbox=\"yes\" data-elementor-lightbox-slideshow=\"311e2559\" data-e-action-hash=\"#elementor-action%3Aaction%3Dlightbox%26settings%3DeyJpZCI6NDM2NCwidXJsIjoiaHR0cHM6XC9cL3JlY3VlcmRhc2RldW5hdmlkYS5jb21cL3dwLWNvbnRlbnRcL3VwbG9hZHNcLzIwMjJcLzExXC9FTC1CT1NDTy0wLTYzLmpwZyIsInNsaWRlc2hvdyI6IjMxMWUyNTU5In0%3D\">\n\t\t\t\t\t<div class=\"e-gallery-image elementor-gallery-item__image\" data-thumbnail=\"https:\/\/recuerdasdeunavida.com\/wp-content\/uploads\/2022\/11\/EL-BOSCO-0-63-768x512.jpg\" data-width=\"768\" data-height=\"512\" aria-label=\"\" role=\"img\" ><\/div>\n\t\t\t\t\t\t\t\t\t\t\t<div class=\"elementor-gallery-item__overlay\"><\/div>\n\t\t\t\t\t\t\t\t\t\t\t\t\t\t\t<div class=\"elementor-gallery-item__content\">\n\t\t\t\t\t\t\t\t\t\t\t<\/div>\n\t\t\t\t\t\t\t\t\t<\/a>\n\t\t\t\t\t\t\t<a class=\"e-gallery-item elementor-gallery-item elementor-animated-content\" href=\"https:\/\/recuerdasdeunavida.com\/wp-content\/uploads\/2022\/11\/EL-BOSCO-0-70.jpg\" data-elementor-open-lightbox=\"yes\" data-elementor-lightbox-slideshow=\"311e2559\" data-e-action-hash=\"#elementor-action%3Aaction%3Dlightbox%26settings%3DeyJpZCI6NDM2NywidXJsIjoiaHR0cHM6XC9cL3JlY3VlcmRhc2RldW5hdmlkYS5jb21cL3dwLWNvbnRlbnRcL3VwbG9hZHNcLzIwMjJcLzExXC9FTC1CT1NDTy0wLTcwLmpwZyIsInNsaWRlc2hvdyI6IjMxMWUyNTU5In0%3D\">\n\t\t\t\t\t<div class=\"e-gallery-image elementor-gallery-item__image\" data-thumbnail=\"https:\/\/recuerdasdeunavida.com\/wp-content\/uploads\/2022\/11\/EL-BOSCO-0-70.jpg\" data-width=\"720\" data-height=\"1080\" aria-label=\"\" role=\"img\" ><\/div>\n\t\t\t\t\t\t\t\t\t\t\t<div class=\"elementor-gallery-item__overlay\"><\/div>\n\t\t\t\t\t\t\t\t\t\t\t\t\t\t\t<div class=\"elementor-gallery-item__content\">\n\t\t\t\t\t\t\t\t\t\t\t<\/div>\n\t\t\t\t\t\t\t\t\t<\/a>\n\t\t\t\t\t\t\t<a class=\"e-gallery-item elementor-gallery-item elementor-animated-content\" href=\"https:\/\/recuerdasdeunavida.com\/wp-content\/uploads\/2022\/11\/EL-BOSCO-0-85.jpg\" data-elementor-open-lightbox=\"yes\" data-elementor-lightbox-slideshow=\"311e2559\" data-e-action-hash=\"#elementor-action%3Aaction%3Dlightbox%26settings%3DeyJpZCI6NDM3MCwidXJsIjoiaHR0cHM6XC9cL3JlY3VlcmRhc2RldW5hdmlkYS5jb21cL3dwLWNvbnRlbnRcL3VwbG9hZHNcLzIwMjJcLzExXC9FTC1CT1NDTy0wLTg1LmpwZyIsInNsaWRlc2hvdyI6IjMxMWUyNTU5In0%3D\">\n\t\t\t\t\t<div class=\"e-gallery-image elementor-gallery-item__image\" data-thumbnail=\"https:\/\/recuerdasdeunavida.com\/wp-content\/uploads\/2022\/11\/EL-BOSCO-0-85-768x512.jpg\" data-width=\"768\" data-height=\"512\" aria-label=\"\" role=\"img\" ><\/div>\n\t\t\t\t\t\t\t\t\t\t\t<div class=\"elementor-gallery-item__overlay\"><\/div>\n\t\t\t\t\t\t\t\t\t\t\t\t\t\t\t<div class=\"elementor-gallery-item__content\">\n\t\t\t\t\t\t\t\t\t\t\t<\/div>\n\t\t\t\t\t\t\t\t\t<\/a>\n\t\t\t\t\t\t\t<a class=\"e-gallery-item elementor-gallery-item elementor-animated-content\" href=\"https:\/\/recuerdasdeunavida.com\/wp-content\/uploads\/2022\/11\/EL-BOSCO-0-92.jpg\" data-elementor-open-lightbox=\"yes\" data-elementor-lightbox-slideshow=\"311e2559\" data-e-action-hash=\"#elementor-action%3Aaction%3Dlightbox%26settings%3DeyJpZCI6NDM3MywidXJsIjoiaHR0cHM6XC9cL3JlY3VlcmRhc2RldW5hdmlkYS5jb21cL3dwLWNvbnRlbnRcL3VwbG9hZHNcLzIwMjJcLzExXC9FTC1CT1NDTy0wLTkyLmpwZyIsInNsaWRlc2hvdyI6IjMxMWUyNTU5In0%3D\">\n\t\t\t\t\t<div class=\"e-gallery-image elementor-gallery-item__image\" data-thumbnail=\"https:\/\/recuerdasdeunavida.com\/wp-content\/uploads\/2022\/11\/EL-BOSCO-0-92-768x512.jpg\" data-width=\"768\" data-height=\"512\" aria-label=\"\" role=\"img\" ><\/div>\n\t\t\t\t\t\t\t\t\t\t\t<div class=\"elementor-gallery-item__overlay\"><\/div>\n\t\t\t\t\t\t\t\t\t\t\t\t\t\t\t<div class=\"elementor-gallery-item__content\">\n\t\t\t\t\t\t\t\t\t\t\t<\/div>\n\t\t\t\t\t\t\t\t\t<\/a>\n\t\t\t\t\t\t\t<a class=\"e-gallery-item elementor-gallery-item elementor-animated-content\" href=\"https:\/\/recuerdasdeunavida.com\/wp-content\/uploads\/2022\/11\/EL-BOSCO-0-93.jpg\" data-elementor-open-lightbox=\"yes\" data-elementor-lightbox-slideshow=\"311e2559\" data-e-action-hash=\"#elementor-action%3Aaction%3Dlightbox%26settings%3DeyJpZCI6NDM3NiwidXJsIjoiaHR0cHM6XC9cL3JlY3VlcmRhc2RldW5hdmlkYS5jb21cL3dwLWNvbnRlbnRcL3VwbG9hZHNcLzIwMjJcLzExXC9FTC1CT1NDTy0wLTkzLmpwZyIsInNsaWRlc2hvdyI6IjMxMWUyNTU5In0%3D\">\n\t\t\t\t\t<div class=\"e-gallery-image elementor-gallery-item__image\" data-thumbnail=\"https:\/\/recuerdasdeunavida.com\/wp-content\/uploads\/2022\/11\/EL-BOSCO-0-93-768x512.jpg\" data-width=\"768\" data-height=\"512\" aria-label=\"\" role=\"img\" ><\/div>\n\t\t\t\t\t\t\t\t\t\t\t<div class=\"elementor-gallery-item__overlay\"><\/div>\n\t\t\t\t\t\t\t\t\t\t\t\t\t\t\t<div class=\"elementor-gallery-item__content\">\n\t\t\t\t\t\t\t\t\t\t\t<\/div>\n\t\t\t\t\t\t\t\t\t<\/a>\n\t\t\t\t\t\t\t<a class=\"e-gallery-item elementor-gallery-item elementor-animated-content\" href=\"https:\/\/recuerdasdeunavida.com\/wp-content\/uploads\/2022\/11\/EL-BOSCO-0-110.jpg\" data-elementor-open-lightbox=\"yes\" data-elementor-lightbox-slideshow=\"311e2559\" data-e-action-hash=\"#elementor-action%3Aaction%3Dlightbox%26settings%3DeyJpZCI6NDM3OSwidXJsIjoiaHR0cHM6XC9cL3JlY3VlcmRhc2RldW5hdmlkYS5jb21cL3dwLWNvbnRlbnRcL3VwbG9hZHNcLzIwMjJcLzExXC9FTC1CT1NDTy0wLTExMC5qcGciLCJzbGlkZXNob3ciOiIzMTFlMjU1OSJ9\">\n\t\t\t\t\t<div class=\"e-gallery-image elementor-gallery-item__image\" data-thumbnail=\"https:\/\/recuerdasdeunavida.com\/wp-content\/uploads\/2022\/11\/EL-BOSCO-0-110-768x512.jpg\" data-width=\"768\" data-height=\"512\" aria-label=\"\" role=\"img\" ><\/div>\n\t\t\t\t\t\t\t\t\t\t\t<div class=\"elementor-gallery-item__overlay\"><\/div>\n\t\t\t\t\t\t\t\t\t\t\t\t\t\t\t<div class=\"elementor-gallery-item__content\">\n\t\t\t\t\t\t\t\t\t\t\t<\/div>\n\t\t\t\t\t\t\t\t\t<\/a>\n\t\t\t\t\t\t\t<a class=\"e-gallery-item elementor-gallery-item elementor-animated-content\" href=\"https:\/\/recuerdasdeunavida.com\/wp-content\/uploads\/2022\/11\/EL-BOSCO-0-113.jpg\" data-elementor-open-lightbox=\"yes\" data-elementor-lightbox-slideshow=\"311e2559\" data-e-action-hash=\"#elementor-action%3Aaction%3Dlightbox%26settings%3DeyJpZCI6NDM4MiwidXJsIjoiaHR0cHM6XC9cL3JlY3VlcmRhc2RldW5hdmlkYS5jb21cL3dwLWNvbnRlbnRcL3VwbG9hZHNcLzIwMjJcLzExXC9FTC1CT1NDTy0wLTExMy5qcGciLCJzbGlkZXNob3ciOiIzMTFlMjU1OSJ9\">\n\t\t\t\t\t<div class=\"e-gallery-image elementor-gallery-item__image\" data-thumbnail=\"https:\/\/recuerdasdeunavida.com\/wp-content\/uploads\/2022\/11\/EL-BOSCO-0-113-768x512.jpg\" data-width=\"768\" data-height=\"512\" aria-label=\"\" role=\"img\" ><\/div>\n\t\t\t\t\t\t\t\t\t\t\t<div class=\"elementor-gallery-item__overlay\"><\/div>\n\t\t\t\t\t\t\t\t\t\t\t\t\t\t\t<div class=\"elementor-gallery-item__content\">\n\t\t\t\t\t\t\t\t\t\t\t<\/div>\n\t\t\t\t\t\t\t\t\t<\/a>\n\t\t\t\t\t\t\t<a class=\"e-gallery-item elementor-gallery-item elementor-animated-content\" href=\"https:\/\/recuerdasdeunavida.com\/wp-content\/uploads\/2022\/11\/EL-BOSCO-0-117.jpg\" data-elementor-open-lightbox=\"yes\" data-elementor-lightbox-slideshow=\"311e2559\" data-e-action-hash=\"#elementor-action%3Aaction%3Dlightbox%26settings%3DeyJpZCI6NDM4NSwidXJsIjoiaHR0cHM6XC9cL3JlY3VlcmRhc2RldW5hdmlkYS5jb21cL3dwLWNvbnRlbnRcL3VwbG9hZHNcLzIwMjJcLzExXC9FTC1CT1NDTy0wLTExNy5qcGciLCJzbGlkZXNob3ciOiIzMTFlMjU1OSJ9\">\n\t\t\t\t\t<div class=\"e-gallery-image elementor-gallery-item__image\" data-thumbnail=\"https:\/\/recuerdasdeunavida.com\/wp-content\/uploads\/2022\/11\/EL-BOSCO-0-117-768x512.jpg\" data-width=\"768\" data-height=\"512\" aria-label=\"\" role=\"img\" ><\/div>\n\t\t\t\t\t\t\t\t\t\t\t<div class=\"elementor-gallery-item__overlay\"><\/div>\n\t\t\t\t\t\t\t\t\t\t\t\t\t\t\t<div class=\"elementor-gallery-item__content\">\n\t\t\t\t\t\t\t\t\t\t\t<\/div>\n\t\t\t\t\t\t\t\t\t<\/a>\n\t\t\t\t\t\t\t<a class=\"e-gallery-item elementor-gallery-item elementor-animated-content\" href=\"https:\/\/recuerdasdeunavida.com\/wp-content\/uploads\/2022\/11\/FAB04351.jpg\" data-elementor-open-lightbox=\"yes\" data-elementor-lightbox-slideshow=\"311e2559\" data-e-action-hash=\"#elementor-action%3Aaction%3Dlightbox%26settings%3DeyJpZCI6NDM4OCwidXJsIjoiaHR0cHM6XC9cL3JlY3VlcmRhc2RldW5hdmlkYS5jb21cL3dwLWNvbnRlbnRcL3VwbG9hZHNcLzIwMjJcLzExXC9GQUIwNDM1MS5qcGciLCJzbGlkZXNob3ciOiIzMTFlMjU1OSJ9\">\n\t\t\t\t\t<div class=\"e-gallery-image elementor-gallery-item__image\" data-thumbnail=\"https:\/\/recuerdasdeunavida.com\/wp-content\/uploads\/2022\/11\/FAB04351.jpg\" data-width=\"720\" data-height=\"1080\" aria-label=\"\" role=\"img\" ><\/div>\n\t\t\t\t\t\t\t\t\t\t\t<div class=\"elementor-gallery-item__overlay\"><\/div>\n\t\t\t\t\t\t\t\t\t\t\t\t\t\t\t<div class=\"elementor-gallery-item__content\">\n\t\t\t\t\t\t\t\t\t\t\t<\/div>\n\t\t\t\t\t\t\t\t\t<\/a>\n\t\t\t\t\t\t\t<a class=\"e-gallery-item elementor-gallery-item elementor-animated-content\" href=\"https:\/\/recuerdasdeunavida.com\/wp-content\/uploads\/2022\/11\/FAB04354.jpg\" data-elementor-open-lightbox=\"yes\" data-elementor-lightbox-slideshow=\"311e2559\" data-e-action-hash=\"#elementor-action%3Aaction%3Dlightbox%26settings%3DeyJpZCI6NDM5MSwidXJsIjoiaHR0cHM6XC9cL3JlY3VlcmRhc2RldW5hdmlkYS5jb21cL3dwLWNvbnRlbnRcL3VwbG9hZHNcLzIwMjJcLzExXC9GQUIwNDM1NC5qcGciLCJzbGlkZXNob3ciOiIzMTFlMjU1OSJ9\">\n\t\t\t\t\t<div class=\"e-gallery-image elementor-gallery-item__image\" data-thumbnail=\"https:\/\/recuerdasdeunavida.com\/wp-content\/uploads\/2022\/11\/FAB04354-768x512.jpg\" data-width=\"768\" data-height=\"512\" aria-label=\"\" role=\"img\" ><\/div>\n\t\t\t\t\t\t\t\t\t\t\t<div class=\"elementor-gallery-item__overlay\"><\/div>\n\t\t\t\t\t\t\t\t\t\t\t\t\t\t\t<div class=\"elementor-gallery-item__content\">\n\t\t\t\t\t\t\t\t\t\t\t<\/div>\n\t\t\t\t\t\t\t\t\t<\/a>\n\t\t\t\t\t\t\t<a class=\"e-gallery-item elementor-gallery-item elementor-animated-content\" href=\"https:\/\/recuerdasdeunavida.com\/wp-content\/uploads\/2022\/11\/FAB04379-1.jpg\" data-elementor-open-lightbox=\"yes\" data-elementor-lightbox-slideshow=\"311e2559\" data-e-action-hash=\"#elementor-action%3Aaction%3Dlightbox%26settings%3DeyJpZCI6NDM5NCwidXJsIjoiaHR0cHM6XC9cL3JlY3VlcmRhc2RldW5hdmlkYS5jb21cL3dwLWNvbnRlbnRcL3VwbG9hZHNcLzIwMjJcLzExXC9GQUIwNDM3OS0xLmpwZyIsInNsaWRlc2hvdyI6IjMxMWUyNTU5In0%3D\">\n\t\t\t\t\t<div class=\"e-gallery-image elementor-gallery-item__image\" data-thumbnail=\"https:\/\/recuerdasdeunavida.com\/wp-content\/uploads\/2022\/11\/FAB04379-1-768x512.jpg\" data-width=\"768\" data-height=\"512\" aria-label=\"\" role=\"img\" ><\/div>\n\t\t\t\t\t\t\t\t\t\t\t<div class=\"elementor-gallery-item__overlay\"><\/div>\n\t\t\t\t\t\t\t\t\t\t\t\t\t\t\t<div class=\"elementor-gallery-item__content\">\n\t\t\t\t\t\t\t\t\t\t\t<\/div>\n\t\t\t\t\t\t\t\t\t<\/a>\n\t\t\t\t\t\t\t<a class=\"e-gallery-item elementor-gallery-item elementor-animated-content\" href=\"https:\/\/recuerdasdeunavida.com\/wp-content\/uploads\/2022\/11\/FAB04424-1.jpg\" data-elementor-open-lightbox=\"yes\" data-elementor-lightbox-slideshow=\"311e2559\" data-e-action-hash=\"#elementor-action%3Aaction%3Dlightbox%26settings%3DeyJpZCI6NDM5NywidXJsIjoiaHR0cHM6XC9cL3JlY3VlcmRhc2RldW5hdmlkYS5jb21cL3dwLWNvbnRlbnRcL3VwbG9hZHNcLzIwMjJcLzExXC9GQUIwNDQyNC0xLmpwZyIsInNsaWRlc2hvdyI6IjMxMWUyNTU5In0%3D\">\n\t\t\t\t\t<div class=\"e-gallery-image elementor-gallery-item__image\" data-thumbnail=\"https:\/\/recuerdasdeunavida.com\/wp-content\/uploads\/2022\/11\/FAB04424-1-768x512.jpg\" data-width=\"768\" data-height=\"512\" aria-label=\"\" role=\"img\" ><\/div>\n\t\t\t\t\t\t\t\t\t\t\t<div class=\"elementor-gallery-item__overlay\"><\/div>\n\t\t\t\t\t\t\t\t\t\t\t\t\t\t\t<div class=\"elementor-gallery-item__content\">\n\t\t\t\t\t\t\t\t\t\t\t<\/div>\n\t\t\t\t\t\t\t\t\t<\/a>\n\t\t\t\t\t\t\t<a class=\"e-gallery-item elementor-gallery-item elementor-animated-content\" href=\"https:\/\/recuerdasdeunavida.com\/wp-content\/uploads\/2022\/11\/FAB04427.jpg\" data-elementor-open-lightbox=\"yes\" data-elementor-lightbox-slideshow=\"311e2559\" data-e-action-hash=\"#elementor-action%3Aaction%3Dlightbox%26settings%3DeyJpZCI6NDQwMCwidXJsIjoiaHR0cHM6XC9cL3JlY3VlcmRhc2RldW5hdmlkYS5jb21cL3dwLWNvbnRlbnRcL3VwbG9hZHNcLzIwMjJcLzExXC9GQUIwNDQyNy5qcGciLCJzbGlkZXNob3ciOiIzMTFlMjU1OSJ9\">\n\t\t\t\t\t<div class=\"e-gallery-image elementor-gallery-item__image\" data-thumbnail=\"https:\/\/recuerdasdeunavida.com\/wp-content\/uploads\/2022\/11\/FAB04427-768x512.jpg\" data-width=\"768\" data-height=\"512\" aria-label=\"\" role=\"img\" ><\/div>\n\t\t\t\t\t\t\t\t\t\t\t<div class=\"elementor-gallery-item__overlay\"><\/div>\n\t\t\t\t\t\t\t\t\t\t\t\t\t\t\t<div class=\"elementor-gallery-item__content\">\n\t\t\t\t\t\t\t\t\t\t\t<\/div>\n\t\t\t\t\t\t\t\t\t<\/a>\n\t\t\t\t\t\t\t<a class=\"e-gallery-item elementor-gallery-item elementor-animated-content\" href=\"https:\/\/recuerdasdeunavida.com\/wp-content\/uploads\/2022\/11\/facebook_1668340771503_6997528371280890886.jpg\" data-elementor-open-lightbox=\"yes\" data-elementor-lightbox-slideshow=\"311e2559\" data-e-action-hash=\"#elementor-action%3Aaction%3Dlightbox%26settings%3DeyJpZCI6NDQwMywidXJsIjoiaHR0cHM6XC9cL3JlY3VlcmRhc2RldW5hdmlkYS5jb21cL3dwLWNvbnRlbnRcL3VwbG9hZHNcLzIwMjJcLzExXC9mYWNlYm9va18xNjY4MzQwNzcxNTAzXzY5OTc1MjgzNzEyODA4OTA4ODYuanBnIiwic2xpZGVzaG93IjoiMzExZTI1NTkifQ%3D%3D\">\n\t\t\t\t\t<div class=\"e-gallery-image elementor-gallery-item__image\" data-thumbnail=\"https:\/\/recuerdasdeunavida.com\/wp-content\/uploads\/2022\/11\/facebook_1668340771503_6997528371280890886-768x576.jpg\" data-width=\"768\" data-height=\"576\" aria-label=\"\" role=\"img\" ><\/div>\n\t\t\t\t\t\t\t\t\t\t\t<div class=\"elementor-gallery-item__overlay\"><\/div>\n\t\t\t\t\t\t\t\t\t\t\t\t\t\t\t<div class=\"elementor-gallery-item__content\">\n\t\t\t\t\t\t\t\t\t\t\t<\/div>\n\t\t\t\t\t\t\t\t\t<\/a>\n\t\t\t\t\t<\/div>\n\t\t\t\t\t<\/div>\n\t\t\t\t<\/div>\n\t\t\t\t<section class=\"elementor-section elementor-inner-section elementor-element elementor-element-53d0ab3 elementor-section-boxed elementor-section-height-default elementor-section-height-default\" data-id=\"53d0ab3\" data-element_type=\"section\" data-e-type=\"section\">\n\t\t\t\t\t\t<div class=\"elementor-container elementor-column-gap-default\">\n\t\t\t\t\t<div class=\"elementor-column elementor-col-50 elementor-inner-column elementor-element elementor-element-16802eb\" data-id=\"16802eb\" data-element_type=\"column\" data-e-type=\"column\">\n\t\t\t<div class=\"elementor-widget-wrap elementor-element-populated\">\n\t\t\t\t\t\t<div class=\"elementor-element elementor-element-11d6c2a elementor-widget elementor-widget-text-editor\" data-id=\"11d6c2a\" data-element_type=\"widget\" data-e-type=\"widget\" data-widget_type=\"text-editor.default\">\n\t\t\t\t<div class=\"elementor-widget-container\">\n\t\t\t\t\t\t\t\t\t<p><a href=\"https:\/\/www.youtube.com\/watch?time_continue=6&amp;v=I_CXob91jhI&amp;feature=emb_logo\" target=\"_blank\" rel=\"noopener\"><img loading=\"lazy\" decoding=\"async\" class=\"size-medium wp-image-4555 alignnone\" src=\"https:\/\/recuerdasdeunavida.com\/wp-content\/uploads\/2022\/11\/Captura-de-pantalla-2022-11-21-a-las-23.03.49-300x169.png\" alt=\"\" width=\"300\" height=\"169\" srcset=\"https:\/\/recuerdasdeunavida.com\/wp-content\/uploads\/2022\/11\/Captura-de-pantalla-2022-11-21-a-las-23.03.49-300x169.png 300w, https:\/\/recuerdasdeunavida.com\/wp-content\/uploads\/2022\/11\/Captura-de-pantalla-2022-11-21-a-las-23.03.49.png 681w\" sizes=\"(max-width: 300px) 100vw, 300px\" \/><\/a><\/p><p><a href=\"https:\/\/www.youtube.com\/watch?v=I_CXob91jhI&amp;t=7s\" target=\"_blank\" rel=\"noopener\">To watch the video of the concert please click here<\/a><\/p>\t\t\t\t\t\t\t\t<\/div>\n\t\t\t\t<\/div>\n\t\t\t\t\t<\/div>\n\t\t<\/div>\n\t\t\t\t<div class=\"elementor-column elementor-col-50 elementor-inner-column elementor-element elementor-element-fb77a7f\" data-id=\"fb77a7f\" data-element_type=\"column\" data-e-type=\"column\">\n\t\t\t<div class=\"elementor-widget-wrap\">\n\t\t\t\t\t\t\t<\/div>\n\t\t<\/div>\n\t\t\t\t\t<\/div>\n\t\t<\/section>\n\t\t\t\t\t<\/div>\n\t\t<\/div>\n\t\t\t\t\t<\/div>\n\t\t<\/section>\n\t\t\t\t<section class=\"elementor-section elementor-top-section elementor-element elementor-element-ff40077 elementor-section-boxed elementor-section-height-default elementor-section-height-default\" data-id=\"ff40077\" data-element_type=\"section\" data-e-type=\"section\" data-settings=\"{&quot;background_background&quot;:&quot;classic&quot;}\">\n\t\t\t\t\t\t<div class=\"elementor-container elementor-column-gap-default\">\n\t\t\t\t\t<div class=\"elementor-column elementor-col-50 elementor-top-column elementor-element elementor-element-d57de95\" data-id=\"d57de95\" data-element_type=\"column\" data-e-type=\"column\">\n\t\t\t<div class=\"elementor-widget-wrap elementor-element-populated\">\n\t\t\t\t\t\t<div class=\"elementor-element elementor-element-ea08078 elementor-widget elementor-widget-heading\" data-id=\"ea08078\" data-element_type=\"widget\" data-e-type=\"widget\" data-widget_type=\"heading.default\">\n\t\t\t\t<div class=\"elementor-widget-container\">\n\t\t\t\t\t<h2 class=\"elementor-heading-title elementor-size-default\">PRESS<\/h2>\t\t\t\t<\/div>\n\t\t\t\t<\/div>\n\t\t\t\t<div class=\"elementor-element elementor-element-2be52e2 elementor-widget elementor-widget-tp-accordion\" data-id=\"2be52e2\" data-element_type=\"widget\" data-e-type=\"widget\" data-widget_type=\"tp-accordion.default\">\n\t\t\t\t<div class=\"elementor-widget-container\">\n\t\t\t\t\t\n<div class=\"theplus-accordion-wrapper elementor-accordion   \"\n    id=\"accordion69f1d9afe729b\" data-accordion-id=\"accordion69f1d9afe729b\"\n    data-connection=\"\"\n    data-accordion-type=\"accordion\"\n    data-heightlight-text       role=\"tablist\" >\n\n            <div class=\"theplus-accordion-item\"  role=\"tab\">\n            <div id=\"elementor-tab-title-4601\" class=\"elementor-tab-title plus-accordion-header 0 text-left \" data-tab=\"1\" aria-controls=\"elementor-tab-content-4601\">\n                                                <span class=\"accordion-icon-prefix \"><span\n                        class=\"plus-icon-accordion\"><i aria-hidden=\"true\" class=\"far fa-newspaper\"><\/i><\/span><\/span>\n                \n                <span style=\"width:100%\">C\u00c1DIZ CONTIGO \/ ONDA C\u00c1DIZ<\/span>                <span class=\"elementor-accordion-icon elementor-accordion-icon-right\" aria-hidden=\"true\"><span class=\"elementor-accordion-icon-closed\"><i aria-hidden=\"true\" class=\"fas fa-chevron-up\"><\/i><\/span><span class=\"elementor-accordion-icon-opened\"><i aria-hidden=\"true\" class=\"fas fa-chevron-down\"><\/i><\/span><\/span>            <\/div>\n\n                        <div id=\"elementor-tab-content-4601\" class=\"elementor-tab-content elementor-clearfix plus-accordion-content 0 \" data-tab=\"1\" role=\"tabpanel\" aria-labelledby=\"elementor-tab-title-4601\">\n                <div class=\"plus-content-editor\" ><p><a href=\"https:\/\/www.youtube.com\/watch?v=YEQw8dMU1bs\" target=\"_blank\" rel=\"noopener\"><img loading=\"lazy\" decoding=\"async\" class=\"alignnone size-medium wp-image-4309\" src=\"https:\/\/recuerdasdeunavida.com\/wp-content\/uploads\/2022\/11\/Captura-de-pantalla-2022-11-16-a-las-23.14.42-300x225.png\" alt=\"\" width=\"300\" height=\"225\" srcset=\"https:\/\/recuerdasdeunavida.com\/wp-content\/uploads\/2022\/11\/Captura-de-pantalla-2022-11-16-a-las-23.14.42-300x225.png 300w, https:\/\/recuerdasdeunavida.com\/wp-content\/uploads\/2022\/11\/Captura-de-pantalla-2022-11-16-a-las-23.14.42.png 418w\" sizes=\"(max-width: 300px) 100vw, 300px\" \/><br \/><br \/>Ver v\u00eddeo completo<\/a><\/p><\/div>\n            <\/div>\n                    <\/div>\n        \n<\/div>\n\t\t\t\t<\/div>\n\t\t\t\t<\/div>\n\t\t\t\t<div class=\"elementor-element elementor-element-d1f6da2 elementor-widget elementor-widget-tp-accordion\" data-id=\"d1f6da2\" data-element_type=\"widget\" data-e-type=\"widget\" data-widget_type=\"tp-accordion.default\">\n\t\t\t\t<div class=\"elementor-widget-container\">\n\t\t\t\t\t\n<div class=\"theplus-accordion-wrapper elementor-accordion   \"\n    id=\"accordion69f1d9afeba4d\" data-accordion-id=\"accordion69f1d9afeba4d\"\n    data-connection=\"\"\n    data-accordion-type=\"accordion\"\n    data-heightlight-text       role=\"tablist\" >\n\n            <div class=\"theplus-accordion-item\"  role=\"tab\">\n            <div id=\"elementor-tab-title-2201\" class=\"elementor-tab-title plus-accordion-header 0 text-left \" data-tab=\"1\" aria-controls=\"elementor-tab-content-2201\">\n                                                <span class=\"accordion-icon-prefix \"><span\n                        class=\"plus-icon-accordion\"><i aria-hidden=\"true\" class=\"far fa-newspaper\"><\/i><\/span><\/span>\n                \n                <span style=\"width:100%\">Entrevista en ONDA JEREZ<\/span>                <span class=\"elementor-accordion-icon elementor-accordion-icon-right\" aria-hidden=\"true\"><span class=\"elementor-accordion-icon-closed\"><i aria-hidden=\"true\" class=\"fas fa-chevron-up\"><\/i><\/span><span class=\"elementor-accordion-icon-opened\"><i aria-hidden=\"true\" class=\"fas fa-chevron-down\"><\/i><\/span><\/span>            <\/div>\n\n                        <div id=\"elementor-tab-content-2201\" class=\"elementor-tab-content elementor-clearfix plus-accordion-content 0 \" data-tab=\"1\" role=\"tabpanel\" aria-labelledby=\"elementor-tab-title-2201\">\n                <div class=\"plus-content-editor\" ><p><img loading=\"lazy\" decoding=\"async\" class=\"alignnone size-medium wp-image-4330\" src=\"https:\/\/recuerdasdeunavida.com\/wp-content\/uploads\/2022\/11\/Captura-de-pantalla-2022-11-16-a-las-23.30.10-300x225.png\" alt=\"\" width=\"300\" height=\"225\" srcset=\"https:\/\/recuerdasdeunavida.com\/wp-content\/uploads\/2022\/11\/Captura-de-pantalla-2022-11-16-a-las-23.30.10-300x225.png 300w, https:\/\/recuerdasdeunavida.com\/wp-content\/uploads\/2022\/11\/Captura-de-pantalla-2022-11-16-a-las-23.30.10.png 416w\" sizes=\"(max-width: 300px) 100vw, 300px\" \/><\/p><p><a href=\"https:\/\/www.youtube.com\/watch?v=ZhcH-n62WVI&amp;feature=emb_logo\" target=\"_blank\" rel=\"noopener\">See full video<\/a><\/p><\/div>\n            <\/div>\n                    <\/div>\n        \n<\/div>\n\t\t\t\t<\/div>\n\t\t\t\t<\/div>\n\t\t\t\t\t<\/div>\n\t\t<\/div>\n\t\t\t\t<div class=\"elementor-column elementor-col-50 elementor-top-column elementor-element elementor-element-5744135\" data-id=\"5744135\" data-element_type=\"column\" data-e-type=\"column\">\n\t\t\t<div class=\"elementor-widget-wrap elementor-element-populated\">\n\t\t\t\t\t\t<div class=\"elementor-element elementor-element-e40fccc elementor-widget elementor-widget-tp-accordion\" data-id=\"e40fccc\" data-element_type=\"widget\" data-e-type=\"widget\" data-widget_type=\"tp-accordion.default\">\n\t\t\t\t<div class=\"elementor-widget-container\">\n\t\t\t\t\t\n<div class=\"theplus-accordion-wrapper elementor-accordion   \"\n    id=\"accordion69f1d9afef999\" data-accordion-id=\"accordion69f1d9afef999\"\n    data-connection=\"\"\n    data-accordion-type=\"accordion\"\n    data-heightlight-text       role=\"tablist\" >\n\n            <div class=\"theplus-accordion-item\"  role=\"tab\">\n            <div id=\"elementor-tab-title-2391\" class=\"elementor-tab-title plus-accordion-header 0 text-left \" data-tab=\"1\" aria-controls=\"elementor-tab-content-2391\">\n                                                <span class=\"accordion-icon-prefix \"><span\n                        class=\"plus-icon-accordion\"><i aria-hidden=\"true\" class=\"far fa-newspaper\"><\/i><\/span><\/span>\n                \n                <span style=\"width:100%\">LA VOZ DIGITAL<\/span>                <span class=\"elementor-accordion-icon elementor-accordion-icon-right\" aria-hidden=\"true\"><span class=\"elementor-accordion-icon-closed\"><i aria-hidden=\"true\" class=\"fas fa-chevron-up\"><\/i><\/span><span class=\"elementor-accordion-icon-opened\"><i aria-hidden=\"true\" class=\"fas fa-chevron-down\"><\/i><\/span><\/span>            <\/div>\n\n                        <div id=\"elementor-tab-content-2391\" class=\"elementor-tab-content elementor-clearfix plus-accordion-content 0 \" data-tab=\"1\" role=\"tabpanel\" aria-labelledby=\"elementor-tab-title-2391\">\n                <div class=\"plus-content-editor\" ><p><img loading=\"lazy\" decoding=\"async\" class=\"alignnone size-medium wp-image-4321\" src=\"https:\/\/recuerdasdeunavida.com\/wp-content\/uploads\/2022\/11\/Captura-de-pantalla-2022-11-16-a-las-23.15.13-300x252.png\" alt=\"\" width=\"300\" height=\"252\" srcset=\"https:\/\/recuerdasdeunavida.com\/wp-content\/uploads\/2022\/11\/Captura-de-pantalla-2022-11-16-a-las-23.15.13-300x252.png 300w, https:\/\/recuerdasdeunavida.com\/wp-content\/uploads\/2022\/11\/Captura-de-pantalla-2022-11-16-a-las-23.15.13-768x646.png 768w, https:\/\/recuerdasdeunavida.com\/wp-content\/uploads\/2022\/11\/Captura-de-pantalla-2022-11-16-a-las-23.15.13.png 845w\" sizes=\"(max-width: 300px) 100vw, 300px\" \/><\/p><p><a href=\"https:\/\/www.lavozdigital.es\/provincia\/cadiz\/convento-santo-domingo-recuerda-guitarrista-gaditano-angel-20221111213116-ntv.html\">Leer m\u00e1s<\/a><\/p><\/div>\n            <\/div>\n                    <\/div>\n        \n<\/div>\n\t\t\t\t<\/div>\n\t\t\t\t<\/div>\n\t\t\t\t<div class=\"elementor-element elementor-element-5284e3c elementor-hidden-desktop elementor-hidden-tablet elementor-hidden-mobile elementor-widget elementor-widget-tp-accordion\" data-id=\"5284e3c\" data-element_type=\"widget\" data-e-type=\"widget\" data-widget_type=\"tp-accordion.default\">\n\t\t\t\t<div class=\"elementor-widget-container\">\n\t\t\t\t\t\n<div class=\"theplus-accordion-wrapper elementor-accordion   \"\n    id=\"accordion69f1d9aff37c6\" data-accordion-id=\"accordion69f1d9aff37c6\"\n    data-connection=\"\"\n    data-accordion-type=\"accordion\"\n    data-heightlight-text       role=\"tablist\" >\n\n            <div class=\"theplus-accordion-item\"  role=\"tab\">\n            <div id=\"elementor-tab-title-8651\" class=\"elementor-tab-title plus-accordion-header 0 text-left \" data-tab=\"1\" aria-controls=\"elementor-tab-content-8651\">\n                                                <span class=\"accordion-icon-prefix \"><span\n                        class=\"plus-icon-accordion\"><i aria-hidden=\"true\" class=\"far fa-newspaper\"><\/i><\/span><\/span>\n                \n                <span style=\"width:100%\">ASOCIACI\u00d3N MADRILE\u00d1A DE COMPOSITORES (11\/2021).   <\/br><b>Concierto Monogr\u00e1fico de \u00c1ngel Pi\u00f1ero  en SGAE.<\/b><\/span>                <span class=\"elementor-accordion-icon elementor-accordion-icon-right\" aria-hidden=\"true\"><span class=\"elementor-accordion-icon-closed\"><i aria-hidden=\"true\" class=\"fas fa-chevron-up\"><\/i><\/span><span class=\"elementor-accordion-icon-opened\"><i aria-hidden=\"true\" class=\"fas fa-chevron-down\"><\/i><\/span><\/span>            <\/div>\n\n                        <div id=\"elementor-tab-content-8651\" class=\"elementor-tab-content elementor-clearfix plus-accordion-content 0 \" data-tab=\"1\" role=\"tabpanel\" aria-labelledby=\"elementor-tab-title-8651\">\n                <div class=\"plus-content-editor\" ><p><span style=\"color: #333333;\">El 11 de noviembre a la 19:00 se organiza a trav\u00e9s de la Asociaci\u00f3n de guitarra cl\u00e1sica \u00c1ngel G. Pi\u00f1ero, un concierto de guitarra sola y guitarra y cuarteto de cuerdas en la sala Manuel de Falla de la SGAE. Es un concierto monogr\u00e1fico de parte de las obras de Pi\u00f1ero, que ser\u00e1n interpretadas por un concertista ucraniano premiado, Stalisnav Stetshenko y el cuarteto Chagall.<\/span><\/p><p><span style=\"color: #333333;\">El programa incluye las obras Preludio Azul, El viento de la vida, Murmullo musical, Balada a una desconocida, Viaje Nocturno, Alegr\u00edas en el puerto, Canto a la serran\u00eda y Brisas de C\u00e1diz.<\/span><\/p><p><a href=\"https:\/\/amcc.es\/concierto-monografico-de-angel-pinero-en-sgae\/\" target=\"_blank\" rel=\"noopener\"><span style=\"text-decoration: underline;\"><span style=\"color: #9e7e54; text-decoration: underline;\">Ver m\u00e1s<\/span><\/span><\/a><\/p><\/div>\n            <\/div>\n                    <\/div>\n        \n<\/div>\n\t\t\t\t<\/div>\n\t\t\t\t<\/div>\n\t\t\t\t\t<\/div>\n\t\t<\/div>\n\t\t\t\t\t<\/div>\n\t\t<\/section>\n\t\t\t\t<\/div>\n\t\t","protected":false},"featured_media":3252,"parent":0,"template":"","tipo":[27,22,23],"class_list":["post-3393","conciertos","type-conciertos","status-publish","has-post-thumbnail","hentry","tipo-previous","tipo-proximos","tipo-previos"],"_links":{"self":[{"href":"https:\/\/recuerdasdeunavida.com\/en\/wp-json\/wp\/v2\/conciertos\/3393","targetHints":{"allow":["GET"]}}],"collection":[{"href":"https:\/\/recuerdasdeunavida.com\/en\/wp-json\/wp\/v2\/conciertos"}],"about":[{"href":"https:\/\/recuerdasdeunavida.com\/en\/wp-json\/wp\/v2\/types\/conciertos"}],"version-history":[{"count":41,"href":"https:\/\/recuerdasdeunavida.com\/en\/wp-json\/wp\/v2\/conciertos\/3393\/revisions"}],"predecessor-version":[{"id":4609,"href":"https:\/\/recuerdasdeunavida.com\/en\/wp-json\/wp\/v2\/conciertos\/3393\/revisions\/4609"}],"wp:featuredmedia":[{"embeddable":true,"href":"https:\/\/recuerdasdeunavida.com\/en\/wp-json\/wp\/v2\/media\/3252"}],"wp:attachment":[{"href":"https:\/\/recuerdasdeunavida.com\/en\/wp-json\/wp\/v2\/media?parent=3393"}],"wp:term":[{"taxonomy":"tipo","embeddable":true,"href":"https:\/\/recuerdasdeunavida.com\/en\/wp-json\/wp\/v2\/tipo?post=3393"}],"curies":[{"name":"wp","href":"https:\/\/api.w.org\/{rel}","templated":true}]}}