{"id":1063,"date":"2021-07-07T16:25:30","date_gmt":"2021-07-07T16:25:30","guid":{"rendered":"https:\/\/recuerdasdeunavida.com\/sobre-angel\/"},"modified":"2023-10-04T10:35:57","modified_gmt":"2023-10-04T08:35:57","slug":"sobre-angel","status":"publish","type":"page","link":"https:\/\/recuerdasdeunavida.com\/en\/sobre-angel\/","title":{"rendered":"About \u00c1ngel"},"content":{"rendered":"\t\t<div data-elementor-type=\"wp-page\" data-elementor-id=\"1063\" class=\"elementor elementor-1063 elementor-98\" data-elementor-post-type=\"page\">\n\t\t\t\t\t\t<section class=\"elementor-section elementor-top-section elementor-element elementor-element-fc58900 elementor-section-boxed elementor-section-height-default elementor-section-height-default\" data-id=\"fc58900\" data-element_type=\"section\" data-e-type=\"section\" data-settings=\"{&quot;background_background&quot;:&quot;classic&quot;}\">\n\t\t\t\t\t\t<div class=\"elementor-container elementor-column-gap-default\">\n\t\t\t\t\t<div class=\"elementor-column elementor-col-100 elementor-top-column elementor-element elementor-element-b6fcedf\" data-id=\"b6fcedf\" data-element_type=\"column\" data-e-type=\"column\">\n\t\t\t<div class=\"elementor-widget-wrap elementor-element-populated\">\n\t\t\t\t\t\t<div class=\"elementor-element elementor-element-8baa57d elementor-widget elementor-widget-heading\" data-id=\"8baa57d\" data-element_type=\"widget\" data-e-type=\"widget\" data-widget_type=\"heading.default\">\n\t\t\t\t<div class=\"elementor-widget-container\">\n\t\t\t\t\t<h2 class=\"elementor-heading-title elementor-size-default\">\u00c1NGEL G. PI\u00d1ERO &gt; ABOUT \u00c1NGEL<\/h2>\t\t\t\t<\/div>\n\t\t\t\t<\/div>\n\t\t\t\t\t<\/div>\n\t\t<\/div>\n\t\t\t\t\t<\/div>\n\t\t<\/section>\n\t\t\t\t<section class=\"elementor-section elementor-top-section elementor-element elementor-element-4b60464 elementor-section-content-middle elementor-reverse-mobile elementor-section-boxed elementor-section-height-default elementor-section-height-default\" data-id=\"4b60464\" data-element_type=\"section\" data-e-type=\"section\" data-settings=\"{&quot;background_background&quot;:&quot;classic&quot;}\">\n\t\t\t\t\t\t<div class=\"elementor-container elementor-column-gap-no\">\n\t\t\t\t\t<div class=\"elementor-column elementor-col-50 elementor-top-column elementor-element elementor-element-bbe3c5e\" data-id=\"bbe3c5e\" data-element_type=\"column\" data-e-type=\"column\">\n\t\t\t<div class=\"elementor-widget-wrap elementor-element-populated\">\n\t\t\t\t\t\t<div class=\"elementor-element elementor-element-275d482 elementor-widget elementor-widget-heading\" data-id=\"275d482\" data-element_type=\"widget\" data-e-type=\"widget\" data-widget_type=\"heading.default\">\n\t\t\t\t<div class=\"elementor-widget-container\">\n\t\t\t\t\t<h2 class=\"elementor-heading-title elementor-size-default\">\u00c1NGEL G. PI\u00d1ERO<\/h2>\t\t\t\t<\/div>\n\t\t\t\t<\/div>\n\t\t\t\t<div class=\"elementor-element elementor-element-b0d9dc8 elementor-widget elementor-widget-heading\" data-id=\"b0d9dc8\" data-element_type=\"widget\" data-e-type=\"widget\" data-widget_type=\"heading.default\">\n\t\t\t\t<div class=\"elementor-widget-container\">\n\t\t\t\t\t<h2 class=\"elementor-heading-title elementor-size-default\">Composer and classical guitarist\n<\/h2>\t\t\t\t<\/div>\n\t\t\t\t<\/div>\n\t\t\t\t<div class=\"elementor-element elementor-element-a3c8815 elementor-widget elementor-widget-text-editor\" data-id=\"a3c8815\" data-element_type=\"widget\" data-e-type=\"widget\" data-widget_type=\"text-editor.default\">\n\t\t\t\t<div class=\"elementor-widget-container\">\n\t\t\t\t\t\t\t\t\t<p class=\"p1\"><span class=\"s1\">Angel G. Pi\u00f1ero is -despite his death on 21 February 2022, we still refuse to speak in the past tense- a prominent Spanish composer and guitarist from C\u00e1diz, born in 1932 with a varied and extensive musical career as a concert performer. His musical training is summarized in 17 years of official studies. He studied music (solf\u00e8ge, guitar, harmony, counterpoint, fugue, chamber music, history of world music, etc.) at the Conservatorio Superior Municipal de M\u00fasica de Barcelona, later studying composition at the Munich Conservatory. Later he began to compose music, starting with guitar methods and composing musical works in the 1980s. His facet as a composer alternated with his work as a soloist. During his last years he was immersed in his work as a composer. His aim was to create repertoire for young artists and to enrich the heritage of the classical guitar.<br \/><\/span><\/p>\t\t\t\t\t\t\t\t<\/div>\n\t\t\t\t<\/div>\n\t\t\t\t\t<\/div>\n\t\t<\/div>\n\t\t\t\t<div class=\"elementor-column elementor-col-50 elementor-top-column elementor-element elementor-element-8c1507d\" data-id=\"8c1507d\" data-element_type=\"column\" data-e-type=\"column\">\n\t\t\t<div class=\"elementor-widget-wrap\">\n\t\t\t\t\t\t\t<\/div>\n\t\t<\/div>\n\t\t\t\t\t<\/div>\n\t\t<\/section>\n\t\t\t\t<section class=\"elementor-section elementor-top-section elementor-element elementor-element-616b69a elementor-section-boxed elementor-section-height-default elementor-section-height-default\" data-id=\"616b69a\" data-element_type=\"section\" data-e-type=\"section\" data-settings=\"{&quot;background_background&quot;:&quot;classic&quot;}\">\n\t\t\t\t\t\t<div class=\"elementor-container elementor-column-gap-default\">\n\t\t\t\t\t<div class=\"elementor-column elementor-col-50 elementor-top-column elementor-element elementor-element-b8110e4\" data-id=\"b8110e4\" data-element_type=\"column\" data-e-type=\"column\">\n\t\t\t<div class=\"elementor-widget-wrap\">\n\t\t\t\t\t\t\t<\/div>\n\t\t<\/div>\n\t\t\t\t<div class=\"elementor-column elementor-col-50 elementor-top-column elementor-element elementor-element-66135d7\" data-id=\"66135d7\" data-element_type=\"column\" data-e-type=\"column\">\n\t\t\t<div class=\"elementor-widget-wrap elementor-element-populated\">\n\t\t\t\t\t\t<div class=\"elementor-element elementor-element-415a2cc elementor-widget elementor-widget-text-editor\" data-id=\"415a2cc\" data-element_type=\"widget\" data-e-type=\"widget\" data-widget_type=\"text-editor.default\">\n\t\t\t\t<div class=\"elementor-widget-container\">\n\t\t\t\t\t\t\t\t\t<p class=\"p1\"><span class=\"s1\"><i>\u201cI am focused on writing for solo guitar, guitar and string quartet and for guitar and symphony orchestra.<\/i> <i>A whole life dedicated to the creation of works for Spanish classical guitar&#8221;.<\/i><\/span><\/p>\t\t\t\t\t\t\t\t<\/div>\n\t\t\t\t<\/div>\n\t\t\t\t\t<\/div>\n\t\t<\/div>\n\t\t\t\t\t<\/div>\n\t\t<\/section>\n\t\t\t\t<section class=\"elementor-section elementor-top-section elementor-element elementor-element-47b05e9 elementor-section-boxed elementor-section-height-default elementor-section-height-default\" data-id=\"47b05e9\" data-element_type=\"section\" data-e-type=\"section\">\n\t\t\t\t\t\t<div class=\"elementor-container elementor-column-gap-default\">\n\t\t\t\t\t<div class=\"elementor-column elementor-col-33 elementor-top-column elementor-element elementor-element-19e3249\" data-id=\"19e3249\" data-element_type=\"column\" data-e-type=\"column\">\n\t\t\t<div class=\"elementor-widget-wrap elementor-element-populated\">\n\t\t\t\t\t\t<div class=\"elementor-element elementor-element-7c563c4 elementor-widget elementor-widget-image\" data-id=\"7c563c4\" data-element_type=\"widget\" data-e-type=\"widget\" data-widget_type=\"image.default\">\n\t\t\t\t<div class=\"elementor-widget-container\">\n\t\t\t\t\t\t\t\t\t\t\t\t\t\t\t<img fetchpriority=\"high\" decoding=\"async\" width=\"393\" height=\"509\" src=\"https:\/\/recuerdasdeunavida.com\/wp-content\/uploads\/2021\/07\/angel1.jpg\" class=\"attachment-full size-full wp-image-963\" alt=\"\" srcset=\"https:\/\/recuerdasdeunavida.com\/wp-content\/uploads\/2021\/07\/angel1.jpg 393w, https:\/\/recuerdasdeunavida.com\/wp-content\/uploads\/2021\/07\/angel1-232x300.jpg 232w\" sizes=\"(max-width: 393px) 100vw, 393px\" \/>\t\t\t\t\t\t\t\t\t\t\t\t\t\t\t<\/div>\n\t\t\t\t<\/div>\n\t\t\t\t\t<\/div>\n\t\t<\/div>\n\t\t\t\t<div class=\"elementor-column elementor-col-33 elementor-top-column elementor-element elementor-element-ca50632\" data-id=\"ca50632\" data-element_type=\"column\" data-e-type=\"column\">\n\t\t\t<div class=\"elementor-widget-wrap elementor-element-populated\">\n\t\t\t\t\t\t<div class=\"elementor-element elementor-element-840f463 elementor-widget elementor-widget-heading\" data-id=\"840f463\" data-element_type=\"widget\" data-e-type=\"widget\" data-widget_type=\"heading.default\">\n\t\t\t\t<div class=\"elementor-widget-container\">\n\t\t\t\t\t<h2 class=\"elementor-heading-title elementor-size-default\">Composer and classical guitarist\n<\/h2>\t\t\t\t<\/div>\n\t\t\t\t<\/div>\n\t\t\t\t<div class=\"elementor-element elementor-element-06b4a23 elementor-widget elementor-widget-text-editor\" data-id=\"06b4a23\" data-element_type=\"widget\" data-e-type=\"widget\" data-widget_type=\"text-editor.default\">\n\t\t\t\t<div class=\"elementor-widget-container\">\n\t\t\t\t\t\t\t\t\t<p>This great artist caused the admiration of different audiences for his great ability (unique in the history of Music) to play the guitar with both hands. 2 TECHNIQUES, 2 SONORITIES.<\/p><p>He has been the only concert performer in history to have achieved both sonorities, giving each of them their rightful place in the general repertoire of music.<\/p>\t\t\t\t\t\t\t\t<\/div>\n\t\t\t\t<\/div>\n\t\t\t\t<div class=\"elementor-element elementor-element-70ff6b2 elementor-widget elementor-widget-text-editor\" data-id=\"70ff6b2\" data-element_type=\"widget\" data-e-type=\"widget\" data-widget_type=\"text-editor.default\">\n\t\t\t\t<div class=\"elementor-widget-container\">\n\t\t\t\t\t\t\t\t\t<p class=\"p1\"><span class=\"s1\"><i>\u201cIn the right hand, the school of playing the strings with the fingertip, for renaissance and baroque music. In the left hand, the school of playing the strings with the fingernails for classical, romantic and contemporary repertoire.\u201d<\/i><\/span><\/p>\t\t\t\t\t\t\t\t<\/div>\n\t\t\t\t<\/div>\n\t\t\t\t\t<\/div>\n\t\t<\/div>\n\t\t\t\t<div class=\"elementor-column elementor-col-33 elementor-top-column elementor-element elementor-element-ce480e3\" data-id=\"ce480e3\" data-element_type=\"column\" data-e-type=\"column\">\n\t\t\t<div class=\"elementor-widget-wrap elementor-element-populated\">\n\t\t\t\t\t\t<div class=\"elementor-element elementor-element-ce1e739 elementor-widget elementor-widget-image\" data-id=\"ce1e739\" data-element_type=\"widget\" data-e-type=\"widget\" data-widget_type=\"image.default\">\n\t\t\t\t<div class=\"elementor-widget-container\">\n\t\t\t\t\t\t\t\t\t\t\t\t\t\t\t<img decoding=\"async\" width=\"394\" height=\"509\" src=\"https:\/\/recuerdasdeunavida.com\/wp-content\/uploads\/2021\/07\/angel2.jpg\" class=\"attachment-full size-full wp-image-962\" alt=\"\" srcset=\"https:\/\/recuerdasdeunavida.com\/wp-content\/uploads\/2021\/07\/angel2.jpg 394w, https:\/\/recuerdasdeunavida.com\/wp-content\/uploads\/2021\/07\/angel2-232x300.jpg 232w\" sizes=\"(max-width: 394px) 100vw, 394px\" \/>\t\t\t\t\t\t\t\t\t\t\t\t\t\t\t<\/div>\n\t\t\t\t<\/div>\n\t\t\t\t\t<\/div>\n\t\t<\/div>\n\t\t\t\t\t<\/div>\n\t\t<\/section>\n\t\t\t\t<section class=\"elementor-section elementor-top-section elementor-element elementor-element-aadd067 elementor-section-height-min-height elementor-section-items-top elementor-section-boxed elementor-section-height-default\" data-id=\"aadd067\" data-element_type=\"section\" data-e-type=\"section\" data-settings=\"{&quot;background_background&quot;:&quot;classic&quot;}\">\n\t\t\t\t\t\t<div class=\"elementor-container elementor-column-gap-default\">\n\t\t\t\t\t<div class=\"elementor-column elementor-col-50 elementor-top-column elementor-element elementor-element-af9455d\" data-id=\"af9455d\" data-element_type=\"column\" data-e-type=\"column\">\n\t\t\t<div class=\"elementor-widget-wrap elementor-element-populated\">\n\t\t\t\t\t\t<div class=\"elementor-element elementor-element-5248cca elementor-widget elementor-widget-video\" data-id=\"5248cca\" data-element_type=\"widget\" data-e-type=\"widget\" data-settings=\"{&quot;video_type&quot;:&quot;vimeo&quot;}\" data-widget_type=\"video.default\">\n\t\t\t\t<div class=\"elementor-widget-container\">\n\t\t\t\t\t\t\t<div class=\"elementor-wrapper elementor-open-inline\">\n\t\t\t<iframe class=\"elementor-video-iframe\" allowfullscreen allow=\"clipboard-write\" title=\"vimeo Video Player\" src=\"https:\/\/player.vimeo.com\/video\/669370928?color&amp;autopause=0&amp;loop=0&amp;muted=0&amp;title=1&amp;portrait=1&amp;byline=1&amp;h=79080b1a5f#t=\"><\/iframe>\t\t<\/div>\n\t\t\t\t\t\t<\/div>\n\t\t\t\t<\/div>\n\t\t\t\t\t<\/div>\n\t\t<\/div>\n\t\t\t\t<div class=\"elementor-column elementor-col-50 elementor-top-column elementor-element elementor-element-b332ce9\" data-id=\"b332ce9\" data-element_type=\"column\" data-e-type=\"column\">\n\t\t\t<div class=\"elementor-widget-wrap elementor-element-populated\">\n\t\t\t\t\t\t<div class=\"elementor-element elementor-element-5361f76 elementor-widget elementor-widget-heading\" data-id=\"5361f76\" data-element_type=\"widget\" data-e-type=\"widget\" data-widget_type=\"heading.default\">\n\t\t\t\t<div class=\"elementor-widget-container\">\n\t\t\t\t\t<h2 class=\"elementor-heading-title elementor-size-default\">Interview with \u00c1ngel G. Pi\u00f1ero, composer and guitarist.<\/h2>\t\t\t\t<\/div>\n\t\t\t\t<\/div>\n\t\t\t\t<div class=\"elementor-element elementor-element-8ae16ad elementor-widget elementor-widget-text-editor\" data-id=\"8ae16ad\" data-element_type=\"widget\" data-e-type=\"widget\" data-widget_type=\"text-editor.default\">\n\t\t\t\t<div class=\"elementor-widget-container\">\n\t\t\t\t\t\t\t\t\t<p>\u00c1ngel shares with us his life and his dedication to the classical guitar in a very personal and close interview.<\/p>\t\t\t\t\t\t\t\t<\/div>\n\t\t\t\t<\/div>\n\t\t\t\t\t<\/div>\n\t\t<\/div>\n\t\t\t\t\t<\/div>\n\t\t<\/section>\n\t\t\t\t<section class=\"elementor-section elementor-top-section elementor-element elementor-element-a120226 elementor-section-height-min-height elementor-section-items-top elementor-section-boxed elementor-section-height-default\" data-id=\"a120226\" data-element_type=\"section\" data-e-type=\"section\" data-settings=\"{&quot;background_background&quot;:&quot;classic&quot;}\">\n\t\t\t\t\t\t<div class=\"elementor-container elementor-column-gap-default\">\n\t\t\t\t\t<div class=\"elementor-column elementor-col-50 elementor-top-column elementor-element elementor-element-de087e1\" data-id=\"de087e1\" data-element_type=\"column\" data-e-type=\"column\">\n\t\t\t<div class=\"elementor-widget-wrap elementor-element-populated\">\n\t\t\t\t\t\t<div class=\"elementor-element elementor-element-8200d9f elementor-widget elementor-widget-image\" data-id=\"8200d9f\" data-element_type=\"widget\" data-e-type=\"widget\" data-widget_type=\"image.default\">\n\t\t\t\t<div class=\"elementor-widget-container\">\n\t\t\t\t\t\t\t\t\t\t\t\t\t\t\t<img decoding=\"async\" width=\"800\" height=\"534\" src=\"https:\/\/recuerdasdeunavida.com\/wp-content\/uploads\/2023\/10\/TEATRO-REAL-ANGEL-CL-1-1-1024x683.jpg\" class=\"attachment-large size-large wp-image-7096\" alt=\"\" srcset=\"https:\/\/recuerdasdeunavida.com\/wp-content\/uploads\/2023\/10\/TEATRO-REAL-ANGEL-CL-1-1-1024x683.jpg 1024w, https:\/\/recuerdasdeunavida.com\/wp-content\/uploads\/2023\/10\/TEATRO-REAL-ANGEL-CL-1-1-300x200.jpg 300w, https:\/\/recuerdasdeunavida.com\/wp-content\/uploads\/2023\/10\/TEATRO-REAL-ANGEL-CL-1-1-768x512.jpg 768w, https:\/\/recuerdasdeunavida.com\/wp-content\/uploads\/2023\/10\/TEATRO-REAL-ANGEL-CL-1-1-1536x1025.jpg 1536w, https:\/\/recuerdasdeunavida.com\/wp-content\/uploads\/2023\/10\/TEATRO-REAL-ANGEL-CL-1-1.jpg 2000w\" sizes=\"(max-width: 800px) 100vw, 800px\" \/>\t\t\t\t\t\t\t\t\t\t\t\t\t\t\t<\/div>\n\t\t\t\t<\/div>\n\t\t\t\t<div class=\"elementor-element elementor-element-ca2c2f2 elementor-hidden-desktop elementor-hidden-tablet elementor-hidden-mobile elementor-widget elementor-widget-image\" data-id=\"ca2c2f2\" data-element_type=\"widget\" data-e-type=\"widget\" data-widget_type=\"image.default\">\n\t\t\t\t<div class=\"elementor-widget-container\">\n\t\t\t\t\t\t\t\t\t\t\t\t\t\t\t\t<a href=\"https:\/\/open.spotify.com\/episode\/6gqtqeP5M77WErZQPsghH8?si=EJdVGNc4SLS4YUOXvf3AMw&#038;t=82\" target=\"_blank\">\n\t\t\t\t\t\t\t<img loading=\"lazy\" decoding=\"async\" width=\"436\" height=\"434\" src=\"https:\/\/recuerdasdeunavida.com\/wp-content\/uploads\/2023\/10\/Captura-de-pantalla-2023-10-02-a-las-9.57.14-1.png\" class=\"attachment-large size-large wp-image-7099\" alt=\"\" srcset=\"https:\/\/recuerdasdeunavida.com\/wp-content\/uploads\/2023\/10\/Captura-de-pantalla-2023-10-02-a-las-9.57.14-1.png 436w, https:\/\/recuerdasdeunavida.com\/wp-content\/uploads\/2023\/10\/Captura-de-pantalla-2023-10-02-a-las-9.57.14-1-300x300.png 300w, https:\/\/recuerdasdeunavida.com\/wp-content\/uploads\/2023\/10\/Captura-de-pantalla-2023-10-02-a-las-9.57.14-1-150x150.png 150w\" sizes=\"(max-width: 436px) 100vw, 436px\" \/>\t\t\t\t\t\t\t\t<\/a>\n\t\t\t\t\t\t\t\t\t\t\t\t\t\t\t<\/div>\n\t\t\t\t<\/div>\n\t\t\t\t\t<\/div>\n\t\t<\/div>\n\t\t\t\t<div class=\"elementor-column elementor-col-50 elementor-top-column elementor-element elementor-element-fa25f76\" data-id=\"fa25f76\" data-element_type=\"column\" data-e-type=\"column\">\n\t\t\t<div class=\"elementor-widget-wrap elementor-element-populated\">\n\t\t\t\t\t\t<div class=\"elementor-element elementor-element-81e0e16 elementor-widget elementor-widget-heading\" data-id=\"81e0e16\" data-element_type=\"widget\" data-e-type=\"widget\" data-widget_type=\"heading.default\">\n\t\t\t\t<div class=\"elementor-widget-container\">\n\t\t\t\t\t<h2 class=\"elementor-heading-title elementor-size-default\">Interview with Catherine Lacoste, President of the \u00c1ngel G. Pi\u00f1ero Classical Guitar Association.<\/h2>\t\t\t\t<\/div>\n\t\t\t\t<\/div>\n\t\t\t\t<div class=\"elementor-element elementor-element-6950822 elementor-widget elementor-widget-text-editor\" data-id=\"6950822\" data-element_type=\"widget\" data-e-type=\"widget\" data-widget_type=\"text-editor.default\">\n\t\t\t\t<div class=\"elementor-widget-container\">\n\t\t\t\t\t\t\t\t\t<p><strong>FIP Guadalquivir, Guadalquivir Piano Festival. 09\/28\/23<\/strong><\/p><p><em>Listen to <span style=\"color: #000000;\"><a style=\"color: #000000;\" href=\"https:\/\/open.spotify.com\/episode\/6gqtqeP5M77WErZQPsghH8?si=EJdVGNc4SLS4YUOXvf3AMw&amp;t=82\" target=\"_blank\" rel=\"noopener\">this podcast<\/a><\/span> with the interview and the work \u201cBalada a una desconocida\u201d performed by Ang\u00e9lica Rodr\u00edguez (guitar and singing).<\/em><\/p>\t\t\t\t\t\t\t\t<\/div>\n\t\t\t\t<\/div>\n\t\t\t\t\t<\/div>\n\t\t<\/div>\n\t\t\t\t\t<\/div>\n\t\t<\/section>\n\t\t\t\t<section class=\"elementor-section elementor-top-section elementor-element elementor-element-2f2393d elementor-section-height-min-height elementor-section-items-top elementor-section-boxed elementor-section-height-default\" data-id=\"2f2393d\" data-element_type=\"section\" data-e-type=\"section\" data-settings=\"{&quot;background_background&quot;:&quot;classic&quot;}\">\n\t\t\t\t\t\t<div class=\"elementor-container elementor-column-gap-default\">\n\t\t\t\t\t<div class=\"elementor-column elementor-col-50 elementor-top-column elementor-element elementor-element-a5e9a8c\" data-id=\"a5e9a8c\" data-element_type=\"column\" data-e-type=\"column\">\n\t\t\t<div class=\"elementor-widget-wrap elementor-element-populated\">\n\t\t\t\t\t\t<div class=\"elementor-element elementor-element-cccf6c8 elementor-widget elementor-widget-image\" data-id=\"cccf6c8\" data-element_type=\"widget\" data-e-type=\"widget\" data-widget_type=\"image.default\">\n\t\t\t\t<div class=\"elementor-widget-container\">\n\t\t\t\t\t\t\t\t\t\t\t\t\t\t\t\t<a href=\"https:\/\/www.facebook.com\/watch\/?extid=NS-UNK-UNK-UNK-AN_GK0T-GK1C&#038;v=285268094452712\" target=\"_blank\">\n\t\t\t\t\t\t\t<img loading=\"lazy\" decoding=\"async\" width=\"800\" height=\"425\" src=\"https:\/\/recuerdasdeunavida.com\/wp-content\/uploads\/2023\/10\/Captura-de-pantalla-2023-10-04-a-las-10.19.32-1-1024x544.png\" class=\"attachment-large size-large wp-image-7131\" alt=\"\" srcset=\"https:\/\/recuerdasdeunavida.com\/wp-content\/uploads\/2023\/10\/Captura-de-pantalla-2023-10-04-a-las-10.19.32-1-1024x544.png 1024w, https:\/\/recuerdasdeunavida.com\/wp-content\/uploads\/2023\/10\/Captura-de-pantalla-2023-10-04-a-las-10.19.32-1-300x160.png 300w, https:\/\/recuerdasdeunavida.com\/wp-content\/uploads\/2023\/10\/Captura-de-pantalla-2023-10-04-a-las-10.19.32-1-768x408.png 768w, https:\/\/recuerdasdeunavida.com\/wp-content\/uploads\/2023\/10\/Captura-de-pantalla-2023-10-04-a-las-10.19.32-1-1536x817.png 1536w, https:\/\/recuerdasdeunavida.com\/wp-content\/uploads\/2023\/10\/Captura-de-pantalla-2023-10-04-a-las-10.19.32-1.png 1576w\" sizes=\"(max-width: 800px) 100vw, 800px\" \/>\t\t\t\t\t\t\t\t<\/a>\n\t\t\t\t\t\t\t\t\t\t\t\t\t\t\t<\/div>\n\t\t\t\t<\/div>\n\t\t\t\t\t<\/div>\n\t\t<\/div>\n\t\t\t\t<div class=\"elementor-column elementor-col-50 elementor-top-column elementor-element elementor-element-2bd0dc8\" data-id=\"2bd0dc8\" data-element_type=\"column\" data-e-type=\"column\">\n\t\t\t<div class=\"elementor-widget-wrap elementor-element-populated\">\n\t\t\t\t\t\t<div class=\"elementor-element elementor-element-2ffcc59 elementor-widget elementor-widget-text-editor\" data-id=\"2ffcc59\" data-element_type=\"widget\" data-e-type=\"widget\" data-widget_type=\"text-editor.default\">\n\t\t\t\t<div class=\"elementor-widget-container\">\n\t\t\t\t\t\t\t\t\t<p><strong>Video of the interview with Catherine Lacoste<\/strong> in which she <strong>talks about \u00c1ngel&#8217;s life<\/strong> and his legacy in the world of classical guitar.<\/p>\t\t\t\t\t\t\t\t<\/div>\n\t\t\t\t<\/div>\n\t\t\t\t\t<\/div>\n\t\t<\/div>\n\t\t\t\t\t<\/div>\n\t\t<\/section>\n\t\t\t\t<section class=\"elementor-section elementor-top-section elementor-element elementor-element-aec3008 elementor-section-content-middle elementor-reverse-mobile elementor-section-boxed elementor-section-height-default elementor-section-height-default\" data-id=\"aec3008\" data-element_type=\"section\" data-e-type=\"section\" data-settings=\"{&quot;background_background&quot;:&quot;classic&quot;}\">\n\t\t\t\t\t\t<div class=\"elementor-container elementor-column-gap-no\">\n\t\t\t\t\t<div class=\"elementor-column elementor-col-50 elementor-top-column elementor-element elementor-element-e62a139\" data-id=\"e62a139\" data-element_type=\"column\" data-e-type=\"column\">\n\t\t\t<div class=\"elementor-widget-wrap elementor-element-populated\">\n\t\t\t\t\t\t<div class=\"elementor-element elementor-element-210ab57 elementor-widget elementor-widget-heading\" data-id=\"210ab57\" data-element_type=\"widget\" data-e-type=\"widget\" data-widget_type=\"heading.default\">\n\t\t\t\t<div class=\"elementor-widget-container\">\n\t\t\t\t\t<h2 class=\"elementor-heading-title elementor-size-default\">His musical repertoire\n<\/h2>\t\t\t\t<\/div>\n\t\t\t\t<\/div>\n\t\t\t\t<div class=\"elementor-element elementor-element-11cba7d elementor-widget elementor-widget-text-editor\" data-id=\"11cba7d\" data-element_type=\"widget\" data-e-type=\"widget\" data-widget_type=\"text-editor.default\">\n\t\t\t\t<div class=\"elementor-widget-container\">\n\t\t\t\t\t\t\t\t\t<p class=\"p1\"><span class=\"s1\">His work consists of six works for guitar and symphony orchestra, eight works for guitar and string quartet and twenty works for solo guitar.<\/span><\/p>\t\t\t\t\t\t\t\t<\/div>\n\t\t\t\t<\/div>\n\t\t\t\t<div class=\"elementor-element elementor-element-0ee9dff elementor-widget elementor-widget-text-editor\" data-id=\"0ee9dff\" data-element_type=\"widget\" data-e-type=\"widget\" data-widget_type=\"text-editor.default\">\n\t\t\t\t<div class=\"elementor-widget-container\">\n\t\t\t\t\t\t\t\t\t<p class=\"p1\"><span class=\"s1\"><i>\u201cMusic, if done well, is huge, it is a universal language.\u201d<\/i><\/span> <span class=\"s1\"><i>One of the current references of the artistic expression of the Spanish classical guitar.<\/i><\/span><\/p>\t\t\t\t\t\t\t\t<\/div>\n\t\t\t\t<\/div>\n\t\t\t\t<div class=\"elementor-element elementor-element-65c5e67 elementor-widget elementor-widget-text-editor\" data-id=\"65c5e67\" data-element_type=\"widget\" data-e-type=\"widget\" data-widget_type=\"text-editor.default\">\n\t\t\t\t<div class=\"elementor-widget-container\">\n\t\t\t\t\t\t\t\t\t<p class=\"p1\"><span class=\"s1\">He is the author of the PI\u00d1ERO Classical Guitar Method, books with nearly 100 original studies for guitar, and the PI\u00d1ERO Accompaniment Method, each of these methods is made up of four books. He is also the author of another method of accompaniment to traditional rhythms. All the methods have been translated into German and the first into English. His music dedicates a part to his homeland, Andalusia, which includes three Andalusian dances. One of them is dedicated to C\u00e1diz, his native land, a classical guitar work based on buler\u00edas.<\/span><\/p>\t\t\t\t\t\t\t\t<\/div>\n\t\t\t\t<\/div>\n\t\t\t\t<div class=\"elementor-element elementor-element-3d1ea48 elementor-widget elementor-widget-text-editor\" data-id=\"3d1ea48\" data-element_type=\"widget\" data-e-type=\"widget\" data-widget_type=\"text-editor.default\">\n\t\t\t\t<div class=\"elementor-widget-container\">\n\t\t\t\t\t\t\t\t\t<p class=\"p1\"><span class=\"s1\"><i>&#8220;Me, my guitars and things from Spain&#8221;.<\/i><\/span><\/p>\t\t\t\t\t\t\t\t<\/div>\n\t\t\t\t<\/div>\n\t\t\t\t<div class=\"elementor-element elementor-element-cd90342 elementor-widget elementor-widget-text-editor\" data-id=\"cd90342\" data-element_type=\"widget\" data-e-type=\"widget\" data-widget_type=\"text-editor.default\">\n\t\t\t\t<div class=\"elementor-widget-container\">\n\t\t\t\t\t\t\t\t\t<p class=\"p1\"><span class=\"s1\">\u00c1ngel has taken his guitar and his Cadiz and Spanish character all over the world.<\/span><\/p>\t\t\t\t\t\t\t\t<\/div>\n\t\t\t\t<\/div>\n\t\t\t\t\t<\/div>\n\t\t<\/div>\n\t\t\t\t<div class=\"elementor-column elementor-col-50 elementor-top-column elementor-element elementor-element-8bbdc59\" data-id=\"8bbdc59\" data-element_type=\"column\" data-e-type=\"column\">\n\t\t\t<div class=\"elementor-widget-wrap\">\n\t\t\t\t\t\t\t<\/div>\n\t\t<\/div>\n\t\t\t\t\t<\/div>\n\t\t<\/section>\n\t\t\t\t<section class=\"elementor-section elementor-top-section elementor-element elementor-element-d294aad elementor-section-boxed elementor-section-height-default elementor-section-height-default\" data-id=\"d294aad\" data-element_type=\"section\" data-e-type=\"section\" data-settings=\"{&quot;background_background&quot;:&quot;classic&quot;}\">\n\t\t\t\t\t\t<div class=\"elementor-container elementor-column-gap-default\">\n\t\t\t\t\t<div class=\"elementor-column elementor-col-50 elementor-top-column elementor-element elementor-element-9499fe6\" data-id=\"9499fe6\" data-element_type=\"column\" data-e-type=\"column\">\n\t\t\t<div class=\"elementor-widget-wrap elementor-element-populated\">\n\t\t\t\t\t\t<div class=\"elementor-element elementor-element-8d08f22 elementor-widget elementor-widget-image\" data-id=\"8d08f22\" data-element_type=\"widget\" data-e-type=\"widget\" data-widget_type=\"image.default\">\n\t\t\t\t<div class=\"elementor-widget-container\">\n\t\t\t\t\t\t\t\t\t\t\t\t\t\t\t<img loading=\"lazy\" decoding=\"async\" width=\"585\" height=\"827\" src=\"https:\/\/recuerdasdeunavida.com\/wp-content\/uploads\/2021\/07\/angel4.jpg\" class=\"attachment-large size-large wp-image-965\" alt=\"\" srcset=\"https:\/\/recuerdasdeunavida.com\/wp-content\/uploads\/2021\/07\/angel4.jpg 585w, https:\/\/recuerdasdeunavida.com\/wp-content\/uploads\/2021\/07\/angel4-212x300.jpg 212w\" sizes=\"(max-width: 585px) 100vw, 585px\" \/>\t\t\t\t\t\t\t\t\t\t\t\t\t\t\t<\/div>\n\t\t\t\t<\/div>\n\t\t\t\t\t<\/div>\n\t\t<\/div>\n\t\t\t\t<div class=\"elementor-column elementor-col-50 elementor-top-column elementor-element elementor-element-a8a069d\" data-id=\"a8a069d\" data-element_type=\"column\" data-e-type=\"column\">\n\t\t\t<div class=\"elementor-widget-wrap elementor-element-populated\">\n\t\t\t\t\t\t<div class=\"elementor-element elementor-element-38e27a1 elementor-widget elementor-widget-heading\" data-id=\"38e27a1\" data-element_type=\"widget\" data-e-type=\"widget\" data-widget_type=\"heading.default\">\n\t\t\t\t<div class=\"elementor-widget-container\">\n\t\t\t\t\t<h2 class=\"elementor-heading-title elementor-size-default\">Discography<\/h2>\t\t\t\t<\/div>\n\t\t\t\t<\/div>\n\t\t\t\t<div class=\"elementor-element elementor-element-5fb2bbc elementor-widget elementor-widget-text-editor\" data-id=\"5fb2bbc\" data-element_type=\"widget\" data-e-type=\"widget\" data-widget_type=\"text-editor.default\">\n\t\t\t\t<div class=\"elementor-widget-container\">\n\t\t\t\t\t\t\t\t\t<p class=\"p1\"><span class=\"s1\">To write his compositions, \u00c1ngel G. Pi\u00f1ero is inspired by his state of mind, applying what he has learned over many years at the Conservatory.<\/span><\/p><p class=\"p1\"><span class=\"s1\">In his discography he has recorded two CD&#8217;s entitled &#8220;U\u00d1A Y YEMA&#8221; which include original concert works for guitar by \u00c1ngel G. Pi\u00f1ero. He also shows the techniques of fingernail and bud with works from the 16th and 17th centuries with the bud (Diego Pisador, John Dowland, Robert de Vis\u00e9e, etc&#8230;) and from the 18th, 19th, and 20th centuries with the fingernail (Bach, Sor, T\u00e1rrega, Granados, Albeniz and Pi\u00f1ero).<\/span><\/p><p class=\"p1\"><span class=\"s1\">His third CD is dedicated to works composed by him with various foreign guitarists who won prizes at the &#8220;International Classical Guitar Competition Angel G. Pi\u00f1ero&#8221;. (Thierry B\u00e9gin-Lamontagne, Martin Bickerton and himself) performing works for solo guitar, works for guitar and quartet and works for guitar and orchestra).<\/span><\/p>\t\t\t\t\t\t\t\t<\/div>\n\t\t\t\t<\/div>\n\t\t\t\t\t<\/div>\n\t\t<\/div>\n\t\t\t\t\t<\/div>\n\t\t<\/section>\n\t\t\t\t<section class=\"elementor-section elementor-top-section elementor-element elementor-element-d4114d7 elementor-section-boxed elementor-section-height-default elementor-section-height-default\" data-id=\"d4114d7\" data-element_type=\"section\" data-e-type=\"section\" data-settings=\"{&quot;background_background&quot;:&quot;classic&quot;}\">\n\t\t\t\t\t\t<div class=\"elementor-container elementor-column-gap-default\">\n\t\t\t\t\t<div class=\"elementor-column elementor-col-100 elementor-top-column elementor-element elementor-element-ddbe3da\" data-id=\"ddbe3da\" data-element_type=\"column\" data-e-type=\"column\">\n\t\t\t<div class=\"elementor-widget-wrap elementor-element-populated\">\n\t\t\t\t\t\t<div class=\"elementor-element elementor-element-3595167 elementor-view-default elementor-widget elementor-widget-icon\" data-id=\"3595167\" data-element_type=\"widget\" data-e-type=\"widget\" data-widget_type=\"icon.default\">\n\t\t\t\t<div class=\"elementor-widget-container\">\n\t\t\t\t\t\t\t<div class=\"elementor-icon-wrapper\">\n\t\t\t<div class=\"elementor-icon\">\n\t\t\t<i aria-hidden=\"true\" class=\"far fa-newspaper\"><\/i>\t\t\t<\/div>\n\t\t<\/div>\n\t\t\t\t\t\t<\/div>\n\t\t\t\t<\/div>\n\t\t\t\t<div class=\"elementor-element elementor-element-5065cb7 elementor-widget elementor-widget-text-editor\" data-id=\"5065cb7\" data-element_type=\"widget\" data-e-type=\"widget\" data-widget_type=\"text-editor.default\">\n\t\t\t\t<div class=\"elementor-widget-container\">\n\t\t\t\t\t\t\t\t\t<p class=\"p1\"><span class=\"s1\">PRESS<\/span><\/p>\t\t\t\t\t\t\t\t<\/div>\n\t\t\t\t<\/div>\n\t\t\t\t<div class=\"elementor-element elementor-element-cfc7195 elementor-widget-divider--view-line elementor-widget elementor-widget-divider\" data-id=\"cfc7195\" data-element_type=\"widget\" data-e-type=\"widget\" data-widget_type=\"divider.default\">\n\t\t\t\t<div class=\"elementor-widget-container\">\n\t\t\t\t\t\t\t<div class=\"elementor-divider\">\n\t\t\t<span class=\"elementor-divider-separator\">\n\t\t\t\t\t\t<\/span>\n\t\t<\/div>\n\t\t\t\t\t\t<\/div>\n\t\t\t\t<\/div>\n\t\t\t\t\t<\/div>\n\t\t<\/div>\n\t\t\t\t\t<\/div>\n\t\t<\/section>\n\t\t\t\t<section class=\"elementor-section elementor-top-section elementor-element elementor-element-c1f13ae elementor-section-boxed elementor-section-height-default elementor-section-height-default\" data-id=\"c1f13ae\" data-element_type=\"section\" data-e-type=\"section\" data-settings=\"{&quot;background_background&quot;:&quot;classic&quot;}\">\n\t\t\t\t\t\t<div class=\"elementor-container elementor-column-gap-default\">\n\t\t\t\t\t<div class=\"elementor-column elementor-col-50 elementor-top-column elementor-element elementor-element-13e6c8d\" data-id=\"13e6c8d\" data-element_type=\"column\" data-e-type=\"column\">\n\t\t\t<div class=\"elementor-widget-wrap elementor-element-populated\">\n\t\t\t\t\t\t<div class=\"elementor-element elementor-element-b9578ed elementor-widget elementor-widget-tp-accordion\" data-id=\"b9578ed\" data-element_type=\"widget\" data-e-type=\"widget\" data-widget_type=\"tp-accordion.default\">\n\t\t\t\t<div class=\"elementor-widget-container\">\n\t\t\t\t\t\n<div class=\"theplus-accordion-wrapper elementor-accordion   \"\n    id=\"accordion69f0d4e5a71a2\" data-accordion-id=\"accordion69f0d4e5a71a2\"\n    data-connection=\"\"\n    data-accordion-type=\"accordion\"\n    data-heightlight-text       role=\"tablist\" >\n\n            <div class=\"theplus-accordion-item\"  role=\"tab\">\n            <div id=\"elementor-tab-title-1941\" class=\"elementor-tab-title plus-accordion-header 0 text-left \" data-tab=\"1\" aria-controls=\"elementor-tab-content-1941\">\n                                                <span class=\"accordion-icon-prefix \"><span\n                        class=\"plus-icon-accordion\"><i aria-hidden=\"true\" class=\"far fa-newspaper\"><\/i><\/span><\/span>\n                \n                <span style=\"width:100%\">Mel\u00f3mano Digital (18\/08\/2020) <\/br><b>  La Asociaci\u00f3n \u00c1ngel G. Pi\u00f1ero convoca dos  concursos en 2021 <\/b><\/span>                <span class=\"elementor-accordion-icon elementor-accordion-icon-right\" aria-hidden=\"true\"><span class=\"elementor-accordion-icon-closed\"><i aria-hidden=\"true\" class=\"fas fa-chevron-up\"><\/i><\/span><span class=\"elementor-accordion-icon-opened\"><i aria-hidden=\"true\" class=\"fas fa-chevron-down\"><\/i><\/span><\/span>            <\/div>\n\n                        <div id=\"elementor-tab-content-1941\" class=\"elementor-tab-content elementor-clearfix plus-accordion-content 0 \" data-tab=\"1\" role=\"tabpanel\" aria-labelledby=\"elementor-tab-title-1941\">\n                <div class=\"plus-content-editor\" ><p class=\"p1\">La Asociaci\u00f3n \u00c1ngel G. Pi\u00f1ero convoca dos concursos en 2021 uno de guitarra sola y otro para guitarra y cuarteto de cuerdas.<\/p><p class=\"p1\">Tras el \u00e9xito cosechado en la VII edici\u00f3n del Concurso Internacional de Guitarra Cl\u00e1sica \u2018\u00c1ngel G. Pi\u00f1ero\u2019, celebrada a trav\u00e9s de internet, la asociaci\u00f3n del mismo nombre ha anunciado que, siguiendo con su intenci\u00f3n de difundir la guitarra cl\u00e1sica y apoyar a los j\u00f3venes que inician sus carreras, convocar\u00e1 en 2021 dos concursos: uno de guitarra sola y otro para guitarra y cuarteto de cuerdas.<\/p><p><img loading=\"lazy\" decoding=\"async\" class=\"alignnone size-full wp-image-825\" src=\"https:\/\/recuerdasdeunavida.com\/wp-content\/uploads\/2021\/10\/melomano-digital.jpg\" alt=\"\" width=\"450\" height=\"249\" srcset=\"https:\/\/recuerdasdeunavida.com\/wp-content\/uploads\/2021\/10\/melomano-digital.jpg 450w, https:\/\/recuerdasdeunavida.com\/wp-content\/uploads\/2021\/10\/melomano-digital-300x166.jpg 300w\" sizes=\"(max-width: 450px) 100vw, 450px\" \/><\/p><p><a href=\"https:\/\/www.melomanodigital.com\/la-asociacion-angel-g-pinero-convoca-dos-concursos-en-2021\/\" target=\"_blank\" rel=\"noopener\">Ver m\u00e1s<\/a><\/p><\/div>\n            <\/div>\n                    <\/div>\n                <div class=\"theplus-accordion-item\"  role=\"tab\">\n            <div id=\"elementor-tab-title-1942\" class=\"elementor-tab-title plus-accordion-header 0 text-left \" data-tab=\"2\" aria-controls=\"elementor-tab-content-1942\">\n                                                <span class=\"accordion-icon-prefix \"><span\n                        class=\"plus-icon-accordion\"><i aria-hidden=\"true\" class=\"far fa-newspaper\"><\/i><\/span><\/span>\n                \n                <span style=\"width:100%\">Todalamusica.es (Agosto 2020) <\/br><b>  Roman Zorkin, gana el primer premio del  VII Concurso Internacional de Guitarra  Cl\u00e1sica \u00c1ngel G. Pi\u00f1ero.<\/b><\/span>                <span class=\"elementor-accordion-icon elementor-accordion-icon-right\" aria-hidden=\"true\"><span class=\"elementor-accordion-icon-closed\"><i aria-hidden=\"true\" class=\"fas fa-chevron-up\"><\/i><\/span><span class=\"elementor-accordion-icon-opened\"><i aria-hidden=\"true\" class=\"fas fa-chevron-down\"><\/i><\/span><\/span>            <\/div>\n\n                        <div id=\"elementor-tab-content-1942\" class=\"elementor-tab-content elementor-clearfix plus-accordion-content 0 \" data-tab=\"2\" role=\"tabpanel\" aria-labelledby=\"elementor-tab-title-1942\">\n                <div class=\"plus-content-editor\" ><p class=\"p1\">La andaluza Luc\u00eda Padilla, entre los premiados.<\/p><p class=\"p1\">El primer premio del VII Concurso Internacional de Guitarra Cl\u00e1sica \u00c1ngel G. Pi\u00f1ero ha sido para el ruso Roman Zorkin, que ha obtenido 3.000 euros y dos conciertos. Luca Romanelli (Italia) y Stalislav Stenshenko (Ucrania), han ganado ex aequo el segundo premio, 2000 euros y un concierto. El tercer premio, por su parte, ha sido ex aequo para la cordobesa Lucia Padilla (Espa\u00f1a) e Ivan Garc\u00eda (Colombia).<\/p><p class=\"p1\">Un total de 32 j\u00f3venes talentos de 18 pa\u00edses del mundo han participado en esta nueva edici\u00f3n del concurso que se ha reinventado y trasladado a internet, debido a las circunstancias actuales. Han concursado j\u00f3venes de Espa\u00f1a, Italia, Bosnia-Hercegovina, Eslovaquia, Hungr\u00eda, Rusia, Polonia Ruman\u00eda, Rep\u00fablica Checa, Croacia, Ucrania, Chile, M\u00e9xico, Colombia, EE.UU., Vietnam, Hong Kong e Israel.<\/p><p><a href=\"https:\/\/www.todalamusica.es\/roman-zorkin-gana-el-primer-premio-del-vii-concurso-internacional-de-guitarra-clasica-angel-g-pinero\/\" target=\"_blank\" rel=\"noopener\">Ver m\u00e1s<\/a><\/p><\/div>\n            <\/div>\n                    <\/div>\n        \n<\/div>\n\t\t\t\t<\/div>\n\t\t\t\t<\/div>\n\t\t\t\t\t<\/div>\n\t\t<\/div>\n\t\t\t\t<div class=\"elementor-column elementor-col-50 elementor-top-column elementor-element elementor-element-36b19f3\" data-id=\"36b19f3\" data-element_type=\"column\" data-e-type=\"column\">\n\t\t\t<div class=\"elementor-widget-wrap elementor-element-populated\">\n\t\t\t\t\t\t<div class=\"elementor-element elementor-element-a549385 elementor-widget elementor-widget-tp-accordion\" data-id=\"a549385\" data-element_type=\"widget\" data-e-type=\"widget\" data-widget_type=\"tp-accordion.default\">\n\t\t\t\t<div class=\"elementor-widget-container\">\n\t\t\t\t\t\n<div class=\"theplus-accordion-wrapper elementor-accordion   \"\n    id=\"accordion69f0d4e5ab208\" data-accordion-id=\"accordion69f0d4e5ab208\"\n    data-connection=\"\"\n    data-accordion-type=\"accordion\"\n    data-heightlight-text       role=\"tablist\" >\n\n            <div class=\"theplus-accordion-item\"  role=\"tab\">\n            <div id=\"elementor-tab-title-1731\" class=\"elementor-tab-title plus-accordion-header 0 text-left \" data-tab=\"1\" aria-controls=\"elementor-tab-content-1731\">\n                                                <span class=\"accordion-icon-prefix \"><span\n                        class=\"plus-icon-accordion\"><i aria-hidden=\"true\" class=\"far fa-newspaper\"><\/i><\/span><\/span>\n                \n                <span style=\"width:100%\">El Puerto Actualidad (13\/05\/20)  <br><b>   El Concurso Internacional de Guitarra  Cl\u00e1sica \u201c\u00c1ngel G. Pi\u00f1ero\u201d se reinventa<\/b><\/span>                <span class=\"elementor-accordion-icon elementor-accordion-icon-right\" aria-hidden=\"true\"><span class=\"elementor-accordion-icon-closed\"><i aria-hidden=\"true\" class=\"fas fa-chevron-up\"><\/i><\/span><span class=\"elementor-accordion-icon-opened\"><i aria-hidden=\"true\" class=\"fas fa-chevron-down\"><\/i><\/span><\/span>            <\/div>\n\n                        <div id=\"elementor-tab-content-1731\" class=\"elementor-tab-content elementor-clearfix plus-accordion-content 0 \" data-tab=\"1\" role=\"tabpanel\" aria-labelledby=\"elementor-tab-title-1731\">\n                <div class=\"plus-content-editor\" ><p class=\"p1\">Este a\u00f1o se ofrecer\u00e1 por internet para evitar los desplazamientos y aglomeraci\u00f3n de p\u00fablico.<\/p><p class=\"p1\">El concurso cuenta en la actualidad con 32 concursantes inscritos de 18 pa\u00edses.<\/p><p class=\"p1\">Debido a la situaci\u00f3n por la pandemia del coronavirus, el <b>VII Concurso Internacional de Guitarra Cl\u00e1sica \u201c\u00c1ngel G. Pi\u00f1ero\u201d 2020<\/b>, que estaba programado para el 10 de julio y que, como en a\u00f1os anteriores se daba en El Puerto de Santa Mar\u00eda, este a\u00f1o se ofrecer\u00e1 por internet, para evitar los desplazamientos y una aglomeraci\u00f3n de p\u00fablico.<\/p><p class=\"p1\">As\u00ed lo ha anunciado la organizaci\u00f3n de esta nueva edici\u00f3n del concurso que cuenta en la actualidad con <b>32 concursantes inscritos de 18 pa\u00edses: <\/b>16 de Europa, cuatro de Am\u00e9rica, tres de Asia y uno de \u00c1frica y, entre los concursantes hay ocho espa\u00f1oles.<\/p><p><img loading=\"lazy\" decoding=\"async\" class=\"alignnone wp-image-821 size-full\" src=\"https:\/\/recuerdasdeunavida.com\/wp-content\/uploads\/2021\/10\/concurso.jpg\" alt=\"\" width=\"450\" height=\"249\" srcset=\"https:\/\/recuerdasdeunavida.com\/wp-content\/uploads\/2021\/10\/concurso.jpg 450w, https:\/\/recuerdasdeunavida.com\/wp-content\/uploads\/2021\/10\/concurso-300x166.jpg 300w\" sizes=\"(max-width: 450px) 100vw, 450px\" \/><\/p><p><a href=\"https:\/\/elpuertoactualidad.es\/2020\/05\/13\/el-concurso-internacional-de-guitarra-clasica-angel-g-pinero-se-reinventa\/\" target=\"_blank\" rel=\"noopener\">Ver m\u00e1s<\/a><\/p><\/div>\n            <\/div>\n                    <\/div>\n                <div class=\"theplus-accordion-item\"  role=\"tab\">\n            <div id=\"elementor-tab-title-1732\" class=\"elementor-tab-title plus-accordion-header 0 text-left \" data-tab=\"2\" aria-controls=\"elementor-tab-content-1732\">\n                                                <span class=\"accordion-icon-prefix \"><span\n                        class=\"plus-icon-accordion\"><i aria-hidden=\"true\" class=\"far fa-newspaper\"><\/i><\/span><\/span>\n                \n                <span style=\"width:100%\">MEL\u00d3MANO DIGITAL (04\/11\/21) <br><b>   \u00c1ngel G. Pi\u00f1ero suena en diferentes espacios de Madrid<\/b><\/span>                <span class=\"elementor-accordion-icon elementor-accordion-icon-right\" aria-hidden=\"true\"><span class=\"elementor-accordion-icon-closed\"><i aria-hidden=\"true\" class=\"fas fa-chevron-up\"><\/i><\/span><span class=\"elementor-accordion-icon-opened\"><i aria-hidden=\"true\" class=\"fas fa-chevron-down\"><\/i><\/span><\/span>            <\/div>\n\n                        <div id=\"elementor-tab-content-1732\" class=\"elementor-tab-content elementor-clearfix plus-accordion-content 0 \" data-tab=\"2\" role=\"tabpanel\" aria-labelledby=\"elementor-tab-title-1732\">\n                <div class=\"plus-content-editor\" ><p class=\"p1\"><b>En noviembre y diciembre, tres guitarristas internacionales tocar\u00e1n obras del compositor y guitarrista \u00c1ngel G. Pi\u00f1ero, incluyendo dos programas integrales.<\/b><\/p>\n<p class=\"p1\">Las obras del guitarrista y compositor \u00c1ngel G. Pi\u00f1ero sonar\u00e1n en diversos conciertos y espacios en noviembre y diciembre. Ser\u00e1n interpretadas por tres magn\u00edficos guitarristas de fama internacional: el italiano Luca Romanelli, el ucraniano Stanislav Steshenko y el mexicano Christopher Avilez.<\/p>\n<p class=\"p1\"><b>Integral de \u00c1ngel G. Pi\u00f1ero, por Luca Romanelli<\/b><\/p>\n<p class=\"p1\">El guitarrista italiano Luca Romanelli visitar\u00e1 el \u2018Espacio Mercado\u2019 de Getafe el pr\u00f3ximo domingo 7 de noviembre. All\u00ed llevar\u00e1 a cabo una integral de obras de \u00c1ngel G. Pi\u00f1ero. Ser\u00e1n Canto a la Serran\u00eda, Fantas\u00eda Andaluza y Alegr\u00edas en el puerto\u2026<\/p>\n<p class=\"p1\"><b>Stanislav Steshenko interpreta \u00c1ngel G. Pi\u00f1ero<\/b><\/p>\n<p class=\"p1\">El d\u00eda 11 de noviembre tendr\u00e1 lugar otra integral de Pi\u00f1ero, esta vez en el Sal\u00f3n Manuel de Falla de la SGAE. La cita, ofrecida por la Asociaci\u00f3n de Guitarra Cl\u00e1sica \u2018\u00c1ngel G. Pi\u00f1ero\u2019, se enmarcar\u00e1 en los conciertos de la SGAE. Sonar\u00e1n diversas obras para guitarra sola y para guitarra y cuarteto, ejecutadas por Stanislav Steshenko y el Cuarteto Chagall<\/p>\n&nbsp;\n\n<a href=\"https:\/\/www.melomanodigital.com\/angel-pinero-suena-en-diferentes-espacios-de-madrid\/\n\" target=\"_blank\" rel=\"noopener\">Ver m\u00e1s<\/a><\/div>\n            <\/div>\n                    <\/div>\n        \n<\/div>\n\t\t\t\t<\/div>\n\t\t\t\t<\/div>\n\t\t\t\t\t<\/div>\n\t\t<\/div>\n\t\t\t\t\t<\/div>\n\t\t<\/section>\n\t\t\t\t<\/div>\n\t\t","protected":false},"excerpt":{"rendered":"<p>\u00c1NGEL G. PI\u00d1ERO > ABOUT \u00c1NGEL \u00c1NGEL G. PI\u00d1ERO Composer and classical guitarist Angel G. Pi\u00f1ero is -despite his death on 21 February 2022, we still refuse to speak in the past tense- a prominent Spanish composer and guitarist from C\u00e1diz, born in 1932 with a varied and extensive musical career as a concert performer. [&hellip;]<\/p>\n","protected":false},"author":1,"featured_media":0,"parent":0,"menu_order":0,"comment_status":"closed","ping_status":"closed","template":"","meta":{"footnotes":""},"class_list":["post-1063","page","type-page","status-publish","hentry"],"_links":{"self":[{"href":"https:\/\/recuerdasdeunavida.com\/en\/wp-json\/wp\/v2\/pages\/1063","targetHints":{"allow":["GET"]}}],"collection":[{"href":"https:\/\/recuerdasdeunavida.com\/en\/wp-json\/wp\/v2\/pages"}],"about":[{"href":"https:\/\/recuerdasdeunavida.com\/en\/wp-json\/wp\/v2\/types\/page"}],"author":[{"embeddable":true,"href":"https:\/\/recuerdasdeunavida.com\/en\/wp-json\/wp\/v2\/users\/1"}],"replies":[{"embeddable":true,"href":"https:\/\/recuerdasdeunavida.com\/en\/wp-json\/wp\/v2\/comments?post=1063"}],"version-history":[{"count":34,"href":"https:\/\/recuerdasdeunavida.com\/en\/wp-json\/wp\/v2\/pages\/1063\/revisions"}],"predecessor-version":[{"id":7135,"href":"https:\/\/recuerdasdeunavida.com\/en\/wp-json\/wp\/v2\/pages\/1063\/revisions\/7135"}],"wp:attachment":[{"href":"https:\/\/recuerdasdeunavida.com\/en\/wp-json\/wp\/v2\/media?parent=1063"}],"curies":[{"name":"wp","href":"https:\/\/api.w.org\/{rel}","templated":true}]}}