{"id":3409,"date":"2022-10-07T12:31:00","date_gmt":"2022-10-07T10:31:00","guid":{"rendered":"https:\/\/recuerdasdeunavida.com\/?post_type=conciertos&#038;p=3409"},"modified":"2023-06-07T18:51:16","modified_gmt":"2023-06-07T16:51:16","slug":"claustro-del-convento-de-nuestra-senora-del-rosario-y-santo-domingo","status":"publish","type":"conciertos","link":"https:\/\/recuerdasdeunavida.com\/fr\/conciertos\/claustro-del-convento-de-nuestra-senora-del-rosario-y-santo-domingo\/","title":{"rendered":"Concert dans le Clo\u00eetre du Couvent \u00ab\u00a0Nuestra Se\u00f1ora del Rosario y Santo Domingo\u00a0\u00bb"},"content":{"rendered":"\t\t<div data-elementor-type=\"wp-post\" data-elementor-id=\"3409\" class=\"elementor elementor-3409 elementor-2696\" data-elementor-post-type=\"conciertos\">\n\t\t\t\t\t\t<section class=\"elementor-section elementor-top-section elementor-element elementor-element-365eb0b5 elementor-section-boxed elementor-section-height-default elementor-section-height-default\" data-id=\"365eb0b5\" data-element_type=\"section\" data-e-type=\"section\" data-settings=\"{&quot;background_background&quot;:&quot;classic&quot;}\">\n\t\t\t\t\t\t<div class=\"elementor-container elementor-column-gap-default\">\n\t\t\t\t\t<div class=\"elementor-column elementor-col-100 elementor-top-column elementor-element elementor-element-421727c\" data-id=\"421727c\" data-element_type=\"column\" data-e-type=\"column\">\n\t\t\t<div class=\"elementor-widget-wrap elementor-element-populated\">\n\t\t\t\t\t\t<div class=\"elementor-element elementor-element-37876388 elementor-widget elementor-widget-heading\" data-id=\"37876388\" data-element_type=\"widget\" data-e-type=\"widget\" data-widget_type=\"heading.default\">\n\t\t\t\t<div class=\"elementor-widget-container\">\n\t\t\t\t\t<h2 class=\"elementor-heading-title elementor-size-default\">CONCERTS &gt; COUVENT NUESTRA SE\u00d1ORA DEL ROSARIO Y SANTO DOMINGO<\/h2>\t\t\t\t<\/div>\n\t\t\t\t<\/div>\n\t\t\t\t\t<\/div>\n\t\t<\/div>\n\t\t\t\t\t<\/div>\n\t\t<\/section>\n\t\t\t\t<section class=\"elementor-section elementor-top-section elementor-element elementor-element-3eb1c3b0 elementor-section-content-middle elementor-reverse-mobile elementor-section-boxed elementor-section-height-default elementor-section-height-default\" data-id=\"3eb1c3b0\" data-element_type=\"section\" data-e-type=\"section\" data-settings=\"{&quot;background_background&quot;:&quot;classic&quot;}\">\n\t\t\t\t\t\t<div class=\"elementor-container elementor-column-gap-no\">\n\t\t\t\t\t<div class=\"elementor-column elementor-col-50 elementor-top-column elementor-element elementor-element-6592f421\" data-id=\"6592f421\" data-element_type=\"column\" data-e-type=\"column\">\n\t\t\t<div class=\"elementor-widget-wrap elementor-element-populated\">\n\t\t\t\t\t\t<div class=\"elementor-element elementor-element-4d0e9082 elementor-widget elementor-widget-heading\" data-id=\"4d0e9082\" data-element_type=\"widget\" data-e-type=\"widget\" data-widget_type=\"heading.default\">\n\t\t\t\t<div class=\"elementor-widget-container\">\n\t\t\t\t\t<h2 class=\"elementor-heading-title elementor-size-default\">CONCERT DANS LE CLO\u00ceTRE DU COUVENT \u201cNUESTRA SE\u00d1ORA DEL ROSARIO Y SANTO DOMINGO\u201d, Cadix.\n<br>11 novembre 2022. <br>20:00h\n<\/h2>\t\t\t\t<\/div>\n\t\t\t\t<\/div>\n\t\t\t\t<div class=\"elementor-element elementor-element-52bd272c elementor-widget elementor-widget-text-editor\" data-id=\"52bd272c\" data-element_type=\"widget\" data-e-type=\"widget\" data-widget_type=\"text-editor.default\">\n\t\t\t\t<div class=\"elementor-widget-container\">\n\t\t\t\t\t\t\t\t\t<p>Ce concert est particuli\u00e8rement important pour l&rsquo;hommage et l&rsquo;hommage \u00e0 la figure d&rsquo;\u00c1ngel car ce sera la premi\u00e8re fois que ses \u0153uvres seront jou\u00e9es \u00e0 Cadix (sa ville natale). Ce sera sans aucun doute un moment \u00e9mouvant et une autre \u00e9tape importante dans la diffusion de ses \u0153uvres dans toute l&rsquo;Espagne et dans d&rsquo;autres coins du monde.<\/p>\t\t\t\t\t\t\t\t<\/div>\n\t\t\t\t<\/div>\n\t\t\t\t\t<\/div>\n\t\t<\/div>\n\t\t\t\t<div class=\"elementor-column elementor-col-50 elementor-top-column elementor-element elementor-element-ee5ec12\" data-id=\"ee5ec12\" data-element_type=\"column\" data-e-type=\"column\">\n\t\t\t<div class=\"elementor-widget-wrap\">\n\t\t\t\t\t\t\t<\/div>\n\t\t<\/div>\n\t\t\t\t\t<\/div>\n\t\t<\/section>\n\t\t\t\t<section class=\"elementor-section elementor-top-section elementor-element elementor-element-664f003c elementor-section-height-min-height elementor-section-items-top elementor-section-boxed elementor-section-height-default\" data-id=\"664f003c\" data-element_type=\"section\" data-e-type=\"section\" data-settings=\"{&quot;background_background&quot;:&quot;classic&quot;}\">\n\t\t\t\t\t\t<div class=\"elementor-container elementor-column-gap-default\">\n\t\t\t\t\t<div class=\"elementor-column elementor-col-50 elementor-top-column elementor-element elementor-element-1c52fdfd\" data-id=\"1c52fdfd\" data-element_type=\"column\" data-e-type=\"column\">\n\t\t\t<div class=\"elementor-widget-wrap elementor-element-populated\">\n\t\t\t\t\t\t<div class=\"elementor-element elementor-element-4cc2f4a2 elementor-widget elementor-widget-heading\" data-id=\"4cc2f4a2\" data-element_type=\"widget\" data-e-type=\"widget\" data-widget_type=\"heading.default\">\n\t\t\t\t<div class=\"elementor-widget-container\">\n\t\t\t\t\t<h2 class=\"elementor-heading-title elementor-size-default\">LE LIEU<\/h2>\t\t\t\t<\/div>\n\t\t\t\t<\/div>\n\t\t\t\t<div class=\"elementor-element elementor-element-5356d3c9 elementor-widget elementor-widget-image\" data-id=\"5356d3c9\" data-element_type=\"widget\" data-e-type=\"widget\" data-widget_type=\"image.default\">\n\t\t\t\t<div class=\"elementor-widget-container\">\n\t\t\t\t\t\t\t\t\t\t\t\t\t\t\t<img fetchpriority=\"high\" decoding=\"async\" width=\"800\" height=\"489\" src=\"https:\/\/recuerdasdeunavida.com\/wp-content\/uploads\/2022\/10\/elespacio_rosariosantodomingo-1024x626.jpg\" class=\"attachment-large size-large wp-image-3181\" alt=\"el espacio concierto recuerdas convento santo domingo\" srcset=\"https:\/\/recuerdasdeunavida.com\/wp-content\/uploads\/2022\/10\/elespacio_rosariosantodomingo-1024x626.jpg 1024w, https:\/\/recuerdasdeunavida.com\/wp-content\/uploads\/2022\/10\/elespacio_rosariosantodomingo-300x183.jpg 300w, https:\/\/recuerdasdeunavida.com\/wp-content\/uploads\/2022\/10\/elespacio_rosariosantodomingo-768x469.jpg 768w, https:\/\/recuerdasdeunavida.com\/wp-content\/uploads\/2022\/10\/elespacio_rosariosantodomingo.jpg 1080w\" sizes=\"(max-width: 800px) 100vw, 800px\" \/>\t\t\t\t\t\t\t\t\t\t\t\t\t\t\t<\/div>\n\t\t\t\t<\/div>\n\t\t\t\t\t<\/div>\n\t\t<\/div>\n\t\t\t\t<div class=\"elementor-column elementor-col-50 elementor-top-column elementor-element elementor-element-1bcd12d6\" data-id=\"1bcd12d6\" data-element_type=\"column\" data-e-type=\"column\">\n\t\t\t<div class=\"elementor-widget-wrap elementor-element-populated\">\n\t\t\t\t\t\t<div class=\"elementor-element elementor-element-1962e491 elementor-widget elementor-widget-heading\" data-id=\"1962e491\" data-element_type=\"widget\" data-e-type=\"widget\" data-widget_type=\"heading.default\">\n\t\t\t\t<div class=\"elementor-widget-container\">\n\t\t\t\t\t<h2 class=\"elementor-heading-title elementor-size-default\">Couvent de Nuestra Se\u00f1ora del Rosario et Santo Domingo<\/h2>\t\t\t\t<\/div>\n\t\t\t\t<\/div>\n\t\t\t\t<div class=\"elementor-element elementor-element-6f5b8a0e elementor-widget elementor-widget-text-editor\" data-id=\"6f5b8a0e\" data-element_type=\"widget\" data-e-type=\"widget\" data-widget_type=\"text-editor.default\">\n\t\t\t\t<div class=\"elementor-widget-container\">\n\t\t\t\t\t\t\t\t\t<p>Le couvent de <em>Nuestra Se\u00f1ora del Rosario et Santo Domingo<\/em> (\u00e9galement appel\u00e9 l&rsquo;\u00e9glise de Santo Domingo) \u00e0 Cadix, situ\u00e9 en bordure du centre historique, pr\u00e8s du port, d&rsquo;un point de vue historique, est l&rsquo;\u00e9difice religieux de Cadix avec le plus grand \u00e9difice li\u00e9 au continent am\u00e9ricain d\u00e8s sa fondation, car son objectif \u00e9tait d&rsquo;h\u00e9berger les dominicains qui allaient et venaient de l&rsquo;autre bout de l&rsquo;Atlantique. Il est de style mani\u00e9riste tardif, avec des \u00e9l\u00e9ments baroques, et constitue un bien d&rsquo;int\u00e9r\u00eat culturel.<\/p><p>Outre l&rsquo;\u00e9glise, la grande cour du clo\u00eetre et la chapelle du V\u00e9n\u00e9rable Tiers-Ordre se d\u00e9tachent de l&rsquo;ensemble.<\/p><p>D&rsquo;un point de vue artistique, le couvent contient d&rsquo;importantes \u0153uvres baroques en marbre d&rsquo;origine g\u00e9noise, t\u00e9moignages fondamentaux des intenses relations commerciales et artistiques \u00e9tablies entre Cadix et G\u00eanes aux XVIIe et XVIIIe si\u00e8cles.<\/p>\t\t\t\t\t\t\t\t<\/div>\n\t\t\t\t<\/div>\n\t\t\t\t\t<\/div>\n\t\t<\/div>\n\t\t\t\t\t<\/div>\n\t\t<\/section>\n\t\t\t\t<section class=\"elementor-section elementor-top-section elementor-element elementor-element-33aba22d elementor-hidden-desktop elementor-hidden-tablet elementor-hidden-mobile elementor-section-boxed elementor-section-height-default elementor-section-height-default\" data-id=\"33aba22d\" data-element_type=\"section\" data-e-type=\"section\" data-settings=\"{&quot;background_background&quot;:&quot;classic&quot;}\">\n\t\t\t\t\t\t<div class=\"elementor-container elementor-column-gap-default\">\n\t\t\t\t\t<div class=\"elementor-column elementor-col-50 elementor-top-column elementor-element elementor-element-641de307\" data-id=\"641de307\" data-element_type=\"column\" data-e-type=\"column\">\n\t\t\t<div class=\"elementor-widget-wrap elementor-element-populated\">\n\t\t\t\t\t\t<div class=\"elementor-element elementor-element-71e5de9 elementor-widget elementor-widget-heading\" data-id=\"71e5de9\" data-element_type=\"widget\" data-e-type=\"widget\" data-widget_type=\"heading.default\">\n\t\t\t\t<div class=\"elementor-widget-container\">\n\t\t\t\t\t<h2 class=\"elementor-heading-title elementor-size-default\">EL DIRECTOR<\/h2>\t\t\t\t<\/div>\n\t\t\t\t<\/div>\n\t\t\t\t<div class=\"elementor-element elementor-element-4c41cc2d elementor-widget elementor-widget-image\" data-id=\"4c41cc2d\" data-element_type=\"widget\" data-e-type=\"widget\" data-widget_type=\"image.default\">\n\t\t\t\t<div class=\"elementor-widget-container\">\n\t\t\t\t\t\t\t\t\t\t\t\t\t\t\t<img decoding=\"async\" width=\"626\" height=\"594\" src=\"https:\/\/recuerdasdeunavida.com\/wp-content\/uploads\/2022\/10\/director.jpg\" class=\"attachment-full size-full wp-image-2719\" alt=\"\" srcset=\"https:\/\/recuerdasdeunavida.com\/wp-content\/uploads\/2022\/10\/director.jpg 626w, https:\/\/recuerdasdeunavida.com\/wp-content\/uploads\/2022\/10\/director-300x285.jpg 300w\" sizes=\"(max-width: 626px) 100vw, 626px\" \/>\t\t\t\t\t\t\t\t\t\t\t\t\t\t\t<\/div>\n\t\t\t\t<\/div>\n\t\t\t\t\t<\/div>\n\t\t<\/div>\n\t\t\t\t<div class=\"elementor-column elementor-col-50 elementor-top-column elementor-element elementor-element-468fd762\" data-id=\"468fd762\" data-element_type=\"column\" data-e-type=\"column\">\n\t\t\t<div class=\"elementor-widget-wrap elementor-element-populated\">\n\t\t\t\t\t\t<div class=\"elementor-element elementor-element-39b842e4 elementor-widget elementor-widget-heading\" data-id=\"39b842e4\" data-element_type=\"widget\" data-e-type=\"widget\" data-widget_type=\"heading.default\">\n\t\t\t\t<div class=\"elementor-widget-container\">\n\t\t\t\t\t<h2 class=\"elementor-heading-title elementor-size-default\">NOMBRE APELLIDO<\/h2>\t\t\t\t<\/div>\n\t\t\t\t<\/div>\n\t\t\t\t<div class=\"elementor-element elementor-element-1fd81ec elementor-widget elementor-widget-text-editor\" data-id=\"1fd81ec\" data-element_type=\"widget\" data-e-type=\"widget\" data-widget_type=\"text-editor.default\">\n\t\t\t\t<div class=\"elementor-widget-container\">\n\t\t\t\t\t\t\t\t\t<p>Entre las numerosas orquestas que ha dirigido, destacan la Sinf\u00f3nica de Mil\u00e1n, Sinf\u00f3nica de Madrid, l\u2019Orchestra del Teatro Carlo Felice de G\u00e9nova, Orquesta Sinf\u00f3nica de Castilla y Le\u00f3n, Orquesta de la Comunidad de Madrid, Sinf\u00f3nica de Galicia, l\u2019Orchestra Accademia del Teatro La Scala de Mil\u00e1n, l\u2019Orchestre de l\u2019Opera Royal de Wallonie, l\u2019Orchestre Symphonique de Saint-\u00c9tienne, Real Filharmon\u00eda de Galicia, Orquesta de Extremadura, Sinf\u00f3nica de Navarra, Sinf\u00f3nica de la Regi\u00f3n de Murcia, Orquesta de C\u00f3rdoba, l\u2019Orchestra Filarmonia Veneta y Orquesta Cl\u00e1sica Santa Cecilia entre otras.<\/p>\t\t\t\t\t\t\t\t<\/div>\n\t\t\t\t<\/div>\n\t\t\t\t\t<\/div>\n\t\t<\/div>\n\t\t\t\t\t<\/div>\n\t\t<\/section>\n\t\t\t\t<section class=\"elementor-section elementor-top-section elementor-element elementor-element-448ef8c8 elementor-hidden-desktop elementor-hidden-tablet elementor-hidden-mobile elementor-section-boxed elementor-section-height-default elementor-section-height-default\" data-id=\"448ef8c8\" data-element_type=\"section\" data-e-type=\"section\" data-settings=\"{&quot;background_background&quot;:&quot;classic&quot;}\">\n\t\t\t\t\t\t<div class=\"elementor-container elementor-column-gap-default\">\n\t\t\t\t\t<div class=\"elementor-column elementor-col-50 elementor-top-column elementor-element elementor-element-7cb0f466\" data-id=\"7cb0f466\" data-element_type=\"column\" data-e-type=\"column\">\n\t\t\t<div class=\"elementor-widget-wrap elementor-element-populated\">\n\t\t\t\t\t\t<div class=\"elementor-element elementor-element-1bac279c elementor-widget elementor-widget-heading\" data-id=\"1bac279c\" data-element_type=\"widget\" data-e-type=\"widget\" data-widget_type=\"heading.default\">\n\t\t\t\t<div class=\"elementor-widget-container\">\n\t\t\t\t\t<h2 class=\"elementor-heading-title elementor-size-default\">ORQUESTA<\/h2>\t\t\t\t<\/div>\n\t\t\t\t<\/div>\n\t\t\t\t<div class=\"elementor-element elementor-element-36cc571e elementor-widget elementor-widget-text-editor\" data-id=\"36cc571e\" data-element_type=\"widget\" data-e-type=\"widget\" data-widget_type=\"text-editor.default\">\n\t\t\t\t<div class=\"elementor-widget-container\">\n\t\t\t\t\t\t\t\t\t<p>Entre las numerosas orquestas que ha dirigido, destacan la Sinf\u00f3nica de Mil\u00e1n, Sinf\u00f3nica de Madrid, l\u2019Orchestra del Teatro Carlo Felice de G\u00e9nova, Orquesta Sinf\u00f3nica de Castilla y Le\u00f3n, Orquesta de la Comunidad de Madrid, Sinf\u00f3nica de Galicia, l\u2019Orchestra Accademia del Teatro La Scala de Mil\u00e1n, l\u2019Orchestre de l\u2019Opera Royal de Wallonie, l\u2019Orchestre Symphonique de Saint-\u00c9tienne, Real Filharmon\u00eda de Galicia, Orquesta de Extremadura, Sinf\u00f3nica de Navarra, Sinf\u00f3nica de la Regi\u00f3n de Murcia, Orquesta de C\u00f3rdoba, l\u2019Orchestra Filarmonia Veneta y Orquesta Cl\u00e1sica Santa Cecilia entre otras.<\/p>\t\t\t\t\t\t\t\t<\/div>\n\t\t\t\t<\/div>\n\t\t\t\t\t<\/div>\n\t\t<\/div>\n\t\t\t\t<div class=\"elementor-column elementor-col-50 elementor-top-column elementor-element elementor-element-7a3b0ed2\" data-id=\"7a3b0ed2\" data-element_type=\"column\" data-e-type=\"column\">\n\t\t\t<div class=\"elementor-widget-wrap elementor-element-populated\">\n\t\t\t\t\t\t<div class=\"elementor-element elementor-element-5384c0b1 elementor-widget elementor-widget-image\" data-id=\"5384c0b1\" data-element_type=\"widget\" data-e-type=\"widget\" data-widget_type=\"image.default\">\n\t\t\t\t<div class=\"elementor-widget-container\">\n\t\t\t\t\t\t\t\t\t\t\t\t\t\t\t<img decoding=\"async\" width=\"626\" height=\"594\" src=\"https:\/\/recuerdasdeunavida.com\/wp-content\/uploads\/2022\/10\/director.jpg\" class=\"attachment-full size-full wp-image-2719\" alt=\"\" srcset=\"https:\/\/recuerdasdeunavida.com\/wp-content\/uploads\/2022\/10\/director.jpg 626w, https:\/\/recuerdasdeunavida.com\/wp-content\/uploads\/2022\/10\/director-300x285.jpg 300w\" sizes=\"(max-width: 626px) 100vw, 626px\" \/>\t\t\t\t\t\t\t\t\t\t\t\t\t\t\t<\/div>\n\t\t\t\t<\/div>\n\t\t\t\t\t<\/div>\n\t\t<\/div>\n\t\t\t\t\t<\/div>\n\t\t<\/section>\n\t\t\t\t<section class=\"elementor-section elementor-top-section elementor-element elementor-element-70cc99a elementor-hidden-desktop elementor-hidden-tablet elementor-hidden-mobile elementor-section-boxed elementor-section-height-default elementor-section-height-default\" data-id=\"70cc99a\" data-element_type=\"section\" data-e-type=\"section\" data-settings=\"{&quot;background_background&quot;:&quot;classic&quot;}\">\n\t\t\t\t\t\t<div class=\"elementor-container elementor-column-gap-default\">\n\t\t\t\t\t<div class=\"elementor-column elementor-col-50 elementor-top-column elementor-element elementor-element-1ceabbe8\" data-id=\"1ceabbe8\" data-element_type=\"column\" data-e-type=\"column\">\n\t\t\t<div class=\"elementor-widget-wrap elementor-element-populated\">\n\t\t\t\t\t\t<div class=\"elementor-element elementor-element-3a82d93 elementor-widget elementor-widget-heading\" data-id=\"3a82d93\" data-element_type=\"widget\" data-e-type=\"widget\" data-widget_type=\"heading.default\">\n\t\t\t\t<div class=\"elementor-widget-container\">\n\t\t\t\t\t<h2 class=\"elementor-heading-title elementor-size-default\">ORQUESTA<\/h2>\t\t\t\t<\/div>\n\t\t\t\t<\/div>\n\t\t\t\t<div class=\"elementor-element elementor-element-49143fc4 elementor-widget elementor-widget-text-editor\" data-id=\"49143fc4\" data-element_type=\"widget\" data-e-type=\"widget\" data-widget_type=\"text-editor.default\">\n\t\t\t\t<div class=\"elementor-widget-container\">\n\t\t\t\t\t\t\t\t\t<p>Entre las numerosas orquestas que ha dirigido, destacan la Sinf\u00f3nica de Mil\u00e1n, Sinf\u00f3nica de Madrid, l\u2019Orchestra del Teatro Carlo Felice de G\u00e9nova, Orquesta Sinf\u00f3nica de Castilla y Le\u00f3n, Orquesta de la Comunidad de Madrid, Sinf\u00f3nica de Galicia, l\u2019Orchestra Accademia del Teatro La Scala de Mil\u00e1n, l\u2019Orchestre de l\u2019Opera Royal de Wallonie, l\u2019Orchestre Symphonique de Saint-\u00c9tienne, Real Filharmon\u00eda de Galicia, Orquesta de Extremadura, Sinf\u00f3nica de Navarra, Sinf\u00f3nica de la Regi\u00f3n de Murcia, Orquesta de C\u00f3rdoba, l\u2019Orchestra Filarmonia Veneta y Orquesta Cl\u00e1sica Santa Cecilia entre otras.<\/p>\t\t\t\t\t\t\t\t<\/div>\n\t\t\t\t<\/div>\n\t\t\t\t\t<\/div>\n\t\t<\/div>\n\t\t\t\t<div class=\"elementor-column elementor-col-50 elementor-top-column elementor-element elementor-element-16e67106\" data-id=\"16e67106\" data-element_type=\"column\" data-e-type=\"column\">\n\t\t\t<div class=\"elementor-widget-wrap elementor-element-populated\">\n\t\t\t\t\t\t<div class=\"elementor-element elementor-element-1e2ae9b7 elementor-widget elementor-widget-image\" data-id=\"1e2ae9b7\" data-element_type=\"widget\" data-e-type=\"widget\" data-widget_type=\"image.default\">\n\t\t\t\t<div class=\"elementor-widget-container\">\n\t\t\t\t\t\t\t\t\t\t\t\t\t\t\t<img decoding=\"async\" width=\"626\" height=\"594\" src=\"https:\/\/recuerdasdeunavida.com\/wp-content\/uploads\/2022\/10\/director.jpg\" class=\"attachment-full size-full wp-image-2719\" alt=\"\" srcset=\"https:\/\/recuerdasdeunavida.com\/wp-content\/uploads\/2022\/10\/director.jpg 626w, https:\/\/recuerdasdeunavida.com\/wp-content\/uploads\/2022\/10\/director-300x285.jpg 300w\" sizes=\"(max-width: 626px) 100vw, 626px\" \/>\t\t\t\t\t\t\t\t\t\t\t\t\t\t\t<\/div>\n\t\t\t\t<\/div>\n\t\t\t\t\t<\/div>\n\t\t<\/div>\n\t\t\t\t\t<\/div>\n\t\t<\/section>\n\t\t\t\t<section class=\"elementor-section elementor-top-section elementor-element elementor-element-4497e7a8 elementor-section-boxed elementor-section-height-default elementor-section-height-default\" data-id=\"4497e7a8\" data-element_type=\"section\" data-e-type=\"section\" data-settings=\"{&quot;background_background&quot;:&quot;classic&quot;}\">\n\t\t\t\t\t\t<div class=\"elementor-container elementor-column-gap-default\">\n\t\t\t\t\t<div class=\"elementor-column elementor-col-50 elementor-top-column elementor-element elementor-element-6d1e6347\" data-id=\"6d1e6347\" data-element_type=\"column\" data-e-type=\"column\">\n\t\t\t<div class=\"elementor-widget-wrap elementor-element-populated\">\n\t\t\t\t\t\t<div class=\"elementor-element elementor-element-54ae630e elementor-widget elementor-widget-heading\" data-id=\"54ae630e\" data-element_type=\"widget\" data-e-type=\"widget\" data-widget_type=\"heading.default\">\n\t\t\t\t<div class=\"elementor-widget-container\">\n\t\t\t\t\t<h2 class=\"elementor-heading-title elementor-size-default\">LES ARTISTES<\/h2>\t\t\t\t<\/div>\n\t\t\t\t<\/div>\n\t\t\t\t<div class=\"elementor-element elementor-element-5f2c6d91 elementor-widget elementor-widget-image\" data-id=\"5f2c6d91\" data-element_type=\"widget\" data-e-type=\"widget\" data-widget_type=\"image.default\">\n\t\t\t\t<div class=\"elementor-widget-container\">\n\t\t\t\t\t\t\t\t\t\t\t\t\t\t\t<img decoding=\"async\" width=\"600\" height=\"401\" src=\"https:\/\/recuerdasdeunavida.com\/wp-content\/uploads\/2022\/10\/lucaromanelli.jpg\" class=\"attachment-full size-full wp-image-2989\" alt=\"guitarrista luca romanelli concierto recuerdas santo domingo\" srcset=\"https:\/\/recuerdasdeunavida.com\/wp-content\/uploads\/2022\/10\/lucaromanelli.jpg 600w, https:\/\/recuerdasdeunavida.com\/wp-content\/uploads\/2022\/10\/lucaromanelli-300x201.jpg 300w\" sizes=\"(max-width: 600px) 100vw, 600px\" \/>\t\t\t\t\t\t\t\t\t\t\t\t\t\t\t<\/div>\n\t\t\t\t<\/div>\n\t\t\t\t\t<\/div>\n\t\t<\/div>\n\t\t\t\t<div class=\"elementor-column elementor-col-50 elementor-top-column elementor-element elementor-element-127fb7ca\" data-id=\"127fb7ca\" data-element_type=\"column\" data-e-type=\"column\">\n\t\t\t<div class=\"elementor-widget-wrap elementor-element-populated\">\n\t\t\t\t\t\t<div class=\"elementor-element elementor-element-37a0fb9 elementor-widget elementor-widget-heading\" data-id=\"37a0fb9\" data-element_type=\"widget\" data-e-type=\"widget\" data-widget_type=\"heading.default\">\n\t\t\t\t<div class=\"elementor-widget-container\">\n\t\t\t\t\t<h2 class=\"elementor-heading-title elementor-size-default\">Guitariste: Luca Romanelli<\/h2>\t\t\t\t<\/div>\n\t\t\t\t<\/div>\n\t\t\t\t<div class=\"elementor-element elementor-element-cdf5b7e elementor-widget elementor-widget-tp-unfold\" data-id=\"cdf5b7e\" data-element_type=\"widget\" data-e-type=\"widget\" data-widget_type=\"tp-unfold.default\">\n\t\t\t\t<div class=\"elementor-widget-container\">\n\t\t\t\t\t<div class=\"tp-unfold-wrapper plus69f45b169f841  \" data-id=\"plus69f45b169f841\"  data-content_a_source=\"content\" data-con_pos=\"default\" data-icon-position=\"tp_ic_pos_before\" data-readmore=\"En savoir plus\" data-readless=\"Voir moins\" data-readmore-icon=\"\" data-readless-icon=\"\"  data-transition-duration=\"200\" data-content-max-height=\"187\" data-content-max-height-t=\"100\" data-content-max-height-m=\"329\"  ><div class=\"tp-unfold-title\"><\/div><div class=\"tp-unfold-description\" ><div class=\"tp-unfold-description-inner\"><p>Luca Romanelli est un jeune italien qui a comenc\u00e9 ses cours de guitare \u00e0 l\u2019\u00e2ge de 11 ans. Aujourd\u2019hui il est professeur de guitare \u00e0\u00a0l\u2019IMC Sant'Elpidio a Mare\u00a0(Fermo, Le Marche) en Italie.<\/p><p>Luca a produit deux albums, le premier \u201cI\u201d en 2015, avec musique de Bach, Rodrigo, Giuliani, entre autres, et un deuxi\u00e8me, sous le titre \u201cElogio\u201d, d\u00e9di\u00e9 \u00e0 Leo Brouwerfor pour son 80\u00e8me\u00a0anniversaire en 2019.<\/p><p>Luca participe \u00e0 de nombreux concerts\u00a0en Italie, Autriche, Allemagne et Roumanie en tant que soliste et avec la\u00a0Marche's Guitar Orchestra\u00a0et la\u00a0M\u00fcnster Gitarre.<\/p><p>Luca a particip\u00e9 \u00e0 de nombreux concours et a gagn\u00e9, entre autres, le 2\u00e8me Prix du Concours International de la ville de Mottola en 2012, le 2\u00e8me Prix au Concours Rospigliosi en 2013 et 2018, arrivant \u00e0 la finale obtenant le Prix au Meilleur Dipl\u00f4m\u00e9 Italien de 2015 \u00e0 <em>Castrocaro Terme<\/em>; il a aussi obtenu le 1er Prix au \"From Nature to Sound\" 2018 et le 1er Prix au Concours Paolo Barrasso en 2018 aux Caramanico Terme, avec la mention \u201cJoaqu\u00edn Rodrigo\u201d et gagnant le 1er Prix \u00e0 la VI \u00e9dition du Concurso Internacional de Guitarra Cl\u00e1sica Espa\u00f1ola \u00c1ngel G. Pi\u00f1ero en 2019.<\/p><p>Il collabore avec les compositeurs Silvio Catalini, Kacha Metreveli et Dang Ngoc Long dans la diffusion de ses \u0153uvres pour guitare, participant \u00e0 certains de leurs concerts et \u00e0 certains enregistrements musicaux.<\/p><p>Luca collabore activement \u00e0 la diffusion des \u0153uvres d'\u00c1ngel G. Pi\u00f1ero, interpr\u00e9tant ses \u0153uvres dans de nombreux concerts en Italie et \u00e0 l'\u00e9tranger. Il \u00e9tait l'un des guitaristes du concert <em>Recuerdas de una vida<\/em>, qui a eu lieu au Teatro Real de Madrid le 24 mars 2022, en hommage \u00e0 la guitare classique espagnole et \u00e0 la figure d'\u00c1ngel G. Pi\u00f1ero.<\/p><\/div><\/div><div class=\"tp-unfold-last-toggle flex-start\"><button class=\"tp-unfold-toggle \"> En savoir plus <\/button><\/div><\/div>\t\t\t\t<\/div>\n\t\t\t\t<\/div>\n\t\t\t\t\t<\/div>\n\t\t<\/div>\n\t\t\t\t\t<\/div>\n\t\t<\/section>\n\t\t\t\t<section class=\"elementor-section elementor-top-section elementor-element elementor-element-66ee9963 elementor-section-boxed elementor-section-height-default elementor-section-height-default\" data-id=\"66ee9963\" data-element_type=\"section\" data-e-type=\"section\" data-settings=\"{&quot;background_background&quot;:&quot;classic&quot;}\">\n\t\t\t\t\t\t<div class=\"elementor-container elementor-column-gap-default\">\n\t\t\t\t\t<div class=\"elementor-column elementor-col-50 elementor-top-column elementor-element elementor-element-561c5be1\" data-id=\"561c5be1\" data-element_type=\"column\" data-e-type=\"column\">\n\t\t\t<div class=\"elementor-widget-wrap elementor-element-populated\">\n\t\t\t\t\t\t<div class=\"elementor-element elementor-element-7a389605 elementor-widget elementor-widget-heading\" data-id=\"7a389605\" data-element_type=\"widget\" data-e-type=\"widget\" data-widget_type=\"heading.default\">\n\t\t\t\t<div class=\"elementor-widget-container\">\n\t\t\t\t\t<h2 class=\"elementor-heading-title elementor-size-default\">Quator \u00e0 cordes de l\u2019orchestre \u201c\u00c1lvarez Beigbeder\u201d (Jerez de la Frontera)<\/h2>\t\t\t\t<\/div>\n\t\t\t\t<\/div>\n\t\t\t\t<div class=\"elementor-element elementor-element-6979690 elementor-widget elementor-widget-tp-unfold\" data-id=\"6979690\" data-element_type=\"widget\" data-e-type=\"widget\" data-widget_type=\"tp-unfold.default\">\n\t\t\t\t<div class=\"elementor-widget-container\">\n\t\t\t\t\t<div class=\"tp-unfold-wrapper plus69f45b16a04e1  \" data-id=\"plus69f45b16a04e1\"  data-content_a_source=\"content\" data-con_pos=\"default\" data-icon-position=\"tp_ic_pos_before\" data-readmore=\"En savoir plus\" data-readless=\"Voir moins\" data-readmore-icon=\"\" data-readless-icon=\"\"  data-transition-duration=\"200\" data-content-max-height=\"187\" data-content-max-height-t=\"100\" data-content-max-height-m=\"329\"  ><div class=\"tp-unfold-title\"><\/div><div class=\"tp-unfold-description\" ><div class=\"tp-unfold-description-inner\"><p>Le quatuor \u00e0 cordes \u00c1LVAREZ BEIGBEDER est form\u00e9 par: Fernando Pina (violon I), Ana Bel\u00e9n Pina (violon II), Mar\u00eda Calvo (alto) et Candela Hern\u00e1ndez (violoncelle).\u00a0\u00a0<\/p><p>L'orchestre a \u00e9t\u00e9 cr\u00e9\u00e9 en 1998, gr\u00e2ce \u00e0 l'initiative d'Archil Pochkua (alto du ROSS) et de l'avocat de Jerez Antonio de la Herr\u00e1n et de diverses personnes int\u00e9ress\u00e9es par la musique, cr\u00e9ant ainsi une association \u00e0 but non lucratif.<\/p><p>Il doit son nom au c\u00e9l\u00e8bre compositeur de Jerez, M. Germ\u00e1n \u00c1lvarez Beigbeder. Depuis lors, il fonctionne de mani\u00e8re stable et continue, offrant aux jeunes musiciens andalous la possibilit\u00e9 de se former et de participer \u00e0 de multiples \u00e9v\u00e9nements de musique classique en Espagne et \u00e0 l\u2019\u00e9tranger.<\/p><p>Depuis sa cr\u00e9ation, l'Orchestre a promu la connaissance et la diffusion des \u0153uvres du grand compositeur de Jerez D. Germ\u00e1n \u00c1lvarez Beigbeder, ainsi que celles d'autres compositeurs espagnols.<\/p><p>L\u2019orchestre a offert des centaines de concerts dans toute l'Andalousie, une grande partie de la g\u00e9ographie espagnole et r\u00e9guli\u00e8rement \u00e0 l'\u00e9tranger dans des pays comme le Canada, la France, la Belgique, la Chine, la Russie, etc.<\/p><p>Parmi ses nombreuses performances, les concerts propos\u00e9s \u00e0 Paris se distinguent, dont l'un \u00e0 l'Oratoire du Mus\u00e9e du Louvre, invit\u00e9 par l'Association Chevalier de Saint-George. De plus, sous la direction de son directeur honoraire, Juan Luis P\u00e9rez, et du maestro Carlos Arag\u00f3n, il a interpr\u00e9t\u00e9 l'op\u00e9ra de la famille Brittens \"El Diluvio de No\u00e9\" au Th\u00e9\u00e2tre Villamarta en d\u00e9cembre 2007 et 2008. L'enregistrement de son premier album en 2004 publi\u00e9 par le Groupe Joly, et r\u00e9\u00e9dit\u00e9 par le minist\u00e8re de l'\u00c9ducation lorsqu'il a \u00e9t\u00e9 d\u00e9sign\u00e9 par celui-ci pour la c\u00e9l\u00e9bration du 250e anniversaire de la naissance de Mozart.<\/p><p>\u00c0 ses d\u00e9buts, l'Orchestre \u00e9tait compos\u00e9 d'\u00e9tudiants musiciens du Conservatoire \"Joaqu\u00edn Villatoro\" de Jerez. Par la suite, gr\u00e2ce au travail de son conseil d'administration et \u00e0 la qualit\u00e9 de l'orchestre lui-m\u00eame, son nombre s'est accru avec des \u00e9tudiants de toute la province et d'Andalousie. Il est actuellement compos\u00e9 de musiciens fondateurs, de dipl\u00f4m\u00e9s et d'enseignants.<\/p><p>L\u2019orchestre donne aux \u00e9tudiants qui forment sa <em>Joven Camerata<\/em> (Orchestre de l'\u00e9cole) la possibilit\u00e9 de participer aux diff\u00e9rents concerts qui sont organis\u00e9s, \u00e9tant une excellente et unique opportunit\u00e9 pour ces jeunes musiciens.<\/p><p>C'est une r\u00e9f\u00e9rence de qualit\u00e9, de travail s\u00e9rieux et d'engagement dans toute l'Andalousie, \u00e9tant le plus ancien orchestre de toute la province.<\/p><p>Il participe chaque ann\u00e9e au prestigieux festival pour jeunes \"Eurochestries\", emmenant la musique espagnole et surtout celle du maestro D. Germ\u00e1n \u00c1lvarez Beigbeder \u00e0 travers le monde. Actuellement l'orchestre continue d'offrir ses concerts avec qualit\u00e9, exp\u00e9rience et succ\u00e8s public. R\u00e9cemment, \"Stabat Mater\" de D. Germ\u00e1n \u00c1lvarez Beigbeder au Th\u00e9\u00e2tre Villamarta et \"La Neuvi\u00e8me Symphonie de Beethoven\" avec le Coral de la Uca au Gran Teatro Falla se distinguent.<\/p><\/div><\/div><div class=\"tp-unfold-last-toggle flex-start\"><button class=\"tp-unfold-toggle \"> En savoir plus <\/button><\/div><\/div>\t\t\t\t<\/div>\n\t\t\t\t<\/div>\n\t\t\t\t\t<\/div>\n\t\t<\/div>\n\t\t\t\t<div class=\"elementor-column elementor-col-50 elementor-top-column elementor-element elementor-element-1834f6ba\" data-id=\"1834f6ba\" data-element_type=\"column\" data-e-type=\"column\">\n\t\t\t<div class=\"elementor-widget-wrap elementor-element-populated\">\n\t\t\t\t\t\t<div class=\"elementor-element elementor-element-4b2bcf24 elementor-widget elementor-widget-image\" data-id=\"4b2bcf24\" data-element_type=\"widget\" data-e-type=\"widget\" data-widget_type=\"image.default\">\n\t\t\t\t<div class=\"elementor-widget-container\">\n\t\t\t\t\t\t\t\t\t\t\t\t\t\t\t<img loading=\"lazy\" decoding=\"async\" width=\"1083\" height=\"725\" src=\"https:\/\/recuerdasdeunavida.com\/wp-content\/uploads\/2022\/10\/Captura-de-pantalla-2022-10-16-a-las-23.23.29.png\" class=\"attachment-full size-full wp-image-3170\" alt=\"orquesta concierto recuerdas santo domingo\" srcset=\"https:\/\/recuerdasdeunavida.com\/wp-content\/uploads\/2022\/10\/Captura-de-pantalla-2022-10-16-a-las-23.23.29.png 1083w, https:\/\/recuerdasdeunavida.com\/wp-content\/uploads\/2022\/10\/Captura-de-pantalla-2022-10-16-a-las-23.23.29-300x201.png 300w, https:\/\/recuerdasdeunavida.com\/wp-content\/uploads\/2022\/10\/Captura-de-pantalla-2022-10-16-a-las-23.23.29-1024x686.png 1024w, https:\/\/recuerdasdeunavida.com\/wp-content\/uploads\/2022\/10\/Captura-de-pantalla-2022-10-16-a-las-23.23.29-768x514.png 768w\" sizes=\"(max-width: 1083px) 100vw, 1083px\" \/>\t\t\t\t\t\t\t\t\t\t\t\t\t\t\t<\/div>\n\t\t\t\t<\/div>\n\t\t\t\t\t<\/div>\n\t\t<\/div>\n\t\t\t\t\t<\/div>\n\t\t<\/section>\n\t\t\t\t<section class=\"elementor-section elementor-top-section elementor-element elementor-element-2148c4d elementor-section-boxed elementor-section-height-default elementor-section-height-default\" data-id=\"2148c4d\" data-element_type=\"section\" data-e-type=\"section\" data-settings=\"{&quot;background_background&quot;:&quot;classic&quot;}\">\n\t\t\t\t\t\t<div class=\"elementor-container elementor-column-gap-default\">\n\t\t\t\t\t<div class=\"elementor-column elementor-col-100 elementor-top-column elementor-element elementor-element-1f0207dd\" data-id=\"1f0207dd\" data-element_type=\"column\" data-e-type=\"column\">\n\t\t\t<div class=\"elementor-widget-wrap elementor-element-populated\">\n\t\t\t\t\t\t<div class=\"elementor-element elementor-element-67cea203 elementor-widget elementor-widget-heading\" data-id=\"67cea203\" data-element_type=\"widget\" data-e-type=\"widget\" data-widget_type=\"heading.default\">\n\t\t\t\t<div class=\"elementor-widget-container\">\n\t\t\t\t\t<h2 class=\"elementor-heading-title elementor-size-default\">LE PROGRAMME<\/h2>\t\t\t\t<\/div>\n\t\t\t\t<\/div>\n\t\t\t\t<div class=\"elementor-element elementor-element-22ec0a35 elementor-widget-divider--view-line elementor-widget elementor-widget-divider\" data-id=\"22ec0a35\" data-element_type=\"widget\" data-e-type=\"widget\" data-widget_type=\"divider.default\">\n\t\t\t\t<div class=\"elementor-widget-container\">\n\t\t\t\t\t\t\t<div class=\"elementor-divider\">\n\t\t\t<span class=\"elementor-divider-separator\">\n\t\t\t\t\t\t<\/span>\n\t\t<\/div>\n\t\t\t\t\t\t<\/div>\n\t\t\t\t<\/div>\n\t\t\t\t<div class=\"elementor-element elementor-element-770a2b1a elementor-widget elementor-widget-text-editor\" data-id=\"770a2b1a\" data-element_type=\"widget\" data-e-type=\"widget\" data-widget_type=\"text-editor.default\">\n\t\t\t\t<div class=\"elementor-widget-container\">\n\t\t\t\t\t\t\t\t\t<p><span style=\"color: #000000;\"><strong>GUITARE<\/strong><\/span><\/p><p><strong>\u00c1ngel G. Pi\u00f1ero:<\/strong><\/p><ul><li>Preludio Azul<\/li><li>Evocaci\u00f3n<\/li><li>Murmullo Musical<\/li><\/ul><p>\u00a0<\/p><p><strong>Francisco T\u00e1rrega:<\/strong> Recuerdos de la Alhambra<\/p><p><strong>\u00c1ngel G. Pi\u00f1ero:<\/strong> Fantas\u00eda Andaluza<\/p><p><strong>Isaac Alb\u00e9niz:<\/strong> Asturias Leyenda<\/p><p>\u00a0<\/p><p><span style=\"color: #000000;\"><strong>QUATOR \u00c0 CORDES<\/strong><\/span><\/p><p><b>Isaac Alb\u00e9niz:<\/b><\/p><ul><li>C\u00e1diz<\/li><li>Sevilla<\/li><\/ul><p>\u00a0<\/p><p><span style=\"color: #000000;\"><strong>GUITARE ET QUATOR<\/strong><\/span><\/p><p><strong>\u00c1ngel G. Pi\u00f1ero:<\/strong><\/p><ul><li>Meditaci\u00f3n<\/li><li>Alegr\u00edas en El Puerto<\/li><li>Fantas\u00eda andaluza (Danza n\u00ba 3)<\/li><li>Brisas de C\u00e1diz \u00a0 \u00a0 \u00a0 \u00a0 \u00a0 \u00a0 \u00a0 \u00a0 \u00a0 \u00a0 \u00a0<\/li><\/ul>\t\t\t\t\t\t\t\t<\/div>\n\t\t\t\t<\/div>\n\t\t\t\t<div class=\"elementor-element elementor-element-44c21a8e elementor-hidden-desktop elementor-hidden-tablet elementor-hidden-mobile elementor-widget elementor-widget-heading\" data-id=\"44c21a8e\" data-element_type=\"widget\" data-e-type=\"widget\" data-widget_type=\"heading.default\">\n\t\t\t\t<div class=\"elementor-widget-container\">\n\t\t\t\t\t<h2 class=\"elementor-heading-title elementor-size-default\">PRIMERA PARTE<\/h2>\t\t\t\t<\/div>\n\t\t\t\t<\/div>\n\t\t\t\t<div class=\"elementor-element elementor-element-65bccc22 elementor-hidden-desktop elementor-hidden-tablet elementor-hidden-mobile elementor-widget elementor-widget-tp-unfold\" data-id=\"65bccc22\" data-element_type=\"widget\" data-e-type=\"widget\" data-widget_type=\"tp-unfold.default\">\n\t\t\t\t<div class=\"elementor-widget-container\">\n\t\t\t\t\t<div class=\"tp-unfold-wrapper plus69f45b16a17ef  \" data-id=\"plus69f45b16a17ef\"  data-content_a_source=\"content\" data-con_pos=\"default\" data-icon-position=\"tp_ic_pos_before\" data-readmore=\"Ver m\u00e1s\" data-readless=\"Ver menos\" data-readmore-icon=\"\" data-readless-icon=\"\"  data-transition-duration=\"200\" data-content-max-height=\"187\" data-content-max-height-t=\"100\" data-content-max-height-m=\"329\"  ><div class=\"tp-unfold-title\"><\/div><div class=\"tp-unfold-description\" ><div class=\"tp-unfold-description-inner\"><p><strong>Guitarra sola<\/strong><\/p><ul><li class=\"li1\">Meditaci\u00f3n. Int\u00e9rprete Luca Romanelli (Italia)<\/li><li class=\"li1\">Preludio azul. Int\u00e9rprete Stanislav Steshenko (Ucrania)<\/li><li class=\"li1\">Evocaci\u00f3n. Int\u00e9rprete Stanislav Steshenko<\/li><li class=\"li1\">Murmullo musical. Int\u00e9rprete Stanislav Steshenko<\/li><li class=\"li1\">El viento de la vida. Int\u00e9rprete Stanislav Steshenko<\/li><li class=\"li1\">Caprichos. Int\u00e9rprete Stanislav Steshenko<\/li><\/ul><p style=\"padding-left: 40px\"><strong>Meditaci\u00f3n<\/strong><br \/>Compuesta en 2020 en plena campa\u00f1a del coronavirus, como homenaje al dolor y a las v\u00edctimas de la pandemia.<\/p><p style=\"padding-left: 40px\"><strong>Preludio azul<\/strong><br \/>Dedicada a mi madre, v\u00edctima de la voracidad de la Guerra Civil espa\u00f1ola. Debe estar en el cielo y por eso lleva el nombre de Preludio Azul.<\/p><p style=\"padding-left: 40px\"><strong>Evocaci\u00f3n<\/strong><br \/>Recuerdo de juventud de postguerra con mi hermano y su apoyo para yo fuera m\u00fasico. En esta obra se refleja entre sus notas, la vida de sacrificios por salir adelante en nuestra juventud.<\/p><p style=\"padding-left: 40px\"><strong>Murmullo musical<\/strong><br \/>Es un murmullo musical en tono Mayor y menor simulando un chorro continuado de notas.<\/p><p style=\"padding-left: 40px\"><strong> El viento de la vida<\/strong><br \/>Preludio dedicado a la vida, su empuje y fuerza.<\/p><p style=\"padding-left: 40px\"><strong> Caprichos<\/strong><br \/>Es una obra espont\u00e1nea, juguetona, hay un juego entre la melod\u00eda y el cromatismo que le da un inter\u00e9s especial<\/p><\/div><\/div><div class=\"tp-unfold-last-toggle flex-start\"><button class=\"tp-unfold-toggle \"> Ver m\u00e1s <\/button><\/div><\/div>\t\t\t\t<\/div>\n\t\t\t\t<\/div>\n\t\t\t\t\t<\/div>\n\t\t<\/div>\n\t\t\t\t\t<\/div>\n\t\t<\/section>\n\t\t\t\t<section class=\"elementor-section elementor-top-section elementor-element elementor-element-0b71cea elementor-section-boxed elementor-section-height-default elementor-section-height-default\" data-id=\"0b71cea\" data-element_type=\"section\" data-e-type=\"section\" data-settings=\"{&quot;background_background&quot;:&quot;classic&quot;}\">\n\t\t\t\t\t\t<div class=\"elementor-container elementor-column-gap-default\">\n\t\t\t\t\t<div class=\"elementor-column elementor-col-100 elementor-top-column elementor-element elementor-element-914dd59\" data-id=\"914dd59\" data-element_type=\"column\" data-e-type=\"column\">\n\t\t\t<div class=\"elementor-widget-wrap elementor-element-populated\">\n\t\t\t\t\t\t<div class=\"elementor-element elementor-element-b3c8825 elementor-widget elementor-widget-heading\" data-id=\"b3c8825\" data-element_type=\"widget\" data-e-type=\"widget\" data-widget_type=\"heading.default\">\n\t\t\t\t<div class=\"elementor-widget-container\">\n\t\t\t\t\t<h2 class=\"elementor-heading-title elementor-size-default\">GALERIE<\/h2>\t\t\t\t<\/div>\n\t\t\t\t<\/div>\n\t\t\t\t<section class=\"elementor-section elementor-inner-section elementor-element elementor-element-7a149ab elementor-section-boxed elementor-section-height-default elementor-section-height-default\" data-id=\"7a149ab\" data-element_type=\"section\" data-e-type=\"section\">\n\t\t\t\t\t\t<div class=\"elementor-container elementor-column-gap-default\">\n\t\t\t\t\t<div class=\"elementor-column elementor-col-50 elementor-inner-column elementor-element elementor-element-04c5e39\" data-id=\"04c5e39\" data-element_type=\"column\" data-e-type=\"column\">\n\t\t\t<div class=\"elementor-widget-wrap elementor-element-populated\">\n\t\t\t\t\t\t<div class=\"elementor-element elementor-element-fc72e90 elementor-hidden-desktop elementor-hidden-tablet elementor-hidden-mobile elementor-widget elementor-widget-text-editor\" data-id=\"fc72e90\" data-element_type=\"widget\" data-e-type=\"widget\" data-widget_type=\"text-editor.default\">\n\t\t\t\t<div class=\"elementor-widget-container\">\n\t\t\t\t\t\t\t\t\t<p>Duis malesuada sapien id dolor fermentum pretium. Curabitur a orci vehicula, porta augue id, ultrices ipsum. Aliquam lorem arcu, porttitor egestas ante quis, eleifend interdum orci. Donec id elementum nisl. Nulla enim augue, iaculis eget tellus eleifend, vehicula facilisis enim. Proin nec placerat nulla. Duis fringilla est est, in rutrum nunc consectetur sit amet. Proin in quam et sapien lobortis condimentum ac ac elit. Ut sed metus risus.<\/p>\t\t\t\t\t\t\t\t<\/div>\n\t\t\t\t<\/div>\n\t\t\t\t\t<\/div>\n\t\t<\/div>\n\t\t\t\t<div class=\"elementor-column elementor-col-50 elementor-inner-column elementor-element elementor-element-08bde5e\" data-id=\"08bde5e\" data-element_type=\"column\" data-e-type=\"column\">\n\t\t\t<div class=\"elementor-widget-wrap\">\n\t\t\t\t\t\t\t<\/div>\n\t\t<\/div>\n\t\t\t\t\t<\/div>\n\t\t<\/section>\n\t\t\t\t<div class=\"elementor-element elementor-element-dc64965 elementor-widget elementor-widget-gallery\" data-id=\"dc64965\" data-element_type=\"widget\" data-e-type=\"widget\" data-settings=\"{&quot;gallery_layout&quot;:&quot;justified&quot;,&quot;ideal_row_height&quot;:{&quot;unit&quot;:&quot;px&quot;,&quot;size&quot;:259,&quot;sizes&quot;:[]},&quot;overlay_title&quot;:&quot;caption&quot;,&quot;lazyload&quot;:&quot;yes&quot;,&quot;ideal_row_height_tablet&quot;:{&quot;unit&quot;:&quot;px&quot;,&quot;size&quot;:150,&quot;sizes&quot;:[]},&quot;ideal_row_height_mobile&quot;:{&quot;unit&quot;:&quot;px&quot;,&quot;size&quot;:150,&quot;sizes&quot;:[]},&quot;gap&quot;:{&quot;unit&quot;:&quot;px&quot;,&quot;size&quot;:10,&quot;sizes&quot;:[]},&quot;gap_tablet&quot;:{&quot;unit&quot;:&quot;px&quot;,&quot;size&quot;:10,&quot;sizes&quot;:[]},&quot;gap_mobile&quot;:{&quot;unit&quot;:&quot;px&quot;,&quot;size&quot;:10,&quot;sizes&quot;:[]},&quot;link_to&quot;:&quot;file&quot;,&quot;overlay_background&quot;:&quot;yes&quot;,&quot;content_hover_animation&quot;:&quot;fade-in&quot;}\" data-widget_type=\"gallery.default\">\n\t\t\t\t<div class=\"elementor-widget-container\">\n\t\t\t\t\t\t\t<div class=\"elementor-gallery__container\">\n\t\t\t\t\t\t\t<a class=\"e-gallery-item elementor-gallery-item elementor-animated-content\" href=\"https:\/\/recuerdasdeunavida.com\/wp-content\/uploads\/2022\/11\/EL-BOSCO-0-3.jpg\" data-elementor-open-lightbox=\"yes\" data-elementor-lightbox-slideshow=\"dc64965\" data-e-action-hash=\"#elementor-action%3Aaction%3Dlightbox%26settings%3DeyJpZCI6NDM0NiwidXJsIjoiaHR0cHM6XC9cL3JlY3VlcmRhc2RldW5hdmlkYS5jb21cL3dwLWNvbnRlbnRcL3VwbG9hZHNcLzIwMjJcLzExXC9FTC1CT1NDTy0wLTMuanBnIiwic2xpZGVzaG93IjoiZGM2NDk2NSJ9\">\n\t\t\t\t\t<div class=\"e-gallery-image elementor-gallery-item__image\" data-thumbnail=\"https:\/\/recuerdasdeunavida.com\/wp-content\/uploads\/2022\/11\/EL-BOSCO-0-3-768x512.jpg\" data-width=\"768\" data-height=\"512\" aria-label=\"\" role=\"img\" ><\/div>\n\t\t\t\t\t\t\t\t\t\t\t<div class=\"elementor-gallery-item__overlay\"><\/div>\n\t\t\t\t\t\t\t\t\t\t\t\t\t\t\t<div class=\"elementor-gallery-item__content\">\n\t\t\t\t\t\t\t\t\t\t\t<\/div>\n\t\t\t\t\t\t\t\t\t<\/a>\n\t\t\t\t\t\t\t<a class=\"e-gallery-item elementor-gallery-item elementor-animated-content\" href=\"https:\/\/recuerdasdeunavida.com\/wp-content\/uploads\/2022\/11\/EL-BOSCO-0-9.jpg\" data-elementor-open-lightbox=\"yes\" data-elementor-lightbox-slideshow=\"dc64965\" data-e-action-hash=\"#elementor-action%3Aaction%3Dlightbox%26settings%3DeyJpZCI6NDM0OSwidXJsIjoiaHR0cHM6XC9cL3JlY3VlcmRhc2RldW5hdmlkYS5jb21cL3dwLWNvbnRlbnRcL3VwbG9hZHNcLzIwMjJcLzExXC9FTC1CT1NDTy0wLTkuanBnIiwic2xpZGVzaG93IjoiZGM2NDk2NSJ9\">\n\t\t\t\t\t<div class=\"e-gallery-image elementor-gallery-item__image\" data-thumbnail=\"https:\/\/recuerdasdeunavida.com\/wp-content\/uploads\/2022\/11\/EL-BOSCO-0-9-768x512.jpg\" data-width=\"768\" data-height=\"512\" aria-label=\"\" role=\"img\" ><\/div>\n\t\t\t\t\t\t\t\t\t\t\t<div class=\"elementor-gallery-item__overlay\"><\/div>\n\t\t\t\t\t\t\t\t\t\t\t\t\t\t\t<div class=\"elementor-gallery-item__content\">\n\t\t\t\t\t\t\t\t\t\t\t<\/div>\n\t\t\t\t\t\t\t\t\t<\/a>\n\t\t\t\t\t\t\t<a class=\"e-gallery-item elementor-gallery-item elementor-animated-content\" href=\"https:\/\/recuerdasdeunavida.com\/wp-content\/uploads\/2022\/11\/EL-BOSCO-0-17.jpg\" data-elementor-open-lightbox=\"yes\" data-elementor-lightbox-slideshow=\"dc64965\" data-e-action-hash=\"#elementor-action%3Aaction%3Dlightbox%26settings%3DeyJpZCI6NDM1MiwidXJsIjoiaHR0cHM6XC9cL3JlY3VlcmRhc2RldW5hdmlkYS5jb21cL3dwLWNvbnRlbnRcL3VwbG9hZHNcLzIwMjJcLzExXC9FTC1CT1NDTy0wLTE3LmpwZyIsInNsaWRlc2hvdyI6ImRjNjQ5NjUifQ%3D%3D\">\n\t\t\t\t\t<div class=\"e-gallery-image elementor-gallery-item__image\" data-thumbnail=\"https:\/\/recuerdasdeunavida.com\/wp-content\/uploads\/2022\/11\/EL-BOSCO-0-17-768x512.jpg\" data-width=\"768\" data-height=\"512\" aria-label=\"\" role=\"img\" ><\/div>\n\t\t\t\t\t\t\t\t\t\t\t<div class=\"elementor-gallery-item__overlay\"><\/div>\n\t\t\t\t\t\t\t\t\t\t\t\t\t\t\t<div class=\"elementor-gallery-item__content\">\n\t\t\t\t\t\t\t\t\t\t\t<\/div>\n\t\t\t\t\t\t\t\t\t<\/a>\n\t\t\t\t\t\t\t<a class=\"e-gallery-item elementor-gallery-item elementor-animated-content\" href=\"https:\/\/recuerdasdeunavida.com\/wp-content\/uploads\/2022\/11\/EL-BOSCO-0-21.jpg\" data-elementor-open-lightbox=\"yes\" data-elementor-lightbox-slideshow=\"dc64965\" data-e-action-hash=\"#elementor-action%3Aaction%3Dlightbox%26settings%3DeyJpZCI6NDM1NSwidXJsIjoiaHR0cHM6XC9cL3JlY3VlcmRhc2RldW5hdmlkYS5jb21cL3dwLWNvbnRlbnRcL3VwbG9hZHNcLzIwMjJcLzExXC9FTC1CT1NDTy0wLTIxLmpwZyIsInNsaWRlc2hvdyI6ImRjNjQ5NjUifQ%3D%3D\">\n\t\t\t\t\t<div class=\"e-gallery-image elementor-gallery-item__image\" data-thumbnail=\"https:\/\/recuerdasdeunavida.com\/wp-content\/uploads\/2022\/11\/EL-BOSCO-0-21.jpg\" data-width=\"720\" data-height=\"1080\" aria-label=\"\" role=\"img\" ><\/div>\n\t\t\t\t\t\t\t\t\t\t\t<div class=\"elementor-gallery-item__overlay\"><\/div>\n\t\t\t\t\t\t\t\t\t\t\t\t\t\t\t<div class=\"elementor-gallery-item__content\">\n\t\t\t\t\t\t\t\t\t\t\t<\/div>\n\t\t\t\t\t\t\t\t\t<\/a>\n\t\t\t\t\t\t\t<a class=\"e-gallery-item elementor-gallery-item elementor-animated-content\" href=\"https:\/\/recuerdasdeunavida.com\/wp-content\/uploads\/2022\/11\/EL-BOSCO-0-23.jpg\" data-elementor-open-lightbox=\"yes\" data-elementor-lightbox-slideshow=\"dc64965\" data-e-action-hash=\"#elementor-action%3Aaction%3Dlightbox%26settings%3DeyJpZCI6NDM1OCwidXJsIjoiaHR0cHM6XC9cL3JlY3VlcmRhc2RldW5hdmlkYS5jb21cL3dwLWNvbnRlbnRcL3VwbG9hZHNcLzIwMjJcLzExXC9FTC1CT1NDTy0wLTIzLmpwZyIsInNsaWRlc2hvdyI6ImRjNjQ5NjUifQ%3D%3D\">\n\t\t\t\t\t<div class=\"e-gallery-image elementor-gallery-item__image\" data-thumbnail=\"https:\/\/recuerdasdeunavida.com\/wp-content\/uploads\/2022\/11\/EL-BOSCO-0-23.jpg\" data-width=\"720\" data-height=\"1080\" aria-label=\"\" role=\"img\" ><\/div>\n\t\t\t\t\t\t\t\t\t\t\t<div class=\"elementor-gallery-item__overlay\"><\/div>\n\t\t\t\t\t\t\t\t\t\t\t\t\t\t\t<div class=\"elementor-gallery-item__content\">\n\t\t\t\t\t\t\t\t\t\t\t<\/div>\n\t\t\t\t\t\t\t\t\t<\/a>\n\t\t\t\t\t\t\t<a class=\"e-gallery-item elementor-gallery-item elementor-animated-content\" href=\"https:\/\/recuerdasdeunavida.com\/wp-content\/uploads\/2022\/11\/EL-BOSCO-0-25.jpg\" data-elementor-open-lightbox=\"yes\" data-elementor-lightbox-slideshow=\"dc64965\" data-e-action-hash=\"#elementor-action%3Aaction%3Dlightbox%26settings%3DeyJpZCI6NDM2MSwidXJsIjoiaHR0cHM6XC9cL3JlY3VlcmRhc2RldW5hdmlkYS5jb21cL3dwLWNvbnRlbnRcL3VwbG9hZHNcLzIwMjJcLzExXC9FTC1CT1NDTy0wLTI1LmpwZyIsInNsaWRlc2hvdyI6ImRjNjQ5NjUifQ%3D%3D\">\n\t\t\t\t\t<div class=\"e-gallery-image elementor-gallery-item__image\" data-thumbnail=\"https:\/\/recuerdasdeunavida.com\/wp-content\/uploads\/2022\/11\/EL-BOSCO-0-25.jpg\" data-width=\"720\" data-height=\"1080\" aria-label=\"\" role=\"img\" ><\/div>\n\t\t\t\t\t\t\t\t\t\t\t<div class=\"elementor-gallery-item__overlay\"><\/div>\n\t\t\t\t\t\t\t\t\t\t\t\t\t\t\t<div class=\"elementor-gallery-item__content\">\n\t\t\t\t\t\t\t\t\t\t\t<\/div>\n\t\t\t\t\t\t\t\t\t<\/a>\n\t\t\t\t\t\t\t<a class=\"e-gallery-item elementor-gallery-item elementor-animated-content\" href=\"https:\/\/recuerdasdeunavida.com\/wp-content\/uploads\/2022\/11\/EL-BOSCO-0-63.jpg\" data-elementor-open-lightbox=\"yes\" data-elementor-lightbox-slideshow=\"dc64965\" data-e-action-hash=\"#elementor-action%3Aaction%3Dlightbox%26settings%3DeyJpZCI6NDM2NCwidXJsIjoiaHR0cHM6XC9cL3JlY3VlcmRhc2RldW5hdmlkYS5jb21cL3dwLWNvbnRlbnRcL3VwbG9hZHNcLzIwMjJcLzExXC9FTC1CT1NDTy0wLTYzLmpwZyIsInNsaWRlc2hvdyI6ImRjNjQ5NjUifQ%3D%3D\">\n\t\t\t\t\t<div class=\"e-gallery-image elementor-gallery-item__image\" data-thumbnail=\"https:\/\/recuerdasdeunavida.com\/wp-content\/uploads\/2022\/11\/EL-BOSCO-0-63-768x512.jpg\" data-width=\"768\" data-height=\"512\" aria-label=\"\" role=\"img\" ><\/div>\n\t\t\t\t\t\t\t\t\t\t\t<div class=\"elementor-gallery-item__overlay\"><\/div>\n\t\t\t\t\t\t\t\t\t\t\t\t\t\t\t<div class=\"elementor-gallery-item__content\">\n\t\t\t\t\t\t\t\t\t\t\t<\/div>\n\t\t\t\t\t\t\t\t\t<\/a>\n\t\t\t\t\t\t\t<a class=\"e-gallery-item elementor-gallery-item elementor-animated-content\" href=\"https:\/\/recuerdasdeunavida.com\/wp-content\/uploads\/2022\/11\/EL-BOSCO-0-70.jpg\" data-elementor-open-lightbox=\"yes\" data-elementor-lightbox-slideshow=\"dc64965\" data-e-action-hash=\"#elementor-action%3Aaction%3Dlightbox%26settings%3DeyJpZCI6NDM2NywidXJsIjoiaHR0cHM6XC9cL3JlY3VlcmRhc2RldW5hdmlkYS5jb21cL3dwLWNvbnRlbnRcL3VwbG9hZHNcLzIwMjJcLzExXC9FTC1CT1NDTy0wLTcwLmpwZyIsInNsaWRlc2hvdyI6ImRjNjQ5NjUifQ%3D%3D\">\n\t\t\t\t\t<div class=\"e-gallery-image elementor-gallery-item__image\" data-thumbnail=\"https:\/\/recuerdasdeunavida.com\/wp-content\/uploads\/2022\/11\/EL-BOSCO-0-70.jpg\" data-width=\"720\" data-height=\"1080\" aria-label=\"\" role=\"img\" ><\/div>\n\t\t\t\t\t\t\t\t\t\t\t<div class=\"elementor-gallery-item__overlay\"><\/div>\n\t\t\t\t\t\t\t\t\t\t\t\t\t\t\t<div class=\"elementor-gallery-item__content\">\n\t\t\t\t\t\t\t\t\t\t\t<\/div>\n\t\t\t\t\t\t\t\t\t<\/a>\n\t\t\t\t\t\t\t<a class=\"e-gallery-item elementor-gallery-item elementor-animated-content\" href=\"https:\/\/recuerdasdeunavida.com\/wp-content\/uploads\/2022\/11\/EL-BOSCO-0-85.jpg\" data-elementor-open-lightbox=\"yes\" data-elementor-lightbox-slideshow=\"dc64965\" data-e-action-hash=\"#elementor-action%3Aaction%3Dlightbox%26settings%3DeyJpZCI6NDM3MCwidXJsIjoiaHR0cHM6XC9cL3JlY3VlcmRhc2RldW5hdmlkYS5jb21cL3dwLWNvbnRlbnRcL3VwbG9hZHNcLzIwMjJcLzExXC9FTC1CT1NDTy0wLTg1LmpwZyIsInNsaWRlc2hvdyI6ImRjNjQ5NjUifQ%3D%3D\">\n\t\t\t\t\t<div class=\"e-gallery-image elementor-gallery-item__image\" data-thumbnail=\"https:\/\/recuerdasdeunavida.com\/wp-content\/uploads\/2022\/11\/EL-BOSCO-0-85-768x512.jpg\" data-width=\"768\" data-height=\"512\" aria-label=\"\" role=\"img\" ><\/div>\n\t\t\t\t\t\t\t\t\t\t\t<div class=\"elementor-gallery-item__overlay\"><\/div>\n\t\t\t\t\t\t\t\t\t\t\t\t\t\t\t<div class=\"elementor-gallery-item__content\">\n\t\t\t\t\t\t\t\t\t\t\t<\/div>\n\t\t\t\t\t\t\t\t\t<\/a>\n\t\t\t\t\t\t\t<a class=\"e-gallery-item elementor-gallery-item elementor-animated-content\" href=\"https:\/\/recuerdasdeunavida.com\/wp-content\/uploads\/2022\/11\/EL-BOSCO-0-92.jpg\" data-elementor-open-lightbox=\"yes\" data-elementor-lightbox-slideshow=\"dc64965\" data-e-action-hash=\"#elementor-action%3Aaction%3Dlightbox%26settings%3DeyJpZCI6NDM3MywidXJsIjoiaHR0cHM6XC9cL3JlY3VlcmRhc2RldW5hdmlkYS5jb21cL3dwLWNvbnRlbnRcL3VwbG9hZHNcLzIwMjJcLzExXC9FTC1CT1NDTy0wLTkyLmpwZyIsInNsaWRlc2hvdyI6ImRjNjQ5NjUifQ%3D%3D\">\n\t\t\t\t\t<div class=\"e-gallery-image elementor-gallery-item__image\" data-thumbnail=\"https:\/\/recuerdasdeunavida.com\/wp-content\/uploads\/2022\/11\/EL-BOSCO-0-92-768x512.jpg\" data-width=\"768\" data-height=\"512\" aria-label=\"\" role=\"img\" ><\/div>\n\t\t\t\t\t\t\t\t\t\t\t<div class=\"elementor-gallery-item__overlay\"><\/div>\n\t\t\t\t\t\t\t\t\t\t\t\t\t\t\t<div class=\"elementor-gallery-item__content\">\n\t\t\t\t\t\t\t\t\t\t\t<\/div>\n\t\t\t\t\t\t\t\t\t<\/a>\n\t\t\t\t\t\t\t<a class=\"e-gallery-item elementor-gallery-item elementor-animated-content\" href=\"https:\/\/recuerdasdeunavida.com\/wp-content\/uploads\/2022\/11\/EL-BOSCO-0-93.jpg\" data-elementor-open-lightbox=\"yes\" data-elementor-lightbox-slideshow=\"dc64965\" data-e-action-hash=\"#elementor-action%3Aaction%3Dlightbox%26settings%3DeyJpZCI6NDM3NiwidXJsIjoiaHR0cHM6XC9cL3JlY3VlcmRhc2RldW5hdmlkYS5jb21cL3dwLWNvbnRlbnRcL3VwbG9hZHNcLzIwMjJcLzExXC9FTC1CT1NDTy0wLTkzLmpwZyIsInNsaWRlc2hvdyI6ImRjNjQ5NjUifQ%3D%3D\">\n\t\t\t\t\t<div class=\"e-gallery-image elementor-gallery-item__image\" data-thumbnail=\"https:\/\/recuerdasdeunavida.com\/wp-content\/uploads\/2022\/11\/EL-BOSCO-0-93-768x512.jpg\" data-width=\"768\" data-height=\"512\" aria-label=\"\" role=\"img\" ><\/div>\n\t\t\t\t\t\t\t\t\t\t\t<div class=\"elementor-gallery-item__overlay\"><\/div>\n\t\t\t\t\t\t\t\t\t\t\t\t\t\t\t<div class=\"elementor-gallery-item__content\">\n\t\t\t\t\t\t\t\t\t\t\t<\/div>\n\t\t\t\t\t\t\t\t\t<\/a>\n\t\t\t\t\t\t\t<a class=\"e-gallery-item elementor-gallery-item elementor-animated-content\" href=\"https:\/\/recuerdasdeunavida.com\/wp-content\/uploads\/2022\/11\/EL-BOSCO-0-110.jpg\" data-elementor-open-lightbox=\"yes\" data-elementor-lightbox-slideshow=\"dc64965\" data-e-action-hash=\"#elementor-action%3Aaction%3Dlightbox%26settings%3DeyJpZCI6NDM3OSwidXJsIjoiaHR0cHM6XC9cL3JlY3VlcmRhc2RldW5hdmlkYS5jb21cL3dwLWNvbnRlbnRcL3VwbG9hZHNcLzIwMjJcLzExXC9FTC1CT1NDTy0wLTExMC5qcGciLCJzbGlkZXNob3ciOiJkYzY0OTY1In0%3D\">\n\t\t\t\t\t<div class=\"e-gallery-image elementor-gallery-item__image\" data-thumbnail=\"https:\/\/recuerdasdeunavida.com\/wp-content\/uploads\/2022\/11\/EL-BOSCO-0-110-768x512.jpg\" data-width=\"768\" data-height=\"512\" aria-label=\"\" role=\"img\" ><\/div>\n\t\t\t\t\t\t\t\t\t\t\t<div class=\"elementor-gallery-item__overlay\"><\/div>\n\t\t\t\t\t\t\t\t\t\t\t\t\t\t\t<div class=\"elementor-gallery-item__content\">\n\t\t\t\t\t\t\t\t\t\t\t<\/div>\n\t\t\t\t\t\t\t\t\t<\/a>\n\t\t\t\t\t\t\t<a class=\"e-gallery-item elementor-gallery-item elementor-animated-content\" href=\"https:\/\/recuerdasdeunavida.com\/wp-content\/uploads\/2022\/11\/EL-BOSCO-0-113.jpg\" data-elementor-open-lightbox=\"yes\" data-elementor-lightbox-slideshow=\"dc64965\" data-e-action-hash=\"#elementor-action%3Aaction%3Dlightbox%26settings%3DeyJpZCI6NDM4MiwidXJsIjoiaHR0cHM6XC9cL3JlY3VlcmRhc2RldW5hdmlkYS5jb21cL3dwLWNvbnRlbnRcL3VwbG9hZHNcLzIwMjJcLzExXC9FTC1CT1NDTy0wLTExMy5qcGciLCJzbGlkZXNob3ciOiJkYzY0OTY1In0%3D\">\n\t\t\t\t\t<div class=\"e-gallery-image elementor-gallery-item__image\" data-thumbnail=\"https:\/\/recuerdasdeunavida.com\/wp-content\/uploads\/2022\/11\/EL-BOSCO-0-113-768x512.jpg\" data-width=\"768\" data-height=\"512\" aria-label=\"\" role=\"img\" ><\/div>\n\t\t\t\t\t\t\t\t\t\t\t<div class=\"elementor-gallery-item__overlay\"><\/div>\n\t\t\t\t\t\t\t\t\t\t\t\t\t\t\t<div class=\"elementor-gallery-item__content\">\n\t\t\t\t\t\t\t\t\t\t\t<\/div>\n\t\t\t\t\t\t\t\t\t<\/a>\n\t\t\t\t\t\t\t<a class=\"e-gallery-item elementor-gallery-item elementor-animated-content\" href=\"https:\/\/recuerdasdeunavida.com\/wp-content\/uploads\/2022\/11\/EL-BOSCO-0-117.jpg\" data-elementor-open-lightbox=\"yes\" data-elementor-lightbox-slideshow=\"dc64965\" data-e-action-hash=\"#elementor-action%3Aaction%3Dlightbox%26settings%3DeyJpZCI6NDM4NSwidXJsIjoiaHR0cHM6XC9cL3JlY3VlcmRhc2RldW5hdmlkYS5jb21cL3dwLWNvbnRlbnRcL3VwbG9hZHNcLzIwMjJcLzExXC9FTC1CT1NDTy0wLTExNy5qcGciLCJzbGlkZXNob3ciOiJkYzY0OTY1In0%3D\">\n\t\t\t\t\t<div class=\"e-gallery-image elementor-gallery-item__image\" data-thumbnail=\"https:\/\/recuerdasdeunavida.com\/wp-content\/uploads\/2022\/11\/EL-BOSCO-0-117-768x512.jpg\" data-width=\"768\" data-height=\"512\" aria-label=\"\" role=\"img\" ><\/div>\n\t\t\t\t\t\t\t\t\t\t\t<div class=\"elementor-gallery-item__overlay\"><\/div>\n\t\t\t\t\t\t\t\t\t\t\t\t\t\t\t<div class=\"elementor-gallery-item__content\">\n\t\t\t\t\t\t\t\t\t\t\t<\/div>\n\t\t\t\t\t\t\t\t\t<\/a>\n\t\t\t\t\t\t\t<a class=\"e-gallery-item elementor-gallery-item elementor-animated-content\" href=\"https:\/\/recuerdasdeunavida.com\/wp-content\/uploads\/2022\/11\/FAB04351.jpg\" data-elementor-open-lightbox=\"yes\" data-elementor-lightbox-slideshow=\"dc64965\" data-e-action-hash=\"#elementor-action%3Aaction%3Dlightbox%26settings%3DeyJpZCI6NDM4OCwidXJsIjoiaHR0cHM6XC9cL3JlY3VlcmRhc2RldW5hdmlkYS5jb21cL3dwLWNvbnRlbnRcL3VwbG9hZHNcLzIwMjJcLzExXC9GQUIwNDM1MS5qcGciLCJzbGlkZXNob3ciOiJkYzY0OTY1In0%3D\">\n\t\t\t\t\t<div class=\"e-gallery-image elementor-gallery-item__image\" data-thumbnail=\"https:\/\/recuerdasdeunavida.com\/wp-content\/uploads\/2022\/11\/FAB04351.jpg\" data-width=\"720\" data-height=\"1080\" aria-label=\"\" role=\"img\" ><\/div>\n\t\t\t\t\t\t\t\t\t\t\t<div class=\"elementor-gallery-item__overlay\"><\/div>\n\t\t\t\t\t\t\t\t\t\t\t\t\t\t\t<div class=\"elementor-gallery-item__content\">\n\t\t\t\t\t\t\t\t\t\t\t<\/div>\n\t\t\t\t\t\t\t\t\t<\/a>\n\t\t\t\t\t\t\t<a class=\"e-gallery-item elementor-gallery-item elementor-animated-content\" href=\"https:\/\/recuerdasdeunavida.com\/wp-content\/uploads\/2022\/11\/FAB04354.jpg\" data-elementor-open-lightbox=\"yes\" data-elementor-lightbox-slideshow=\"dc64965\" data-e-action-hash=\"#elementor-action%3Aaction%3Dlightbox%26settings%3DeyJpZCI6NDM5MSwidXJsIjoiaHR0cHM6XC9cL3JlY3VlcmRhc2RldW5hdmlkYS5jb21cL3dwLWNvbnRlbnRcL3VwbG9hZHNcLzIwMjJcLzExXC9GQUIwNDM1NC5qcGciLCJzbGlkZXNob3ciOiJkYzY0OTY1In0%3D\">\n\t\t\t\t\t<div class=\"e-gallery-image elementor-gallery-item__image\" data-thumbnail=\"https:\/\/recuerdasdeunavida.com\/wp-content\/uploads\/2022\/11\/FAB04354-768x512.jpg\" data-width=\"768\" data-height=\"512\" aria-label=\"\" role=\"img\" ><\/div>\n\t\t\t\t\t\t\t\t\t\t\t<div class=\"elementor-gallery-item__overlay\"><\/div>\n\t\t\t\t\t\t\t\t\t\t\t\t\t\t\t<div class=\"elementor-gallery-item__content\">\n\t\t\t\t\t\t\t\t\t\t\t<\/div>\n\t\t\t\t\t\t\t\t\t<\/a>\n\t\t\t\t\t\t\t<a class=\"e-gallery-item elementor-gallery-item elementor-animated-content\" href=\"https:\/\/recuerdasdeunavida.com\/wp-content\/uploads\/2022\/11\/FAB04379-1.jpg\" data-elementor-open-lightbox=\"yes\" data-elementor-lightbox-slideshow=\"dc64965\" data-e-action-hash=\"#elementor-action%3Aaction%3Dlightbox%26settings%3DeyJpZCI6NDM5NCwidXJsIjoiaHR0cHM6XC9cL3JlY3VlcmRhc2RldW5hdmlkYS5jb21cL3dwLWNvbnRlbnRcL3VwbG9hZHNcLzIwMjJcLzExXC9GQUIwNDM3OS0xLmpwZyIsInNsaWRlc2hvdyI6ImRjNjQ5NjUifQ%3D%3D\">\n\t\t\t\t\t<div class=\"e-gallery-image elementor-gallery-item__image\" data-thumbnail=\"https:\/\/recuerdasdeunavida.com\/wp-content\/uploads\/2022\/11\/FAB04379-1-768x512.jpg\" data-width=\"768\" data-height=\"512\" aria-label=\"\" role=\"img\" ><\/div>\n\t\t\t\t\t\t\t\t\t\t\t<div class=\"elementor-gallery-item__overlay\"><\/div>\n\t\t\t\t\t\t\t\t\t\t\t\t\t\t\t<div class=\"elementor-gallery-item__content\">\n\t\t\t\t\t\t\t\t\t\t\t<\/div>\n\t\t\t\t\t\t\t\t\t<\/a>\n\t\t\t\t\t\t\t<a class=\"e-gallery-item elementor-gallery-item elementor-animated-content\" href=\"https:\/\/recuerdasdeunavida.com\/wp-content\/uploads\/2022\/11\/FAB04424-1.jpg\" data-elementor-open-lightbox=\"yes\" data-elementor-lightbox-slideshow=\"dc64965\" data-e-action-hash=\"#elementor-action%3Aaction%3Dlightbox%26settings%3DeyJpZCI6NDM5NywidXJsIjoiaHR0cHM6XC9cL3JlY3VlcmRhc2RldW5hdmlkYS5jb21cL3dwLWNvbnRlbnRcL3VwbG9hZHNcLzIwMjJcLzExXC9GQUIwNDQyNC0xLmpwZyIsInNsaWRlc2hvdyI6ImRjNjQ5NjUifQ%3D%3D\">\n\t\t\t\t\t<div class=\"e-gallery-image elementor-gallery-item__image\" data-thumbnail=\"https:\/\/recuerdasdeunavida.com\/wp-content\/uploads\/2022\/11\/FAB04424-1-768x512.jpg\" data-width=\"768\" data-height=\"512\" aria-label=\"\" role=\"img\" ><\/div>\n\t\t\t\t\t\t\t\t\t\t\t<div class=\"elementor-gallery-item__overlay\"><\/div>\n\t\t\t\t\t\t\t\t\t\t\t\t\t\t\t<div class=\"elementor-gallery-item__content\">\n\t\t\t\t\t\t\t\t\t\t\t<\/div>\n\t\t\t\t\t\t\t\t\t<\/a>\n\t\t\t\t\t\t\t<a class=\"e-gallery-item elementor-gallery-item elementor-animated-content\" href=\"https:\/\/recuerdasdeunavida.com\/wp-content\/uploads\/2022\/11\/FAB04427.jpg\" data-elementor-open-lightbox=\"yes\" data-elementor-lightbox-slideshow=\"dc64965\" data-e-action-hash=\"#elementor-action%3Aaction%3Dlightbox%26settings%3DeyJpZCI6NDQwMCwidXJsIjoiaHR0cHM6XC9cL3JlY3VlcmRhc2RldW5hdmlkYS5jb21cL3dwLWNvbnRlbnRcL3VwbG9hZHNcLzIwMjJcLzExXC9GQUIwNDQyNy5qcGciLCJzbGlkZXNob3ciOiJkYzY0OTY1In0%3D\">\n\t\t\t\t\t<div class=\"e-gallery-image elementor-gallery-item__image\" data-thumbnail=\"https:\/\/recuerdasdeunavida.com\/wp-content\/uploads\/2022\/11\/FAB04427-768x512.jpg\" data-width=\"768\" data-height=\"512\" aria-label=\"\" role=\"img\" ><\/div>\n\t\t\t\t\t\t\t\t\t\t\t<div class=\"elementor-gallery-item__overlay\"><\/div>\n\t\t\t\t\t\t\t\t\t\t\t\t\t\t\t<div class=\"elementor-gallery-item__content\">\n\t\t\t\t\t\t\t\t\t\t\t<\/div>\n\t\t\t\t\t\t\t\t\t<\/a>\n\t\t\t\t\t\t\t<a class=\"e-gallery-item elementor-gallery-item elementor-animated-content\" href=\"https:\/\/recuerdasdeunavida.com\/wp-content\/uploads\/2022\/11\/facebook_1668340771503_6997528371280890886.jpg\" data-elementor-open-lightbox=\"yes\" data-elementor-lightbox-slideshow=\"dc64965\" data-e-action-hash=\"#elementor-action%3Aaction%3Dlightbox%26settings%3DeyJpZCI6NDQwMywidXJsIjoiaHR0cHM6XC9cL3JlY3VlcmRhc2RldW5hdmlkYS5jb21cL3dwLWNvbnRlbnRcL3VwbG9hZHNcLzIwMjJcLzExXC9mYWNlYm9va18xNjY4MzQwNzcxNTAzXzY5OTc1MjgzNzEyODA4OTA4ODYuanBnIiwic2xpZGVzaG93IjoiZGM2NDk2NSJ9\">\n\t\t\t\t\t<div class=\"e-gallery-image elementor-gallery-item__image\" data-thumbnail=\"https:\/\/recuerdasdeunavida.com\/wp-content\/uploads\/2022\/11\/facebook_1668340771503_6997528371280890886-768x576.jpg\" data-width=\"768\" data-height=\"576\" aria-label=\"\" role=\"img\" ><\/div>\n\t\t\t\t\t\t\t\t\t\t\t<div class=\"elementor-gallery-item__overlay\"><\/div>\n\t\t\t\t\t\t\t\t\t\t\t\t\t\t\t<div class=\"elementor-gallery-item__content\">\n\t\t\t\t\t\t\t\t\t\t\t<\/div>\n\t\t\t\t\t\t\t\t\t<\/a>\n\t\t\t\t\t<\/div>\n\t\t\t\t\t<\/div>\n\t\t\t\t<\/div>\n\t\t\t\t<section class=\"elementor-section elementor-inner-section elementor-element elementor-element-dd5bbd5 elementor-section-boxed elementor-section-height-default elementor-section-height-default\" data-id=\"dd5bbd5\" data-element_type=\"section\" data-e-type=\"section\">\n\t\t\t\t\t\t<div class=\"elementor-container elementor-column-gap-default\">\n\t\t\t\t\t<div class=\"elementor-column elementor-col-50 elementor-inner-column elementor-element elementor-element-43dc0ef\" data-id=\"43dc0ef\" data-element_type=\"column\" data-e-type=\"column\">\n\t\t\t<div class=\"elementor-widget-wrap elementor-element-populated\">\n\t\t\t\t\t\t<div class=\"elementor-element elementor-element-16489d1 elementor-widget elementor-widget-text-editor\" data-id=\"16489d1\" data-element_type=\"widget\" data-e-type=\"widget\" data-widget_type=\"text-editor.default\">\n\t\t\t\t<div class=\"elementor-widget-container\">\n\t\t\t\t\t\t\t\t\t<p><a href=\"https:\/\/www.youtube.com\/watch?v=I_CXob91jhI&amp;t=7s\" target=\"_blank\" rel=\"noopener\"><img loading=\"lazy\" decoding=\"async\" class=\"size-medium wp-image-4555 alignnone\" src=\"https:\/\/recuerdasdeunavida.com\/wp-content\/uploads\/2022\/11\/Captura-de-pantalla-2022-11-21-a-las-23.03.49-300x169.png\" alt=\"\" width=\"300\" height=\"169\" srcset=\"https:\/\/recuerdasdeunavida.com\/wp-content\/uploads\/2022\/11\/Captura-de-pantalla-2022-11-21-a-las-23.03.49-300x169.png 300w, https:\/\/recuerdasdeunavida.com\/wp-content\/uploads\/2022\/11\/Captura-de-pantalla-2022-11-21-a-las-23.03.49.png 681w\" sizes=\"(max-width: 300px) 100vw, 300px\" \/><\/a><\/p><p><a href=\"https:\/\/www.youtube.com\/watch?v=I_CXob91jhI&amp;t=7s\" target=\"_blank\" rel=\"noopener\">Pour voir la vid\u00e9o du concert\u00a0cliquez ici<\/a><\/p>\t\t\t\t\t\t\t\t<\/div>\n\t\t\t\t<\/div>\n\t\t\t\t\t<\/div>\n\t\t<\/div>\n\t\t\t\t<div class=\"elementor-column elementor-col-50 elementor-inner-column elementor-element elementor-element-d23a5d0\" data-id=\"d23a5d0\" data-element_type=\"column\" data-e-type=\"column\">\n\t\t\t<div class=\"elementor-widget-wrap\">\n\t\t\t\t\t\t\t<\/div>\n\t\t<\/div>\n\t\t\t\t\t<\/div>\n\t\t<\/section>\n\t\t\t\t\t<\/div>\n\t\t<\/div>\n\t\t\t\t\t<\/div>\n\t\t<\/section>\n\t\t\t\t<section class=\"elementor-section elementor-top-section elementor-element elementor-element-7183d1c8 elementor-hidden-desktop elementor-hidden-tablet elementor-hidden-mobile elementor-section-boxed elementor-section-height-default elementor-section-height-default\" data-id=\"7183d1c8\" data-element_type=\"section\" data-e-type=\"section\" data-settings=\"{&quot;background_background&quot;:&quot;classic&quot;}\">\n\t\t\t\t\t\t<div class=\"elementor-container elementor-column-gap-default\">\n\t\t\t\t\t<div class=\"elementor-column elementor-col-50 elementor-top-column elementor-element elementor-element-64ec2c57\" data-id=\"64ec2c57\" data-element_type=\"column\" data-e-type=\"column\">\n\t\t\t<div class=\"elementor-widget-wrap elementor-element-populated\">\n\t\t\t\t\t\t<div class=\"elementor-element elementor-element-616e4242 elementor-widget elementor-widget-heading\" data-id=\"616e4242\" data-element_type=\"widget\" data-e-type=\"widget\" data-widget_type=\"heading.default\">\n\t\t\t\t<div class=\"elementor-widget-container\">\n\t\t\t\t\t<h2 class=\"elementor-heading-title elementor-size-default\">PRENSA<\/h2>\t\t\t\t<\/div>\n\t\t\t\t<\/div>\n\t\t\t\t<div class=\"elementor-element elementor-element-5d00dcb6 elementor-widget elementor-widget-tp-accordion\" data-id=\"5d00dcb6\" data-element_type=\"widget\" data-e-type=\"widget\" data-widget_type=\"tp-accordion.default\">\n\t\t\t\t<div class=\"elementor-widget-container\">\n\t\t\t\t\t\n<div class=\"theplus-accordion-wrapper elementor-accordion   \"\n    id=\"accordion69f45b16b46e0\" data-accordion-id=\"accordion69f45b16b46e0\"\n    data-connection=\"\"\n    data-accordion-type=\"accordion\"\n    data-heightlight-text       role=\"tablist\" >\n\n            <div class=\"theplus-accordion-item\"  role=\"tab\">\n            <div id=\"elementor-tab-title-1561\" class=\"elementor-tab-title plus-accordion-header 0 text-left \" data-tab=\"1\" aria-controls=\"elementor-tab-content-1561\">\n                                                <span class=\"accordion-icon-prefix \"><span\n                        class=\"plus-icon-accordion\"><i aria-hidden=\"true\" class=\"far fa-newspaper\"><\/i><\/span><\/span>\n                \n                <span style=\"width:100%\">SUD QUEST SAINT-JEAN-DE-LUZ<\/span>                <span class=\"elementor-accordion-icon elementor-accordion-icon-right\" aria-hidden=\"true\"><span class=\"elementor-accordion-icon-closed\"><i aria-hidden=\"true\" class=\"fas fa-chevron-up\"><\/i><\/span><span class=\"elementor-accordion-icon-opened\"><i aria-hidden=\"true\" class=\"fas fa-chevron-down\"><\/i><\/span><\/span>            <\/div>\n\n                        <div id=\"elementor-tab-content-1561\" class=\"elementor-tab-content elementor-clearfix plus-accordion-content 0 \" data-tab=\"1\" role=\"tabpanel\" aria-labelledby=\"elementor-tab-title-1561\">\n                <div class=\"plus-content-editor\" ><p><img loading=\"lazy\" decoding=\"async\" class=\"alignnone size-full wp-image-2767\" src=\"https:\/\/recuerdasdeunavida.com\/wp-content\/uploads\/2022\/10\/ARTICLE-SUD-OUEST.jpeg\" alt=\"\" width=\"1854\" height=\"2545\" srcset=\"https:\/\/recuerdasdeunavida.com\/wp-content\/uploads\/2022\/10\/ARTICLE-SUD-OUEST.jpeg 1854w, https:\/\/recuerdasdeunavida.com\/wp-content\/uploads\/2022\/10\/ARTICLE-SUD-OUEST-219x300.jpeg 219w, https:\/\/recuerdasdeunavida.com\/wp-content\/uploads\/2022\/10\/ARTICLE-SUD-OUEST-746x1024.jpeg 746w, https:\/\/recuerdasdeunavida.com\/wp-content\/uploads\/2022\/10\/ARTICLE-SUD-OUEST-768x1054.jpeg 768w, https:\/\/recuerdasdeunavida.com\/wp-content\/uploads\/2022\/10\/ARTICLE-SUD-OUEST-1119x1536.jpeg 1119w, https:\/\/recuerdasdeunavida.com\/wp-content\/uploads\/2022\/10\/ARTICLE-SUD-OUEST-1492x2048.jpeg 1492w\" sizes=\"(max-width: 1854px) 100vw, 1854px\" \/><\/p><p><img loading=\"lazy\" decoding=\"async\" class=\"alignnone size-full wp-image-2770\" src=\"https:\/\/recuerdasdeunavida.com\/wp-content\/uploads\/2022\/10\/Capture-decran-2022-05-27-a-11.09.00.png\" alt=\"\" width=\"452\" height=\"739\" srcset=\"https:\/\/recuerdasdeunavida.com\/wp-content\/uploads\/2022\/10\/Capture-decran-2022-05-27-a-11.09.00.png 452w, https:\/\/recuerdasdeunavida.com\/wp-content\/uploads\/2022\/10\/Capture-decran-2022-05-27-a-11.09.00-183x300.png 183w\" sizes=\"(max-width: 452px) 100vw, 452px\" \/><\/p><\/div>\n            <\/div>\n                    <\/div>\n        \n<\/div>\n\t\t\t\t<\/div>\n\t\t\t\t<\/div>\n\t\t\t\t\t<\/div>\n\t\t<\/div>\n\t\t\t\t<div class=\"elementor-column elementor-col-50 elementor-top-column elementor-element elementor-element-13688aac elementor-hidden-desktop elementor-hidden-tablet elementor-hidden-mobile\" data-id=\"13688aac\" data-element_type=\"column\" data-e-type=\"column\">\n\t\t\t<div class=\"elementor-widget-wrap elementor-element-populated\">\n\t\t\t\t\t\t<div class=\"elementor-element elementor-element-2b244afa elementor-widget elementor-widget-tp-accordion\" data-id=\"2b244afa\" data-element_type=\"widget\" data-e-type=\"widget\" data-widget_type=\"tp-accordion.default\">\n\t\t\t\t<div class=\"elementor-widget-container\">\n\t\t\t\t\t\n<div class=\"theplus-accordion-wrapper elementor-accordion   \"\n    id=\"accordion69f45b16b7ad1\" data-accordion-id=\"accordion69f45b16b7ad1\"\n    data-connection=\"\"\n    data-accordion-type=\"accordion\"\n    data-heightlight-text       role=\"tablist\" >\n\n            <div class=\"theplus-accordion-item\"  role=\"tab\">\n            <div id=\"elementor-tab-title-7231\" class=\"elementor-tab-title plus-accordion-header 0 text-left \" data-tab=\"1\" aria-controls=\"elementor-tab-content-7231\">\n                                                <span class=\"accordion-icon-prefix \"><span\n                        class=\"plus-icon-accordion\"><i aria-hidden=\"true\" class=\"far fa-newspaper\"><\/i><\/span><\/span>\n                \n                <span style=\"width:100%\">ASOCIACI\u00d3N MADRILE\u00d1A DE COMPOSITORES (11\/2021).   <\/br><b>Concierto Monogr\u00e1fico de \u00c1ngel Pi\u00f1ero  en SGAE.<\/b><\/span>                <span class=\"elementor-accordion-icon elementor-accordion-icon-right\" aria-hidden=\"true\"><span class=\"elementor-accordion-icon-closed\"><i aria-hidden=\"true\" class=\"fas fa-chevron-up\"><\/i><\/span><span class=\"elementor-accordion-icon-opened\"><i aria-hidden=\"true\" class=\"fas fa-chevron-down\"><\/i><\/span><\/span>            <\/div>\n\n                        <div id=\"elementor-tab-content-7231\" class=\"elementor-tab-content elementor-clearfix plus-accordion-content 0 \" data-tab=\"1\" role=\"tabpanel\" aria-labelledby=\"elementor-tab-title-7231\">\n                <div class=\"plus-content-editor\" ><p><span style=\"color: #333333;\">El 11 de noviembre a la 19:00 se organiza a trav\u00e9s de la Asociaci\u00f3n de guitarra cl\u00e1sica \u00c1ngel G. Pi\u00f1ero, un concierto de guitarra sola y guitarra y cuarteto de cuerdas en la sala Manuel de Falla de la SGAE. Es un concierto monogr\u00e1fico de parte de las obras de Pi\u00f1ero, que ser\u00e1n interpretadas por un concertista ucraniano premiado, Stalisnav Stetshenko y el cuarteto Chagall.<\/span><\/p><p><span style=\"color: #333333;\">El programa incluye las obras Preludio Azul, El viento de la vida, Murmullo musical, Balada a una desconocida, Viaje Nocturno, Alegr\u00edas en el puerto, Canto a la serran\u00eda y Brisas de C\u00e1diz.<\/span><\/p><p><a href=\"https:\/\/amcc.es\/concierto-monografico-de-angel-pinero-en-sgae\/\" target=\"_blank\" rel=\"noopener\"><span style=\"text-decoration: underline;\"><span style=\"color: #9e7e54; text-decoration: underline;\">Ver m\u00e1s<\/span><\/span><\/a><\/p><\/div>\n            <\/div>\n                    <\/div>\n        \n<\/div>\n\t\t\t\t<\/div>\n\t\t\t\t<\/div>\n\t\t\t\t\t<\/div>\n\t\t<\/div>\n\t\t\t\t\t<\/div>\n\t\t<\/section>\n\t\t\t\t<section class=\"elementor-section elementor-top-section elementor-element elementor-element-0bc4b4d elementor-section-boxed elementor-section-height-default elementor-section-height-default\" data-id=\"0bc4b4d\" data-element_type=\"section\" data-e-type=\"section\" data-settings=\"{&quot;background_background&quot;:&quot;classic&quot;}\">\n\t\t\t\t\t\t<div class=\"elementor-container elementor-column-gap-default\">\n\t\t\t\t\t<div class=\"elementor-column elementor-col-50 elementor-top-column elementor-element elementor-element-6a3e4cf\" data-id=\"6a3e4cf\" data-element_type=\"column\" data-e-type=\"column\">\n\t\t\t<div class=\"elementor-widget-wrap elementor-element-populated\">\n\t\t\t\t\t\t<div class=\"elementor-element elementor-element-8489bdc elementor-widget elementor-widget-heading\" data-id=\"8489bdc\" data-element_type=\"widget\" data-e-type=\"widget\" data-widget_type=\"heading.default\">\n\t\t\t\t<div class=\"elementor-widget-container\">\n\t\t\t\t\t<h2 class=\"elementor-heading-title elementor-size-default\">PRESSE<\/h2>\t\t\t\t<\/div>\n\t\t\t\t<\/div>\n\t\t\t\t<div class=\"elementor-element elementor-element-ea54800 elementor-widget elementor-widget-tp-accordion\" data-id=\"ea54800\" data-element_type=\"widget\" data-e-type=\"widget\" data-widget_type=\"tp-accordion.default\">\n\t\t\t\t<div class=\"elementor-widget-container\">\n\t\t\t\t\t\n<div class=\"theplus-accordion-wrapper elementor-accordion   \"\n    id=\"accordion69f45b16babd2\" data-accordion-id=\"accordion69f45b16babd2\"\n    data-connection=\"\"\n    data-accordion-type=\"accordion\"\n    data-heightlight-text       role=\"tablist\" >\n\n            <div class=\"theplus-accordion-item\"  role=\"tab\">\n            <div id=\"elementor-tab-title-2451\" class=\"elementor-tab-title plus-accordion-header 0 text-left \" data-tab=\"1\" aria-controls=\"elementor-tab-content-2451\">\n                                                <span class=\"accordion-icon-prefix \"><span\n                        class=\"plus-icon-accordion\"><i aria-hidden=\"true\" class=\"far fa-newspaper\"><\/i><\/span><\/span>\n                \n                <span style=\"width:100%\">C\u00c1DIZ CONTIGO \/ ONDA C\u00c1DIZ<\/span>                <span class=\"elementor-accordion-icon elementor-accordion-icon-right\" aria-hidden=\"true\"><span class=\"elementor-accordion-icon-closed\"><i aria-hidden=\"true\" class=\"fas fa-chevron-up\"><\/i><\/span><span class=\"elementor-accordion-icon-opened\"><i aria-hidden=\"true\" class=\"fas fa-chevron-down\"><\/i><\/span><\/span>            <\/div>\n\n                        <div id=\"elementor-tab-content-2451\" class=\"elementor-tab-content elementor-clearfix plus-accordion-content 0 \" data-tab=\"1\" role=\"tabpanel\" aria-labelledby=\"elementor-tab-title-2451\">\n                <div class=\"plus-content-editor\" ><p><a href=\"https:\/\/www.youtube.com\/watch?v=YEQw8dMU1bs\" target=\"_blank\" rel=\"noopener\"><img loading=\"lazy\" decoding=\"async\" class=\"alignnone size-medium wp-image-4309\" src=\"https:\/\/recuerdasdeunavida.com\/wp-content\/uploads\/2022\/11\/Captura-de-pantalla-2022-11-16-a-las-23.14.42-300x225.png\" alt=\"\" width=\"300\" height=\"225\" srcset=\"https:\/\/recuerdasdeunavida.com\/wp-content\/uploads\/2022\/11\/Captura-de-pantalla-2022-11-16-a-las-23.14.42-300x225.png 300w, https:\/\/recuerdasdeunavida.com\/wp-content\/uploads\/2022\/11\/Captura-de-pantalla-2022-11-16-a-las-23.14.42.png 418w\" sizes=\"(max-width: 300px) 100vw, 300px\" \/><br \/><br \/>Ver v\u00eddeo completo<\/a><\/p><\/div>\n            <\/div>\n                    <\/div>\n        \n<\/div>\n\t\t\t\t<\/div>\n\t\t\t\t<\/div>\n\t\t\t\t<div class=\"elementor-element elementor-element-62830c1 elementor-widget elementor-widget-tp-accordion\" data-id=\"62830c1\" data-element_type=\"widget\" data-e-type=\"widget\" data-widget_type=\"tp-accordion.default\">\n\t\t\t\t<div class=\"elementor-widget-container\">\n\t\t\t\t\t\n<div class=\"theplus-accordion-wrapper elementor-accordion   \"\n    id=\"accordion69f45b16bdf1e\" data-accordion-id=\"accordion69f45b16bdf1e\"\n    data-connection=\"\"\n    data-accordion-type=\"accordion\"\n    data-heightlight-text       role=\"tablist\" >\n\n            <div class=\"theplus-accordion-item\"  role=\"tab\">\n            <div id=\"elementor-tab-title-1031\" class=\"elementor-tab-title plus-accordion-header 0 text-left \" data-tab=\"1\" aria-controls=\"elementor-tab-content-1031\">\n                                                <span class=\"accordion-icon-prefix \"><span\n                        class=\"plus-icon-accordion\"><i aria-hidden=\"true\" class=\"far fa-newspaper\"><\/i><\/span><\/span>\n                \n                <span style=\"width:100%\">Entrevista en ONDA JEREZ<\/span>                <span class=\"elementor-accordion-icon elementor-accordion-icon-right\" aria-hidden=\"true\"><span class=\"elementor-accordion-icon-closed\"><i aria-hidden=\"true\" class=\"fas fa-chevron-up\"><\/i><\/span><span class=\"elementor-accordion-icon-opened\"><i aria-hidden=\"true\" class=\"fas fa-chevron-down\"><\/i><\/span><\/span>            <\/div>\n\n                        <div id=\"elementor-tab-content-1031\" class=\"elementor-tab-content elementor-clearfix plus-accordion-content 0 \" data-tab=\"1\" role=\"tabpanel\" aria-labelledby=\"elementor-tab-title-1031\">\n                <div class=\"plus-content-editor\" ><p><img loading=\"lazy\" decoding=\"async\" class=\"alignnone size-medium wp-image-4330\" src=\"https:\/\/recuerdasdeunavida.com\/wp-content\/uploads\/2022\/11\/Captura-de-pantalla-2022-11-16-a-las-23.30.10-300x225.png\" alt=\"\" width=\"300\" height=\"225\" srcset=\"https:\/\/recuerdasdeunavida.com\/wp-content\/uploads\/2022\/11\/Captura-de-pantalla-2022-11-16-a-las-23.30.10-300x225.png 300w, https:\/\/recuerdasdeunavida.com\/wp-content\/uploads\/2022\/11\/Captura-de-pantalla-2022-11-16-a-las-23.30.10.png 416w\" sizes=\"(max-width: 300px) 100vw, 300px\" \/><\/p><p><a href=\"https:\/\/www.youtube.com\/watch?v=ZhcH-n62WVI&amp;t=3s\" target=\"_blank\" rel=\"noopener\">Regarder la vid\u00e9o compl\u00e8te<\/a><br \/>\u00a0<br \/><br \/>\u00a0<\/p><\/div>\n            <\/div>\n                    <\/div>\n        \n<\/div>\n\t\t\t\t<\/div>\n\t\t\t\t<\/div>\n\t\t\t\t\t<\/div>\n\t\t<\/div>\n\t\t\t\t<div class=\"elementor-column elementor-col-50 elementor-top-column elementor-element elementor-element-5b0871a\" data-id=\"5b0871a\" data-element_type=\"column\" data-e-type=\"column\">\n\t\t\t<div class=\"elementor-widget-wrap elementor-element-populated\">\n\t\t\t\t\t\t<div class=\"elementor-element elementor-element-bef44b0 elementor-widget elementor-widget-tp-accordion\" data-id=\"bef44b0\" data-element_type=\"widget\" data-e-type=\"widget\" data-widget_type=\"tp-accordion.default\">\n\t\t\t\t<div class=\"elementor-widget-container\">\n\t\t\t\t\t\n<div class=\"theplus-accordion-wrapper elementor-accordion   \"\n    id=\"accordion69f45b16c111b\" data-accordion-id=\"accordion69f45b16c111b\"\n    data-connection=\"\"\n    data-accordion-type=\"accordion\"\n    data-heightlight-text       role=\"tablist\" >\n\n            <div class=\"theplus-accordion-item\"  role=\"tab\">\n            <div id=\"elementor-tab-title-2001\" class=\"elementor-tab-title plus-accordion-header 0 text-left \" data-tab=\"1\" aria-controls=\"elementor-tab-content-2001\">\n                                                <span class=\"accordion-icon-prefix \"><span\n                        class=\"plus-icon-accordion\"><i aria-hidden=\"true\" class=\"far fa-newspaper\"><\/i><\/span><\/span>\n                \n                <span style=\"width:100%\">LA VOZ DIGITAL<\/span>                <span class=\"elementor-accordion-icon elementor-accordion-icon-right\" aria-hidden=\"true\"><span class=\"elementor-accordion-icon-closed\"><i aria-hidden=\"true\" class=\"fas fa-chevron-up\"><\/i><\/span><span class=\"elementor-accordion-icon-opened\"><i aria-hidden=\"true\" class=\"fas fa-chevron-down\"><\/i><\/span><\/span>            <\/div>\n\n                        <div id=\"elementor-tab-content-2001\" class=\"elementor-tab-content elementor-clearfix plus-accordion-content 0 \" data-tab=\"1\" role=\"tabpanel\" aria-labelledby=\"elementor-tab-title-2001\">\n                <div class=\"plus-content-editor\" ><p><img loading=\"lazy\" decoding=\"async\" class=\"alignnone size-medium wp-image-4321\" src=\"https:\/\/recuerdasdeunavida.com\/wp-content\/uploads\/2022\/11\/Captura-de-pantalla-2022-11-16-a-las-23.15.13-300x252.png\" alt=\"\" width=\"300\" height=\"252\" srcset=\"https:\/\/recuerdasdeunavida.com\/wp-content\/uploads\/2022\/11\/Captura-de-pantalla-2022-11-16-a-las-23.15.13-300x252.png 300w, https:\/\/recuerdasdeunavida.com\/wp-content\/uploads\/2022\/11\/Captura-de-pantalla-2022-11-16-a-las-23.15.13-768x646.png 768w, https:\/\/recuerdasdeunavida.com\/wp-content\/uploads\/2022\/11\/Captura-de-pantalla-2022-11-16-a-las-23.15.13.png 845w\" sizes=\"(max-width: 300px) 100vw, 300px\" \/><\/p><p><a href=\"https:\/\/www.lavozdigital.es\/provincia\/cadiz\/convento-santo-domingo-recuerda-guitarrista-gaditano-angel-20221111213116-ntv.html\">Leer m\u00e1s<\/a><\/p><\/div>\n            <\/div>\n                    <\/div>\n        \n<\/div>\n\t\t\t\t<\/div>\n\t\t\t\t<\/div>\n\t\t\t\t<div class=\"elementor-element elementor-element-a1f98c8 elementor-hidden-desktop elementor-hidden-tablet elementor-hidden-mobile elementor-widget elementor-widget-tp-accordion\" data-id=\"a1f98c8\" data-element_type=\"widget\" data-e-type=\"widget\" data-widget_type=\"tp-accordion.default\">\n\t\t\t\t<div class=\"elementor-widget-container\">\n\t\t\t\t\t\n<div class=\"theplus-accordion-wrapper elementor-accordion   \"\n    id=\"accordion69f45b16c4039\" data-accordion-id=\"accordion69f45b16c4039\"\n    data-connection=\"\"\n    data-accordion-type=\"accordion\"\n    data-heightlight-text       role=\"tablist\" >\n\n            <div class=\"theplus-accordion-item\"  role=\"tab\">\n            <div id=\"elementor-tab-title-1691\" class=\"elementor-tab-title plus-accordion-header 0 text-left \" data-tab=\"1\" aria-controls=\"elementor-tab-content-1691\">\n                                                <span class=\"accordion-icon-prefix \"><span\n                        class=\"plus-icon-accordion\"><i aria-hidden=\"true\" class=\"far fa-newspaper\"><\/i><\/span><\/span>\n                \n                <span style=\"width:100%\">ASOCIACI\u00d3N MADRILE\u00d1A DE COMPOSITORES (11\/2021).   <\/br><b>Concierto Monogr\u00e1fico de \u00c1ngel Pi\u00f1ero  en SGAE.<\/b><\/span>                <span class=\"elementor-accordion-icon elementor-accordion-icon-right\" aria-hidden=\"true\"><span class=\"elementor-accordion-icon-closed\"><i aria-hidden=\"true\" class=\"fas fa-chevron-up\"><\/i><\/span><span class=\"elementor-accordion-icon-opened\"><i aria-hidden=\"true\" class=\"fas fa-chevron-down\"><\/i><\/span><\/span>            <\/div>\n\n                        <div id=\"elementor-tab-content-1691\" class=\"elementor-tab-content elementor-clearfix plus-accordion-content 0 \" data-tab=\"1\" role=\"tabpanel\" aria-labelledby=\"elementor-tab-title-1691\">\n                <div class=\"plus-content-editor\" ><p><span style=\"color: #333333;\">El 11 de noviembre a la 19:00 se organiza a trav\u00e9s de la Asociaci\u00f3n de guitarra cl\u00e1sica \u00c1ngel G. Pi\u00f1ero, un concierto de guitarra sola y guitarra y cuarteto de cuerdas en la sala Manuel de Falla de la SGAE. Es un concierto monogr\u00e1fico de parte de las obras de Pi\u00f1ero, que ser\u00e1n interpretadas por un concertista ucraniano premiado, Stalisnav Stetshenko y el cuarteto Chagall.<\/span><\/p><p><span style=\"color: #333333;\">El programa incluye las obras Preludio Azul, El viento de la vida, Murmullo musical, Balada a una desconocida, Viaje Nocturno, Alegr\u00edas en el puerto, Canto a la serran\u00eda y Brisas de C\u00e1diz.<\/span><\/p><p><a href=\"https:\/\/amcc.es\/concierto-monografico-de-angel-pinero-en-sgae\/\" target=\"_blank\" rel=\"noopener\"><span style=\"text-decoration: underline;\"><span style=\"color: #9e7e54; text-decoration: underline;\">Ver m\u00e1s<\/span><\/span><\/a><\/p><\/div>\n            <\/div>\n                    <\/div>\n        \n<\/div>\n\t\t\t\t<\/div>\n\t\t\t\t<\/div>\n\t\t\t\t\t<\/div>\n\t\t<\/div>\n\t\t\t\t\t<\/div>\n\t\t<\/section>\n\t\t\t\t<\/div>\n\t\t","protected":false},"featured_media":3253,"parent":0,"template":"","tipo":[29,22,23],"class_list":["post-3409","conciertos","type-conciertos","status-publish","has-post-thumbnail","hentry","tipo-precedents","tipo-proximos","tipo-previos"],"_links":{"self":[{"href":"https:\/\/recuerdasdeunavida.com\/fr\/wp-json\/wp\/v2\/conciertos\/3409","targetHints":{"allow":["GET"]}}],"collection":[{"href":"https:\/\/recuerdasdeunavida.com\/fr\/wp-json\/wp\/v2\/conciertos"}],"about":[{"href":"https:\/\/recuerdasdeunavida.com\/fr\/wp-json\/wp\/v2\/types\/conciertos"}],"version-history":[{"count":53,"href":"https:\/\/recuerdasdeunavida.com\/fr\/wp-json\/wp\/v2\/conciertos\/3409\/revisions"}],"predecessor-version":[{"id":4610,"href":"https:\/\/recuerdasdeunavida.com\/fr\/wp-json\/wp\/v2\/conciertos\/3409\/revisions\/4610"}],"wp:featuredmedia":[{"embeddable":true,"href":"https:\/\/recuerdasdeunavida.com\/fr\/wp-json\/wp\/v2\/media\/3253"}],"wp:attachment":[{"href":"https:\/\/recuerdasdeunavida.com\/fr\/wp-json\/wp\/v2\/media?parent=3409"}],"wp:term":[{"taxonomy":"tipo","embeddable":true,"href":"https:\/\/recuerdasdeunavida.com\/fr\/wp-json\/wp\/v2\/tipo?post=3409"}],"curies":[{"name":"wp","href":"https:\/\/api.w.org\/{rel}","templated":true}]}}