{"id":3414,"date":"2022-10-03T17:31:00","date_gmt":"2022-10-03T15:31:00","guid":{"rendered":"https:\/\/recuerdasdeunavida.com\/?post_type=conciertos&#038;p=3414"},"modified":"2023-06-07T18:48:14","modified_gmt":"2023-06-07T16:48:14","slug":"festival-alp-escolta-musica-alp","status":"publish","type":"conciertos","link":"https:\/\/recuerdasdeunavida.com\/fr\/conciertos\/festival-alp-escolta-musica-alp\/","title":{"rendered":"Festival Alp Escolta Musica"},"content":{"rendered":"\t\t<div data-elementor-type=\"wp-post\" data-elementor-id=\"3414\" class=\"elementor elementor-3414 elementor-2698\" data-elementor-post-type=\"conciertos\">\n\t\t\t\t\t\t<section class=\"elementor-section elementor-top-section elementor-element elementor-element-1ecde8cf elementor-section-boxed elementor-section-height-default elementor-section-height-default\" data-id=\"1ecde8cf\" data-element_type=\"section\" data-e-type=\"section\" data-settings=\"{&quot;background_background&quot;:&quot;classic&quot;}\">\n\t\t\t\t\t\t<div class=\"elementor-container elementor-column-gap-default\">\n\t\t\t\t\t<div class=\"elementor-column elementor-col-100 elementor-top-column elementor-element elementor-element-27befd98\" data-id=\"27befd98\" data-element_type=\"column\" data-e-type=\"column\">\n\t\t\t<div class=\"elementor-widget-wrap elementor-element-populated\">\n\t\t\t\t\t\t<div class=\"elementor-element elementor-element-68df56ca elementor-widget elementor-widget-heading\" data-id=\"68df56ca\" data-element_type=\"widget\" data-e-type=\"widget\" data-widget_type=\"heading.default\">\n\t\t\t\t<div class=\"elementor-widget-container\">\n\t\t\t\t\t<h2 class=\"elementor-heading-title elementor-size-default\">CONCERTS &gt; FESTIVAL ALP ESCOLTA MUSICA<\/h2>\t\t\t\t<\/div>\n\t\t\t\t<\/div>\n\t\t\t\t\t<\/div>\n\t\t<\/div>\n\t\t\t\t\t<\/div>\n\t\t<\/section>\n\t\t\t\t<section class=\"elementor-section elementor-top-section elementor-element elementor-element-7af76fa elementor-section-content-middle elementor-reverse-mobile elementor-section-boxed elementor-section-height-default elementor-section-height-default\" data-id=\"7af76fa\" data-element_type=\"section\" data-e-type=\"section\" data-settings=\"{&quot;background_background&quot;:&quot;classic&quot;}\">\n\t\t\t\t\t\t<div class=\"elementor-container elementor-column-gap-no\">\n\t\t\t\t\t<div class=\"elementor-column elementor-col-50 elementor-top-column elementor-element elementor-element-61b84da6\" data-id=\"61b84da6\" data-element_type=\"column\" data-e-type=\"column\">\n\t\t\t<div class=\"elementor-widget-wrap elementor-element-populated\">\n\t\t\t\t\t\t<div class=\"elementor-element elementor-element-15fb795b elementor-widget elementor-widget-heading\" data-id=\"15fb795b\" data-element_type=\"widget\" data-e-type=\"widget\" data-widget_type=\"heading.default\">\n\t\t\t\t<div class=\"elementor-widget-container\">\n\t\t\t\t\t<h2 class=\"elementor-heading-title elementor-size-default\">FESTIVAL ALP ESCOLTA MUSICA (G\u00c9RONE)<br>11 ao\u00fbt 2022<\/h2>\t\t\t\t<\/div>\n\t\t\t\t<\/div>\n\t\t\t\t<div class=\"elementor-element elementor-element-1e3ccdaa elementor-widget elementor-widget-text-editor\" data-id=\"1e3ccdaa\" data-element_type=\"widget\" data-e-type=\"widget\" data-widget_type=\"text-editor.default\">\n\t\t\t\t<div class=\"elementor-widget-container\">\n\t\t\t\t\t\t\t\t\t<p>Dans le cadre du <em>Festival Alp Escolta M\u00fasica<\/em> (Alp, G\u00e9rone), Cristopher Avilez a \u00e9t\u00e9 le protagoniste d&rsquo;un concert de guitare classique qui a eu lieu le 11 ao\u00fbt 2022 au Th\u00e9\u00e2tre Municipal \u00ab\u00a0El Casino\u00a0\u00bb d&rsquo;Alp.<\/p><p>Christopher, finaliste du Concours International de Guitare classique \u00c1ngel G. Pi\u00f1ero, collabore \u00e0 la diffusion de l&rsquo;\u0153uvre d&rsquo;\u00c1ngel et, lors de ce concert, il a interpr\u00e9t\u00e9 des \u0153uvres originales d&rsquo;\u00c1ngel et d&rsquo;autres compositeurs.<\/p>\t\t\t\t\t\t\t\t<\/div>\n\t\t\t\t<\/div>\n\t\t\t\t\t<\/div>\n\t\t<\/div>\n\t\t\t\t<div class=\"elementor-column elementor-col-50 elementor-top-column elementor-element elementor-element-6e3e80b6\" data-id=\"6e3e80b6\" data-element_type=\"column\" data-e-type=\"column\">\n\t\t\t<div class=\"elementor-widget-wrap\">\n\t\t\t\t\t\t\t<\/div>\n\t\t<\/div>\n\t\t\t\t\t<\/div>\n\t\t<\/section>\n\t\t\t\t<section class=\"elementor-section elementor-top-section elementor-element elementor-element-228b9044 elementor-section-height-min-height elementor-section-items-top elementor-hidden-desktop elementor-hidden-tablet elementor-hidden-mobile elementor-section-boxed elementor-section-height-default\" data-id=\"228b9044\" data-element_type=\"section\" data-e-type=\"section\" data-settings=\"{&quot;background_background&quot;:&quot;classic&quot;}\">\n\t\t\t\t\t\t<div class=\"elementor-container elementor-column-gap-default\">\n\t\t\t\t\t<div class=\"elementor-column elementor-col-50 elementor-top-column elementor-element elementor-element-195e6717\" data-id=\"195e6717\" data-element_type=\"column\" data-e-type=\"column\">\n\t\t\t<div class=\"elementor-widget-wrap elementor-element-populated\">\n\t\t\t\t\t\t<div class=\"elementor-element elementor-element-7055d89e elementor-widget elementor-widget-heading\" data-id=\"7055d89e\" data-element_type=\"widget\" data-e-type=\"widget\" data-widget_type=\"heading.default\">\n\t\t\t\t<div class=\"elementor-widget-container\">\n\t\t\t\t\t<h2 class=\"elementor-heading-title elementor-size-default\">EL ESPACIO<\/h2>\t\t\t\t<\/div>\n\t\t\t\t<\/div>\n\t\t\t\t<div class=\"elementor-element elementor-element-7d36b56b elementor-widget elementor-widget-image\" data-id=\"7d36b56b\" data-element_type=\"widget\" data-e-type=\"widget\" data-widget_type=\"image.default\">\n\t\t\t\t<div class=\"elementor-widget-container\">\n\t\t\t\t\t\t\t\t\t\t\t\t\t\t\t<img fetchpriority=\"high\" decoding=\"async\" width=\"800\" height=\"488\" src=\"https:\/\/recuerdasdeunavida.com\/wp-content\/uploads\/2022\/10\/Capa-53.jpg\" class=\"attachment-large size-large wp-image-2715\" alt=\"\" srcset=\"https:\/\/recuerdasdeunavida.com\/wp-content\/uploads\/2022\/10\/Capa-53.jpg 974w, https:\/\/recuerdasdeunavida.com\/wp-content\/uploads\/2022\/10\/Capa-53-300x183.jpg 300w, https:\/\/recuerdasdeunavida.com\/wp-content\/uploads\/2022\/10\/Capa-53-768x468.jpg 768w\" sizes=\"(max-width: 800px) 100vw, 800px\" \/>\t\t\t\t\t\t\t\t\t\t\t\t\t\t\t<\/div>\n\t\t\t\t<\/div>\n\t\t\t\t\t<\/div>\n\t\t<\/div>\n\t\t\t\t<div class=\"elementor-column elementor-col-50 elementor-top-column elementor-element elementor-element-258a03a3\" data-id=\"258a03a3\" data-element_type=\"column\" data-e-type=\"column\">\n\t\t\t<div class=\"elementor-widget-wrap elementor-element-populated\">\n\t\t\t\t\t\t<div class=\"elementor-element elementor-element-5a790a59 elementor-widget elementor-widget-heading\" data-id=\"5a790a59\" data-element_type=\"widget\" data-e-type=\"widget\" data-widget_type=\"heading.default\">\n\t\t\t\t<div class=\"elementor-widget-container\">\n\t\t\t\t\t<h2 class=\"elementor-heading-title elementor-size-default\">NOMBRE DEL ESPACIO<\/h2>\t\t\t\t<\/div>\n\t\t\t\t<\/div>\n\t\t\t\t<div class=\"elementor-element elementor-element-7395ea59 elementor-widget elementor-widget-text-editor\" data-id=\"7395ea59\" data-element_type=\"widget\" data-e-type=\"widget\" data-widget_type=\"text-editor.default\">\n\t\t\t\t<div class=\"elementor-widget-container\">\n\t\t\t\t\t\t\t\t\t<p>Entre las numerosas orquestas que ha dirigido, destacan la Sinf\u00f3nica de Mil\u00e1n, Sinf\u00f3nica de Madrid, l\u2019Orchestra del Teatro Carlo Felice de G\u00e9nova, Orquesta Sinf\u00f3nica de Castilla y Le\u00f3n, Orquesta de la Comunidad de Madrid, Sinf\u00f3nica de Galicia, l\u2019Orchestra Accademia del Teatro La Scala de Mil\u00e1n, l\u2019Orchestre de l\u2019Opera Royal de Wallonie, l\u2019Orchestre Symphonique de Saint-\u00c9tienne, Real Filharmon\u00eda de Galicia, Orquesta de Extremadura, Sinf\u00f3nica de Navarra, Sinf\u00f3nica de la Regi\u00f3n de Murcia, Orquesta de C\u00f3rdoba, l\u2019Orchestra Filarmonia Veneta y Orquesta Cl\u00e1sica Santa Cecilia entre otras.<\/p>\t\t\t\t\t\t\t\t<\/div>\n\t\t\t\t<\/div>\n\t\t\t\t\t<\/div>\n\t\t<\/div>\n\t\t\t\t\t<\/div>\n\t\t<\/section>\n\t\t\t\t<section class=\"elementor-section elementor-top-section elementor-element elementor-element-dafc3c7 elementor-hidden-desktop elementor-hidden-tablet elementor-hidden-mobile elementor-section-boxed elementor-section-height-default elementor-section-height-default\" data-id=\"dafc3c7\" data-element_type=\"section\" data-e-type=\"section\" data-settings=\"{&quot;background_background&quot;:&quot;classic&quot;}\">\n\t\t\t\t\t\t<div class=\"elementor-container elementor-column-gap-default\">\n\t\t\t\t\t<div class=\"elementor-column elementor-col-50 elementor-top-column elementor-element elementor-element-33f65ab3\" data-id=\"33f65ab3\" data-element_type=\"column\" data-e-type=\"column\">\n\t\t\t<div class=\"elementor-widget-wrap elementor-element-populated\">\n\t\t\t\t\t\t<div class=\"elementor-element elementor-element-3f43fb8a elementor-widget elementor-widget-heading\" data-id=\"3f43fb8a\" data-element_type=\"widget\" data-e-type=\"widget\" data-widget_type=\"heading.default\">\n\t\t\t\t<div class=\"elementor-widget-container\">\n\t\t\t\t\t<h2 class=\"elementor-heading-title elementor-size-default\">EL DIRECTOR<\/h2>\t\t\t\t<\/div>\n\t\t\t\t<\/div>\n\t\t\t\t<div class=\"elementor-element elementor-element-5e061c6 elementor-widget elementor-widget-image\" data-id=\"5e061c6\" data-element_type=\"widget\" data-e-type=\"widget\" data-widget_type=\"image.default\">\n\t\t\t\t<div class=\"elementor-widget-container\">\n\t\t\t\t\t\t\t\t\t\t\t\t\t\t\t<img decoding=\"async\" width=\"626\" height=\"594\" src=\"https:\/\/recuerdasdeunavida.com\/wp-content\/uploads\/2022\/10\/director.jpg\" class=\"attachment-full size-full wp-image-2719\" alt=\"\" srcset=\"https:\/\/recuerdasdeunavida.com\/wp-content\/uploads\/2022\/10\/director.jpg 626w, https:\/\/recuerdasdeunavida.com\/wp-content\/uploads\/2022\/10\/director-300x285.jpg 300w\" sizes=\"(max-width: 626px) 100vw, 626px\" \/>\t\t\t\t\t\t\t\t\t\t\t\t\t\t\t<\/div>\n\t\t\t\t<\/div>\n\t\t\t\t\t<\/div>\n\t\t<\/div>\n\t\t\t\t<div class=\"elementor-column elementor-col-50 elementor-top-column elementor-element elementor-element-369568e\" data-id=\"369568e\" data-element_type=\"column\" data-e-type=\"column\">\n\t\t\t<div class=\"elementor-widget-wrap elementor-element-populated\">\n\t\t\t\t\t\t<div class=\"elementor-element elementor-element-3c5396a2 elementor-widget elementor-widget-heading\" data-id=\"3c5396a2\" data-element_type=\"widget\" data-e-type=\"widget\" data-widget_type=\"heading.default\">\n\t\t\t\t<div class=\"elementor-widget-container\">\n\t\t\t\t\t<h2 class=\"elementor-heading-title elementor-size-default\">NOMBRE APELLIDO<\/h2>\t\t\t\t<\/div>\n\t\t\t\t<\/div>\n\t\t\t\t<div class=\"elementor-element elementor-element-1321d880 elementor-widget elementor-widget-text-editor\" data-id=\"1321d880\" data-element_type=\"widget\" data-e-type=\"widget\" data-widget_type=\"text-editor.default\">\n\t\t\t\t<div class=\"elementor-widget-container\">\n\t\t\t\t\t\t\t\t\t<p>Entre las numerosas orquestas que ha dirigido, destacan la Sinf\u00f3nica de Mil\u00e1n, Sinf\u00f3nica de Madrid, l\u2019Orchestra del Teatro Carlo Felice de G\u00e9nova, Orquesta Sinf\u00f3nica de Castilla y Le\u00f3n, Orquesta de la Comunidad de Madrid, Sinf\u00f3nica de Galicia, l\u2019Orchestra Accademia del Teatro La Scala de Mil\u00e1n, l\u2019Orchestre de l\u2019Opera Royal de Wallonie, l\u2019Orchestre Symphonique de Saint-\u00c9tienne, Real Filharmon\u00eda de Galicia, Orquesta de Extremadura, Sinf\u00f3nica de Navarra, Sinf\u00f3nica de la Regi\u00f3n de Murcia, Orquesta de C\u00f3rdoba, l\u2019Orchestra Filarmonia Veneta y Orquesta Cl\u00e1sica Santa Cecilia entre otras.<\/p>\t\t\t\t\t\t\t\t<\/div>\n\t\t\t\t<\/div>\n\t\t\t\t\t<\/div>\n\t\t<\/div>\n\t\t\t\t\t<\/div>\n\t\t<\/section>\n\t\t\t\t<section class=\"elementor-section elementor-top-section elementor-element elementor-element-45517927 elementor-hidden-desktop elementor-hidden-tablet elementor-hidden-mobile elementor-section-boxed elementor-section-height-default elementor-section-height-default\" data-id=\"45517927\" data-element_type=\"section\" data-e-type=\"section\" data-settings=\"{&quot;background_background&quot;:&quot;classic&quot;}\">\n\t\t\t\t\t\t<div class=\"elementor-container elementor-column-gap-default\">\n\t\t\t\t\t<div class=\"elementor-column elementor-col-50 elementor-top-column elementor-element elementor-element-7fe232c3\" data-id=\"7fe232c3\" data-element_type=\"column\" data-e-type=\"column\">\n\t\t\t<div class=\"elementor-widget-wrap elementor-element-populated\">\n\t\t\t\t\t\t<div class=\"elementor-element elementor-element-4e9428a2 elementor-widget elementor-widget-heading\" data-id=\"4e9428a2\" data-element_type=\"widget\" data-e-type=\"widget\" data-widget_type=\"heading.default\">\n\t\t\t\t<div class=\"elementor-widget-container\">\n\t\t\t\t\t<h2 class=\"elementor-heading-title elementor-size-default\">ORQUESTA<\/h2>\t\t\t\t<\/div>\n\t\t\t\t<\/div>\n\t\t\t\t<div class=\"elementor-element elementor-element-1115c397 elementor-widget elementor-widget-text-editor\" data-id=\"1115c397\" data-element_type=\"widget\" data-e-type=\"widget\" data-widget_type=\"text-editor.default\">\n\t\t\t\t<div class=\"elementor-widget-container\">\n\t\t\t\t\t\t\t\t\t<p>Entre las numerosas orquestas que ha dirigido, destacan la Sinf\u00f3nica de Mil\u00e1n, Sinf\u00f3nica de Madrid, l\u2019Orchestra del Teatro Carlo Felice de G\u00e9nova, Orquesta Sinf\u00f3nica de Castilla y Le\u00f3n, Orquesta de la Comunidad de Madrid, Sinf\u00f3nica de Galicia, l\u2019Orchestra Accademia del Teatro La Scala de Mil\u00e1n, l\u2019Orchestre de l\u2019Opera Royal de Wallonie, l\u2019Orchestre Symphonique de Saint-\u00c9tienne, Real Filharmon\u00eda de Galicia, Orquesta de Extremadura, Sinf\u00f3nica de Navarra, Sinf\u00f3nica de la Regi\u00f3n de Murcia, Orquesta de C\u00f3rdoba, l\u2019Orchestra Filarmonia Veneta y Orquesta Cl\u00e1sica Santa Cecilia entre otras.<\/p>\t\t\t\t\t\t\t\t<\/div>\n\t\t\t\t<\/div>\n\t\t\t\t\t<\/div>\n\t\t<\/div>\n\t\t\t\t<div class=\"elementor-column elementor-col-50 elementor-top-column elementor-element elementor-element-ec82d12\" data-id=\"ec82d12\" data-element_type=\"column\" data-e-type=\"column\">\n\t\t\t<div class=\"elementor-widget-wrap elementor-element-populated\">\n\t\t\t\t\t\t<div class=\"elementor-element elementor-element-4e4fb307 elementor-widget elementor-widget-image\" data-id=\"4e4fb307\" data-element_type=\"widget\" data-e-type=\"widget\" data-widget_type=\"image.default\">\n\t\t\t\t<div class=\"elementor-widget-container\">\n\t\t\t\t\t\t\t\t\t\t\t\t\t\t\t<img decoding=\"async\" width=\"626\" height=\"594\" src=\"https:\/\/recuerdasdeunavida.com\/wp-content\/uploads\/2022\/10\/director.jpg\" class=\"attachment-full size-full wp-image-2719\" alt=\"\" srcset=\"https:\/\/recuerdasdeunavida.com\/wp-content\/uploads\/2022\/10\/director.jpg 626w, https:\/\/recuerdasdeunavida.com\/wp-content\/uploads\/2022\/10\/director-300x285.jpg 300w\" sizes=\"(max-width: 626px) 100vw, 626px\" \/>\t\t\t\t\t\t\t\t\t\t\t\t\t\t\t<\/div>\n\t\t\t\t<\/div>\n\t\t\t\t\t<\/div>\n\t\t<\/div>\n\t\t\t\t\t<\/div>\n\t\t<\/section>\n\t\t\t\t<section class=\"elementor-section elementor-top-section elementor-element elementor-element-68597612 elementor-hidden-desktop elementor-hidden-tablet elementor-hidden-mobile elementor-section-boxed elementor-section-height-default elementor-section-height-default\" data-id=\"68597612\" data-element_type=\"section\" data-e-type=\"section\" data-settings=\"{&quot;background_background&quot;:&quot;classic&quot;}\">\n\t\t\t\t\t\t<div class=\"elementor-container elementor-column-gap-default\">\n\t\t\t\t\t<div class=\"elementor-column elementor-col-50 elementor-top-column elementor-element elementor-element-38df51f9\" data-id=\"38df51f9\" data-element_type=\"column\" data-e-type=\"column\">\n\t\t\t<div class=\"elementor-widget-wrap elementor-element-populated\">\n\t\t\t\t\t\t<div class=\"elementor-element elementor-element-45bf98ad elementor-widget elementor-widget-heading\" data-id=\"45bf98ad\" data-element_type=\"widget\" data-e-type=\"widget\" data-widget_type=\"heading.default\">\n\t\t\t\t<div class=\"elementor-widget-container\">\n\t\t\t\t\t<h2 class=\"elementor-heading-title elementor-size-default\">ORQUESTA<\/h2>\t\t\t\t<\/div>\n\t\t\t\t<\/div>\n\t\t\t\t<div class=\"elementor-element elementor-element-61691cfc elementor-widget elementor-widget-text-editor\" data-id=\"61691cfc\" data-element_type=\"widget\" data-e-type=\"widget\" data-widget_type=\"text-editor.default\">\n\t\t\t\t<div class=\"elementor-widget-container\">\n\t\t\t\t\t\t\t\t\t<p>Entre las numerosas orquestas que ha dirigido, destacan la Sinf\u00f3nica de Mil\u00e1n, Sinf\u00f3nica de Madrid, l\u2019Orchestra del Teatro Carlo Felice de G\u00e9nova, Orquesta Sinf\u00f3nica de Castilla y Le\u00f3n, Orquesta de la Comunidad de Madrid, Sinf\u00f3nica de Galicia, l\u2019Orchestra Accademia del Teatro La Scala de Mil\u00e1n, l\u2019Orchestre de l\u2019Opera Royal de Wallonie, l\u2019Orchestre Symphonique de Saint-\u00c9tienne, Real Filharmon\u00eda de Galicia, Orquesta de Extremadura, Sinf\u00f3nica de Navarra, Sinf\u00f3nica de la Regi\u00f3n de Murcia, Orquesta de C\u00f3rdoba, l\u2019Orchestra Filarmonia Veneta y Orquesta Cl\u00e1sica Santa Cecilia entre otras.<\/p>\t\t\t\t\t\t\t\t<\/div>\n\t\t\t\t<\/div>\n\t\t\t\t\t<\/div>\n\t\t<\/div>\n\t\t\t\t<div class=\"elementor-column elementor-col-50 elementor-top-column elementor-element elementor-element-1f9d20f6\" data-id=\"1f9d20f6\" data-element_type=\"column\" data-e-type=\"column\">\n\t\t\t<div class=\"elementor-widget-wrap elementor-element-populated\">\n\t\t\t\t\t\t<div class=\"elementor-element elementor-element-6edc19e3 elementor-widget elementor-widget-image\" data-id=\"6edc19e3\" data-element_type=\"widget\" data-e-type=\"widget\" data-widget_type=\"image.default\">\n\t\t\t\t<div class=\"elementor-widget-container\">\n\t\t\t\t\t\t\t\t\t\t\t\t\t\t\t<img decoding=\"async\" width=\"626\" height=\"594\" src=\"https:\/\/recuerdasdeunavida.com\/wp-content\/uploads\/2022\/10\/director.jpg\" class=\"attachment-full size-full wp-image-2719\" alt=\"\" srcset=\"https:\/\/recuerdasdeunavida.com\/wp-content\/uploads\/2022\/10\/director.jpg 626w, https:\/\/recuerdasdeunavida.com\/wp-content\/uploads\/2022\/10\/director-300x285.jpg 300w\" sizes=\"(max-width: 626px) 100vw, 626px\" \/>\t\t\t\t\t\t\t\t\t\t\t\t\t\t\t<\/div>\n\t\t\t\t<\/div>\n\t\t\t\t\t<\/div>\n\t\t<\/div>\n\t\t\t\t\t<\/div>\n\t\t<\/section>\n\t\t\t\t<section class=\"elementor-section elementor-top-section elementor-element elementor-element-67d2b2c8 elementor-section-boxed elementor-section-height-default elementor-section-height-default\" data-id=\"67d2b2c8\" data-element_type=\"section\" data-e-type=\"section\" data-settings=\"{&quot;background_background&quot;:&quot;classic&quot;}\">\n\t\t\t\t\t\t<div class=\"elementor-container elementor-column-gap-default\">\n\t\t\t\t\t<div class=\"elementor-column elementor-col-50 elementor-top-column elementor-element elementor-element-61326627\" data-id=\"61326627\" data-element_type=\"column\" data-e-type=\"column\">\n\t\t\t<div class=\"elementor-widget-wrap elementor-element-populated\">\n\t\t\t\t\t\t<div class=\"elementor-element elementor-element-25759edb elementor-widget elementor-widget-heading\" data-id=\"25759edb\" data-element_type=\"widget\" data-e-type=\"widget\" data-widget_type=\"heading.default\">\n\t\t\t\t<div class=\"elementor-widget-container\">\n\t\t\t\t\t<h2 class=\"elementor-heading-title elementor-size-default\">L'ARTISTE<\/h2>\t\t\t\t<\/div>\n\t\t\t\t<\/div>\n\t\t\t\t<div class=\"elementor-element elementor-element-a8e9a5b elementor-widget elementor-widget-image\" data-id=\"a8e9a5b\" data-element_type=\"widget\" data-e-type=\"widget\" data-widget_type=\"image.default\">\n\t\t\t\t<div class=\"elementor-widget-container\">\n\t\t\t\t\t\t\t\t\t\t\t\t\t\t\t<img decoding=\"async\" width=\"879\" height=\"586\" src=\"https:\/\/recuerdasdeunavida.com\/wp-content\/uploads\/2022\/10\/Guitarrista-Christopher-Avilez-copia.jpg\" class=\"attachment-full size-full wp-image-2742\" alt=\"\" srcset=\"https:\/\/recuerdasdeunavida.com\/wp-content\/uploads\/2022\/10\/Guitarrista-Christopher-Avilez-copia.jpg 879w, https:\/\/recuerdasdeunavida.com\/wp-content\/uploads\/2022\/10\/Guitarrista-Christopher-Avilez-copia-300x200.jpg 300w, https:\/\/recuerdasdeunavida.com\/wp-content\/uploads\/2022\/10\/Guitarrista-Christopher-Avilez-copia-768x512.jpg 768w\" sizes=\"(max-width: 879px) 100vw, 879px\" \/>\t\t\t\t\t\t\t\t\t\t\t\t\t\t\t<\/div>\n\t\t\t\t<\/div>\n\t\t\t\t\t<\/div>\n\t\t<\/div>\n\t\t\t\t<div class=\"elementor-column elementor-col-50 elementor-top-column elementor-element elementor-element-79f05016\" data-id=\"79f05016\" data-element_type=\"column\" data-e-type=\"column\">\n\t\t\t<div class=\"elementor-widget-wrap elementor-element-populated\">\n\t\t\t\t\t\t<div class=\"elementor-element elementor-element-93e322c elementor-widget elementor-widget-heading\" data-id=\"93e322c\" data-element_type=\"widget\" data-e-type=\"widget\" data-widget_type=\"heading.default\">\n\t\t\t\t<div class=\"elementor-widget-container\">\n\t\t\t\t\t<h2 class=\"elementor-heading-title elementor-size-default\">Guitariste: Christopher Avilez<\/h2>\t\t\t\t<\/div>\n\t\t\t\t<\/div>\n\t\t\t\t<div class=\"elementor-element elementor-element-c2051a elementor-widget elementor-widget-tp-unfold\" data-id=\"c2051a\" data-element_type=\"widget\" data-e-type=\"widget\" data-widget_type=\"tp-unfold.default\">\n\t\t\t\t<div class=\"elementor-widget-container\">\n\t\t\t\t\t<div class=\"tp-unfold-wrapper plus69f45c3b6f2c9  \" data-id=\"plus69f45c3b6f2c9\"  data-content_a_source=\"content\" data-con_pos=\"default\" data-icon-position=\"tp_ic_pos_before\" data-readmore=\"En savoir plus\" data-readless=\"Voir moins\" data-readmore-icon=\"\" data-readless-icon=\"\"  data-transition-duration=\"200\" data-content-max-height=\"187\" data-content-max-height-t=\"100\" data-content-max-height-m=\"329\"  ><div class=\"tp-unfold-title\"><\/div><div class=\"tp-unfold-description\" ><div class=\"tp-unfold-description-inner\"><p>Christopher Avilez est un guitariste classique titulaire d'une ma\u00eetrise en interpr\u00e9tation de l'Escola Superior de M\u00fasica de Catalunya (ESMUC), de la Facult\u00e9 de musique de l'Universit\u00e9 nationale autonome du Mexique (UNAM) et de l'Universit\u00e9 d'Alicante. Il a fait des s\u00e9jours d'\u00e9tudes au Conservatoire de Klagenfurt, Autriche avec Marco Tamayo et au Conservatoire de Francfort-sur-le-Main, Allemagne avec Thomas Bittermann. Avec une carri\u00e8re internationale, il s'est produit en Allemagne, Andorre, Autriche, Belgique, Bolivie, Colombie, Espagne, \u00c9quateur, Slov\u00e9nie, \u00c9tats-Unis, France, Italie et Mexique, ainsi que comme soliste avec l'Orchestre de chambre Morelos, la <em>Camareta de Morelos<\/em>, l'Orchestre des Arts Mexicains, l'Orchestre \u00abCarlos Ch\u00e1vez\u00bb et l'Orchestre Symphonique de Cuenca.<\/p><p>Il a remport\u00e9 plus d'une vingtaine de prix dans des concours de guitare nationaux et internationaux, en plus d'\u00eatre membre du Programme d'encouragement \u00e0 la cr\u00e9ation et du d\u00e9veloppement artistique (2008 et 2018), du Programme des cr\u00e9ateurs sc\u00e9niques (2011) et du Programme de promotion de Projets culturels et reconversions (2019) du Fonds national de la culture et des arts (FONCA). Sa production discographique comprend cinq albums: XIII Sonates pour guitare Juan Antonio de Vargas y Guzm\u00e1n; M\u00e9moire de musique mexicaine contemporaine; Concerto pour guitare classique et piano jazz de Claude Bolling. Quatuor Physis; l'Am\u00e9rique du Sud s\u00e9duisante; et \u00abAu pied du volcan\u00bb \u0152uvre in\u00e9dite pour guitare de Pedro Ximenez Abril y Tirado (1784-1856).<\/p><\/div><\/div><div class=\"tp-unfold-last-toggle flex-start\"><button class=\"tp-unfold-toggle \"> En savoir plus <\/button><\/div><\/div>\t\t\t\t<\/div>\n\t\t\t\t<\/div>\n\t\t\t\t\t<\/div>\n\t\t<\/div>\n\t\t\t\t\t<\/div>\n\t\t<\/section>\n\t\t\t\t<section class=\"elementor-section elementor-top-section elementor-element elementor-element-2896134c elementor-hidden-desktop elementor-hidden-tablet elementor-hidden-mobile elementor-section-boxed elementor-section-height-default elementor-section-height-default\" data-id=\"2896134c\" data-element_type=\"section\" data-e-type=\"section\" data-settings=\"{&quot;background_background&quot;:&quot;classic&quot;}\">\n\t\t\t\t\t\t<div class=\"elementor-container elementor-column-gap-default\">\n\t\t\t\t\t<div class=\"elementor-column elementor-col-50 elementor-top-column elementor-element elementor-element-b8be483\" data-id=\"b8be483\" data-element_type=\"column\" data-e-type=\"column\">\n\t\t\t<div class=\"elementor-widget-wrap elementor-element-populated\">\n\t\t\t\t\t\t<div class=\"elementor-element elementor-element-2dc10b09 elementor-widget elementor-widget-heading\" data-id=\"2dc10b09\" data-element_type=\"widget\" data-e-type=\"widget\" data-widget_type=\"heading.default\">\n\t\t\t\t<div class=\"elementor-widget-container\">\n\t\t\t\t\t<h2 class=\"elementor-heading-title elementor-size-default\">CUARTETO DE CUERDA<\/h2>\t\t\t\t<\/div>\n\t\t\t\t<\/div>\n\t\t\t\t<div class=\"elementor-element elementor-element-42227983 elementor-widget elementor-widget-text-editor\" data-id=\"42227983\" data-element_type=\"widget\" data-e-type=\"widget\" data-widget_type=\"text-editor.default\">\n\t\t\t\t<div class=\"elementor-widget-container\">\n\t\t\t\t\t\t\t\t\t<p>Entre las numerosas orquestas que ha dirigido, destacan la Sinf\u00f3nica de Mil\u00e1n, Sinf\u00f3nica de Madrid, l\u2019Orchestra del Teatro Carlo Felice de G\u00e9nova, Orquesta Sinf\u00f3nica de Castilla y Le\u00f3n, Orquesta de la Comunidad de Madrid, Sinf\u00f3nica de Galicia, l\u2019Orchestra Accademia del Teatro La Scala de Mil\u00e1n, l\u2019Orchestre de l\u2019Opera Royal de Wallonie, l\u2019Orchestre Symphonique de Saint-\u00c9tienne, Real Filharmon\u00eda de Galicia, Orquesta de Extremadura, Sinf\u00f3nica de Navarra, Sinf\u00f3nica de la Regi\u00f3n de Murcia, Orquesta de C\u00f3rdoba, l\u2019Orchestra Filarmonia Veneta y Orquesta Cl\u00e1sica Santa Cecilia entre otras.<\/p>\t\t\t\t\t\t\t\t<\/div>\n\t\t\t\t<\/div>\n\t\t\t\t\t<\/div>\n\t\t<\/div>\n\t\t\t\t<div class=\"elementor-column elementor-col-50 elementor-top-column elementor-element elementor-element-25414d8\" data-id=\"25414d8\" data-element_type=\"column\" data-e-type=\"column\">\n\t\t\t<div class=\"elementor-widget-wrap elementor-element-populated\">\n\t\t\t\t\t\t<div class=\"elementor-element elementor-element-2a719a7f elementor-widget elementor-widget-image\" data-id=\"2a719a7f\" data-element_type=\"widget\" data-e-type=\"widget\" data-widget_type=\"image.default\">\n\t\t\t\t<div class=\"elementor-widget-container\">\n\t\t\t\t\t\t\t\t\t\t\t\t\t\t\t<img decoding=\"async\" width=\"626\" height=\"594\" src=\"https:\/\/recuerdasdeunavida.com\/wp-content\/uploads\/2022\/10\/director.jpg\" class=\"attachment-full size-full wp-image-2719\" alt=\"\" srcset=\"https:\/\/recuerdasdeunavida.com\/wp-content\/uploads\/2022\/10\/director.jpg 626w, https:\/\/recuerdasdeunavida.com\/wp-content\/uploads\/2022\/10\/director-300x285.jpg 300w\" sizes=\"(max-width: 626px) 100vw, 626px\" \/>\t\t\t\t\t\t\t\t\t\t\t\t\t\t\t<\/div>\n\t\t\t\t<\/div>\n\t\t\t\t\t<\/div>\n\t\t<\/div>\n\t\t\t\t\t<\/div>\n\t\t<\/section>\n\t\t\t\t<section class=\"elementor-section elementor-top-section elementor-element elementor-element-716ff9e3 elementor-section-boxed elementor-section-height-default elementor-section-height-default\" data-id=\"716ff9e3\" data-element_type=\"section\" data-e-type=\"section\" data-settings=\"{&quot;background_background&quot;:&quot;classic&quot;}\">\n\t\t\t\t\t\t<div class=\"elementor-container elementor-column-gap-default\">\n\t\t\t\t\t<div class=\"elementor-column elementor-col-100 elementor-top-column elementor-element elementor-element-3234ed2d\" data-id=\"3234ed2d\" data-element_type=\"column\" data-e-type=\"column\">\n\t\t\t<div class=\"elementor-widget-wrap elementor-element-populated\">\n\t\t\t\t\t\t<div class=\"elementor-element elementor-element-626b7f92 elementor-widget elementor-widget-heading\" data-id=\"626b7f92\" data-element_type=\"widget\" data-e-type=\"widget\" data-widget_type=\"heading.default\">\n\t\t\t\t<div class=\"elementor-widget-container\">\n\t\t\t\t\t<h2 class=\"elementor-heading-title elementor-size-default\">LE PROGRAMME<\/h2>\t\t\t\t<\/div>\n\t\t\t\t<\/div>\n\t\t\t\t<div class=\"elementor-element elementor-element-64e24ecb elementor-widget-divider--view-line elementor-widget elementor-widget-divider\" data-id=\"64e24ecb\" data-element_type=\"widget\" data-e-type=\"widget\" data-widget_type=\"divider.default\">\n\t\t\t\t<div class=\"elementor-widget-container\">\n\t\t\t\t\t\t\t<div class=\"elementor-divider\">\n\t\t\t<span class=\"elementor-divider-separator\">\n\t\t\t\t\t\t<\/span>\n\t\t<\/div>\n\t\t\t\t\t\t<\/div>\n\t\t\t\t<\/div>\n\t\t\t\t<div class=\"elementor-element elementor-element-12b6df93 elementor-widget elementor-widget-text-editor\" data-id=\"12b6df93\" data-element_type=\"widget\" data-e-type=\"widget\" data-widget_type=\"text-editor.default\">\n\t\t\t\t<div class=\"elementor-widget-container\">\n\t\t\t\t\t\t\t\t\t<p><span style=\"color: #333333;\"><strong><span style=\"color: #000000;\">\u00c1NGEL G. PI\u00d1ERO (C\u00e1diz 1932-C\u00e1diz 2022<\/span>)<\/strong><\/span><\/p><p><span style=\"color: #333333;\"><strong>Suite \u201cLa Mar\u201d.<\/strong>\u00a0<br \/><\/span><\/p><ul><li>El puerto\u00a0<\/li><li>Salida al mar\u00a0<\/li><li>Danza de los delfines\u00a0<\/li><li>Marejada\u00a0<\/li><li>Vals de las olas\u00a0<\/li><li>Tempestad\u00a0<\/li><li>Lamento del marinero<\/li><li>Bonanza<\/li><\/ul><p>\u00a0<\/p><p><strong>Preludio Azul\u00a0\u00a0<\/strong><\/p><p><strong>Brisas de C\u00e1diz\u00a0<\/strong><\/p><p>\u00a0<\/p><p><span style=\"color: #000000;\"><strong>ISAAC ALB\u00c9NIZ (Camprodon 1860-Cambo-led-Bains 1909)<\/strong><\/span><\/p><p><strong>Mallorca Op. 202\u00a0<\/strong><\/p><p>\u00a0<\/p><p><span style=\"color: #000000;\"><strong>JOAQU\u00cdN TURINA (Sevilla 1882-Madrid 1949)<\/strong><\/span><\/p><p><strong>Sonata Op. 61<\/strong><\/p><ul><li>Allegro\u00a0<\/li><li>Andante\u00a0<\/li><li>Allegro vivo\u00a0<\/li><\/ul><p>\u00a0<\/p><p><span style=\"color: #000000;\"><strong>WILLIAM WALTON (Oldham 1902-Isquia 1983)<\/strong><\/span><\/p><ul><li>Allegro<\/li><li>Lento<\/li><li>Alla Cubana<\/li><li>Espressivo<\/li><li>Con Slancio<\/li><\/ul>\t\t\t\t\t\t\t\t<\/div>\n\t\t\t\t<\/div>\n\t\t\t\t<div class=\"elementor-element elementor-element-7769c78e elementor-hidden-desktop elementor-hidden-tablet elementor-hidden-mobile elementor-widget elementor-widget-heading\" data-id=\"7769c78e\" data-element_type=\"widget\" data-e-type=\"widget\" data-widget_type=\"heading.default\">\n\t\t\t\t<div class=\"elementor-widget-container\">\n\t\t\t\t\t<h2 class=\"elementor-heading-title elementor-size-default\">PRIMERA PARTE<\/h2>\t\t\t\t<\/div>\n\t\t\t\t<\/div>\n\t\t\t\t<div class=\"elementor-element elementor-element-661c8c3e elementor-hidden-desktop elementor-hidden-tablet elementor-hidden-mobile elementor-widget elementor-widget-tp-unfold\" data-id=\"661c8c3e\" data-element_type=\"widget\" data-e-type=\"widget\" data-widget_type=\"tp-unfold.default\">\n\t\t\t\t<div class=\"elementor-widget-container\">\n\t\t\t\t\t<div class=\"tp-unfold-wrapper plus69f45c3b70ce4  \" data-id=\"plus69f45c3b70ce4\"  data-content_a_source=\"content\" data-con_pos=\"default\" data-icon-position=\"tp_ic_pos_before\" data-readmore=\"Ver m\u00e1s\" data-readless=\"Ver menos\" data-readmore-icon=\"\" data-readless-icon=\"\"  data-transition-duration=\"200\" data-content-max-height=\"187\" data-content-max-height-t=\"100\" data-content-max-height-m=\"329\"  ><div class=\"tp-unfold-title\"><\/div><div class=\"tp-unfold-description\" ><div class=\"tp-unfold-description-inner\"><p><strong>Guitarra sola<\/strong><\/p><ul><li class=\"li1\">Meditaci\u00f3n. Int\u00e9rprete Luca Romanelli (Italia)<\/li><li class=\"li1\">Preludio azul. Int\u00e9rprete Stanislav Steshenko (Ucrania)<\/li><li class=\"li1\">Evocaci\u00f3n. Int\u00e9rprete Stanislav Steshenko<\/li><li class=\"li1\">Murmullo musical. Int\u00e9rprete Stanislav Steshenko<\/li><li class=\"li1\">El viento de la vida. Int\u00e9rprete Stanislav Steshenko<\/li><li class=\"li1\">Caprichos. Int\u00e9rprete Stanislav Steshenko<\/li><\/ul><p style=\"padding-left: 40px\"><strong>Meditaci\u00f3n<\/strong><br \/>Compuesta en 2020 en plena campa\u00f1a del coronavirus, como homenaje al dolor y a las v\u00edctimas de la pandemia.<\/p><p style=\"padding-left: 40px\"><strong>Preludio azul<\/strong><br \/>Dedicada a mi madre, v\u00edctima de la voracidad de la Guerra Civil espa\u00f1ola. Debe estar en el cielo y por eso lleva el nombre de Preludio Azul.<\/p><p style=\"padding-left: 40px\"><strong>Evocaci\u00f3n<\/strong><br \/>Recuerdo de juventud de postguerra con mi hermano y su apoyo para yo fuera m\u00fasico. En esta obra se refleja entre sus notas, la vida de sacrificios por salir adelante en nuestra juventud.<\/p><p style=\"padding-left: 40px\"><strong>Murmullo musical<\/strong><br \/>Es un murmullo musical en tono Mayor y menor simulando un chorro continuado de notas.<\/p><p style=\"padding-left: 40px\"><strong> El viento de la vida<\/strong><br \/>Preludio dedicado a la vida, su empuje y fuerza.<\/p><p style=\"padding-left: 40px\"><strong> Caprichos<\/strong><br \/>Es una obra espont\u00e1nea, juguetona, hay un juego entre la melod\u00eda y el cromatismo que le da un inter\u00e9s especial<\/p><\/div><\/div><div class=\"tp-unfold-last-toggle flex-start\"><button class=\"tp-unfold-toggle \"> Ver m\u00e1s <\/button><\/div><\/div>\t\t\t\t<\/div>\n\t\t\t\t<\/div>\n\t\t\t\t\t<\/div>\n\t\t<\/div>\n\t\t\t\t\t<\/div>\n\t\t<\/section>\n\t\t\t\t<section class=\"elementor-section elementor-top-section elementor-element elementor-element-77c7ec5f elementor-hidden-desktop elementor-hidden-tablet elementor-hidden-mobile elementor-section-boxed elementor-section-height-default elementor-section-height-default\" data-id=\"77c7ec5f\" data-element_type=\"section\" data-e-type=\"section\" data-settings=\"{&quot;background_background&quot;:&quot;classic&quot;}\">\n\t\t\t\t\t\t<div class=\"elementor-container elementor-column-gap-default\">\n\t\t\t\t\t<div class=\"elementor-column elementor-col-100 elementor-top-column elementor-element elementor-element-7db1489c\" data-id=\"7db1489c\" data-element_type=\"column\" data-e-type=\"column\">\n\t\t\t<div class=\"elementor-widget-wrap elementor-element-populated\">\n\t\t\t\t\t\t<div class=\"elementor-element elementor-element-41e6b78a elementor-widget elementor-widget-heading\" data-id=\"41e6b78a\" data-element_type=\"widget\" data-e-type=\"widget\" data-widget_type=\"heading.default\">\n\t\t\t\t<div class=\"elementor-widget-container\">\n\t\t\t\t\t<h2 class=\"elementor-heading-title elementor-size-default\">GALER\u00cdA <\/h2>\t\t\t\t<\/div>\n\t\t\t\t<\/div>\n\t\t\t\t<section class=\"elementor-section elementor-inner-section elementor-element elementor-element-6f103df6 elementor-section-boxed elementor-section-height-default elementor-section-height-default\" data-id=\"6f103df6\" data-element_type=\"section\" data-e-type=\"section\">\n\t\t\t\t\t\t<div class=\"elementor-container elementor-column-gap-default\">\n\t\t\t\t\t<div class=\"elementor-column elementor-col-50 elementor-inner-column elementor-element elementor-element-47c4bcba\" data-id=\"47c4bcba\" data-element_type=\"column\" data-e-type=\"column\">\n\t\t\t<div class=\"elementor-widget-wrap elementor-element-populated\">\n\t\t\t\t\t\t<div class=\"elementor-element elementor-element-718dc554 elementor-hidden-desktop elementor-hidden-tablet elementor-hidden-mobile elementor-widget elementor-widget-text-editor\" data-id=\"718dc554\" data-element_type=\"widget\" data-e-type=\"widget\" data-widget_type=\"text-editor.default\">\n\t\t\t\t<div class=\"elementor-widget-container\">\n\t\t\t\t\t\t\t\t\t<p>Duis malesuada sapien id dolor fermentum pretium. Curabitur a orci vehicula, porta augue id, ultrices ipsum. Aliquam lorem arcu, porttitor egestas ante quis, eleifend interdum orci. Donec id elementum nisl. Nulla enim augue, iaculis eget tellus eleifend, vehicula facilisis enim. Proin nec placerat nulla. Duis fringilla est est, in rutrum nunc consectetur sit amet. Proin in quam et sapien lobortis condimentum ac ac elit. Ut sed metus risus.<\/p>\t\t\t\t\t\t\t\t<\/div>\n\t\t\t\t<\/div>\n\t\t\t\t\t<\/div>\n\t\t<\/div>\n\t\t\t\t<div class=\"elementor-column elementor-col-50 elementor-inner-column elementor-element elementor-element-4e78d055\" data-id=\"4e78d055\" data-element_type=\"column\" data-e-type=\"column\">\n\t\t\t<div class=\"elementor-widget-wrap\">\n\t\t\t\t\t\t\t<\/div>\n\t\t<\/div>\n\t\t\t\t\t<\/div>\n\t\t<\/section>\n\t\t\t\t<div class=\"elementor-element elementor-element-58e7c502 elementor-widget elementor-widget-gallery\" data-id=\"58e7c502\" data-element_type=\"widget\" data-e-type=\"widget\" data-settings=\"{&quot;gallery_layout&quot;:&quot;justified&quot;,&quot;ideal_row_height&quot;:{&quot;unit&quot;:&quot;px&quot;,&quot;size&quot;:259,&quot;sizes&quot;:[]},&quot;overlay_title&quot;:&quot;caption&quot;,&quot;lazyload&quot;:&quot;yes&quot;,&quot;ideal_row_height_tablet&quot;:{&quot;unit&quot;:&quot;px&quot;,&quot;size&quot;:150,&quot;sizes&quot;:[]},&quot;ideal_row_height_mobile&quot;:{&quot;unit&quot;:&quot;px&quot;,&quot;size&quot;:150,&quot;sizes&quot;:[]},&quot;gap&quot;:{&quot;unit&quot;:&quot;px&quot;,&quot;size&quot;:10,&quot;sizes&quot;:[]},&quot;gap_tablet&quot;:{&quot;unit&quot;:&quot;px&quot;,&quot;size&quot;:10,&quot;sizes&quot;:[]},&quot;gap_mobile&quot;:{&quot;unit&quot;:&quot;px&quot;,&quot;size&quot;:10,&quot;sizes&quot;:[]},&quot;link_to&quot;:&quot;file&quot;,&quot;overlay_background&quot;:&quot;yes&quot;,&quot;content_hover_animation&quot;:&quot;fade-in&quot;}\" data-widget_type=\"gallery.default\">\n\t\t\t\t<div class=\"elementor-widget-container\">\n\t\t\t\t\t\t\t<div class=\"elementor-gallery__container\">\n\t\t\t\t\t\t\t<a class=\"e-gallery-item elementor-gallery-item elementor-animated-content\" href=\"https:\/\/recuerdasdeunavida.com\/wp-content\/uploads\/2022\/10\/2d674742-4882-11ed-b061-5254004aa384.jpeg\" data-elementor-open-lightbox=\"yes\" data-elementor-lightbox-slideshow=\"58e7c502\" data-e-action-hash=\"#elementor-action%3Aaction%3Dlightbox%26settings%3DeyJpZCI6Mjc0MywidXJsIjoiaHR0cHM6XC9cL3JlY3VlcmRhc2RldW5hdmlkYS5jb21cL3dwLWNvbnRlbnRcL3VwbG9hZHNcLzIwMjJcLzEwXC8yZDY3NDc0Mi00ODgyLTExZWQtYjA2MS01MjU0MDA0YWEzODQuanBlZyIsInNsaWRlc2hvdyI6IjU4ZTdjNTAyIn0%3D\">\n\t\t\t\t\t<div class=\"e-gallery-image elementor-gallery-item__image\" data-thumbnail=\"https:\/\/recuerdasdeunavida.com\/wp-content\/uploads\/2022\/10\/2d674742-4882-11ed-b061-5254004aa384-768x576.jpeg\" data-width=\"768\" data-height=\"576\" aria-label=\"\" role=\"img\" ><\/div>\n\t\t\t\t\t\t\t\t\t\t\t<div class=\"elementor-gallery-item__overlay\"><\/div>\n\t\t\t\t\t\t\t\t\t\t\t\t\t\t\t<div class=\"elementor-gallery-item__content\">\n\t\t\t\t\t\t\t\t\t\t\t<\/div>\n\t\t\t\t\t\t\t\t\t<\/a>\n\t\t\t\t\t\t\t<a class=\"e-gallery-item elementor-gallery-item elementor-animated-content\" href=\"https:\/\/recuerdasdeunavida.com\/wp-content\/uploads\/2022\/10\/2d907716-4882-11ed-8f03-5254006593f2.png\" data-elementor-open-lightbox=\"yes\" data-elementor-lightbox-slideshow=\"58e7c502\" data-e-action-hash=\"#elementor-action%3Aaction%3Dlightbox%26settings%3DeyJpZCI6Mjc0NiwidXJsIjoiaHR0cHM6XC9cL3JlY3VlcmRhc2RldW5hdmlkYS5jb21cL3dwLWNvbnRlbnRcL3VwbG9hZHNcLzIwMjJcLzEwXC8yZDkwNzcxNi00ODgyLTExZWQtOGYwMy01MjU0MDA2NTkzZjIucG5nIiwic2xpZGVzaG93IjoiNThlN2M1MDIifQ%3D%3D\">\n\t\t\t\t\t<div class=\"e-gallery-image elementor-gallery-item__image\" data-thumbnail=\"https:\/\/recuerdasdeunavida.com\/wp-content\/uploads\/2022\/10\/2d907716-4882-11ed-8f03-5254006593f2-768x576.png\" data-width=\"768\" data-height=\"576\" aria-label=\"\" role=\"img\" ><\/div>\n\t\t\t\t\t\t\t\t\t\t\t<div class=\"elementor-gallery-item__overlay\"><\/div>\n\t\t\t\t\t\t\t\t\t\t\t\t\t\t\t<div class=\"elementor-gallery-item__content\">\n\t\t\t\t\t\t\t\t\t\t\t<\/div>\n\t\t\t\t\t\t\t\t\t<\/a>\n\t\t\t\t\t\t\t<a class=\"e-gallery-item elementor-gallery-item elementor-animated-content\" href=\"https:\/\/recuerdasdeunavida.com\/wp-content\/uploads\/2022\/10\/FLYER_FESTIVALANDALOU_PAGES_Pagina_1.jpeg\" data-elementor-open-lightbox=\"yes\" data-elementor-lightbox-slideshow=\"58e7c502\" data-e-action-hash=\"#elementor-action%3Aaction%3Dlightbox%26settings%3DeyJpZCI6Mjc4MywidXJsIjoiaHR0cHM6XC9cL3JlY3VlcmRhc2RldW5hdmlkYS5jb21cL3dwLWNvbnRlbnRcL3VwbG9hZHNcLzIwMjJcLzEwXC9GTFlFUl9GRVNUSVZBTEFOREFMT1VfUEFHRVNfUGFnaW5hXzEuanBlZyIsInNsaWRlc2hvdyI6IjU4ZTdjNTAyIn0%3D\">\n\t\t\t\t\t<div class=\"e-gallery-image elementor-gallery-item__image\" data-thumbnail=\"https:\/\/recuerdasdeunavida.com\/wp-content\/uploads\/2022\/10\/FLYER_FESTIVALANDALOU_PAGES_Pagina_1-768x1075.jpeg\" data-width=\"768\" data-height=\"1075\" aria-label=\"\" role=\"img\" ><\/div>\n\t\t\t\t\t\t\t\t\t\t\t<div class=\"elementor-gallery-item__overlay\"><\/div>\n\t\t\t\t\t\t\t\t\t\t\t\t\t\t\t<div class=\"elementor-gallery-item__content\">\n\t\t\t\t\t\t\t\t\t\t\t<\/div>\n\t\t\t\t\t\t\t\t\t<\/a>\n\t\t\t\t\t\t\t<a class=\"e-gallery-item elementor-gallery-item elementor-animated-content\" href=\"https:\/\/recuerdasdeunavida.com\/wp-content\/uploads\/2022\/10\/FLYER_FESTIVALANDALOU_PAGES_Pagina_2.jpeg\" data-elementor-open-lightbox=\"yes\" data-elementor-lightbox-slideshow=\"58e7c502\" data-e-action-hash=\"#elementor-action%3Aaction%3Dlightbox%26settings%3DeyJpZCI6Mjc4NiwidXJsIjoiaHR0cHM6XC9cL3JlY3VlcmRhc2RldW5hdmlkYS5jb21cL3dwLWNvbnRlbnRcL3VwbG9hZHNcLzIwMjJcLzEwXC9GTFlFUl9GRVNUSVZBTEFOREFMT1VfUEFHRVNfUGFnaW5hXzIuanBlZyIsInNsaWRlc2hvdyI6IjU4ZTdjNTAyIn0%3D\">\n\t\t\t\t\t<div class=\"e-gallery-image elementor-gallery-item__image\" data-thumbnail=\"https:\/\/recuerdasdeunavida.com\/wp-content\/uploads\/2022\/10\/FLYER_FESTIVALANDALOU_PAGES_Pagina_2-768x1075.jpeg\" data-width=\"768\" data-height=\"1075\" aria-label=\"\" role=\"img\" ><\/div>\n\t\t\t\t\t\t\t\t\t\t\t<div class=\"elementor-gallery-item__overlay\"><\/div>\n\t\t\t\t\t\t\t\t\t\t\t\t\t\t\t<div class=\"elementor-gallery-item__content\">\n\t\t\t\t\t\t\t\t\t\t\t<\/div>\n\t\t\t\t\t\t\t\t\t<\/a>\n\t\t\t\t\t\t\t<a class=\"e-gallery-item elementor-gallery-item elementor-animated-content\" href=\"https:\/\/recuerdasdeunavida.com\/wp-content\/uploads\/2022\/10\/FLYER_FESTIVALANDALOU_PAGES_Pagina_3-scaled-1.jpeg\" data-elementor-open-lightbox=\"yes\" data-elementor-lightbox-slideshow=\"58e7c502\" data-e-action-hash=\"#elementor-action%3Aaction%3Dlightbox%26settings%3DeyJpZCI6Mjc4OSwidXJsIjoiaHR0cHM6XC9cL3JlY3VlcmRhc2RldW5hdmlkYS5jb21cL3dwLWNvbnRlbnRcL3VwbG9hZHNcLzIwMjJcLzEwXC9GTFlFUl9GRVNUSVZBTEFOREFMT1VfUEFHRVNfUGFnaW5hXzMtc2NhbGVkLTEuanBlZyIsInNsaWRlc2hvdyI6IjU4ZTdjNTAyIn0%3D\">\n\t\t\t\t\t<div class=\"e-gallery-image elementor-gallery-item__image\" data-thumbnail=\"https:\/\/recuerdasdeunavida.com\/wp-content\/uploads\/2022\/10\/FLYER_FESTIVALANDALOU_PAGES_Pagina_3-scaled-1-768x1075.jpeg\" data-width=\"768\" data-height=\"1075\" aria-label=\"\" role=\"img\" ><\/div>\n\t\t\t\t\t\t\t\t\t\t\t<div class=\"elementor-gallery-item__overlay\"><\/div>\n\t\t\t\t\t\t\t\t\t\t\t\t\t\t\t<div class=\"elementor-gallery-item__content\">\n\t\t\t\t\t\t\t\t\t\t\t<\/div>\n\t\t\t\t\t\t\t\t\t<\/a>\n\t\t\t\t\t\t\t<a class=\"e-gallery-item elementor-gallery-item elementor-animated-content\" href=\"https:\/\/recuerdasdeunavida.com\/wp-content\/uploads\/2022\/10\/285464072_10160542394858538_3420370177868487387_n.jpeg\" data-elementor-open-lightbox=\"yes\" data-elementor-lightbox-slideshow=\"58e7c502\" data-e-action-hash=\"#elementor-action%3Aaction%3Dlightbox%26settings%3DeyJpZCI6Mjc2MywidXJsIjoiaHR0cHM6XC9cL3JlY3VlcmRhc2RldW5hdmlkYS5jb21cL3dwLWNvbnRlbnRcL3VwbG9hZHNcLzIwMjJcLzEwXC8yODU0NjQwNzJfMTAxNjA1NDIzOTQ4NTg1MzhfMzQyMDM3MDE3Nzg2ODQ4NzM4N19uLmpwZWciLCJzbGlkZXNob3ciOiI1OGU3YzUwMiJ9\">\n\t\t\t\t\t<div class=\"e-gallery-image elementor-gallery-item__image\" data-thumbnail=\"https:\/\/recuerdasdeunavida.com\/wp-content\/uploads\/2022\/10\/285464072_10160542394858538_3420370177868487387_n-768x543.jpeg\" data-width=\"768\" data-height=\"543\" aria-label=\"\" role=\"img\" ><\/div>\n\t\t\t\t\t\t\t\t\t\t\t<div class=\"elementor-gallery-item__overlay\"><\/div>\n\t\t\t\t\t\t\t\t\t\t\t\t\t\t\t<div class=\"elementor-gallery-item__content\">\n\t\t\t\t\t\t\t\t\t\t\t<\/div>\n\t\t\t\t\t\t\t\t\t<\/a>\n\t\t\t\t\t<\/div>\n\t\t\t\t\t<\/div>\n\t\t\t\t<\/div>\n\t\t\t\t\t<\/div>\n\t\t<\/div>\n\t\t\t\t\t<\/div>\n\t\t<\/section>\n\t\t\t\t<section class=\"elementor-section elementor-top-section elementor-element elementor-element-1a7a23e3 elementor-hidden-desktop elementor-hidden-tablet elementor-hidden-mobile elementor-section-boxed elementor-section-height-default elementor-section-height-default\" data-id=\"1a7a23e3\" data-element_type=\"section\" data-e-type=\"section\" data-settings=\"{&quot;background_background&quot;:&quot;classic&quot;}\">\n\t\t\t\t\t\t<div class=\"elementor-container elementor-column-gap-default\">\n\t\t\t\t\t<div class=\"elementor-column elementor-col-50 elementor-top-column elementor-element elementor-element-3351e95f\" data-id=\"3351e95f\" data-element_type=\"column\" data-e-type=\"column\">\n\t\t\t<div class=\"elementor-widget-wrap elementor-element-populated\">\n\t\t\t\t\t\t<div class=\"elementor-element elementor-element-82a0bfa elementor-widget elementor-widget-heading\" data-id=\"82a0bfa\" data-element_type=\"widget\" data-e-type=\"widget\" data-widget_type=\"heading.default\">\n\t\t\t\t<div class=\"elementor-widget-container\">\n\t\t\t\t\t<h2 class=\"elementor-heading-title elementor-size-default\">PRENSA<\/h2>\t\t\t\t<\/div>\n\t\t\t\t<\/div>\n\t\t\t\t<div class=\"elementor-element elementor-element-7827ac05 elementor-widget elementor-widget-tp-accordion\" data-id=\"7827ac05\" data-element_type=\"widget\" data-e-type=\"widget\" data-widget_type=\"tp-accordion.default\">\n\t\t\t\t<div class=\"elementor-widget-container\">\n\t\t\t\t\t\n<div class=\"theplus-accordion-wrapper elementor-accordion   \"\n    id=\"accordion69f45c3b82ac4\" data-accordion-id=\"accordion69f45c3b82ac4\"\n    data-connection=\"\"\n    data-accordion-type=\"accordion\"\n    data-heightlight-text       role=\"tablist\" >\n\n            <div class=\"theplus-accordion-item\"  role=\"tab\">\n            <div id=\"elementor-tab-title-2011\" class=\"elementor-tab-title plus-accordion-header 0 text-left \" data-tab=\"1\" aria-controls=\"elementor-tab-content-2011\">\n                                                <span class=\"accordion-icon-prefix \"><span\n                        class=\"plus-icon-accordion\"><i aria-hidden=\"true\" class=\"far fa-newspaper\"><\/i><\/span><\/span>\n                \n                <span style=\"width:100%\">SUD QUEST SAINT-JEAN-DE-LUZ<\/span>                <span class=\"elementor-accordion-icon elementor-accordion-icon-right\" aria-hidden=\"true\"><span class=\"elementor-accordion-icon-closed\"><i aria-hidden=\"true\" class=\"fas fa-chevron-up\"><\/i><\/span><span class=\"elementor-accordion-icon-opened\"><i aria-hidden=\"true\" class=\"fas fa-chevron-down\"><\/i><\/span><\/span>            <\/div>\n\n                        <div id=\"elementor-tab-content-2011\" class=\"elementor-tab-content elementor-clearfix plus-accordion-content 0 \" data-tab=\"1\" role=\"tabpanel\" aria-labelledby=\"elementor-tab-title-2011\">\n                <div class=\"plus-content-editor\" ><p><img loading=\"lazy\" decoding=\"async\" class=\"alignnone size-full wp-image-2767\" src=\"https:\/\/recuerdasdeunavida.com\/wp-content\/uploads\/2022\/10\/ARTICLE-SUD-OUEST.jpeg\" alt=\"\" width=\"1854\" height=\"2545\" srcset=\"https:\/\/recuerdasdeunavida.com\/wp-content\/uploads\/2022\/10\/ARTICLE-SUD-OUEST.jpeg 1854w, https:\/\/recuerdasdeunavida.com\/wp-content\/uploads\/2022\/10\/ARTICLE-SUD-OUEST-219x300.jpeg 219w, https:\/\/recuerdasdeunavida.com\/wp-content\/uploads\/2022\/10\/ARTICLE-SUD-OUEST-746x1024.jpeg 746w, https:\/\/recuerdasdeunavida.com\/wp-content\/uploads\/2022\/10\/ARTICLE-SUD-OUEST-768x1054.jpeg 768w, https:\/\/recuerdasdeunavida.com\/wp-content\/uploads\/2022\/10\/ARTICLE-SUD-OUEST-1119x1536.jpeg 1119w, https:\/\/recuerdasdeunavida.com\/wp-content\/uploads\/2022\/10\/ARTICLE-SUD-OUEST-1492x2048.jpeg 1492w\" sizes=\"(max-width: 1854px) 100vw, 1854px\" \/><\/p><p><img loading=\"lazy\" decoding=\"async\" class=\"alignnone size-full wp-image-2770\" src=\"https:\/\/recuerdasdeunavida.com\/wp-content\/uploads\/2022\/10\/Capture-decran-2022-05-27-a-11.09.00.png\" alt=\"\" width=\"452\" height=\"739\" srcset=\"https:\/\/recuerdasdeunavida.com\/wp-content\/uploads\/2022\/10\/Capture-decran-2022-05-27-a-11.09.00.png 452w, https:\/\/recuerdasdeunavida.com\/wp-content\/uploads\/2022\/10\/Capture-decran-2022-05-27-a-11.09.00-183x300.png 183w\" sizes=\"(max-width: 452px) 100vw, 452px\" \/><\/p><\/div>\n            <\/div>\n                    <\/div>\n        \n<\/div>\n\t\t\t\t<\/div>\n\t\t\t\t<\/div>\n\t\t\t\t\t<\/div>\n\t\t<\/div>\n\t\t\t\t<div class=\"elementor-column elementor-col-50 elementor-top-column elementor-element elementor-element-cba494e elementor-hidden-desktop elementor-hidden-tablet elementor-hidden-mobile\" data-id=\"cba494e\" data-element_type=\"column\" data-e-type=\"column\">\n\t\t\t<div class=\"elementor-widget-wrap elementor-element-populated\">\n\t\t\t\t\t\t<div class=\"elementor-element elementor-element-2cbd6046 elementor-widget elementor-widget-tp-accordion\" data-id=\"2cbd6046\" data-element_type=\"widget\" data-e-type=\"widget\" data-widget_type=\"tp-accordion.default\">\n\t\t\t\t<div class=\"elementor-widget-container\">\n\t\t\t\t\t\n<div class=\"theplus-accordion-wrapper elementor-accordion   \"\n    id=\"accordion69f45c3b85eb0\" data-accordion-id=\"accordion69f45c3b85eb0\"\n    data-connection=\"\"\n    data-accordion-type=\"accordion\"\n    data-heightlight-text       role=\"tablist\" >\n\n            <div class=\"theplus-accordion-item\"  role=\"tab\">\n            <div id=\"elementor-tab-title-7501\" class=\"elementor-tab-title plus-accordion-header 0 text-left \" data-tab=\"1\" aria-controls=\"elementor-tab-content-7501\">\n                                                <span class=\"accordion-icon-prefix \"><span\n                        class=\"plus-icon-accordion\"><i aria-hidden=\"true\" class=\"far fa-newspaper\"><\/i><\/span><\/span>\n                \n                <span style=\"width:100%\">ASOCIACI\u00d3N MADRILE\u00d1A DE COMPOSITORES (11\/2021).   <\/br><b>Concierto Monogr\u00e1fico de \u00c1ngel Pi\u00f1ero  en SGAE.<\/b><\/span>                <span class=\"elementor-accordion-icon elementor-accordion-icon-right\" aria-hidden=\"true\"><span class=\"elementor-accordion-icon-closed\"><i aria-hidden=\"true\" class=\"fas fa-chevron-up\"><\/i><\/span><span class=\"elementor-accordion-icon-opened\"><i aria-hidden=\"true\" class=\"fas fa-chevron-down\"><\/i><\/span><\/span>            <\/div>\n\n                        <div id=\"elementor-tab-content-7501\" class=\"elementor-tab-content elementor-clearfix plus-accordion-content 0 \" data-tab=\"1\" role=\"tabpanel\" aria-labelledby=\"elementor-tab-title-7501\">\n                <div class=\"plus-content-editor\" ><p><span style=\"color: #333333;\">El 11 de noviembre a la 19:00 se organiza a trav\u00e9s de la Asociaci\u00f3n de guitarra cl\u00e1sica \u00c1ngel G. Pi\u00f1ero, un concierto de guitarra sola y guitarra y cuarteto de cuerdas en la sala Manuel de Falla de la SGAE. Es un concierto monogr\u00e1fico de parte de las obras de Pi\u00f1ero, que ser\u00e1n interpretadas por un concertista ucraniano premiado, Stalisnav Stetshenko y el cuarteto Chagall.<\/span><\/p><p><span style=\"color: #333333;\">El programa incluye las obras Preludio Azul, El viento de la vida, Murmullo musical, Balada a una desconocida, Viaje Nocturno, Alegr\u00edas en el puerto, Canto a la serran\u00eda y Brisas de C\u00e1diz.<\/span><\/p><p><a href=\"https:\/\/amcc.es\/concierto-monografico-de-angel-pinero-en-sgae\/\" target=\"_blank\" rel=\"noopener\"><span style=\"text-decoration: underline;\"><span style=\"color: #9e7e54; text-decoration: underline;\">Ver m\u00e1s<\/span><\/span><\/a><\/p><\/div>\n            <\/div>\n                    <\/div>\n        \n<\/div>\n\t\t\t\t<\/div>\n\t\t\t\t<\/div>\n\t\t\t\t\t<\/div>\n\t\t<\/div>\n\t\t\t\t\t<\/div>\n\t\t<\/section>\n\t\t\t\t<\/div>\n\t\t","protected":false},"featured_media":2870,"parent":0,"template":"","tipo":[29],"class_list":["post-3414","conciertos","type-conciertos","status-publish","has-post-thumbnail","hentry","tipo-precedents"],"_links":{"self":[{"href":"https:\/\/recuerdasdeunavida.com\/fr\/wp-json\/wp\/v2\/conciertos\/3414","targetHints":{"allow":["GET"]}}],"collection":[{"href":"https:\/\/recuerdasdeunavida.com\/fr\/wp-json\/wp\/v2\/conciertos"}],"about":[{"href":"https:\/\/recuerdasdeunavida.com\/fr\/wp-json\/wp\/v2\/types\/conciertos"}],"version-history":[{"count":17,"href":"https:\/\/recuerdasdeunavida.com\/fr\/wp-json\/wp\/v2\/conciertos\/3414\/revisions"}],"predecessor-version":[{"id":6179,"href":"https:\/\/recuerdasdeunavida.com\/fr\/wp-json\/wp\/v2\/conciertos\/3414\/revisions\/6179"}],"wp:featuredmedia":[{"embeddable":true,"href":"https:\/\/recuerdasdeunavida.com\/fr\/wp-json\/wp\/v2\/media\/2870"}],"wp:attachment":[{"href":"https:\/\/recuerdasdeunavida.com\/fr\/wp-json\/wp\/v2\/media?parent=3414"}],"wp:term":[{"taxonomy":"tipo","embeddable":true,"href":"https:\/\/recuerdasdeunavida.com\/fr\/wp-json\/wp\/v2\/tipo?post=3414"}],"curies":[{"name":"wp","href":"https:\/\/api.w.org\/{rel}","templated":true}]}}