{"id":5503,"date":"2022-10-17T15:41:00","date_gmt":"2022-10-17T13:41:00","guid":{"rendered":"https:\/\/recuerdasdeunavida.com\/conciertos\/festival-andalou-saint-jean-de-luz-2\/"},"modified":"2023-06-21T09:41:33","modified_gmt":"2023-06-21T07:41:33","slug":"festival-andalou-saint-jean-de-luz-2","status":"publish","type":"conciertos","link":"https:\/\/recuerdasdeunavida.com\/fr\/conciertos\/festival-andalou-saint-jean-de-luz-2\/","title":{"rendered":"Festival Andalou Saint-Jean-de-Luz"},"content":{"rendered":"\t\t<div data-elementor-type=\"wp-post\" data-elementor-id=\"5503\" class=\"elementor elementor-5503 elementor-5480\" data-elementor-post-type=\"conciertos\">\n\t\t\t\t\t\t<section class=\"elementor-section elementor-top-section elementor-element elementor-element-23f1946b elementor-section-boxed elementor-section-height-default elementor-section-height-default\" data-id=\"23f1946b\" data-element_type=\"section\" data-e-type=\"section\" data-settings=\"{&quot;background_background&quot;:&quot;classic&quot;}\">\n\t\t\t\t\t\t<div class=\"elementor-container elementor-column-gap-default\">\n\t\t\t\t\t<div class=\"elementor-column elementor-col-100 elementor-top-column elementor-element elementor-element-7990dee8\" data-id=\"7990dee8\" data-element_type=\"column\" data-e-type=\"column\">\n\t\t\t<div class=\"elementor-widget-wrap elementor-element-populated\">\n\t\t\t\t\t\t<div class=\"elementor-element elementor-element-62f8a22e elementor-widget elementor-widget-heading\" data-id=\"62f8a22e\" data-element_type=\"widget\" data-e-type=\"widget\" data-widget_type=\"heading.default\">\n\t\t\t\t<div class=\"elementor-widget-container\">\n\t\t\t\t\t<h2 class=\"elementor-heading-title elementor-size-default\">CONCERTS &gt; FESTIVAL ANDALOU SAINT JEAN DE LUZ<\/h2>\t\t\t\t<\/div>\n\t\t\t\t<\/div>\n\t\t\t\t\t<\/div>\n\t\t<\/div>\n\t\t\t\t\t<\/div>\n\t\t<\/section>\n\t\t\t\t<section class=\"elementor-section elementor-top-section elementor-element elementor-element-57b7d7b2 elementor-section-content-middle elementor-reverse-mobile elementor-section-boxed elementor-section-height-default elementor-section-height-default\" data-id=\"57b7d7b2\" data-element_type=\"section\" data-e-type=\"section\" data-settings=\"{&quot;background_background&quot;:&quot;classic&quot;}\">\n\t\t\t\t\t\t<div class=\"elementor-container elementor-column-gap-no\">\n\t\t\t\t\t<div class=\"elementor-column elementor-col-50 elementor-top-column elementor-element elementor-element-5f8d6ef0\" data-id=\"5f8d6ef0\" data-element_type=\"column\" data-e-type=\"column\">\n\t\t\t<div class=\"elementor-widget-wrap elementor-element-populated\">\n\t\t\t\t\t\t<div class=\"elementor-element elementor-element-4634a30a elementor-widget elementor-widget-heading\" data-id=\"4634a30a\" data-element_type=\"widget\" data-e-type=\"widget\" data-widget_type=\"heading.default\">\n\t\t\t\t<div class=\"elementor-widget-container\">\n\t\t\t\t\t<h2 class=\"elementor-heading-title elementor-size-default\">Festival Andalou Saint-Jean-de-Luz (France)<BR>\n24 Mai 2023 \u00e0 20:00h<\/h2>\t\t\t\t<\/div>\n\t\t\t\t<\/div>\n\t\t\t\t<div class=\"elementor-element elementor-element-59283970 elementor-widget elementor-widget-text-editor\" data-id=\"59283970\" data-element_type=\"widget\" data-e-type=\"widget\" data-widget_type=\"text-editor.default\">\n\t\t\t\t<div class=\"elementor-widget-container\">\n\t\t\t\t\t\t\t\t\t<p>Dans le cadre du Festival Andalou, Angelica Rodr\u00edguez fut la protagoniste d&rsquo;un concert de guitare classique qui eut lieu le 24 mai, lors de la c\u00e9r\u00e9monie d\u2019ouverture du Festival, dans le\u00a0<em>Chapiteau Harriet Ba\u00efta.<\/em><\/p><p>Angelica Rodr\u00edguez, gagnante de la VII\u00e8me \u00e9dition du Concours International de Guitare Classique \u00c1ngel G. Pi\u00f1ero en 2021, collabore \u00e0 la diffusion de l&rsquo;\u0153uvre d&rsquo;\u00c1ngel et, lors de ce concert, ella interpr\u00e8tera des \u0153uvres originales d&rsquo;\u00c1ngel et d&rsquo;autres compositeurs.<\/p><p>Depuis le d\u00e9but des ann\u00e9es 90, la ville vit \u00e0 l\u2019heure andalouse lors du week-end de la Pentec\u00f4te. Le lieu phare est le village andalou, situ\u00e9 aux Flots bleus au pied de la colline de Sainte-Barbe. Dans cet espace festif, inspir\u00e9 des traditionnelles casetas, le public assiste \u00e0 des spectacles de flamenco, des concerts, peut s\u2019initier aux s\u00e9villanes ou se restaurer. Une messe andalouse suivie d\u2019un d\u00e9fil\u00e9 de cavaliers et danseurs dans les rues de la ville compte parmi les temps forts de cet \u00e9v\u00e9nement. Une exposition, des concerts et un spectacle de danse compl\u00e8tent le programme<\/p><p><a href=\"https:\/\/saint-jean-de-luz.com\/es\/sit\/festival-andalou-2023\/\" target=\"_blank\" rel=\"noopener\">Festival Andalou 2023<\/a><\/p>\t\t\t\t\t\t\t\t<\/div>\n\t\t\t\t<\/div>\n\t\t\t\t<div class=\"elementor-element elementor-element-50bbded elementor-hidden-desktop elementor-hidden-tablet elementor-hidden-mobile elementor-widget elementor-widget-image\" data-id=\"50bbded\" data-element_type=\"widget\" data-e-type=\"widget\" data-widget_type=\"image.default\">\n\t\t\t\t<div class=\"elementor-widget-container\">\n\t\t\t\t\t\t\t\t\t\t\t\t\t\t\t\t<a href=\"https:\/\/www.espaciobertelsmann.es\/\" target=\"_blank\">\n\t\t\t\t\t\t\t<img decoding=\"async\" width=\"369\" height=\"93\" src=\"https:\/\/recuerdasdeunavida.com\/wp-content\/uploads\/2022\/09\/logo_bermetrans_blanco.png\" class=\"attachment-large size-large wp-image-5175\" alt=\"\" srcset=\"https:\/\/recuerdasdeunavida.com\/wp-content\/uploads\/2022\/09\/logo_bermetrans_blanco.png 369w, https:\/\/recuerdasdeunavida.com\/wp-content\/uploads\/2022\/09\/logo_bermetrans_blanco-300x76.png 300w\" sizes=\"(max-width: 369px) 100vw, 369px\" \/>\t\t\t\t\t\t\t\t<\/a>\n\t\t\t\t\t\t\t\t\t\t\t\t\t\t\t<\/div>\n\t\t\t\t<\/div>\n\t\t\t\t\t<\/div>\n\t\t<\/div>\n\t\t\t\t<div class=\"elementor-column elementor-col-50 elementor-top-column elementor-element elementor-element-71ab5ef8\" data-id=\"71ab5ef8\" data-element_type=\"column\" data-e-type=\"column\">\n\t\t\t<div class=\"elementor-widget-wrap\">\n\t\t\t\t\t\t\t<\/div>\n\t\t<\/div>\n\t\t\t\t\t<\/div>\n\t\t<\/section>\n\t\t\t\t<section class=\"elementor-section elementor-top-section elementor-element elementor-element-6d4b97ff elementor-section-height-min-height elementor-section-items-top elementor-hidden-desktop elementor-hidden-tablet elementor-hidden-mobile elementor-section-boxed elementor-section-height-default\" data-id=\"6d4b97ff\" data-element_type=\"section\" data-e-type=\"section\" data-settings=\"{&quot;background_background&quot;:&quot;classic&quot;}\">\n\t\t\t\t\t\t<div class=\"elementor-container elementor-column-gap-default\">\n\t\t\t\t\t<div class=\"elementor-column elementor-col-50 elementor-top-column elementor-element elementor-element-51b2a3d6\" data-id=\"51b2a3d6\" data-element_type=\"column\" data-e-type=\"column\">\n\t\t\t<div class=\"elementor-widget-wrap elementor-element-populated\">\n\t\t\t\t\t\t<div class=\"elementor-element elementor-element-5b9e14d5 elementor-widget elementor-widget-heading\" data-id=\"5b9e14d5\" data-element_type=\"widget\" data-e-type=\"widget\" data-widget_type=\"heading.default\">\n\t\t\t\t<div class=\"elementor-widget-container\">\n\t\t\t\t\t<h2 class=\"elementor-heading-title elementor-size-default\">EL ESPACIO<\/h2>\t\t\t\t<\/div>\n\t\t\t\t<\/div>\n\t\t\t\t<div class=\"elementor-element elementor-element-44293a5b elementor-widget elementor-widget-image\" data-id=\"44293a5b\" data-element_type=\"widget\" data-e-type=\"widget\" data-widget_type=\"image.default\">\n\t\t\t\t<div class=\"elementor-widget-container\">\n\t\t\t\t\t\t\t\t\t\t\t\t\t\t\t<img fetchpriority=\"high\" decoding=\"async\" width=\"800\" height=\"489\" src=\"https:\/\/recuerdasdeunavida.com\/wp-content\/uploads\/2023\/03\/elespacio_pamplona-1024x626.jpg\" class=\"attachment-large size-large wp-image-5339\" alt=\"\" srcset=\"https:\/\/recuerdasdeunavida.com\/wp-content\/uploads\/2023\/03\/elespacio_pamplona-1024x626.jpg 1024w, https:\/\/recuerdasdeunavida.com\/wp-content\/uploads\/2023\/03\/elespacio_pamplona-300x183.jpg 300w, https:\/\/recuerdasdeunavida.com\/wp-content\/uploads\/2023\/03\/elespacio_pamplona-768x469.jpg 768w, https:\/\/recuerdasdeunavida.com\/wp-content\/uploads\/2023\/03\/elespacio_pamplona.jpg 1080w\" sizes=\"(max-width: 800px) 100vw, 800px\" \/>\t\t\t\t\t\t\t\t\t\t\t\t\t\t\t<\/div>\n\t\t\t\t<\/div>\n\t\t\t\t\t<\/div>\n\t\t<\/div>\n\t\t\t\t<div class=\"elementor-column elementor-col-50 elementor-top-column elementor-element elementor-element-27ee052a\" data-id=\"27ee052a\" data-element_type=\"column\" data-e-type=\"column\">\n\t\t\t<div class=\"elementor-widget-wrap elementor-element-populated\">\n\t\t\t\t\t\t<div class=\"elementor-element elementor-element-217a5d8a elementor-widget elementor-widget-heading\" data-id=\"217a5d8a\" data-element_type=\"widget\" data-e-type=\"widget\" data-widget_type=\"heading.default\">\n\t\t\t\t<div class=\"elementor-widget-container\">\n\t\t\t\t\t<h2 class=\"elementor-heading-title elementor-size-default\">Parroquia de San Lorenzo de Pamplona<\/h2>\t\t\t\t<\/div>\n\t\t\t\t<\/div>\n\t\t\t\t<div class=\"elementor-element elementor-element-3b4cf86b elementor-widget elementor-widget-text-editor\" data-id=\"3b4cf86b\" data-element_type=\"widget\" data-e-type=\"widget\" data-widget_type=\"text-editor.default\">\n\t\t\t\t<div class=\"elementor-widget-container\">\n\t\t\t\t\t\t\t\t\t<p>La Parroquia de San Lorenzo de Pamplona es una de las iglesias m\u00e1s entra\u00f1ables de la ciudad por albergar en su interior, adem\u00e1s del altar mayor dedicado a San Lorenzo, la capilla de San Ferm\u00edn y la Capilla de La Dolorosa.<\/p><p>Desde esta iglesia comienza cada 7 de julio la procesi\u00f3n de San Ferm\u00edn, por ser la que guarda la talla del Santo. En este mismo sitio tienen lugar durante la \u00e9poca de fiestas todos los actos religiosos oficiales.<\/p><p>Sustituyendo a otra de corte barroco, el edificio data de 1901, seg\u00fan el proyecto de Florencio Ansoleaga, y el interior es de estilo neocl\u00e1sico. La capilla del Santo fue construida entre 1696 y 1717, y es obra de Santiago Ra\u00f3n, Fray Juan de Alegr\u00eda y Mart\u00edn de Zald\u00faa.<\/p><p>La Capilla de San Ferm\u00edn, que se encuentra en la iglesia de San Lorenzo, se construy\u00f3 entre los a\u00f1os 1696 y 1717.\u00a0 La capilla, de aire neocl\u00e1sico, se encuentra nada m\u00e1s entrar a la derecha, y sobre el altar, se yergue la venerada imagen del Santo, una talla de medio cuerpo realizada en madera policromada y guarnecida en plata que data de fines del siglo XV. La imagen se coloc\u00f3 en este lugar el d\u00eda 6 de julio de 1717, y desde entonces, s\u00f3lo el 7 de julio, festividad de San Ferm\u00edn, abandona esta capilla para salir en Procesi\u00f3n.<\/p>\t\t\t\t\t\t\t\t<\/div>\n\t\t\t\t<\/div>\n\t\t\t\t\t<\/div>\n\t\t<\/div>\n\t\t\t\t\t<\/div>\n\t\t<\/section>\n\t\t\t\t<section class=\"elementor-section elementor-top-section elementor-element elementor-element-1c7705f5 elementor-hidden-desktop elementor-hidden-tablet elementor-hidden-mobile elementor-section-boxed elementor-section-height-default elementor-section-height-default\" data-id=\"1c7705f5\" data-element_type=\"section\" data-e-type=\"section\" data-settings=\"{&quot;background_background&quot;:&quot;classic&quot;}\">\n\t\t\t\t\t\t<div class=\"elementor-container elementor-column-gap-default\">\n\t\t\t\t\t<div class=\"elementor-column elementor-col-50 elementor-top-column elementor-element elementor-element-4014192e\" data-id=\"4014192e\" data-element_type=\"column\" data-e-type=\"column\">\n\t\t\t<div class=\"elementor-widget-wrap elementor-element-populated\">\n\t\t\t\t\t\t<div class=\"elementor-element elementor-element-6811ae03 elementor-widget elementor-widget-heading\" data-id=\"6811ae03\" data-element_type=\"widget\" data-e-type=\"widget\" data-widget_type=\"heading.default\">\n\t\t\t\t<div class=\"elementor-widget-container\">\n\t\t\t\t\t<h2 class=\"elementor-heading-title elementor-size-default\">EL DIRECTOR<\/h2>\t\t\t\t<\/div>\n\t\t\t\t<\/div>\n\t\t\t\t<div class=\"elementor-element elementor-element-6ad0a913 elementor-widget elementor-widget-image\" data-id=\"6ad0a913\" data-element_type=\"widget\" data-e-type=\"widget\" data-widget_type=\"image.default\">\n\t\t\t\t<div class=\"elementor-widget-container\">\n\t\t\t\t\t\t\t\t\t\t\t\t\t\t\t<img decoding=\"async\" width=\"626\" height=\"594\" src=\"https:\/\/recuerdasdeunavida.com\/wp-content\/uploads\/2022\/10\/director.jpg\" class=\"attachment-full size-full wp-image-2719\" alt=\"\" srcset=\"https:\/\/recuerdasdeunavida.com\/wp-content\/uploads\/2022\/10\/director.jpg 626w, https:\/\/recuerdasdeunavida.com\/wp-content\/uploads\/2022\/10\/director-300x285.jpg 300w\" sizes=\"(max-width: 626px) 100vw, 626px\" \/>\t\t\t\t\t\t\t\t\t\t\t\t\t\t\t<\/div>\n\t\t\t\t<\/div>\n\t\t\t\t\t<\/div>\n\t\t<\/div>\n\t\t\t\t<div class=\"elementor-column elementor-col-50 elementor-top-column elementor-element elementor-element-52589fa2\" data-id=\"52589fa2\" data-element_type=\"column\" data-e-type=\"column\">\n\t\t\t<div class=\"elementor-widget-wrap elementor-element-populated\">\n\t\t\t\t\t\t<div class=\"elementor-element elementor-element-2836dbf5 elementor-widget elementor-widget-heading\" data-id=\"2836dbf5\" data-element_type=\"widget\" data-e-type=\"widget\" data-widget_type=\"heading.default\">\n\t\t\t\t<div class=\"elementor-widget-container\">\n\t\t\t\t\t<h2 class=\"elementor-heading-title elementor-size-default\">NOMBRE APELLIDO<\/h2>\t\t\t\t<\/div>\n\t\t\t\t<\/div>\n\t\t\t\t<div class=\"elementor-element elementor-element-4a4886a2 elementor-widget elementor-widget-text-editor\" data-id=\"4a4886a2\" data-element_type=\"widget\" data-e-type=\"widget\" data-widget_type=\"text-editor.default\">\n\t\t\t\t<div class=\"elementor-widget-container\">\n\t\t\t\t\t\t\t\t\t<p>Entre las numerosas orquestas que ha dirigido, destacan la Sinf\u00f3nica de Mil\u00e1n, Sinf\u00f3nica de Madrid, l\u2019Orchestra del Teatro Carlo Felice de G\u00e9nova, Orquesta Sinf\u00f3nica de Castilla y Le\u00f3n, Orquesta de la Comunidad de Madrid, Sinf\u00f3nica de Galicia, l\u2019Orchestra Accademia del Teatro La Scala de Mil\u00e1n, l\u2019Orchestre de l\u2019Opera Royal de Wallonie, l\u2019Orchestre Symphonique de Saint-\u00c9tienne, Real Filharmon\u00eda de Galicia, Orquesta de Extremadura, Sinf\u00f3nica de Navarra, Sinf\u00f3nica de la Regi\u00f3n de Murcia, Orquesta de C\u00f3rdoba, l\u2019Orchestra Filarmonia Veneta y Orquesta Cl\u00e1sica Santa Cecilia entre otras.<\/p>\t\t\t\t\t\t\t\t<\/div>\n\t\t\t\t<\/div>\n\t\t\t\t\t<\/div>\n\t\t<\/div>\n\t\t\t\t\t<\/div>\n\t\t<\/section>\n\t\t\t\t<section class=\"elementor-section elementor-top-section elementor-element elementor-element-f575e72 elementor-hidden-desktop elementor-hidden-tablet elementor-hidden-mobile elementor-section-boxed elementor-section-height-default elementor-section-height-default\" data-id=\"f575e72\" data-element_type=\"section\" data-e-type=\"section\" data-settings=\"{&quot;background_background&quot;:&quot;classic&quot;}\">\n\t\t\t\t\t\t<div class=\"elementor-container elementor-column-gap-default\">\n\t\t\t\t\t<div class=\"elementor-column elementor-col-50 elementor-top-column elementor-element elementor-element-2f88bae9\" data-id=\"2f88bae9\" data-element_type=\"column\" data-e-type=\"column\">\n\t\t\t<div class=\"elementor-widget-wrap elementor-element-populated\">\n\t\t\t\t\t\t<div class=\"elementor-element elementor-element-7ab09389 elementor-widget elementor-widget-heading\" data-id=\"7ab09389\" data-element_type=\"widget\" data-e-type=\"widget\" data-widget_type=\"heading.default\">\n\t\t\t\t<div class=\"elementor-widget-container\">\n\t\t\t\t\t<h2 class=\"elementor-heading-title elementor-size-default\">ORQUESTA<\/h2>\t\t\t\t<\/div>\n\t\t\t\t<\/div>\n\t\t\t\t<div class=\"elementor-element elementor-element-1e5fabfa elementor-widget elementor-widget-text-editor\" data-id=\"1e5fabfa\" data-element_type=\"widget\" data-e-type=\"widget\" data-widget_type=\"text-editor.default\">\n\t\t\t\t<div class=\"elementor-widget-container\">\n\t\t\t\t\t\t\t\t\t<p>Entre las numerosas orquestas que ha dirigido, destacan la Sinf\u00f3nica de Mil\u00e1n, Sinf\u00f3nica de Madrid, l\u2019Orchestra del Teatro Carlo Felice de G\u00e9nova, Orquesta Sinf\u00f3nica de Castilla y Le\u00f3n, Orquesta de la Comunidad de Madrid, Sinf\u00f3nica de Galicia, l\u2019Orchestra Accademia del Teatro La Scala de Mil\u00e1n, l\u2019Orchestre de l\u2019Opera Royal de Wallonie, l\u2019Orchestre Symphonique de Saint-\u00c9tienne, Real Filharmon\u00eda de Galicia, Orquesta de Extremadura, Sinf\u00f3nica de Navarra, Sinf\u00f3nica de la Regi\u00f3n de Murcia, Orquesta de C\u00f3rdoba, l\u2019Orchestra Filarmonia Veneta y Orquesta Cl\u00e1sica Santa Cecilia entre otras.<\/p>\t\t\t\t\t\t\t\t<\/div>\n\t\t\t\t<\/div>\n\t\t\t\t\t<\/div>\n\t\t<\/div>\n\t\t\t\t<div class=\"elementor-column elementor-col-50 elementor-top-column elementor-element elementor-element-256c0d56\" data-id=\"256c0d56\" data-element_type=\"column\" data-e-type=\"column\">\n\t\t\t<div class=\"elementor-widget-wrap elementor-element-populated\">\n\t\t\t\t\t\t<div class=\"elementor-element elementor-element-efffea9 elementor-widget elementor-widget-image\" data-id=\"efffea9\" data-element_type=\"widget\" data-e-type=\"widget\" data-widget_type=\"image.default\">\n\t\t\t\t<div class=\"elementor-widget-container\">\n\t\t\t\t\t\t\t\t\t\t\t\t\t\t\t<img decoding=\"async\" width=\"626\" height=\"594\" src=\"https:\/\/recuerdasdeunavida.com\/wp-content\/uploads\/2022\/10\/director.jpg\" class=\"attachment-full size-full wp-image-2719\" alt=\"\" srcset=\"https:\/\/recuerdasdeunavida.com\/wp-content\/uploads\/2022\/10\/director.jpg 626w, https:\/\/recuerdasdeunavida.com\/wp-content\/uploads\/2022\/10\/director-300x285.jpg 300w\" sizes=\"(max-width: 626px) 100vw, 626px\" \/>\t\t\t\t\t\t\t\t\t\t\t\t\t\t\t<\/div>\n\t\t\t\t<\/div>\n\t\t\t\t\t<\/div>\n\t\t<\/div>\n\t\t\t\t\t<\/div>\n\t\t<\/section>\n\t\t\t\t<section class=\"elementor-section elementor-top-section elementor-element elementor-element-600b56cb elementor-hidden-desktop elementor-hidden-tablet elementor-hidden-mobile elementor-section-boxed elementor-section-height-default elementor-section-height-default\" data-id=\"600b56cb\" data-element_type=\"section\" data-e-type=\"section\" data-settings=\"{&quot;background_background&quot;:&quot;classic&quot;}\">\n\t\t\t\t\t\t<div class=\"elementor-container elementor-column-gap-default\">\n\t\t\t\t\t<div class=\"elementor-column elementor-col-50 elementor-top-column elementor-element elementor-element-7fe916f8\" data-id=\"7fe916f8\" data-element_type=\"column\" data-e-type=\"column\">\n\t\t\t<div class=\"elementor-widget-wrap elementor-element-populated\">\n\t\t\t\t\t\t<div class=\"elementor-element elementor-element-7f44407c elementor-widget elementor-widget-heading\" data-id=\"7f44407c\" data-element_type=\"widget\" data-e-type=\"widget\" data-widget_type=\"heading.default\">\n\t\t\t\t<div class=\"elementor-widget-container\">\n\t\t\t\t\t<h2 class=\"elementor-heading-title elementor-size-default\">ORQUESTA<\/h2>\t\t\t\t<\/div>\n\t\t\t\t<\/div>\n\t\t\t\t<div class=\"elementor-element elementor-element-22b1b368 elementor-widget elementor-widget-text-editor\" data-id=\"22b1b368\" data-element_type=\"widget\" data-e-type=\"widget\" data-widget_type=\"text-editor.default\">\n\t\t\t\t<div class=\"elementor-widget-container\">\n\t\t\t\t\t\t\t\t\t<p>Entre las numerosas orquestas que ha dirigido, destacan la Sinf\u00f3nica de Mil\u00e1n, Sinf\u00f3nica de Madrid, l\u2019Orchestra del Teatro Carlo Felice de G\u00e9nova, Orquesta Sinf\u00f3nica de Castilla y Le\u00f3n, Orquesta de la Comunidad de Madrid, Sinf\u00f3nica de Galicia, l\u2019Orchestra Accademia del Teatro La Scala de Mil\u00e1n, l\u2019Orchestre de l\u2019Opera Royal de Wallonie, l\u2019Orchestre Symphonique de Saint-\u00c9tienne, Real Filharmon\u00eda de Galicia, Orquesta de Extremadura, Sinf\u00f3nica de Navarra, Sinf\u00f3nica de la Regi\u00f3n de Murcia, Orquesta de C\u00f3rdoba, l\u2019Orchestra Filarmonia Veneta y Orquesta Cl\u00e1sica Santa Cecilia entre otras.<\/p>\t\t\t\t\t\t\t\t<\/div>\n\t\t\t\t<\/div>\n\t\t\t\t\t<\/div>\n\t\t<\/div>\n\t\t\t\t<div class=\"elementor-column elementor-col-50 elementor-top-column elementor-element elementor-element-3b793c7b\" data-id=\"3b793c7b\" data-element_type=\"column\" data-e-type=\"column\">\n\t\t\t<div class=\"elementor-widget-wrap elementor-element-populated\">\n\t\t\t\t\t\t<div class=\"elementor-element elementor-element-46f5217 elementor-widget elementor-widget-image\" data-id=\"46f5217\" data-element_type=\"widget\" data-e-type=\"widget\" data-widget_type=\"image.default\">\n\t\t\t\t<div class=\"elementor-widget-container\">\n\t\t\t\t\t\t\t\t\t\t\t\t\t\t\t<img decoding=\"async\" width=\"626\" height=\"594\" src=\"https:\/\/recuerdasdeunavida.com\/wp-content\/uploads\/2022\/10\/director.jpg\" class=\"attachment-full size-full wp-image-2719\" alt=\"\" srcset=\"https:\/\/recuerdasdeunavida.com\/wp-content\/uploads\/2022\/10\/director.jpg 626w, https:\/\/recuerdasdeunavida.com\/wp-content\/uploads\/2022\/10\/director-300x285.jpg 300w\" sizes=\"(max-width: 626px) 100vw, 626px\" \/>\t\t\t\t\t\t\t\t\t\t\t\t\t\t\t<\/div>\n\t\t\t\t<\/div>\n\t\t\t\t\t<\/div>\n\t\t<\/div>\n\t\t\t\t\t<\/div>\n\t\t<\/section>\n\t\t\t\t<section class=\"elementor-section elementor-top-section elementor-element elementor-element-2b55f91d elementor-section-boxed elementor-section-height-default elementor-section-height-default\" data-id=\"2b55f91d\" data-element_type=\"section\" data-e-type=\"section\" data-settings=\"{&quot;background_background&quot;:&quot;classic&quot;}\">\n\t\t\t\t\t\t<div class=\"elementor-container elementor-column-gap-default\">\n\t\t\t\t\t<div class=\"elementor-column elementor-col-50 elementor-top-column elementor-element elementor-element-1a8603a\" data-id=\"1a8603a\" data-element_type=\"column\" data-e-type=\"column\">\n\t\t\t<div class=\"elementor-widget-wrap elementor-element-populated\">\n\t\t\t\t\t\t<div class=\"elementor-element elementor-element-714fa1c0 elementor-widget elementor-widget-heading\" data-id=\"714fa1c0\" data-element_type=\"widget\" data-e-type=\"widget\" data-widget_type=\"heading.default\">\n\t\t\t\t<div class=\"elementor-widget-container\">\n\t\t\t\t\t<h2 class=\"elementor-heading-title elementor-size-default\">L'ARTISTE<\/h2>\t\t\t\t<\/div>\n\t\t\t\t<\/div>\n\t\t\t\t<div class=\"elementor-element elementor-element-73b72bcd elementor-widget elementor-widget-image\" data-id=\"73b72bcd\" data-element_type=\"widget\" data-e-type=\"widget\" data-widget_type=\"image.default\">\n\t\t\t\t<div class=\"elementor-widget-container\">\n\t\t\t\t\t\t\t\t\t\t\t\t\t\t\t<img loading=\"lazy\" decoding=\"async\" width=\"1052\" height=\"700\" src=\"https:\/\/recuerdasdeunavida.com\/wp-content\/uploads\/2022\/07\/Imagen-1.png\" class=\"attachment-full size-full wp-image-5497\" alt=\"\" srcset=\"https:\/\/recuerdasdeunavida.com\/wp-content\/uploads\/2022\/07\/Imagen-1.png 1052w, https:\/\/recuerdasdeunavida.com\/wp-content\/uploads\/2022\/07\/Imagen-1-300x200.png 300w, https:\/\/recuerdasdeunavida.com\/wp-content\/uploads\/2022\/07\/Imagen-1-1024x681.png 1024w, https:\/\/recuerdasdeunavida.com\/wp-content\/uploads\/2022\/07\/Imagen-1-768x511.png 768w\" sizes=\"(max-width: 1052px) 100vw, 1052px\" \/>\t\t\t\t\t\t\t\t\t\t\t\t\t\t\t<\/div>\n\t\t\t\t<\/div>\n\t\t\t\t\t<\/div>\n\t\t<\/div>\n\t\t\t\t<div class=\"elementor-column elementor-col-50 elementor-top-column elementor-element elementor-element-36f60ad\" data-id=\"36f60ad\" data-element_type=\"column\" data-e-type=\"column\">\n\t\t\t<div class=\"elementor-widget-wrap elementor-element-populated\">\n\t\t\t\t\t\t<div class=\"elementor-element elementor-element-60525887 elementor-widget elementor-widget-heading\" data-id=\"60525887\" data-element_type=\"widget\" data-e-type=\"widget\" data-widget_type=\"heading.default\">\n\t\t\t\t<div class=\"elementor-widget-container\">\n\t\t\t\t\t<h2 class=\"elementor-heading-title elementor-size-default\">Guitariste: Ang\u00e9lica Rodr\u00edguez<\/h2>\t\t\t\t<\/div>\n\t\t\t\t<\/div>\n\t\t\t\t<div class=\"elementor-element elementor-element-8c3b72a elementor-widget elementor-widget-tp-unfold\" data-id=\"8c3b72a\" data-element_type=\"widget\" data-e-type=\"widget\" data-widget_type=\"tp-unfold.default\">\n\t\t\t\t<div class=\"elementor-widget-container\">\n\t\t\t\t\t<div class=\"tp-unfold-wrapper plus69f1b0ec5e5aa  \" data-id=\"plus69f1b0ec5e5aa\"  data-content_a_source=\"content\" data-con_pos=\"default\" data-icon-position=\"tp_ic_pos_before\" data-readmore=\"En savoir plus\" data-readless=\"En savoir moins\" data-readmore-icon=\"\" data-readless-icon=\"\"  data-transition-duration=\"200\" data-content-max-height=\"560\" data-content-max-height-t=\"100\" data-content-max-height-m=\"329\"  ><div class=\"tp-unfold-title\"><\/div><div class=\"tp-unfold-description\" ><div class=\"tp-unfold-description-inner\"><p>N\u00e9e dans la ville d'Encarnaci\u00f3n au Paraguay, le 5 mai 1994. Elle a re\u00e7u le titre de Professeur Sup\u00e9rieur de Guitare Classique en 2010 au Centre Municipal d'Arts de la ville d'Encarnaci\u00f3n. En 2012, elle obtient le titre de Professeur Sup\u00e9rieur de chant lyrique au Conservatoire Amadeus de la m\u00eame ville.<\/p><p>En 2015, elle part en Italie pour perfectionner ses \u00e9tudes de guitare classique et de chant lyrique, obtenant la plus haute note et une mention honorable en guitare classique au \"Conservatoire Guido Cantelli\" de la ville de Novara, obtenant le \u00ab II Level Laurea Magistrale \u00bb sous la direction du Maestro Bruno Giufreddi en 2017. En 2019, elle est dipl\u00f4m\u00e9e en chant lyrique, obtenant ainsi le \u00ab II Level Laura Magistrale \u00bb, sous la direction du Maestro Berardino Di Domenico, dans le m\u00eame conservatoire.<\/p><p>Actuellement Ang\u00e9lica \u00e9tudie un Master d'Interpr\u00e9tation Musicale avec le Maestro Aniello Desiderio \u00e0 \"l'Accademia Stefano Strata\" dans la ville de Pise. Elle travaille \u00e9galement comme professeur de guitare classique \u00e0 l'Institut public avec la Direction Musicale dans la ville de Palerme, Sicile (Italie).<\/p><p><strong>Elle a remport\u00e9 des prix dans de grands concours internationaux, notamment:<\/strong><\/p><ul><li>Premier prix au \"Concurso Internacional Lucas Braulo Areco\" (Argentine) en 2012.<\/li><li>Prix sp\u00e9cial pour la meilleure interpr\u00e9tation de l'\u0153uvre obligatoire au \"Concurso Internacional de Guitarra Clasica Andr\u00e9s Segovia\" La Herradura (Espagne) en 2013.<\/li><li>Premier prix au \"Concorso Internazionale di Chitarra Classica Rocco Peruggini\" Italie -2017.<\/li><li>Premier prix de l'\u00e9dition en ligne du \"VII Angel G. Pi\u00f1ero International Guitar Competition\" \u2013 Espagne 2021.<\/li><li>Prix \u00ab Projet de carri\u00e8re \u00bb au \u00ab III Concours international suisse de musique \u00bb, \u00e9dition en ligne, Lugano 2023.<\/li><\/ul><p><strong>Elle a donn\u00e9 des r\u00e9citals dans des festivals importants tels que:<\/strong> \u2018\u2018Stagione Internazionale di Chitarra Classica\u2019\u2019 dans la XIe \u00e9dition, organis\u00e9e par l'Atelier Chitarristico Laudense de la ville de Lodi (Italie) en 2016; \"Concert solo\" pour la comm\u00e9moration des f\u00eates nationales du Paraguay \u00e0 la Biblioth\u00e8que nationale de Catalogne (Barcelone, Espagne) en 2018; Concert de guitare classique \"Hommage aux femmes\" \u00e0 l'Ambassade du Paraguay \u00e0 Rome, organis\u00e9 par la m\u00eame ambassade et l'Association Paraguay (Italie) en 2022.<\/p><\/div><\/div><div class=\"tp-unfold-last-toggle flex-start\"><button class=\"tp-unfold-toggle \"> En savoir plus <\/button><\/div><\/div>\t\t\t\t<\/div>\n\t\t\t\t<\/div>\n\t\t\t\t\t<\/div>\n\t\t<\/div>\n\t\t\t\t\t<\/div>\n\t\t<\/section>\n\t\t\t\t<section class=\"elementor-section elementor-top-section elementor-element elementor-element-9772a05 elementor-hidden-desktop elementor-hidden-tablet elementor-section-boxed elementor-section-height-default elementor-section-height-default\" data-id=\"9772a05\" data-element_type=\"section\" data-e-type=\"section\" data-settings=\"{&quot;background_background&quot;:&quot;classic&quot;}\">\n\t\t\t\t\t\t<div class=\"elementor-container elementor-column-gap-default\">\n\t\t\t\t\t<div class=\"elementor-column elementor-col-50 elementor-top-column elementor-element elementor-element-1648f1dc\" data-id=\"1648f1dc\" data-element_type=\"column\" data-e-type=\"column\">\n\t\t\t<div class=\"elementor-widget-wrap elementor-element-populated\">\n\t\t\t\t\t\t<div class=\"elementor-element elementor-element-53c6aae elementor-widget elementor-widget-heading\" data-id=\"53c6aae\" data-element_type=\"widget\" data-e-type=\"widget\" data-widget_type=\"heading.default\">\n\t\t\t\t<div class=\"elementor-widget-container\">\n\t\t\t\t\t<h2 class=\"elementor-heading-title elementor-size-default\">Cuarteto Chagall<\/h2>\t\t\t\t<\/div>\n\t\t\t\t<\/div>\n\t\t\t\t<div class=\"elementor-element elementor-element-e37553c elementor-widget elementor-widget-tp-unfold\" data-id=\"e37553c\" data-element_type=\"widget\" data-e-type=\"widget\" data-widget_type=\"tp-unfold.default\">\n\t\t\t\t<div class=\"elementor-widget-container\">\n\t\t\t\t\t<div class=\"tp-unfold-wrapper plus69f1b0ec5f1f6  \" data-id=\"plus69f1b0ec5f1f6\"  data-content_a_source=\"content\" data-con_pos=\"default\" data-icon-position=\"tp_ic_pos_before\" data-readmore=\"Ver m\u00e1s\" data-readless=\"Ver menos\" data-readmore-icon=\"\" data-readless-icon=\"\"  data-transition-duration=\"200\" data-content-max-height=\"187\" data-content-max-height-t=\"100\" data-content-max-height-m=\"329\"  ><div class=\"tp-unfold-title\"><\/div><div class=\"tp-unfold-description\" ><div class=\"tp-unfold-description-inner\"><p>El cuarteto Chagall est\u00e1 formado por Cristina Pascual Godoy (viol\u00edn), Sergio G\u00f3mez (viol\u00edn), Abel Nafee Rosch (viola) e Irene Celestino (chelo).<\/p><p>El cuarteto ha ofrecido numerosos conciertos tanto en el \u00e1mbito nacional como internacional, destacando sus participaciones en los festivales \u00abCl\u00e1sicos en Verano\u00bb y \u00bbArte Sacro\u00bb de la Comunidad de Madrid, en varios ciclos de conciertos en Boadilla del Monte (Madrid), en el ciclo\u2019 \u00abLas soir\u00e9es de Riaza\u00bb (Segovia), ciclos MusaE apoyados por Acci\u00f3n Cultural Espa\u00f1ola y el MECD, Juventudes Musicales o el concierto ofrecido en el Teatro de la Zarzuela de Madrid en conmemoraci\u00f3n del 115 Aniversario de la SGAE.<\/p><p>En el \u00e1mbito internacional cabe destacar la gira de conciertos como cuarteto invitado por el \u00abFestival Junger K\u00fcnstler Bayreuth\u00bb o su concierto en el Teatro Massimo Bellini de Catania, con gran \u00e9xito de cr\u00edtica y p\u00fablico. Ha realizado igualmente conciertos en San Juan de Luz y Biarritz (Francia).<\/p><\/div><\/div><div class=\"tp-unfold-last-toggle flex-start\"><button class=\"tp-unfold-toggle \"> Ver m\u00e1s <\/button><\/div><\/div>\t\t\t\t<\/div>\n\t\t\t\t<\/div>\n\t\t\t\t\t<\/div>\n\t\t<\/div>\n\t\t\t\t<div class=\"elementor-column elementor-col-50 elementor-top-column elementor-element elementor-element-7a8f5276\" data-id=\"7a8f5276\" data-element_type=\"column\" data-e-type=\"column\">\n\t\t\t<div class=\"elementor-widget-wrap elementor-element-populated\">\n\t\t\t\t\t\t<div class=\"elementor-element elementor-element-76ead76a elementor-widget elementor-widget-image\" data-id=\"76ead76a\" data-element_type=\"widget\" data-e-type=\"widget\" data-widget_type=\"image.default\">\n\t\t\t\t<div class=\"elementor-widget-container\">\n\t\t\t\t\t\t\t\t\t\t\t\t\t\t\t<img loading=\"lazy\" decoding=\"async\" width=\"2000\" height=\"1333\" src=\"https:\/\/recuerdasdeunavida.com\/wp-content\/uploads\/2023\/02\/cuartetochagall-1.jpg\" class=\"attachment-full size-full wp-image-5110\" alt=\"cuarteto chagall\" srcset=\"https:\/\/recuerdasdeunavida.com\/wp-content\/uploads\/2023\/02\/cuartetochagall-1.jpg 2000w, https:\/\/recuerdasdeunavida.com\/wp-content\/uploads\/2023\/02\/cuartetochagall-1-300x200.jpg 300w, https:\/\/recuerdasdeunavida.com\/wp-content\/uploads\/2023\/02\/cuartetochagall-1-1024x682.jpg 1024w, https:\/\/recuerdasdeunavida.com\/wp-content\/uploads\/2023\/02\/cuartetochagall-1-768x512.jpg 768w, https:\/\/recuerdasdeunavida.com\/wp-content\/uploads\/2023\/02\/cuartetochagall-1-1536x1024.jpg 1536w\" sizes=\"(max-width: 2000px) 100vw, 2000px\" \/>\t\t\t\t\t\t\t\t\t\t\t\t\t\t\t<\/div>\n\t\t\t\t<\/div>\n\t\t\t\t\t<\/div>\n\t\t<\/div>\n\t\t\t\t\t<\/div>\n\t\t<\/section>\n\t\t\t\t<section class=\"elementor-section elementor-top-section elementor-element elementor-element-31688254 elementor-section-boxed elementor-section-height-default elementor-section-height-default\" data-id=\"31688254\" data-element_type=\"section\" data-e-type=\"section\" data-settings=\"{&quot;background_background&quot;:&quot;classic&quot;}\">\n\t\t\t\t\t\t<div class=\"elementor-container elementor-column-gap-default\">\n\t\t\t\t\t<div class=\"elementor-column elementor-col-100 elementor-top-column elementor-element elementor-element-26c3874c\" data-id=\"26c3874c\" data-element_type=\"column\" data-e-type=\"column\">\n\t\t\t<div class=\"elementor-widget-wrap elementor-element-populated\">\n\t\t\t\t\t\t<div class=\"elementor-element elementor-element-46ef1c59 elementor-widget elementor-widget-heading\" data-id=\"46ef1c59\" data-element_type=\"widget\" data-e-type=\"widget\" data-widget_type=\"heading.default\">\n\t\t\t\t<div class=\"elementor-widget-container\">\n\t\t\t\t\t<h2 class=\"elementor-heading-title elementor-size-default\">LE PROGRAMME<\/h2>\t\t\t\t<\/div>\n\t\t\t\t<\/div>\n\t\t\t\t<div class=\"elementor-element elementor-element-5ae009eb elementor-widget-divider--view-line elementor-widget elementor-widget-divider\" data-id=\"5ae009eb\" data-element_type=\"widget\" data-e-type=\"widget\" data-widget_type=\"divider.default\">\n\t\t\t\t<div class=\"elementor-widget-container\">\n\t\t\t\t\t\t\t<div class=\"elementor-divider\">\n\t\t\t<span class=\"elementor-divider-separator\">\n\t\t\t\t\t\t<\/span>\n\t\t<\/div>\n\t\t\t\t\t\t<\/div>\n\t\t\t\t<\/div>\n\t\t\t\t<div class=\"elementor-element elementor-element-5280524e elementor-widget elementor-widget-text-editor\" data-id=\"5280524e\" data-element_type=\"widget\" data-e-type=\"widget\" data-widget_type=\"text-editor.default\">\n\t\t\t\t<div class=\"elementor-widget-container\">\n\t\t\t\t\t\t\t\t\t<p><strong>Agust\u00edn Barrios (1885-1944) Paraguay:<\/strong> El \u00faltimo canto<\/p><p><strong>Manuel Maria Ponce (1935-2019) Madrid, Espagne:<\/strong> Sonata III<\/p><p><strong>\u00c1ngel G. Pi\u00f1ero (1932-2022) Cadix (Espagne)<\/strong><\/p><ul><li>A\u00f1oranza (premi\u00e8re)<\/li><li>Encuentro en el Bosque (premi\u00e8re)<\/li><li>Balada para una desconocida (guitare et chant)<\/li><li>Viaje nocturno<br \/><br \/><\/li><\/ul><p><strong>Agust\u00edn Barrios (1885-1944) Paraguay:<\/strong> Danza paraguaya\u00a0 \u00a0 \u00a0 \u00a0 \u00a0 \u00a0 \u00a0 \u00a0 \u00a0 \u00a0 \u00a0 \u00a0<\/p>\t\t\t\t\t\t\t\t<\/div>\n\t\t\t\t<\/div>\n\t\t\t\t<div class=\"elementor-element elementor-element-388df93f elementor-hidden-desktop elementor-hidden-tablet elementor-hidden-mobile elementor-widget elementor-widget-heading\" data-id=\"388df93f\" data-element_type=\"widget\" data-e-type=\"widget\" data-widget_type=\"heading.default\">\n\t\t\t\t<div class=\"elementor-widget-container\">\n\t\t\t\t\t<h2 class=\"elementor-heading-title elementor-size-default\">PRIMERA PARTE<\/h2>\t\t\t\t<\/div>\n\t\t\t\t<\/div>\n\t\t\t\t<div class=\"elementor-element elementor-element-e886f61 elementor-hidden-desktop elementor-hidden-tablet elementor-hidden-mobile elementor-widget elementor-widget-tp-unfold\" data-id=\"e886f61\" data-element_type=\"widget\" data-e-type=\"widget\" data-widget_type=\"tp-unfold.default\">\n\t\t\t\t<div class=\"elementor-widget-container\">\n\t\t\t\t\t<div class=\"tp-unfold-wrapper plus69f1b0ec60662  \" data-id=\"plus69f1b0ec60662\"  data-content_a_source=\"content\" data-con_pos=\"default\" data-icon-position=\"tp_ic_pos_before\" data-readmore=\"Ver m\u00e1s\" data-readless=\"Ver menos\" data-readmore-icon=\"\" data-readless-icon=\"\"  data-transition-duration=\"200\" data-content-max-height=\"187\" data-content-max-height-t=\"100\" data-content-max-height-m=\"329\"  ><div class=\"tp-unfold-title\"><\/div><div class=\"tp-unfold-description\" ><div class=\"tp-unfold-description-inner\"><p><strong>Guitarra sola<\/strong><\/p><ul><li class=\"li1\">Meditaci\u00f3n. Int\u00e9rprete Luca Romanelli (Italia)<\/li><li class=\"li1\">Preludio azul. Int\u00e9rprete Stanislav Steshenko (Ucrania)<\/li><li class=\"li1\">Evocaci\u00f3n. Int\u00e9rprete Stanislav Steshenko<\/li><li class=\"li1\">Murmullo musical. Int\u00e9rprete Stanislav Steshenko<\/li><li class=\"li1\">El viento de la vida. Int\u00e9rprete Stanislav Steshenko<\/li><li class=\"li1\">Caprichos. Int\u00e9rprete Stanislav Steshenko<\/li><\/ul><p style=\"padding-left: 40px\"><strong>Meditaci\u00f3n<\/strong><br \/>Compuesta en 2020 en plena campa\u00f1a del coronavirus, como homenaje al dolor y a las v\u00edctimas de la pandemia.<\/p><p style=\"padding-left: 40px\"><strong>Preludio azul<\/strong><br \/>Dedicada a mi madre, v\u00edctima de la voracidad de la Guerra Civil espa\u00f1ola. Debe estar en el cielo y por eso lleva el nombre de Preludio Azul.<\/p><p style=\"padding-left: 40px\"><strong>Evocaci\u00f3n<\/strong><br \/>Recuerdo de juventud de postguerra con mi hermano y su apoyo para yo fuera m\u00fasico. En esta obra se refleja entre sus notas, la vida de sacrificios por salir adelante en nuestra juventud.<\/p><p style=\"padding-left: 40px\"><strong>Murmullo musical<\/strong><br \/>Es un murmullo musical en tono Mayor y menor simulando un chorro continuado de notas.<\/p><p style=\"padding-left: 40px\"><strong> El viento de la vida<\/strong><br \/>Preludio dedicado a la vida, su empuje y fuerza.<\/p><p style=\"padding-left: 40px\"><strong> Caprichos<\/strong><br \/>Es una obra espont\u00e1nea, juguetona, hay un juego entre la melod\u00eda y el cromatismo que le da un inter\u00e9s especial<\/p><\/div><\/div><div class=\"tp-unfold-last-toggle flex-start\"><button class=\"tp-unfold-toggle \"> Ver m\u00e1s <\/button><\/div><\/div>\t\t\t\t<\/div>\n\t\t\t\t<\/div>\n\t\t\t\t\t<\/div>\n\t\t<\/div>\n\t\t\t\t\t<\/div>\n\t\t<\/section>\n\t\t\t\t<section class=\"elementor-section elementor-top-section elementor-element elementor-element-a513142 elementor-section-boxed elementor-section-height-default elementor-section-height-default\" data-id=\"a513142\" data-element_type=\"section\" data-e-type=\"section\" data-settings=\"{&quot;background_background&quot;:&quot;classic&quot;}\">\n\t\t\t\t\t\t<div class=\"elementor-container elementor-column-gap-default\">\n\t\t\t\t\t<div class=\"elementor-column elementor-col-100 elementor-top-column elementor-element elementor-element-995d815\" data-id=\"995d815\" data-element_type=\"column\" data-e-type=\"column\">\n\t\t\t<div class=\"elementor-widget-wrap elementor-element-populated\">\n\t\t\t\t\t\t<div class=\"elementor-element elementor-element-bd5a1f0 elementor-widget elementor-widget-heading\" data-id=\"bd5a1f0\" data-element_type=\"widget\" data-e-type=\"widget\" data-widget_type=\"heading.default\">\n\t\t\t\t<div class=\"elementor-widget-container\">\n\t\t\t\t\t<h2 class=\"elementor-heading-title elementor-size-default\">VID\u00c9OS<\/h2>\t\t\t\t<\/div>\n\t\t\t\t<\/div>\n\t\t\t\t<section class=\"elementor-section elementor-inner-section elementor-element elementor-element-5c757af elementor-section-boxed elementor-section-height-default elementor-section-height-default\" data-id=\"5c757af\" data-element_type=\"section\" data-e-type=\"section\">\n\t\t\t\t\t\t<div class=\"elementor-container elementor-column-gap-default\">\n\t\t\t\t\t<div class=\"elementor-column elementor-col-50 elementor-inner-column elementor-element elementor-element-c2a9444\" data-id=\"c2a9444\" data-element_type=\"column\" data-e-type=\"column\">\n\t\t\t<div class=\"elementor-widget-wrap elementor-element-populated\">\n\t\t\t\t\t\t<div class=\"elementor-element elementor-element-df1e448 elementor-widget elementor-widget-text-editor\" data-id=\"df1e448\" data-element_type=\"widget\" data-e-type=\"widget\" data-widget_type=\"text-editor.default\">\n\t\t\t\t<div class=\"elementor-widget-container\">\n\t\t\t\t\t\t\t\t\t<p><strong><span style=\"color: #9e7e54;\">Concert complet<br \/><\/span><\/strong><\/p>\t\t\t\t\t\t\t\t<\/div>\n\t\t\t\t<\/div>\n\t\t\t\t<div class=\"elementor-element elementor-element-7736e8d elementor-widget elementor-widget-video\" data-id=\"7736e8d\" data-element_type=\"widget\" data-e-type=\"widget\" data-settings=\"{&quot;youtube_url&quot;:&quot;https:\\\/\\\/www.youtube.com\\\/watch?v=Skvw-cgDU9g&amp;t=2s&quot;,&quot;video_type&quot;:&quot;youtube&quot;,&quot;controls&quot;:&quot;yes&quot;}\" data-widget_type=\"video.default\">\n\t\t\t\t<div class=\"elementor-widget-container\">\n\t\t\t\t\t\t\t<div class=\"elementor-wrapper elementor-open-inline\">\n\t\t\t<div class=\"elementor-video\"><\/div>\t\t<\/div>\n\t\t\t\t\t\t<\/div>\n\t\t\t\t<\/div>\n\t\t\t\t\t<\/div>\n\t\t<\/div>\n\t\t\t\t<div class=\"elementor-column elementor-col-50 elementor-inner-column elementor-element elementor-element-27bfa11 elementor-hidden-desktop elementor-hidden-tablet elementor-hidden-mobile\" data-id=\"27bfa11\" data-element_type=\"column\" data-e-type=\"column\">\n\t\t\t<div class=\"elementor-widget-wrap elementor-element-populated\">\n\t\t\t\t\t\t<div class=\"elementor-element elementor-element-b2618bc elementor-widget elementor-widget-text-editor\" data-id=\"b2618bc\" data-element_type=\"widget\" data-e-type=\"widget\" data-widget_type=\"text-editor.default\">\n\t\t\t\t<div class=\"elementor-widget-container\">\n\t\t\t\t\t\t\t\t\t<p><strong><span style=\"color: #9e7e54;\">Canto a la serran\u00eda<\/span><\/strong><\/p>\t\t\t\t\t\t\t\t<\/div>\n\t\t\t\t<\/div>\n\t\t\t\t<div class=\"elementor-element elementor-element-8e94643 elementor-widget elementor-widget-video\" data-id=\"8e94643\" data-element_type=\"widget\" data-e-type=\"widget\" data-settings=\"{&quot;youtube_url&quot;:&quot;https:\\\/\\\/youtu.be\\\/3W0q1ZHhLoo&quot;,&quot;video_type&quot;:&quot;youtube&quot;,&quot;controls&quot;:&quot;yes&quot;}\" data-widget_type=\"video.default\">\n\t\t\t\t<div class=\"elementor-widget-container\">\n\t\t\t\t\t\t\t<div class=\"elementor-wrapper elementor-open-inline\">\n\t\t\t<div class=\"elementor-video\"><\/div>\t\t<\/div>\n\t\t\t\t\t\t<\/div>\n\t\t\t\t<\/div>\n\t\t\t\t\t<\/div>\n\t\t<\/div>\n\t\t\t\t\t<\/div>\n\t\t<\/section>\n\t\t\t\t\t<\/div>\n\t\t<\/div>\n\t\t\t\t\t<\/div>\n\t\t<\/section>\n\t\t\t\t<section class=\"elementor-section elementor-top-section elementor-element elementor-element-1dc907b7 elementor-hidden-desktop elementor-hidden-tablet elementor-hidden-mobile elementor-section-boxed elementor-section-height-default elementor-section-height-default\" data-id=\"1dc907b7\" data-element_type=\"section\" data-e-type=\"section\" data-settings=\"{&quot;background_background&quot;:&quot;classic&quot;}\">\n\t\t\t\t\t\t<div class=\"elementor-container elementor-column-gap-default\">\n\t\t\t\t\t<div class=\"elementor-column elementor-col-100 elementor-top-column elementor-element elementor-element-7a709a64\" data-id=\"7a709a64\" data-element_type=\"column\" data-e-type=\"column\">\n\t\t\t<div class=\"elementor-widget-wrap elementor-element-populated\">\n\t\t\t\t\t\t<div class=\"elementor-element elementor-element-6a20c7b2 elementor-widget elementor-widget-heading\" data-id=\"6a20c7b2\" data-element_type=\"widget\" data-e-type=\"widget\" data-widget_type=\"heading.default\">\n\t\t\t\t<div class=\"elementor-widget-container\">\n\t\t\t\t\t<h2 class=\"elementor-heading-title elementor-size-default\">GALER\u00cdA <\/h2>\t\t\t\t<\/div>\n\t\t\t\t<\/div>\n\t\t\t\t<section class=\"elementor-section elementor-inner-section elementor-element elementor-element-2409b1d9 elementor-section-boxed elementor-section-height-default elementor-section-height-default\" data-id=\"2409b1d9\" data-element_type=\"section\" data-e-type=\"section\">\n\t\t\t\t\t\t<div class=\"elementor-container elementor-column-gap-default\">\n\t\t\t\t\t<div class=\"elementor-column elementor-col-50 elementor-inner-column elementor-element elementor-element-6c894891\" data-id=\"6c894891\" data-element_type=\"column\" data-e-type=\"column\">\n\t\t\t<div class=\"elementor-widget-wrap elementor-element-populated\">\n\t\t\t\t\t\t<div class=\"elementor-element elementor-element-1d947911 elementor-hidden-desktop elementor-hidden-tablet elementor-hidden-mobile elementor-widget elementor-widget-text-editor\" data-id=\"1d947911\" data-element_type=\"widget\" data-e-type=\"widget\" data-widget_type=\"text-editor.default\">\n\t\t\t\t<div class=\"elementor-widget-container\">\n\t\t\t\t\t\t\t\t\t<p>Duis malesuada sapien id dolor fermentum pretium. Curabitur a orci vehicula, porta augue id, ultrices ipsum. Aliquam lorem arcu, porttitor egestas ante quis, eleifend interdum orci. Donec id elementum nisl. Nulla enim augue, iaculis eget tellus eleifend, vehicula facilisis enim. Proin nec placerat nulla. Duis fringilla est est, in rutrum nunc consectetur sit amet. Proin in quam et sapien lobortis condimentum ac ac elit. Ut sed metus risus.<\/p>\t\t\t\t\t\t\t\t<\/div>\n\t\t\t\t<\/div>\n\t\t\t\t\t<\/div>\n\t\t<\/div>\n\t\t\t\t<div class=\"elementor-column elementor-col-50 elementor-inner-column elementor-element elementor-element-389b6b3f\" data-id=\"389b6b3f\" data-element_type=\"column\" data-e-type=\"column\">\n\t\t\t<div class=\"elementor-widget-wrap\">\n\t\t\t\t\t\t\t<\/div>\n\t\t<\/div>\n\t\t\t\t\t<\/div>\n\t\t<\/section>\n\t\t\t\t<div class=\"elementor-element elementor-element-13f7500c elementor-widget elementor-widget-gallery\" data-id=\"13f7500c\" data-element_type=\"widget\" data-e-type=\"widget\" data-settings=\"{&quot;gallery_layout&quot;:&quot;justified&quot;,&quot;ideal_row_height&quot;:{&quot;unit&quot;:&quot;px&quot;,&quot;size&quot;:259,&quot;sizes&quot;:[]},&quot;overlay_title&quot;:&quot;caption&quot;,&quot;lazyload&quot;:&quot;yes&quot;,&quot;ideal_row_height_tablet&quot;:{&quot;unit&quot;:&quot;px&quot;,&quot;size&quot;:150,&quot;sizes&quot;:[]},&quot;ideal_row_height_mobile&quot;:{&quot;unit&quot;:&quot;px&quot;,&quot;size&quot;:150,&quot;sizes&quot;:[]},&quot;gap&quot;:{&quot;unit&quot;:&quot;px&quot;,&quot;size&quot;:10,&quot;sizes&quot;:[]},&quot;gap_tablet&quot;:{&quot;unit&quot;:&quot;px&quot;,&quot;size&quot;:10,&quot;sizes&quot;:[]},&quot;gap_mobile&quot;:{&quot;unit&quot;:&quot;px&quot;,&quot;size&quot;:10,&quot;sizes&quot;:[]},&quot;link_to&quot;:&quot;file&quot;,&quot;overlay_background&quot;:&quot;yes&quot;,&quot;content_hover_animation&quot;:&quot;fade-in&quot;}\" data-widget_type=\"gallery.default\">\n\t\t\t\t<div class=\"elementor-widget-container\">\n\t\t\t\t\t\t\t<div class=\"elementor-gallery__container\">\n\t\t\t\t\t\t\t<a class=\"e-gallery-item elementor-gallery-item elementor-animated-content\" href=\"https:\/\/recuerdasdeunavida.com\/wp-content\/uploads\/2023\/01\/cartel.png\" data-elementor-open-lightbox=\"yes\" data-elementor-lightbox-slideshow=\"13f7500c\" data-e-action-hash=\"#elementor-action%3Aaction%3Dlightbox%26settings%3DeyJpZCI6NDgyNCwidXJsIjoiaHR0cHM6XC9cL3JlY3VlcmRhc2RldW5hdmlkYS5jb21cL3dwLWNvbnRlbnRcL3VwbG9hZHNcLzIwMjNcLzAxXC9jYXJ0ZWwucG5nIiwic2xpZGVzaG93IjoiMTNmNzUwMGMifQ%3D%3D\">\n\t\t\t\t\t<div class=\"e-gallery-image elementor-gallery-item__image\" data-thumbnail=\"https:\/\/recuerdasdeunavida.com\/wp-content\/uploads\/2023\/01\/cartel.png\" data-width=\"550\" data-height=\"660\" aria-label=\"\" role=\"img\" ><\/div>\n\t\t\t\t\t\t\t\t\t\t\t<div class=\"elementor-gallery-item__overlay\"><\/div>\n\t\t\t\t\t\t\t\t\t\t\t\t\t\t\t<div class=\"elementor-gallery-item__content\">\n\t\t\t\t\t\t\t\t\t\t\t<\/div>\n\t\t\t\t\t\t\t\t\t<\/a>\n\t\t\t\t\t<\/div>\n\t\t\t\t\t<\/div>\n\t\t\t\t<\/div>\n\t\t\t\t\t<\/div>\n\t\t<\/div>\n\t\t\t\t\t<\/div>\n\t\t<\/section>\n\t\t\t\t<section class=\"elementor-section elementor-top-section elementor-element elementor-element-0bcdbc2 elementor-hidden-desktop elementor-hidden-tablet elementor-hidden-mobile elementor-section-boxed elementor-section-height-default elementor-section-height-default\" data-id=\"0bcdbc2\" data-element_type=\"section\" data-e-type=\"section\" data-settings=\"{&quot;background_background&quot;:&quot;classic&quot;}\">\n\t\t\t\t\t\t<div class=\"elementor-container elementor-column-gap-default\">\n\t\t\t\t\t<div class=\"elementor-column elementor-col-100 elementor-top-column elementor-element elementor-element-b9ae583\" data-id=\"b9ae583\" data-element_type=\"column\" data-e-type=\"column\">\n\t\t\t<div class=\"elementor-widget-wrap elementor-element-populated\">\n\t\t\t\t\t\t<div class=\"elementor-element elementor-element-bacde01 elementor-widget elementor-widget-heading\" data-id=\"bacde01\" data-element_type=\"widget\" data-e-type=\"widget\" data-widget_type=\"heading.default\">\n\t\t\t\t<div class=\"elementor-widget-container\">\n\t\t\t\t\t<h2 class=\"elementor-heading-title elementor-size-default\">V\u00cdDEOS<\/h2>\t\t\t\t<\/div>\n\t\t\t\t<\/div>\n\t\t\t\t<section class=\"elementor-section elementor-inner-section elementor-element elementor-element-bb33ce9 elementor-section-boxed elementor-section-height-default elementor-section-height-default\" data-id=\"bb33ce9\" data-element_type=\"section\" data-e-type=\"section\">\n\t\t\t\t\t\t<div class=\"elementor-container elementor-column-gap-default\">\n\t\t\t\t\t<div class=\"elementor-column elementor-col-50 elementor-inner-column elementor-element elementor-element-dac99d3\" data-id=\"dac99d3\" data-element_type=\"column\" data-e-type=\"column\">\n\t\t\t<div class=\"elementor-widget-wrap elementor-element-populated\">\n\t\t\t\t\t\t<div class=\"elementor-element elementor-element-2a7d2a9 elementor-widget elementor-widget-text-editor\" data-id=\"2a7d2a9\" data-element_type=\"widget\" data-e-type=\"widget\" data-widget_type=\"text-editor.default\">\n\t\t\t\t<div class=\"elementor-widget-container\">\n\t\t\t\t\t\t\t\t\t<p><strong><span style=\"color: #9e7e54;\">Brisas de C\u00e1diz<\/span><\/strong><\/p>\t\t\t\t\t\t\t\t<\/div>\n\t\t\t\t<\/div>\n\t\t\t\t<div class=\"elementor-element elementor-element-00d837e elementor-widget elementor-widget-video\" data-id=\"00d837e\" data-element_type=\"widget\" data-e-type=\"widget\" data-settings=\"{&quot;youtube_url&quot;:&quot;https:\\\/\\\/youtu.be\\\/hrJhYj5bkbI&quot;,&quot;video_type&quot;:&quot;youtube&quot;,&quot;controls&quot;:&quot;yes&quot;}\" data-widget_type=\"video.default\">\n\t\t\t\t<div class=\"elementor-widget-container\">\n\t\t\t\t\t\t\t<div class=\"elementor-wrapper elementor-open-inline\">\n\t\t\t<div class=\"elementor-video\"><\/div>\t\t<\/div>\n\t\t\t\t\t\t<\/div>\n\t\t\t\t<\/div>\n\t\t\t\t\t<\/div>\n\t\t<\/div>\n\t\t\t\t<div class=\"elementor-column elementor-col-50 elementor-inner-column elementor-element elementor-element-1e3ef66\" data-id=\"1e3ef66\" data-element_type=\"column\" data-e-type=\"column\">\n\t\t\t<div class=\"elementor-widget-wrap elementor-element-populated\">\n\t\t\t\t\t\t<div class=\"elementor-element elementor-element-8f28a92 elementor-widget elementor-widget-text-editor\" data-id=\"8f28a92\" data-element_type=\"widget\" data-e-type=\"widget\" data-widget_type=\"text-editor.default\">\n\t\t\t\t<div class=\"elementor-widget-container\">\n\t\t\t\t\t\t\t\t\t<p><strong><span style=\"color: #9e7e54;\">Canto a la serran\u00eda<\/span><\/strong><\/p>\t\t\t\t\t\t\t\t<\/div>\n\t\t\t\t<\/div>\n\t\t\t\t<div class=\"elementor-element elementor-element-7623e3c elementor-widget elementor-widget-video\" data-id=\"7623e3c\" data-element_type=\"widget\" data-e-type=\"widget\" data-settings=\"{&quot;youtube_url&quot;:&quot;https:\\\/\\\/youtu.be\\\/3W0q1ZHhLoo&quot;,&quot;video_type&quot;:&quot;youtube&quot;,&quot;controls&quot;:&quot;yes&quot;}\" data-widget_type=\"video.default\">\n\t\t\t\t<div class=\"elementor-widget-container\">\n\t\t\t\t\t\t\t<div class=\"elementor-wrapper elementor-open-inline\">\n\t\t\t<div class=\"elementor-video\"><\/div>\t\t<\/div>\n\t\t\t\t\t\t<\/div>\n\t\t\t\t<\/div>\n\t\t\t\t\t<\/div>\n\t\t<\/div>\n\t\t\t\t\t<\/div>\n\t\t<\/section>\n\t\t\t\t\t<\/div>\n\t\t<\/div>\n\t\t\t\t\t<\/div>\n\t\t<\/section>\n\t\t\t\t<section class=\"elementor-section elementor-top-section elementor-element elementor-element-45b27867 elementor-hidden-desktop elementor-hidden-tablet elementor-hidden-mobile elementor-section-boxed elementor-section-height-default elementor-section-height-default\" data-id=\"45b27867\" data-element_type=\"section\" data-e-type=\"section\" data-settings=\"{&quot;background_background&quot;:&quot;classic&quot;}\">\n\t\t\t\t\t\t<div class=\"elementor-container elementor-column-gap-default\">\n\t\t\t\t\t<div class=\"elementor-column elementor-col-50 elementor-top-column elementor-element elementor-element-7db60efd\" data-id=\"7db60efd\" data-element_type=\"column\" data-e-type=\"column\">\n\t\t\t<div class=\"elementor-widget-wrap elementor-element-populated\">\n\t\t\t\t\t\t<div class=\"elementor-element elementor-element-4a5b595f elementor-widget elementor-widget-heading\" data-id=\"4a5b595f\" data-element_type=\"widget\" data-e-type=\"widget\" data-widget_type=\"heading.default\">\n\t\t\t\t<div class=\"elementor-widget-container\">\n\t\t\t\t\t<h2 class=\"elementor-heading-title elementor-size-default\">PRENSA<\/h2>\t\t\t\t<\/div>\n\t\t\t\t<\/div>\n\t\t\t\t<div class=\"elementor-element elementor-element-492663c4 elementor-widget elementor-widget-tp-accordion\" data-id=\"492663c4\" data-element_type=\"widget\" data-e-type=\"widget\" data-widget_type=\"tp-accordion.default\">\n\t\t\t\t<div class=\"elementor-widget-container\">\n\t\t\t\t\t\n<div class=\"theplus-accordion-wrapper elementor-accordion   \"\n    id=\"accordion69f1b0ec738ae\" data-accordion-id=\"accordion69f1b0ec738ae\"\n    data-connection=\"\"\n    data-accordion-type=\"accordion\"\n    data-heightlight-text       role=\"tablist\" >\n\n            <div class=\"theplus-accordion-item\"  role=\"tab\">\n            <div id=\"elementor-tab-title-1221\" class=\"elementor-tab-title plus-accordion-header 0 text-left \" data-tab=\"1\" aria-controls=\"elementor-tab-content-1221\">\n                                                <span class=\"accordion-icon-prefix \"><span\n                        class=\"plus-icon-accordion\"><i aria-hidden=\"true\" class=\"far fa-newspaper\"><\/i><\/span><\/span>\n                \n                <span style=\"width:100%\">SUD QUEST SAINT-JEAN-DE-LUZ<\/span>                <span class=\"elementor-accordion-icon elementor-accordion-icon-right\" aria-hidden=\"true\"><span class=\"elementor-accordion-icon-closed\"><i aria-hidden=\"true\" class=\"fas fa-chevron-up\"><\/i><\/span><span class=\"elementor-accordion-icon-opened\"><i aria-hidden=\"true\" class=\"fas fa-chevron-down\"><\/i><\/span><\/span>            <\/div>\n\n                        <div id=\"elementor-tab-content-1221\" class=\"elementor-tab-content elementor-clearfix plus-accordion-content 0 \" data-tab=\"1\" role=\"tabpanel\" aria-labelledby=\"elementor-tab-title-1221\">\n                <div class=\"plus-content-editor\" ><p><img loading=\"lazy\" decoding=\"async\" class=\"alignnone size-full wp-image-2767\" src=\"https:\/\/recuerdasdeunavida.com\/wp-content\/uploads\/2022\/10\/ARTICLE-SUD-OUEST.jpeg\" alt=\"\" width=\"1854\" height=\"2545\" srcset=\"https:\/\/recuerdasdeunavida.com\/wp-content\/uploads\/2022\/10\/ARTICLE-SUD-OUEST.jpeg 1854w, https:\/\/recuerdasdeunavida.com\/wp-content\/uploads\/2022\/10\/ARTICLE-SUD-OUEST-219x300.jpeg 219w, https:\/\/recuerdasdeunavida.com\/wp-content\/uploads\/2022\/10\/ARTICLE-SUD-OUEST-746x1024.jpeg 746w, https:\/\/recuerdasdeunavida.com\/wp-content\/uploads\/2022\/10\/ARTICLE-SUD-OUEST-768x1054.jpeg 768w, https:\/\/recuerdasdeunavida.com\/wp-content\/uploads\/2022\/10\/ARTICLE-SUD-OUEST-1119x1536.jpeg 1119w, https:\/\/recuerdasdeunavida.com\/wp-content\/uploads\/2022\/10\/ARTICLE-SUD-OUEST-1492x2048.jpeg 1492w\" sizes=\"(max-width: 1854px) 100vw, 1854px\" \/><\/p><p><img loading=\"lazy\" decoding=\"async\" class=\"alignnone size-full wp-image-2770\" src=\"https:\/\/recuerdasdeunavida.com\/wp-content\/uploads\/2022\/10\/Capture-decran-2022-05-27-a-11.09.00.png\" alt=\"\" width=\"452\" height=\"739\" srcset=\"https:\/\/recuerdasdeunavida.com\/wp-content\/uploads\/2022\/10\/Capture-decran-2022-05-27-a-11.09.00.png 452w, https:\/\/recuerdasdeunavida.com\/wp-content\/uploads\/2022\/10\/Capture-decran-2022-05-27-a-11.09.00-183x300.png 183w\" sizes=\"(max-width: 452px) 100vw, 452px\" \/><\/p><\/div>\n            <\/div>\n                    <\/div>\n        \n<\/div>\n\t\t\t\t<\/div>\n\t\t\t\t<\/div>\n\t\t\t\t\t<\/div>\n\t\t<\/div>\n\t\t\t\t<div class=\"elementor-column elementor-col-50 elementor-top-column elementor-element elementor-element-378dfd82 elementor-hidden-desktop elementor-hidden-tablet elementor-hidden-mobile\" data-id=\"378dfd82\" data-element_type=\"column\" data-e-type=\"column\">\n\t\t\t<div class=\"elementor-widget-wrap elementor-element-populated\">\n\t\t\t\t\t\t<div class=\"elementor-element elementor-element-6de2e676 elementor-widget elementor-widget-tp-accordion\" data-id=\"6de2e676\" data-element_type=\"widget\" data-e-type=\"widget\" data-widget_type=\"tp-accordion.default\">\n\t\t\t\t<div class=\"elementor-widget-container\">\n\t\t\t\t\t\n<div class=\"theplus-accordion-wrapper elementor-accordion   \"\n    id=\"accordion69f1b0ec767c0\" data-accordion-id=\"accordion69f1b0ec767c0\"\n    data-connection=\"\"\n    data-accordion-type=\"accordion\"\n    data-heightlight-text       role=\"tablist\" >\n\n            <div class=\"theplus-accordion-item\"  role=\"tab\">\n            <div id=\"elementor-tab-title-1841\" class=\"elementor-tab-title plus-accordion-header 0 text-left \" data-tab=\"1\" aria-controls=\"elementor-tab-content-1841\">\n                                                <span class=\"accordion-icon-prefix \"><span\n                        class=\"plus-icon-accordion\"><i aria-hidden=\"true\" class=\"far fa-newspaper\"><\/i><\/span><\/span>\n                \n                <span style=\"width:100%\">ASOCIACI\u00d3N MADRILE\u00d1A DE COMPOSITORES (11\/2021).   <\/br><b>Concierto Monogr\u00e1fico de \u00c1ngel Pi\u00f1ero  en SGAE.<\/b><\/span>                <span class=\"elementor-accordion-icon elementor-accordion-icon-right\" aria-hidden=\"true\"><span class=\"elementor-accordion-icon-closed\"><i aria-hidden=\"true\" class=\"fas fa-chevron-up\"><\/i><\/span><span class=\"elementor-accordion-icon-opened\"><i aria-hidden=\"true\" class=\"fas fa-chevron-down\"><\/i><\/span><\/span>            <\/div>\n\n                        <div id=\"elementor-tab-content-1841\" class=\"elementor-tab-content elementor-clearfix plus-accordion-content 0 \" data-tab=\"1\" role=\"tabpanel\" aria-labelledby=\"elementor-tab-title-1841\">\n                <div class=\"plus-content-editor\" ><p><span style=\"color: #333333;\">El 11 de noviembre a la 19:00 se organiza a trav\u00e9s de la Asociaci\u00f3n de guitarra cl\u00e1sica \u00c1ngel G. Pi\u00f1ero, un concierto de guitarra sola y guitarra y cuarteto de cuerdas en la sala Manuel de Falla de la SGAE. Es un concierto monogr\u00e1fico de parte de las obras de Pi\u00f1ero, que ser\u00e1n interpretadas por un concertista ucraniano premiado, Stalisnav Stetshenko y el cuarteto Chagall.<\/span><\/p><p><span style=\"color: #333333;\">El programa incluye las obras Preludio Azul, El viento de la vida, Murmullo musical, Balada a una desconocida, Viaje Nocturno, Alegr\u00edas en el puerto, Canto a la serran\u00eda y Brisas de C\u00e1diz.<\/span><\/p><p><a href=\"https:\/\/amcc.es\/concierto-monografico-de-angel-pinero-en-sgae\/\" target=\"_blank\" rel=\"noopener\"><span style=\"text-decoration: underline;\"><span style=\"color: #9e7e54; text-decoration: underline;\">Ver m\u00e1s<\/span><\/span><\/a><\/p><\/div>\n            <\/div>\n                    <\/div>\n        \n<\/div>\n\t\t\t\t<\/div>\n\t\t\t\t<\/div>\n\t\t\t\t\t<\/div>\n\t\t<\/div>\n\t\t\t\t\t<\/div>\n\t\t<\/section>\n\t\t\t\t<section class=\"elementor-section elementor-top-section elementor-element elementor-element-4ab4c9f elementor-hidden-desktop elementor-hidden-tablet elementor-hidden-mobile elementor-section-boxed elementor-section-height-default elementor-section-height-default\" data-id=\"4ab4c9f\" data-element_type=\"section\" data-e-type=\"section\" data-settings=\"{&quot;background_background&quot;:&quot;classic&quot;}\">\n\t\t\t\t\t\t<div class=\"elementor-container elementor-column-gap-default\">\n\t\t\t\t\t<div class=\"elementor-column elementor-col-50 elementor-top-column elementor-element elementor-element-ef295c6\" data-id=\"ef295c6\" data-element_type=\"column\" data-e-type=\"column\">\n\t\t\t<div class=\"elementor-widget-wrap elementor-element-populated\">\n\t\t\t\t\t\t<div class=\"elementor-element elementor-element-72973da elementor-widget elementor-widget-heading\" data-id=\"72973da\" data-element_type=\"widget\" data-e-type=\"widget\" data-widget_type=\"heading.default\">\n\t\t\t\t<div class=\"elementor-widget-container\">\n\t\t\t\t\t<h2 class=\"elementor-heading-title elementor-size-default\">PRENSA<\/h2>\t\t\t\t<\/div>\n\t\t\t\t<\/div>\n\t\t\t\t<div class=\"elementor-element elementor-element-7859b65 elementor-widget elementor-widget-tp-accordion\" data-id=\"7859b65\" data-element_type=\"widget\" data-e-type=\"widget\" data-widget_type=\"tp-accordion.default\">\n\t\t\t\t<div class=\"elementor-widget-container\">\n\t\t\t\t\t\n<div class=\"theplus-accordion-wrapper elementor-accordion   \"\n    id=\"accordion69f1b0ec7948f\" data-accordion-id=\"accordion69f1b0ec7948f\"\n    data-connection=\"\"\n    data-accordion-type=\"accordion\"\n    data-heightlight-text       role=\"tablist\" >\n\n            <div class=\"theplus-accordion-item\"  role=\"tab\">\n            <div id=\"elementor-tab-title-1261\" class=\"elementor-tab-title plus-accordion-header 0 text-left \" data-tab=\"1\" aria-controls=\"elementor-tab-content-1261\">\n                                                <span class=\"accordion-icon-prefix \"><span\n                        class=\"plus-icon-accordion\"><i aria-hidden=\"true\" class=\"far fa-newspaper\"><\/i><\/span><\/span>\n                \n                <span style=\"width:100%\">DIARIO JEREZ (15\/12\/22)<\/span>                <span class=\"elementor-accordion-icon elementor-accordion-icon-right\" aria-hidden=\"true\"><span class=\"elementor-accordion-icon-closed\"><i aria-hidden=\"true\" class=\"fas fa-chevron-up\"><\/i><\/span><span class=\"elementor-accordion-icon-opened\"><i aria-hidden=\"true\" class=\"fas fa-chevron-down\"><\/i><\/span><\/span>            <\/div>\n\n                        <div id=\"elementor-tab-content-1261\" class=\"elementor-tab-content elementor-clearfix plus-accordion-content 0 \" data-tab=\"1\" role=\"tabpanel\" aria-labelledby=\"elementor-tab-title-1261\">\n                <div class=\"plus-content-editor\" ><p>SOLIDARIDAD<\/p><p>&lsquo;Un juguete nuevo, una entrada&rsquo;, en los Claustros de Jerez<\/p><p>Este tradicional concierto de Navidad se celebrar\u00e1 este domingo, 18 de diciembre, a las 18 horas<\/p><p>La entrada ser\u00e1 la aportaci\u00f3n de un juguete nuevo, sin envolver, para la campa\u00f1a de los Retes Magos, que asistir\u00e1n a la cita<\/p><p><a href=\"https:\/\/www.diariodejerez.es\/ocio\/juguete-nuevo-entrada-Claustros-Jerez_0_1747925728.html\">https:\/\/www.diariodejerez.es\/ocio\/juguete-nuevo-entrada-Claustros-Jerez_0_1747925728.html<\/a><\/p><\/div>\n            <\/div>\n                    <\/div>\n        \n<\/div>\n\t\t\t\t<\/div>\n\t\t\t\t<\/div>\n\t\t\t\t\t<\/div>\n\t\t<\/div>\n\t\t\t\t<div class=\"elementor-column elementor-col-50 elementor-top-column elementor-element elementor-element-29a96ee elementor-hidden-desktop elementor-hidden-tablet elementor-hidden-mobile\" data-id=\"29a96ee\" data-element_type=\"column\" data-e-type=\"column\">\n\t\t\t<div class=\"elementor-widget-wrap elementor-element-populated\">\n\t\t\t\t\t\t<div class=\"elementor-element elementor-element-08fd9ab elementor-widget elementor-widget-tp-accordion\" data-id=\"08fd9ab\" data-element_type=\"widget\" data-e-type=\"widget\" data-widget_type=\"tp-accordion.default\">\n\t\t\t\t<div class=\"elementor-widget-container\">\n\t\t\t\t\t\n<div class=\"theplus-accordion-wrapper elementor-accordion   \"\n    id=\"accordion69f1b0ec7c2e8\" data-accordion-id=\"accordion69f1b0ec7c2e8\"\n    data-connection=\"\"\n    data-accordion-type=\"accordion\"\n    data-heightlight-text       role=\"tablist\" >\n\n            <div class=\"theplus-accordion-item\"  role=\"tab\">\n            <div id=\"elementor-tab-title-9421\" class=\"elementor-tab-title plus-accordion-header 0 text-left \" data-tab=\"1\" aria-controls=\"elementor-tab-content-9421\">\n                                                <span class=\"accordion-icon-prefix \"><span\n                        class=\"plus-icon-accordion\"><i aria-hidden=\"true\" class=\"far fa-newspaper\"><\/i><\/span><\/span>\n                \n                <span style=\"width:100%\">LA VOZ DIGITAL<\/span>                <span class=\"elementor-accordion-icon elementor-accordion-icon-right\" aria-hidden=\"true\"><span class=\"elementor-accordion-icon-closed\"><i aria-hidden=\"true\" class=\"fas fa-chevron-up\"><\/i><\/span><span class=\"elementor-accordion-icon-opened\"><i aria-hidden=\"true\" class=\"fas fa-chevron-down\"><\/i><\/span><\/span>            <\/div>\n\n                        <div id=\"elementor-tab-content-9421\" class=\"elementor-tab-content elementor-clearfix plus-accordion-content 0 \" data-tab=\"1\" role=\"tabpanel\" aria-labelledby=\"elementor-tab-title-9421\">\n                <div class=\"plus-content-editor\" ><p><img loading=\"lazy\" decoding=\"async\" class=\"alignnone size-medium wp-image-4321\" src=\"https:\/\/recuerdasdeunavida.com\/wp-content\/uploads\/2022\/11\/Captura-de-pantalla-2022-11-16-a-las-23.15.13-300x252.png\" alt=\"\" width=\"300\" height=\"252\" srcset=\"https:\/\/recuerdasdeunavida.com\/wp-content\/uploads\/2022\/11\/Captura-de-pantalla-2022-11-16-a-las-23.15.13-300x252.png 300w, https:\/\/recuerdasdeunavida.com\/wp-content\/uploads\/2022\/11\/Captura-de-pantalla-2022-11-16-a-las-23.15.13-768x646.png 768w, https:\/\/recuerdasdeunavida.com\/wp-content\/uploads\/2022\/11\/Captura-de-pantalla-2022-11-16-a-las-23.15.13.png 845w\" sizes=\"(max-width: 300px) 100vw, 300px\" \/><\/p><p><a href=\"https:\/\/www.lavozdigital.es\/provincia\/cadiz\/convento-santo-domingo-recuerda-guitarrista-gaditano-angel-20221111213116-ntv.html\">Leer m\u00e1s<\/a><\/p><\/div>\n            <\/div>\n                    <\/div>\n        \n<\/div>\n\t\t\t\t<\/div>\n\t\t\t\t<\/div>\n\t\t\t\t<div class=\"elementor-element elementor-element-44bdaec elementor-hidden-desktop elementor-hidden-tablet elementor-hidden-mobile elementor-widget elementor-widget-tp-accordion\" data-id=\"44bdaec\" data-element_type=\"widget\" data-e-type=\"widget\" data-widget_type=\"tp-accordion.default\">\n\t\t\t\t<div class=\"elementor-widget-container\">\n\t\t\t\t\t\n<div class=\"theplus-accordion-wrapper elementor-accordion   \"\n    id=\"accordion69f1b0ec7f36e\" data-accordion-id=\"accordion69f1b0ec7f36e\"\n    data-connection=\"\"\n    data-accordion-type=\"accordion\"\n    data-heightlight-text       role=\"tablist\" >\n\n            <div class=\"theplus-accordion-item\"  role=\"tab\">\n            <div id=\"elementor-tab-title-7201\" class=\"elementor-tab-title plus-accordion-header 0 text-left \" data-tab=\"1\" aria-controls=\"elementor-tab-content-7201\">\n                                                <span class=\"accordion-icon-prefix \"><span\n                        class=\"plus-icon-accordion\"><i aria-hidden=\"true\" class=\"far fa-newspaper\"><\/i><\/span><\/span>\n                \n                <span style=\"width:100%\">ASOCIACI\u00d3N MADRILE\u00d1A DE COMPOSITORES (11\/2021).   <\/br><b>Concierto Monogr\u00e1fico de \u00c1ngel Pi\u00f1ero  en SGAE.<\/b><\/span>                <span class=\"elementor-accordion-icon elementor-accordion-icon-right\" aria-hidden=\"true\"><span class=\"elementor-accordion-icon-closed\"><i aria-hidden=\"true\" class=\"fas fa-chevron-up\"><\/i><\/span><span class=\"elementor-accordion-icon-opened\"><i aria-hidden=\"true\" class=\"fas fa-chevron-down\"><\/i><\/span><\/span>            <\/div>\n\n                        <div id=\"elementor-tab-content-7201\" class=\"elementor-tab-content elementor-clearfix plus-accordion-content 0 \" data-tab=\"1\" role=\"tabpanel\" aria-labelledby=\"elementor-tab-title-7201\">\n                <div class=\"plus-content-editor\" ><p><span style=\"color: #333333;\">El 11 de noviembre a la 19:00 se organiza a trav\u00e9s de la Asociaci\u00f3n de guitarra cl\u00e1sica \u00c1ngel G. Pi\u00f1ero, un concierto de guitarra sola y guitarra y cuarteto de cuerdas en la sala Manuel de Falla de la SGAE. Es un concierto monogr\u00e1fico de parte de las obras de Pi\u00f1ero, que ser\u00e1n interpretadas por un concertista ucraniano premiado, Stalisnav Stetshenko y el cuarteto Chagall.<\/span><\/p><p><span style=\"color: #333333;\">El programa incluye las obras Preludio Azul, El viento de la vida, Murmullo musical, Balada a una desconocida, Viaje Nocturno, Alegr\u00edas en el puerto, Canto a la serran\u00eda y Brisas de C\u00e1diz.<\/span><\/p><p><a href=\"https:\/\/amcc.es\/concierto-monografico-de-angel-pinero-en-sgae\/\" target=\"_blank\" rel=\"noopener\"><span style=\"text-decoration: underline;\"><span style=\"color: #9e7e54; text-decoration: underline;\">Ver m\u00e1s<\/span><\/span><\/a><\/p><\/div>\n            <\/div>\n                    <\/div>\n        \n<\/div>\n\t\t\t\t<\/div>\n\t\t\t\t<\/div>\n\t\t\t\t\t<\/div>\n\t\t<\/div>\n\t\t\t\t\t<\/div>\n\t\t<\/section>\n\t\t\t\t<\/div>\n\t\t","protected":false},"featured_media":5483,"parent":0,"template":"","tipo":[29],"class_list":["post-5503","conciertos","type-conciertos","status-publish","has-post-thumbnail","hentry","tipo-precedents"],"_links":{"self":[{"href":"https:\/\/recuerdasdeunavida.com\/fr\/wp-json\/wp\/v2\/conciertos\/5503","targetHints":{"allow":["GET"]}}],"collection":[{"href":"https:\/\/recuerdasdeunavida.com\/fr\/wp-json\/wp\/v2\/conciertos"}],"about":[{"href":"https:\/\/recuerdasdeunavida.com\/fr\/wp-json\/wp\/v2\/types\/conciertos"}],"version-history":[{"count":27,"href":"https:\/\/recuerdasdeunavida.com\/fr\/wp-json\/wp\/v2\/conciertos\/5503\/revisions"}],"predecessor-version":[{"id":6219,"href":"https:\/\/recuerdasdeunavida.com\/fr\/wp-json\/wp\/v2\/conciertos\/5503\/revisions\/6219"}],"wp:featuredmedia":[{"embeddable":true,"href":"https:\/\/recuerdasdeunavida.com\/fr\/wp-json\/wp\/v2\/media\/5483"}],"wp:attachment":[{"href":"https:\/\/recuerdasdeunavida.com\/fr\/wp-json\/wp\/v2\/media?parent=5503"}],"wp:term":[{"taxonomy":"tipo","embeddable":true,"href":"https:\/\/recuerdasdeunavida.com\/fr\/wp-json\/wp\/v2\/tipo?post=5503"}],"curies":[{"name":"wp","href":"https:\/\/api.w.org\/{rel}","templated":true}]}}