{"id":5721,"date":"2022-10-18T13:19:00","date_gmt":"2022-10-18T11:19:00","guid":{"rendered":"https:\/\/recuerdasdeunavida.com\/conciertos\/fundacion-carlos-de-amberes\/"},"modified":"2023-06-22T09:35:55","modified_gmt":"2023-06-22T07:35:55","slug":"fundacion-carlos-de-amberes","status":"publish","type":"conciertos","link":"https:\/\/recuerdasdeunavida.com\/fr\/conciertos\/fundacion-carlos-de-amberes\/","title":{"rendered":"Fundaci\u00f3n Carlos de Amberes"},"content":{"rendered":"\t\t<div data-elementor-type=\"wp-post\" data-elementor-id=\"5721\" class=\"elementor elementor-5721 elementor-5633\" data-elementor-post-type=\"conciertos\">\n\t\t\t\t\t\t<section class=\"elementor-section elementor-top-section elementor-element elementor-element-23f1946b elementor-section-boxed elementor-section-height-default elementor-section-height-default\" data-id=\"23f1946b\" data-element_type=\"section\" data-e-type=\"section\" data-settings=\"{&quot;background_background&quot;:&quot;classic&quot;}\">\n\t\t\t\t\t\t<div class=\"elementor-container elementor-column-gap-default\">\n\t\t\t\t\t<div class=\"elementor-column elementor-col-100 elementor-top-column elementor-element elementor-element-7990dee8\" data-id=\"7990dee8\" data-element_type=\"column\" data-e-type=\"column\">\n\t\t\t<div class=\"elementor-widget-wrap elementor-element-populated\">\n\t\t\t\t\t\t<div class=\"elementor-element elementor-element-62f8a22e elementor-widget elementor-widget-heading\" data-id=\"62f8a22e\" data-element_type=\"widget\" data-e-type=\"widget\" data-widget_type=\"heading.default\">\n\t\t\t\t<div class=\"elementor-widget-container\">\n\t\t\t\t\t<h2 class=\"elementor-heading-title elementor-size-default\">CONCERTS &gt; FUNDACI\u00d3N CARLOS DE AMBERES<\/h2>\t\t\t\t<\/div>\n\t\t\t\t<\/div>\n\t\t\t\t\t<\/div>\n\t\t<\/div>\n\t\t\t\t\t<\/div>\n\t\t<\/section>\n\t\t\t\t<section class=\"elementor-section elementor-top-section elementor-element elementor-element-57b7d7b2 elementor-section-content-middle elementor-reverse-mobile elementor-section-boxed elementor-section-height-default elementor-section-height-default\" data-id=\"57b7d7b2\" data-element_type=\"section\" data-e-type=\"section\" data-settings=\"{&quot;background_background&quot;:&quot;classic&quot;}\">\n\t\t\t\t\t\t<div class=\"elementor-container elementor-column-gap-no\">\n\t\t\t\t\t<div class=\"elementor-column elementor-col-50 elementor-top-column elementor-element elementor-element-5f8d6ef0\" data-id=\"5f8d6ef0\" data-element_type=\"column\" data-e-type=\"column\">\n\t\t\t<div class=\"elementor-widget-wrap elementor-element-populated\">\n\t\t\t\t\t\t<div class=\"elementor-element elementor-element-4634a30a elementor-widget elementor-widget-heading\" data-id=\"4634a30a\" data-element_type=\"widget\" data-e-type=\"widget\" data-widget_type=\"heading.default\">\n\t\t\t\t<div class=\"elementor-widget-container\">\n\t\t\t\t\t<h2 class=\"elementor-heading-title elementor-size-default\">Fundaci\u00f3n Carlos de Amberes, Madrid\n<BR>26 Mai 2023 \u00e0 19:30h\n\n<\/h2>\t\t\t\t<\/div>\n\t\t\t\t<\/div>\n\t\t\t\t<div class=\"elementor-element elementor-element-59283970 elementor-widget elementor-widget-text-editor\" data-id=\"59283970\" data-element_type=\"widget\" data-e-type=\"widget\" data-widget_type=\"text-editor.default\">\n\t\t\t\t<div class=\"elementor-widget-container\">\n\t\t\t\t\t\t\t\t\t<p>Le vendredi 26 mai, la Fondation Carlos de Amberes a accueilli un\u00a0concert en acc\u00e8s libre dans sa chapelle\u00a0(La Capilla), Calle Claudio Coello, 99, qui\u00a0 a combin\u00e9 la tradition de la musique espagnole pour guitare classique avec l\u2019h\u00e9ritage musical europ\u00e9en du quatuor \u00e0 cordes et de la voix de la soprano Est\u00edbaliz Martyn.<\/p><p>Nous avons profit\u00e9 d\u2019un concert vivant et vari\u00e9 dans lequel nous avons fait un voyage passionnant \u00e0 travers la musique de divers compositeurs espagnols du XIXe au XXIe si\u00e8cles, o\u00f9 la guitare classique s\u2019est d\u00e9marqu\u00e9e par son essence espagnole et les compositeurs se sont impr\u00e9gn\u00e9s tellement du folklore espagnol. A cette occasion,\u00a0le programme comprenait <strong>4 \u0153uvres in\u00e9dites du maestro \u00c1ngel G. Pi\u00f1ero.<\/strong><\/p><p>Nous avons \u00e9cout\u00e9 la guitare espagnole comme instrument soliste avec\u00a0<strong>l\u2019Ukrainien Stanislav Steshenko<\/strong>\u00a0ainsi que dans un dialogue instrumental passionnant avec\u00a0l<strong>e quatuor \u00e0 cordes Cuarteto Chagall de Madrid<\/strong>. Et nous avons eu l\u2019occasion d\u2019appr\u00e9cier la<strong>\u00a0splendide voix d\u2019Est\u00edbaliz Martyn<\/strong>, une jeune artiste polyvalente qui se d\u00e9marque comme actrice, chanteuse, pianiste, mannequin, soprano lyrique et danseuse.<\/p>\t\t\t\t\t\t\t\t<\/div>\n\t\t\t\t<\/div>\n\t\t\t\t<div class=\"elementor-element elementor-element-0731a32 elementor-widget__width-initial elementor-widget elementor-widget-text-editor\" data-id=\"0731a32\" data-element_type=\"widget\" data-e-type=\"widget\" data-widget_type=\"text-editor.default\">\n\t\t\t\t<div class=\"elementor-widget-container\">\n\t\t\t\t\t\t\t\t\t<p><a href=\"https:\/\/www.fcamberes.org\/es\/recuerdos-de-una-vida-Angel-g-pinero\" target=\"_blank\" rel=\"noopener\"><img fetchpriority=\"high\" decoding=\"async\" class=\"alignnone size-medium wp-image-5650\" src=\"https:\/\/recuerdasdeunavida.com\/wp-content\/uploads\/2023\/04\/Logo-Amberes-amarillo-300x259.png\" alt=\"\" width=\"300\" height=\"259\" srcset=\"https:\/\/recuerdasdeunavida.com\/wp-content\/uploads\/2023\/04\/Logo-Amberes-amarillo-300x259.png 300w, https:\/\/recuerdasdeunavida.com\/wp-content\/uploads\/2023\/04\/Logo-Amberes-amarillo-1024x885.png 1024w, https:\/\/recuerdasdeunavida.com\/wp-content\/uploads\/2023\/04\/Logo-Amberes-amarillo-768x664.png 768w, https:\/\/recuerdasdeunavida.com\/wp-content\/uploads\/2023\/04\/Logo-Amberes-amarillo.png 1039w\" sizes=\"(max-width: 300px) 100vw, 300px\" \/><\/a><\/p>\t\t\t\t\t\t\t\t<\/div>\n\t\t\t\t<\/div>\n\t\t\t\t<div class=\"elementor-element elementor-element-50bbded elementor-hidden-desktop elementor-hidden-tablet elementor-hidden-mobile elementor-widget elementor-widget-image\" data-id=\"50bbded\" data-element_type=\"widget\" data-e-type=\"widget\" data-widget_type=\"image.default\">\n\t\t\t\t<div class=\"elementor-widget-container\">\n\t\t\t\t\t\t\t\t\t\t\t\t\t\t\t\t<a href=\"https:\/\/www.espaciobertelsmann.es\/\" target=\"_blank\">\n\t\t\t\t\t\t\t<img decoding=\"async\" width=\"369\" height=\"93\" src=\"https:\/\/recuerdasdeunavida.com\/wp-content\/uploads\/2022\/09\/logo_bermetrans_blanco.png\" class=\"attachment-large size-large wp-image-5175\" alt=\"\" srcset=\"https:\/\/recuerdasdeunavida.com\/wp-content\/uploads\/2022\/09\/logo_bermetrans_blanco.png 369w, https:\/\/recuerdasdeunavida.com\/wp-content\/uploads\/2022\/09\/logo_bermetrans_blanco-300x76.png 300w\" sizes=\"(max-width: 369px) 100vw, 369px\" \/>\t\t\t\t\t\t\t\t<\/a>\n\t\t\t\t\t\t\t\t\t\t\t\t\t\t\t<\/div>\n\t\t\t\t<\/div>\n\t\t\t\t\t<\/div>\n\t\t<\/div>\n\t\t\t\t<div class=\"elementor-column elementor-col-50 elementor-top-column elementor-element elementor-element-71ab5ef8\" data-id=\"71ab5ef8\" data-element_type=\"column\" data-e-type=\"column\">\n\t\t\t<div class=\"elementor-widget-wrap\">\n\t\t\t\t\t\t\t<\/div>\n\t\t<\/div>\n\t\t\t\t\t<\/div>\n\t\t<\/section>\n\t\t\t\t<section class=\"elementor-section elementor-top-section elementor-element elementor-element-6d4b97ff elementor-section-height-min-height elementor-section-items-top elementor-hidden-desktop elementor-hidden-tablet elementor-hidden-mobile elementor-section-boxed elementor-section-height-default\" data-id=\"6d4b97ff\" data-element_type=\"section\" data-e-type=\"section\" data-settings=\"{&quot;background_background&quot;:&quot;classic&quot;}\">\n\t\t\t\t\t\t<div class=\"elementor-container elementor-column-gap-default\">\n\t\t\t\t\t<div class=\"elementor-column elementor-col-50 elementor-top-column elementor-element elementor-element-51b2a3d6\" data-id=\"51b2a3d6\" data-element_type=\"column\" data-e-type=\"column\">\n\t\t\t<div class=\"elementor-widget-wrap elementor-element-populated\">\n\t\t\t\t\t\t<div class=\"elementor-element elementor-element-5b9e14d5 elementor-widget elementor-widget-heading\" data-id=\"5b9e14d5\" data-element_type=\"widget\" data-e-type=\"widget\" data-widget_type=\"heading.default\">\n\t\t\t\t<div class=\"elementor-widget-container\">\n\t\t\t\t\t<h2 class=\"elementor-heading-title elementor-size-default\">EL ESPACIO<\/h2>\t\t\t\t<\/div>\n\t\t\t\t<\/div>\n\t\t\t\t<div class=\"elementor-element elementor-element-44293a5b elementor-widget elementor-widget-image\" data-id=\"44293a5b\" data-element_type=\"widget\" data-e-type=\"widget\" data-widget_type=\"image.default\">\n\t\t\t\t<div class=\"elementor-widget-container\">\n\t\t\t\t\t\t\t\t\t\t\t\t\t\t\t<img decoding=\"async\" width=\"800\" height=\"489\" src=\"https:\/\/recuerdasdeunavida.com\/wp-content\/uploads\/2023\/03\/elespacio_pamplona-1024x626.jpg\" class=\"attachment-large size-large wp-image-5339\" alt=\"\" srcset=\"https:\/\/recuerdasdeunavida.com\/wp-content\/uploads\/2023\/03\/elespacio_pamplona-1024x626.jpg 1024w, https:\/\/recuerdasdeunavida.com\/wp-content\/uploads\/2023\/03\/elespacio_pamplona-300x183.jpg 300w, https:\/\/recuerdasdeunavida.com\/wp-content\/uploads\/2023\/03\/elespacio_pamplona-768x469.jpg 768w, https:\/\/recuerdasdeunavida.com\/wp-content\/uploads\/2023\/03\/elespacio_pamplona.jpg 1080w\" sizes=\"(max-width: 800px) 100vw, 800px\" \/>\t\t\t\t\t\t\t\t\t\t\t\t\t\t\t<\/div>\n\t\t\t\t<\/div>\n\t\t\t\t\t<\/div>\n\t\t<\/div>\n\t\t\t\t<div class=\"elementor-column elementor-col-50 elementor-top-column elementor-element elementor-element-27ee052a\" data-id=\"27ee052a\" data-element_type=\"column\" data-e-type=\"column\">\n\t\t\t<div class=\"elementor-widget-wrap elementor-element-populated\">\n\t\t\t\t\t\t<div class=\"elementor-element elementor-element-217a5d8a elementor-widget elementor-widget-heading\" data-id=\"217a5d8a\" data-element_type=\"widget\" data-e-type=\"widget\" data-widget_type=\"heading.default\">\n\t\t\t\t<div class=\"elementor-widget-container\">\n\t\t\t\t\t<h2 class=\"elementor-heading-title elementor-size-default\">Parroquia de San Lorenzo de Pamplona<\/h2>\t\t\t\t<\/div>\n\t\t\t\t<\/div>\n\t\t\t\t<div class=\"elementor-element elementor-element-3b4cf86b elementor-widget elementor-widget-text-editor\" data-id=\"3b4cf86b\" data-element_type=\"widget\" data-e-type=\"widget\" data-widget_type=\"text-editor.default\">\n\t\t\t\t<div class=\"elementor-widget-container\">\n\t\t\t\t\t\t\t\t\t<p>La Parroquia de San Lorenzo de Pamplona es una de las iglesias m\u00e1s entra\u00f1ables de la ciudad por albergar en su interior, adem\u00e1s del altar mayor dedicado a San Lorenzo, la capilla de San Ferm\u00edn y la Capilla de La Dolorosa.<\/p><p>Desde esta iglesia comienza cada 7 de julio la procesi\u00f3n de San Ferm\u00edn, por ser la que guarda la talla del Santo. En este mismo sitio tienen lugar durante la \u00e9poca de fiestas todos los actos religiosos oficiales.<\/p><p>Sustituyendo a otra de corte barroco, el edificio data de 1901, seg\u00fan el proyecto de Florencio Ansoleaga, y el interior es de estilo neocl\u00e1sico. La capilla del Santo fue construida entre 1696 y 1717, y es obra de Santiago Ra\u00f3n, Fray Juan de Alegr\u00eda y Mart\u00edn de Zald\u00faa.<\/p><p>La Capilla de San Ferm\u00edn, que se encuentra en la iglesia de San Lorenzo, se construy\u00f3 entre los a\u00f1os 1696 y 1717.\u00a0 La capilla, de aire neocl\u00e1sico, se encuentra nada m\u00e1s entrar a la derecha, y sobre el altar, se yergue la venerada imagen del Santo, una talla de medio cuerpo realizada en madera policromada y guarnecida en plata que data de fines del siglo XV. La imagen se coloc\u00f3 en este lugar el d\u00eda 6 de julio de 1717, y desde entonces, s\u00f3lo el 7 de julio, festividad de San Ferm\u00edn, abandona esta capilla para salir en Procesi\u00f3n.<\/p>\t\t\t\t\t\t\t\t<\/div>\n\t\t\t\t<\/div>\n\t\t\t\t\t<\/div>\n\t\t<\/div>\n\t\t\t\t\t<\/div>\n\t\t<\/section>\n\t\t\t\t<section class=\"elementor-section elementor-top-section elementor-element elementor-element-1c7705f5 elementor-hidden-desktop elementor-hidden-tablet elementor-hidden-mobile elementor-section-boxed elementor-section-height-default elementor-section-height-default\" data-id=\"1c7705f5\" data-element_type=\"section\" data-e-type=\"section\" data-settings=\"{&quot;background_background&quot;:&quot;classic&quot;}\">\n\t\t\t\t\t\t<div class=\"elementor-container elementor-column-gap-default\">\n\t\t\t\t\t<div class=\"elementor-column elementor-col-50 elementor-top-column elementor-element elementor-element-4014192e\" data-id=\"4014192e\" data-element_type=\"column\" data-e-type=\"column\">\n\t\t\t<div class=\"elementor-widget-wrap elementor-element-populated\">\n\t\t\t\t\t\t<div class=\"elementor-element elementor-element-6811ae03 elementor-widget elementor-widget-heading\" data-id=\"6811ae03\" data-element_type=\"widget\" data-e-type=\"widget\" data-widget_type=\"heading.default\">\n\t\t\t\t<div class=\"elementor-widget-container\">\n\t\t\t\t\t<h2 class=\"elementor-heading-title elementor-size-default\">EL DIRECTOR<\/h2>\t\t\t\t<\/div>\n\t\t\t\t<\/div>\n\t\t\t\t<div class=\"elementor-element elementor-element-6ad0a913 elementor-widget elementor-widget-image\" data-id=\"6ad0a913\" data-element_type=\"widget\" data-e-type=\"widget\" data-widget_type=\"image.default\">\n\t\t\t\t<div class=\"elementor-widget-container\">\n\t\t\t\t\t\t\t\t\t\t\t\t\t\t\t<img loading=\"lazy\" decoding=\"async\" width=\"626\" height=\"594\" src=\"https:\/\/recuerdasdeunavida.com\/wp-content\/uploads\/2022\/10\/director.jpg\" class=\"attachment-full size-full wp-image-2719\" alt=\"\" srcset=\"https:\/\/recuerdasdeunavida.com\/wp-content\/uploads\/2022\/10\/director.jpg 626w, https:\/\/recuerdasdeunavida.com\/wp-content\/uploads\/2022\/10\/director-300x285.jpg 300w\" sizes=\"(max-width: 626px) 100vw, 626px\" \/>\t\t\t\t\t\t\t\t\t\t\t\t\t\t\t<\/div>\n\t\t\t\t<\/div>\n\t\t\t\t\t<\/div>\n\t\t<\/div>\n\t\t\t\t<div class=\"elementor-column elementor-col-50 elementor-top-column elementor-element elementor-element-52589fa2\" data-id=\"52589fa2\" data-element_type=\"column\" data-e-type=\"column\">\n\t\t\t<div class=\"elementor-widget-wrap elementor-element-populated\">\n\t\t\t\t\t\t<div class=\"elementor-element elementor-element-2836dbf5 elementor-widget elementor-widget-heading\" data-id=\"2836dbf5\" data-element_type=\"widget\" data-e-type=\"widget\" data-widget_type=\"heading.default\">\n\t\t\t\t<div class=\"elementor-widget-container\">\n\t\t\t\t\t<h2 class=\"elementor-heading-title elementor-size-default\">NOMBRE APELLIDO<\/h2>\t\t\t\t<\/div>\n\t\t\t\t<\/div>\n\t\t\t\t<div class=\"elementor-element elementor-element-4a4886a2 elementor-widget elementor-widget-text-editor\" data-id=\"4a4886a2\" data-element_type=\"widget\" data-e-type=\"widget\" data-widget_type=\"text-editor.default\">\n\t\t\t\t<div class=\"elementor-widget-container\">\n\t\t\t\t\t\t\t\t\t<p>Entre las numerosas orquestas que ha dirigido, destacan la Sinf\u00f3nica de Mil\u00e1n, Sinf\u00f3nica de Madrid, l\u2019Orchestra del Teatro Carlo Felice de G\u00e9nova, Orquesta Sinf\u00f3nica de Castilla y Le\u00f3n, Orquesta de la Comunidad de Madrid, Sinf\u00f3nica de Galicia, l\u2019Orchestra Accademia del Teatro La Scala de Mil\u00e1n, l\u2019Orchestre de l\u2019Opera Royal de Wallonie, l\u2019Orchestre Symphonique de Saint-\u00c9tienne, Real Filharmon\u00eda de Galicia, Orquesta de Extremadura, Sinf\u00f3nica de Navarra, Sinf\u00f3nica de la Regi\u00f3n de Murcia, Orquesta de C\u00f3rdoba, l\u2019Orchestra Filarmonia Veneta y Orquesta Cl\u00e1sica Santa Cecilia entre otras.<\/p>\t\t\t\t\t\t\t\t<\/div>\n\t\t\t\t<\/div>\n\t\t\t\t\t<\/div>\n\t\t<\/div>\n\t\t\t\t\t<\/div>\n\t\t<\/section>\n\t\t\t\t<section class=\"elementor-section elementor-top-section elementor-element elementor-element-f575e72 elementor-hidden-desktop elementor-hidden-tablet elementor-hidden-mobile elementor-section-boxed elementor-section-height-default elementor-section-height-default\" data-id=\"f575e72\" data-element_type=\"section\" data-e-type=\"section\" data-settings=\"{&quot;background_background&quot;:&quot;classic&quot;}\">\n\t\t\t\t\t\t<div class=\"elementor-container elementor-column-gap-default\">\n\t\t\t\t\t<div class=\"elementor-column elementor-col-50 elementor-top-column elementor-element elementor-element-2f88bae9\" data-id=\"2f88bae9\" data-element_type=\"column\" data-e-type=\"column\">\n\t\t\t<div class=\"elementor-widget-wrap elementor-element-populated\">\n\t\t\t\t\t\t<div class=\"elementor-element elementor-element-7ab09389 elementor-widget elementor-widget-heading\" data-id=\"7ab09389\" data-element_type=\"widget\" data-e-type=\"widget\" data-widget_type=\"heading.default\">\n\t\t\t\t<div class=\"elementor-widget-container\">\n\t\t\t\t\t<h2 class=\"elementor-heading-title elementor-size-default\">ORQUESTA<\/h2>\t\t\t\t<\/div>\n\t\t\t\t<\/div>\n\t\t\t\t<div class=\"elementor-element elementor-element-1e5fabfa elementor-widget elementor-widget-text-editor\" data-id=\"1e5fabfa\" data-element_type=\"widget\" data-e-type=\"widget\" data-widget_type=\"text-editor.default\">\n\t\t\t\t<div class=\"elementor-widget-container\">\n\t\t\t\t\t\t\t\t\t<p>Entre las numerosas orquestas que ha dirigido, destacan la Sinf\u00f3nica de Mil\u00e1n, Sinf\u00f3nica de Madrid, l\u2019Orchestra del Teatro Carlo Felice de G\u00e9nova, Orquesta Sinf\u00f3nica de Castilla y Le\u00f3n, Orquesta de la Comunidad de Madrid, Sinf\u00f3nica de Galicia, l\u2019Orchestra Accademia del Teatro La Scala de Mil\u00e1n, l\u2019Orchestre de l\u2019Opera Royal de Wallonie, l\u2019Orchestre Symphonique de Saint-\u00c9tienne, Real Filharmon\u00eda de Galicia, Orquesta de Extremadura, Sinf\u00f3nica de Navarra, Sinf\u00f3nica de la Regi\u00f3n de Murcia, Orquesta de C\u00f3rdoba, l\u2019Orchestra Filarmonia Veneta y Orquesta Cl\u00e1sica Santa Cecilia entre otras.<\/p>\t\t\t\t\t\t\t\t<\/div>\n\t\t\t\t<\/div>\n\t\t\t\t\t<\/div>\n\t\t<\/div>\n\t\t\t\t<div class=\"elementor-column elementor-col-50 elementor-top-column elementor-element elementor-element-256c0d56\" data-id=\"256c0d56\" data-element_type=\"column\" data-e-type=\"column\">\n\t\t\t<div class=\"elementor-widget-wrap elementor-element-populated\">\n\t\t\t\t\t\t<div class=\"elementor-element elementor-element-efffea9 elementor-widget elementor-widget-image\" data-id=\"efffea9\" data-element_type=\"widget\" data-e-type=\"widget\" data-widget_type=\"image.default\">\n\t\t\t\t<div class=\"elementor-widget-container\">\n\t\t\t\t\t\t\t\t\t\t\t\t\t\t\t<img loading=\"lazy\" decoding=\"async\" width=\"626\" height=\"594\" src=\"https:\/\/recuerdasdeunavida.com\/wp-content\/uploads\/2022\/10\/director.jpg\" class=\"attachment-full size-full wp-image-2719\" alt=\"\" srcset=\"https:\/\/recuerdasdeunavida.com\/wp-content\/uploads\/2022\/10\/director.jpg 626w, https:\/\/recuerdasdeunavida.com\/wp-content\/uploads\/2022\/10\/director-300x285.jpg 300w\" sizes=\"(max-width: 626px) 100vw, 626px\" \/>\t\t\t\t\t\t\t\t\t\t\t\t\t\t\t<\/div>\n\t\t\t\t<\/div>\n\t\t\t\t\t<\/div>\n\t\t<\/div>\n\t\t\t\t\t<\/div>\n\t\t<\/section>\n\t\t\t\t<section class=\"elementor-section elementor-top-section elementor-element elementor-element-600b56cb elementor-hidden-desktop elementor-hidden-tablet elementor-hidden-mobile elementor-section-boxed elementor-section-height-default elementor-section-height-default\" data-id=\"600b56cb\" data-element_type=\"section\" data-e-type=\"section\" data-settings=\"{&quot;background_background&quot;:&quot;classic&quot;}\">\n\t\t\t\t\t\t<div class=\"elementor-container elementor-column-gap-default\">\n\t\t\t\t\t<div class=\"elementor-column elementor-col-50 elementor-top-column elementor-element elementor-element-7fe916f8\" data-id=\"7fe916f8\" data-element_type=\"column\" data-e-type=\"column\">\n\t\t\t<div class=\"elementor-widget-wrap elementor-element-populated\">\n\t\t\t\t\t\t<div class=\"elementor-element elementor-element-7f44407c elementor-widget elementor-widget-heading\" data-id=\"7f44407c\" data-element_type=\"widget\" data-e-type=\"widget\" data-widget_type=\"heading.default\">\n\t\t\t\t<div class=\"elementor-widget-container\">\n\t\t\t\t\t<h2 class=\"elementor-heading-title elementor-size-default\">ORQUESTA<\/h2>\t\t\t\t<\/div>\n\t\t\t\t<\/div>\n\t\t\t\t<div class=\"elementor-element elementor-element-22b1b368 elementor-widget elementor-widget-text-editor\" data-id=\"22b1b368\" data-element_type=\"widget\" data-e-type=\"widget\" data-widget_type=\"text-editor.default\">\n\t\t\t\t<div class=\"elementor-widget-container\">\n\t\t\t\t\t\t\t\t\t<p>Entre las numerosas orquestas que ha dirigido, destacan la Sinf\u00f3nica de Mil\u00e1n, Sinf\u00f3nica de Madrid, l\u2019Orchestra del Teatro Carlo Felice de G\u00e9nova, Orquesta Sinf\u00f3nica de Castilla y Le\u00f3n, Orquesta de la Comunidad de Madrid, Sinf\u00f3nica de Galicia, l\u2019Orchestra Accademia del Teatro La Scala de Mil\u00e1n, l\u2019Orchestre de l\u2019Opera Royal de Wallonie, l\u2019Orchestre Symphonique de Saint-\u00c9tienne, Real Filharmon\u00eda de Galicia, Orquesta de Extremadura, Sinf\u00f3nica de Navarra, Sinf\u00f3nica de la Regi\u00f3n de Murcia, Orquesta de C\u00f3rdoba, l\u2019Orchestra Filarmonia Veneta y Orquesta Cl\u00e1sica Santa Cecilia entre otras.<\/p>\t\t\t\t\t\t\t\t<\/div>\n\t\t\t\t<\/div>\n\t\t\t\t\t<\/div>\n\t\t<\/div>\n\t\t\t\t<div class=\"elementor-column elementor-col-50 elementor-top-column elementor-element elementor-element-3b793c7b\" data-id=\"3b793c7b\" data-element_type=\"column\" data-e-type=\"column\">\n\t\t\t<div class=\"elementor-widget-wrap elementor-element-populated\">\n\t\t\t\t\t\t<div class=\"elementor-element elementor-element-46f5217 elementor-widget elementor-widget-image\" data-id=\"46f5217\" data-element_type=\"widget\" data-e-type=\"widget\" data-widget_type=\"image.default\">\n\t\t\t\t<div class=\"elementor-widget-container\">\n\t\t\t\t\t\t\t\t\t\t\t\t\t\t\t<img loading=\"lazy\" decoding=\"async\" width=\"626\" height=\"594\" src=\"https:\/\/recuerdasdeunavida.com\/wp-content\/uploads\/2022\/10\/director.jpg\" class=\"attachment-full size-full wp-image-2719\" alt=\"\" srcset=\"https:\/\/recuerdasdeunavida.com\/wp-content\/uploads\/2022\/10\/director.jpg 626w, https:\/\/recuerdasdeunavida.com\/wp-content\/uploads\/2022\/10\/director-300x285.jpg 300w\" sizes=\"(max-width: 626px) 100vw, 626px\" \/>\t\t\t\t\t\t\t\t\t\t\t\t\t\t\t<\/div>\n\t\t\t\t<\/div>\n\t\t\t\t\t<\/div>\n\t\t<\/div>\n\t\t\t\t\t<\/div>\n\t\t<\/section>\n\t\t\t\t<section class=\"elementor-section elementor-top-section elementor-element elementor-element-3841be4 elementor-section-height-min-height elementor-section-items-top elementor-section-boxed elementor-section-height-default\" data-id=\"3841be4\" data-element_type=\"section\" data-e-type=\"section\" data-settings=\"{&quot;background_background&quot;:&quot;classic&quot;}\">\n\t\t\t\t\t\t<div class=\"elementor-container elementor-column-gap-default\">\n\t\t\t\t\t<div class=\"elementor-column elementor-col-50 elementor-top-column elementor-element elementor-element-b001c15\" data-id=\"b001c15\" data-element_type=\"column\" data-e-type=\"column\">\n\t\t\t<div class=\"elementor-widget-wrap elementor-element-populated\">\n\t\t\t\t\t\t<div class=\"elementor-element elementor-element-9646b1c elementor-widget elementor-widget-heading\" data-id=\"9646b1c\" data-element_type=\"widget\" data-e-type=\"widget\" data-widget_type=\"heading.default\">\n\t\t\t\t<div class=\"elementor-widget-container\">\n\t\t\t\t\t<h2 class=\"elementor-heading-title elementor-size-default\">LE LIEU<\/h2>\t\t\t\t<\/div>\n\t\t\t\t<\/div>\n\t\t\t\t<div class=\"elementor-element elementor-element-4fdc625 elementor-widget elementor-widget-image\" data-id=\"4fdc625\" data-element_type=\"widget\" data-e-type=\"widget\" data-widget_type=\"image.default\">\n\t\t\t\t<div class=\"elementor-widget-container\">\n\t\t\t\t\t\t\t\t\t\t\t\t\t\t\t<img loading=\"lazy\" decoding=\"async\" width=\"800\" height=\"534\" src=\"https:\/\/recuerdasdeunavida.com\/wp-content\/uploads\/2023\/04\/elespacio_fundacion_carlosdeamberes-1024x683.jpg\" class=\"attachment-large size-large wp-image-5672\" alt=\"\" srcset=\"https:\/\/recuerdasdeunavida.com\/wp-content\/uploads\/2023\/04\/elespacio_fundacion_carlosdeamberes-1024x683.jpg 1024w, https:\/\/recuerdasdeunavida.com\/wp-content\/uploads\/2023\/04\/elespacio_fundacion_carlosdeamberes-300x200.jpg 300w, https:\/\/recuerdasdeunavida.com\/wp-content\/uploads\/2023\/04\/elespacio_fundacion_carlosdeamberes-768x512.jpg 768w, https:\/\/recuerdasdeunavida.com\/wp-content\/uploads\/2023\/04\/elespacio_fundacion_carlosdeamberes.jpg 1080w\" sizes=\"(max-width: 800px) 100vw, 800px\" \/>\t\t\t\t\t\t\t\t\t\t\t\t\t\t\t<\/div>\n\t\t\t\t<\/div>\n\t\t\t\t\t<\/div>\n\t\t<\/div>\n\t\t\t\t<div class=\"elementor-column elementor-col-50 elementor-top-column elementor-element elementor-element-5812392\" data-id=\"5812392\" data-element_type=\"column\" data-e-type=\"column\">\n\t\t\t<div class=\"elementor-widget-wrap elementor-element-populated\">\n\t\t\t\t\t\t<div class=\"elementor-element elementor-element-2a4ffbc elementor-widget elementor-widget-heading\" data-id=\"2a4ffbc\" data-element_type=\"widget\" data-e-type=\"widget\" data-widget_type=\"heading.default\">\n\t\t\t\t<div class=\"elementor-widget-container\">\n\t\t\t\t\t<h2 class=\"elementor-heading-title elementor-size-default\">Fondation Carlos de Amberes <\/h2>\t\t\t\t<\/div>\n\t\t\t\t<\/div>\n\t\t\t\t<div class=\"elementor-element elementor-element-5c2ca47 elementor-widget elementor-widget-text-editor\" data-id=\"5c2ca47\" data-element_type=\"widget\" data-e-type=\"widget\" data-widget_type=\"text-editor.default\">\n\t\t\t\t<div class=\"elementor-widget-container\">\n\t\t\t\t\t\t\t\t\t<p>La Fondation Carlos de Amberes est un joyau cach\u00e9 au c\u0153ur de Madrid et un cadre incomparable pour tout type d&rsquo;\u00e9v\u00e9nement.<\/p><p>Quatre cents ans apr\u00e8s sa constitution en 1594 comme refuge pour les pauvres et les p\u00e8lerins des anciennes 17 provinces des Pays-Bas appartenant \u00e0 la monarchie espagnole aux XVIe et XVIIe si\u00e8cles (aujourd&rsquo;hui Belgique, Luxembourg, Pays-Bas et Nord de la France), la Fondation Carlos de Amberes continue de promouvoir la culture de ces territoires en Espagne et entretient des liens \u00e9troits avec eux, \u00e0 travers des activit\u00e9s telles que des expositions temporaires, des ateliers pour enfants, des conf\u00e9rences, des projets de recherche et de tourisme culturel, et des conf\u00e9rences sur le pass\u00e9, le pr\u00e9sent et l&rsquo;avenir de l&rsquo;Europe .<\/p><p>Notre si\u00e8ge actuel, une ancienne \u00e9glise r\u00e9nov\u00e9e au c\u0153ur de la Mille d\u2019Or de Madrid, est un espace unique dans lequel nous combinons un programme exquis d&rsquo;activit\u00e9s culturelles avec des \u00e9v\u00e9nements que des entreprises, des particuliers, des institutions et des artistes organisent dans l&rsquo;un des sept espaces qui sont lou\u00e9s.<\/p><p>Le b\u00e2timent de la Fondation Carlos de Amberes a \u00e9t\u00e9 d\u00e9clar\u00e9 bien d&rsquo;int\u00e9r\u00eat culturel en 1994. Sa fa\u00e7ade de style \u00e9clectique est un m\u00e9lange et un reflet de diff\u00e9rentes \u00e9poques, un cadre id\u00e9al pour accueillir des c\u00e9l\u00e9brations et des \u00e9v\u00e9nements sociaux avec sa propre histoire.<\/p><p>La Chapelle de la Fondation est un espace pr\u00e9cieux et exceptionnel qui est le cadre id\u00e9al pour des concerts, des expositions, des cocktails, des d\u00eeners de gala ou des pr\u00e9sentations. Pr\u00e9sid\u00e9e par le chef-d&rsquo;\u0153uvre de Rubens, Le Martyre de saint Andr\u00e9, h\u00e9ritage de la Fondation.<\/p>\t\t\t\t\t\t\t\t<\/div>\n\t\t\t\t<\/div>\n\t\t\t\t\t<\/div>\n\t\t<\/div>\n\t\t\t\t\t<\/div>\n\t\t<\/section>\n\t\t\t\t<section class=\"elementor-section elementor-top-section elementor-element elementor-element-b167df5 elementor-section-boxed elementor-section-height-default elementor-section-height-default\" data-id=\"b167df5\" data-element_type=\"section\" data-e-type=\"section\" data-settings=\"{&quot;background_background&quot;:&quot;classic&quot;}\">\n\t\t\t\t\t\t<div class=\"elementor-container elementor-column-gap-default\">\n\t\t\t\t\t<div class=\"elementor-column elementor-col-50 elementor-top-column elementor-element elementor-element-8e1cc42\" data-id=\"8e1cc42\" data-element_type=\"column\" data-e-type=\"column\">\n\t\t\t<div class=\"elementor-widget-wrap elementor-element-populated\">\n\t\t\t\t\t\t<div class=\"elementor-element elementor-element-5088b77 elementor-widget elementor-widget-heading\" data-id=\"5088b77\" data-element_type=\"widget\" data-e-type=\"widget\" data-widget_type=\"heading.default\">\n\t\t\t\t<div class=\"elementor-widget-container\">\n\t\t\t\t\t<h2 class=\"elementor-heading-title elementor-size-default\">LES ARTISTES<\/h2>\t\t\t\t<\/div>\n\t\t\t\t<\/div>\n\t\t\t\t<div class=\"elementor-element elementor-element-c5e2774 elementor-widget elementor-widget-image\" data-id=\"c5e2774\" data-element_type=\"widget\" data-e-type=\"widget\" data-widget_type=\"image.default\">\n\t\t\t\t<div class=\"elementor-widget-container\">\n\t\t\t\t\t\t\t\t\t\t\t\t\t\t\t<img loading=\"lazy\" decoding=\"async\" width=\"800\" height=\"1200\" src=\"https:\/\/recuerdasdeunavida.com\/wp-content\/uploads\/2023\/03\/FAB04870-23.jpg\" class=\"attachment-full size-full wp-image-6112\" alt=\"STANISLAV\" srcset=\"https:\/\/recuerdasdeunavida.com\/wp-content\/uploads\/2023\/03\/FAB04870-23.jpg 800w, https:\/\/recuerdasdeunavida.com\/wp-content\/uploads\/2023\/03\/FAB04870-23-200x300.jpg 200w, https:\/\/recuerdasdeunavida.com\/wp-content\/uploads\/2023\/03\/FAB04870-23-683x1024.jpg 683w, https:\/\/recuerdasdeunavida.com\/wp-content\/uploads\/2023\/03\/FAB04870-23-768x1152.jpg 768w\" sizes=\"(max-width: 800px) 100vw, 800px\" \/>\t\t\t\t\t\t\t\t\t\t\t\t\t\t\t<\/div>\n\t\t\t\t<\/div>\n\t\t\t\t\t<\/div>\n\t\t<\/div>\n\t\t\t\t<div class=\"elementor-column elementor-col-50 elementor-top-column elementor-element elementor-element-33202fa\" data-id=\"33202fa\" data-element_type=\"column\" data-e-type=\"column\">\n\t\t\t<div class=\"elementor-widget-wrap elementor-element-populated\">\n\t\t\t\t\t\t<div class=\"elementor-element elementor-element-3549d9a elementor-widget elementor-widget-heading\" data-id=\"3549d9a\" data-element_type=\"widget\" data-e-type=\"widget\" data-widget_type=\"heading.default\">\n\t\t\t\t<div class=\"elementor-widget-container\">\n\t\t\t\t\t<h2 class=\"elementor-heading-title elementor-size-default\">Guitariste: Stanislav Steshenko<\/h2>\t\t\t\t<\/div>\n\t\t\t\t<\/div>\n\t\t\t\t<div class=\"elementor-element elementor-element-33e04ae elementor-widget elementor-widget-text-editor\" data-id=\"33e04ae\" data-element_type=\"widget\" data-e-type=\"widget\" data-widget_type=\"text-editor.default\">\n\t\t\t\t<div class=\"elementor-widget-container\">\n\t\t\t\t\t\t\t\t\t<p>Stanislav a commenc\u00e9 ses \u00e9tudes de chant et piano \u00e0 l\u2019\u00e2ge de 5 ans et quand il avait 9 ans\u00a0 il a commence ses \u00e9tudes de guitare \u00e0 la Mirgorod music school avec le professeur Kasyanenko entre 2004 et 2011. Par la suite il a obtenu son dipl\u00f4me au Kyiv Music College (2011-2015, professeur Drozdova O.).<\/p><p>Il a \u00e9tudi\u00e9 \u00e0 la Kyiv University of Culture and Arts (professeur Zhadko V.) et \u00e0 la Kharkiv National University of Arts (professeur Dotsenko V.).<\/p><p>Stanislav a particip\u00e9 et a gagn\u00e9 de nombreux concours et festivals r\u00e9gionaux, nationaux et internationaux en Ukraine, Pologne, Russie, Allemagne et Gr\u00e8ce. Il est le principal interpr\u00e8te des oeuvres de compositeurs ukrainiens et il collabore avec l\u2019orchestre Kyiv Soloists.<\/p><p>tanislav a \u00e9galement particip\u00e9 \u00e0 des masterclasses avec Gabriel Bianco, Carlo Marchione, Alex Garrobe, Angel Pinero, Lukasz Kuropaczewski, Judicael Perroy et Ren\u00e9 Izquierdo.<\/p><p>Aujourd\u2019hui il \u00e9tudie \u00e0 l\u2019 University of music and performing arts Munich (Professeur Halasz) avec une bourse de la DAAD Foundation.<\/p><p>\u00a0<\/p>\t\t\t\t\t\t\t\t<\/div>\n\t\t\t\t<\/div>\n\t\t\t\t\t<\/div>\n\t\t<\/div>\n\t\t\t\t\t<\/div>\n\t\t<\/section>\n\t\t\t\t<section class=\"elementor-section elementor-top-section elementor-element elementor-element-b487004 elementor-section-boxed elementor-section-height-default elementor-section-height-default\" data-id=\"b487004\" data-element_type=\"section\" data-e-type=\"section\" data-settings=\"{&quot;background_background&quot;:&quot;classic&quot;}\">\n\t\t\t\t\t\t<div class=\"elementor-container elementor-column-gap-default\">\n\t\t\t\t\t<div class=\"elementor-column elementor-col-50 elementor-top-column elementor-element elementor-element-7b61717\" data-id=\"7b61717\" data-element_type=\"column\" data-e-type=\"column\">\n\t\t\t<div class=\"elementor-widget-wrap elementor-element-populated\">\n\t\t\t\t\t\t<div class=\"elementor-element elementor-element-ab982e0 elementor-widget elementor-widget-heading\" data-id=\"ab982e0\" data-element_type=\"widget\" data-e-type=\"widget\" data-widget_type=\"heading.default\">\n\t\t\t\t<div class=\"elementor-widget-container\">\n\t\t\t\t\t<h2 class=\"elementor-heading-title elementor-size-default\">Le quator \u00e0 cordes \u201cCuarteto Chagall\u201d<\/h2>\t\t\t\t<\/div>\n\t\t\t\t<\/div>\n\t\t\t\t<div class=\"elementor-element elementor-element-f186c0a elementor-widget elementor-widget-tp-unfold\" data-id=\"f186c0a\" data-element_type=\"widget\" data-e-type=\"widget\" data-widget_type=\"tp-unfold.default\">\n\t\t\t\t<div class=\"elementor-widget-container\">\n\t\t\t\t\t<div class=\"tp-unfold-wrapper plus69f4633400467  \" data-id=\"plus69f4633400467\"  data-content_a_source=\"content\" data-con_pos=\"default\" data-icon-position=\"tp_ic_pos_before\" data-readmore=\"En savoir plus\" data-readless=\"En savoir moins\" data-readmore-icon=\"\" data-readless-icon=\"\"  data-transition-duration=\"200\" data-content-max-height=\"187\" data-content-max-height-t=\"100\" data-content-max-height-m=\"329\"  ><div class=\"tp-unfold-title\"><\/div><div class=\"tp-unfold-description\" ><div class=\"tp-unfold-description-inner\"><p>Le quatuor Chagall est compos\u00e9 de Cristina Pascual Godoy (violon), Sergio G\u00f3mez (violon), Abel Nafee Rosch (alto) et Irene Celestino (violoncelle).<\/p><p>Le quatuor a particip\u00e9 \u00e0 de nombreux concerts en Espagne et \u00e0 l\u2019international, soulignant ses participations aux festivals \u201cCl\u00e1sicos en Verano\u201d et \u201cArte Sacro\u201d de la Comunidad de Madrid, \u00e0 certains cycles de concerts de Boadilla del Monte (Madrid), au cycle \u201cLas soir\u00e9es de Riaza\u201d (Segovia), aux cycles MusaE\u00a0 soutenu par Acci\u00f3n Cultural Espa\u00f1ola et le MECD, Juventudes Musicales ou le concert offert para le Teatro de la Zarzuela de Madrid en comm\u00e9moration du 115\u00e9me anniversaire de la SGAE (Soci\u00e9t\u00e9 G\u00e9n\u00e9rale des Auteurs et \u00c9diteurs).<\/p><p>\u00c0 l\u2019\u00e9chelle internationale, il convient de souligner notamment la tourn\u00e9e de concerts como quatuor invit\u00e9 par le \u00ab Festival Junger K\u00fcnstler Bayreuth \u00bb ou son concert au Teatro Massimo Bellini de Catania, r\u00e9coltant un grand succ\u00e8s aupr\u00e8s des critiques et du public. Le quatuour a particip\u00e9 eg\u00e1lement \u00e0 des concerts \u00e0 Saint Jean de Luz et Biarritz.<\/p><\/div><\/div><div class=\"tp-unfold-last-toggle flex-start\"><button class=\"tp-unfold-toggle \"> En savoir plus <\/button><\/div><\/div>\t\t\t\t<\/div>\n\t\t\t\t<\/div>\n\t\t\t\t\t<\/div>\n\t\t<\/div>\n\t\t\t\t<div class=\"elementor-column elementor-col-50 elementor-top-column elementor-element elementor-element-3b96699\" data-id=\"3b96699\" data-element_type=\"column\" data-e-type=\"column\">\n\t\t\t<div class=\"elementor-widget-wrap elementor-element-populated\">\n\t\t\t\t\t\t<div class=\"elementor-element elementor-element-7d0f83c elementor-widget elementor-widget-image\" data-id=\"7d0f83c\" data-element_type=\"widget\" data-e-type=\"widget\" data-widget_type=\"image.default\">\n\t\t\t\t<div class=\"elementor-widget-container\">\n\t\t\t\t\t\t\t\t\t\t\t\t\t\t\t<img loading=\"lazy\" decoding=\"async\" width=\"1200\" height=\"848\" src=\"https:\/\/recuerdasdeunavida.com\/wp-content\/uploads\/2023\/03\/FAB05004-83.jpg\" class=\"attachment-full size-full wp-image-6115\" alt=\"CUARTETO CHAGAL\" srcset=\"https:\/\/recuerdasdeunavida.com\/wp-content\/uploads\/2023\/03\/FAB05004-83.jpg 1200w, https:\/\/recuerdasdeunavida.com\/wp-content\/uploads\/2023\/03\/FAB05004-83-300x212.jpg 300w, https:\/\/recuerdasdeunavida.com\/wp-content\/uploads\/2023\/03\/FAB05004-83-1024x724.jpg 1024w, https:\/\/recuerdasdeunavida.com\/wp-content\/uploads\/2023\/03\/FAB05004-83-768x543.jpg 768w\" sizes=\"(max-width: 1200px) 100vw, 1200px\" \/>\t\t\t\t\t\t\t\t\t\t\t\t\t\t\t<\/div>\n\t\t\t\t<\/div>\n\t\t\t\t\t<\/div>\n\t\t<\/div>\n\t\t\t\t\t<\/div>\n\t\t<\/section>\n\t\t\t\t<section class=\"elementor-section elementor-top-section elementor-element elementor-element-9232e5a elementor-section-boxed elementor-section-height-default elementor-section-height-default\" data-id=\"9232e5a\" data-element_type=\"section\" data-e-type=\"section\" data-settings=\"{&quot;background_background&quot;:&quot;classic&quot;}\">\n\t\t\t\t\t\t<div class=\"elementor-container elementor-column-gap-default\">\n\t\t\t\t\t<div class=\"elementor-column elementor-col-50 elementor-top-column elementor-element elementor-element-a318b7e\" data-id=\"a318b7e\" data-element_type=\"column\" data-e-type=\"column\">\n\t\t\t<div class=\"elementor-widget-wrap elementor-element-populated\">\n\t\t\t\t\t\t<div class=\"elementor-element elementor-element-b1fd04b elementor-widget elementor-widget-image\" data-id=\"b1fd04b\" data-element_type=\"widget\" data-e-type=\"widget\" data-widget_type=\"image.default\">\n\t\t\t\t<div class=\"elementor-widget-container\">\n\t\t\t\t\t\t\t\t\t\t\t\t\t\t\t<img decoding=\"async\" src=\"https:\/\/recuerdasdeunavida.com\/wp-content\/uploads\/2023\/04\/estibaliz-1.jpg\" class=\"attachment-full size-full wp-image-5687\" alt=\"\" \/>\t\t\t\t\t\t\t\t\t\t\t\t\t\t\t<\/div>\n\t\t\t\t<\/div>\n\t\t\t\t\t<\/div>\n\t\t<\/div>\n\t\t\t\t<div class=\"elementor-column elementor-col-50 elementor-top-column elementor-element elementor-element-acd4327\" data-id=\"acd4327\" data-element_type=\"column\" data-e-type=\"column\">\n\t\t\t<div class=\"elementor-widget-wrap elementor-element-populated\">\n\t\t\t\t\t\t<div class=\"elementor-element elementor-element-5617691 elementor-widget elementor-widget-heading\" data-id=\"5617691\" data-element_type=\"widget\" data-e-type=\"widget\" data-widget_type=\"heading.default\">\n\t\t\t\t<div class=\"elementor-widget-container\">\n\t\t\t\t\t<h2 class=\"elementor-heading-title elementor-size-default\">Soprano: Est\u00edbaliz Martyn<\/h2>\t\t\t\t<\/div>\n\t\t\t\t<\/div>\n\t\t\t\t<div class=\"elementor-element elementor-element-f8ed999 elementor-widget elementor-widget-tp-unfold\" data-id=\"f8ed999\" data-element_type=\"widget\" data-e-type=\"widget\" data-widget_type=\"tp-unfold.default\">\n\t\t\t\t<div class=\"elementor-widget-container\">\n\t\t\t\t\t<div class=\"tp-unfold-wrapper plus69f46334010e6  \" data-id=\"plus69f46334010e6\"  data-content_a_source=\"content\" data-con_pos=\"default\" data-icon-position=\"tp_ic_pos_before\" data-readmore=\"En savoir plus\" data-readless=\"En savoir moins\" data-readmore-icon=\"\" data-readless-icon=\"\"  data-transition-duration=\"200\" data-content-max-height=\"457\" data-content-max-height-t=\"100\" data-content-max-height-m=\"329\"  ><div class=\"tp-unfold-title\"><\/div><div class=\"tp-unfold-description\" ><div class=\"tp-unfold-description-inner\"><p>Est\u00edbaliz Martyn est une actrice espagnole aux multiples facettes, mettant en \u00e9vidence sa polyvalence dans diverses facettes: actrice, chanteuse, pianiste, mannequin et danseuse.<\/p><p>Est\u00edbaliz (n\u00e9e \u00e0 Madrid en 1993) est une soprano qui a commenc\u00e9 ses \u00e9tudes de piano et de danse classique et contemporaine \u00e0 l\u2019\u00e2ge de 4 ans. Trois ans plus tard, elle s\u2019initie \u00e0 l\u2019interpr\u00e9tation th\u00e9\u00e2trale. \u00c0 21 ans elle finit ses \u00e9tudes \u00e0 l\u2019\u00c9cole Sup\u00e9rieure de Chant de Madrid, continuant sa formation \u00e0 la Haute \u00c9cole allemande Hochschule f\u00fcr Musik Franz Liszt de Weimar, au Royal Northern College of Music \u00e0 M\u00e1nchester et au Trinity Laban Conservatoire de Londres.<\/p><p>Elle a \u00e9t\u00e9 prim\u00e9e dans diff\u00e9rents concours nationaux et internationaux et obtient le Premier Prix des Jeunesses Musicales de Madrid pendant trois ann\u00e9es cons\u00e9cutives sous la pr\u00e9sidence d\u2019honneur de SS. MM. Reine Do\u00f1a Sof\u00eda.<\/p><p>Est\u00edbaliz joue le r\u00f4le principal de MINA dans le VLAD Musical, compos\u00e9 et produit par Pl\u00e1cido Domingo et Pl\u00e1cido Domingo Jr. Elle a \u00e9galement travaill\u00e9 en Italie avec le maestro Riccardo Muti et Cristina Mazzavillani Muti au Festival de Ravenne (2017) et au Teatro Municipale di Piacenza (2018).<\/p><p>\u00c0 l\u2019\u00e2ge de 22 ans elle interpr\u00e8te Do\u00f1a In\u00e9s de Ulloa comme personnage principal \u00e0 la Gran Via Madrile\u00f1a lors de la Premi\u00e8re Mondiale \u201cDon Juan Tenorio, Sangre y Fuego\u201d. Par la suite elle joue le r\u00f4le principal- protagoniste en Espagne \u2013 Messalina \u2013 dans \u201cOpera I, Claudius\u201d (Robert Graves) au Th\u00e9\u00e2tre Romain de M\u00e9rida et au Palais Euskalduna de Bilbao. Elle participe \u00e0 Tot\u00f3 au Teatro de La Zarzuela de Madrid, cl\u00f4turant la saison 2018 dans \u201c24h mintiendo\u201d, du Maestro Francisco Alonso.<\/p><p>Elle a particip\u00e9 \u00e0 de nombreux concerts et producions en Espagne et sur la sc\u00e8ne internaitonale; En 2019, elle est charg\u00e9e de remplacer Ainhoa Arteta dans le concert de l\u2019Unicef \u00e0 l\u2019Auditorio Nacional de Madrid. Est\u00edbaliz ouvre le SMR de Cuenca (Semaine de la Musique Religieuse 2019), elle a particip\u00e9 au Macerata Opera Festival 2021 (Italie), et \u00e0 La Traviata, dirig\u00e9e par Henning Brockhaus.<\/p><p>Est\u00edbaliz Martyn fait partie de la premi\u00e8re \u00e9dition du Programa Crescendo au Teatro Real de Madrid (2021).<\/p><\/div><\/div><div class=\"tp-unfold-last-toggle flex-start\"><button class=\"tp-unfold-toggle \"> En savoir plus <\/button><\/div><\/div>\t\t\t\t<\/div>\n\t\t\t\t<\/div>\n\t\t\t\t<div class=\"elementor-element elementor-element-5e837f5 elementor-widget elementor-widget-text-editor\" data-id=\"5e837f5\" data-element_type=\"widget\" data-e-type=\"widget\" data-widget_type=\"text-editor.default\">\n\t\t\t\t<div class=\"elementor-widget-container\">\n\t\t\t\t\t\t\t\t\t<p><a href=\"http:\/\/www.estibalizmartyn.com\/fr\/\" target=\"_blank\" rel=\"noopener\">estibalizmartyn.com<\/a><\/p>\t\t\t\t\t\t\t\t<\/div>\n\t\t\t\t<\/div>\n\t\t\t\t\t<\/div>\n\t\t<\/div>\n\t\t\t\t\t<\/div>\n\t\t<\/section>\n\t\t\t\t<section class=\"elementor-section elementor-top-section elementor-element elementor-element-aa49d42 elementor-section-boxed elementor-section-height-default elementor-section-height-default\" data-id=\"aa49d42\" data-element_type=\"section\" data-e-type=\"section\" data-settings=\"{&quot;background_background&quot;:&quot;classic&quot;}\">\n\t\t\t\t\t\t<div class=\"elementor-container elementor-column-gap-default\">\n\t\t\t\t\t<div class=\"elementor-column elementor-col-100 elementor-top-column elementor-element elementor-element-75fc03e\" data-id=\"75fc03e\" data-element_type=\"column\" data-e-type=\"column\">\n\t\t\t<div class=\"elementor-widget-wrap elementor-element-populated\">\n\t\t\t\t\t\t<div class=\"elementor-element elementor-element-c004d2d elementor-widget elementor-widget-heading\" data-id=\"c004d2d\" data-element_type=\"widget\" data-e-type=\"widget\" data-widget_type=\"heading.default\">\n\t\t\t\t<div class=\"elementor-widget-container\">\n\t\t\t\t\t<h2 class=\"elementor-heading-title elementor-size-default\">LE PROGRAMME<\/h2>\t\t\t\t<\/div>\n\t\t\t\t<\/div>\n\t\t\t\t<div class=\"elementor-element elementor-element-570fa64 elementor-widget-divider--view-line elementor-widget elementor-widget-divider\" data-id=\"570fa64\" data-element_type=\"widget\" data-e-type=\"widget\" data-widget_type=\"divider.default\">\n\t\t\t\t<div class=\"elementor-widget-container\">\n\t\t\t\t\t\t\t<div class=\"elementor-divider\">\n\t\t\t<span class=\"elementor-divider-separator\">\n\t\t\t\t\t\t<\/span>\n\t\t<\/div>\n\t\t\t\t\t\t<\/div>\n\t\t\t\t<\/div>\n\t\t\t\t<div class=\"elementor-element elementor-element-fbfd457 elementor-widget elementor-widget-text-editor\" data-id=\"fbfd457\" data-element_type=\"widget\" data-e-type=\"widget\" data-widget_type=\"text-editor.default\">\n\t\t\t\t<div class=\"elementor-widget-container\">\n\t\t\t\t\t\t\t\t\t<p><span style=\"color: #000000;\"><strong>GUITARE<\/strong> <\/span><\/p><p><strong>\u00c1ngel G. Pi\u00f1ero (1932-2022):<\/strong> Preludio Azul\u00a0\u00a0\u00a0\u00a0\u00a0\u00a0 \u00a0\u00a0\u00a0\u00a0\u00a0\u00a0\u00a0\u00a0\u00a0\u00a0\u00a0<\/p><p><strong>Francisco T\u00e1rrega (1852-1909):<\/strong> Recuerdos de la Alhambra\u00a0\u00a0\u00a0\u00a0\u00a0\u00a0\u00a0<\/p><p><strong>\u00c1ngel G. Pi\u00f1ero:<\/strong> A\u00f1oranza (Premi\u00e8re)<\/p><p><strong>Roland Dyens (1955-2016):<\/strong> Tango en Ska\u00ef\u00a0\u00a0\u00a0\u00a0\u00a0\u00a0\u00a0\u00a0 \u00a0\u00a0\u00a0\u00a0\u00a0\u00a0\u00a0\u00a0\u00a0\u00a0\u00a0\u00a0\u00a0\u00a0\u00a0\u00a0\u00a0\u00a0\u00a0\u00a0\u00a0\u00a0\u00a0 \u00a0\u00a0\u00a0\u00a0\u00a0\u00a0\u00a0\u00a0\u00a0\u00a0\u00a0<\/p><p><strong>\u00c1ngel G. Pi\u00f1ero (1932-2022)<\/strong><\/p><ul><li>El viento de la vida<\/li><li>Encuentro en el bosque (Premi\u00e8re)<\/li><li>Mathias Duplessy (1972): Cavalcade<\/li><\/ul><p><span style=\"color: #000000;\"><strong><br \/>GUITARE ET CHANT<\/strong><\/span> \u00a0\u00a0\u00a0\u00a0\u00a0\u00a0\u00a0\u00a0\u00a0\u00a0\u00a0\u00a0\u00a0\u00a0\u00a0\u00a0\u00a0\u00a0 \u00a0\u00a0\u00a0\u00a0\u00a0\u00a0\u00a0\u00a0\u00a0\u00a0\u00a0\u00a0\u00a0\u00a0\u00a0\u00a0\u00a0\u00a0\u00a0\u00a0\u00a0 \u00a0\u00a0\u00a0\u00a0\u00a0\u00a0\u00a0\u00a0\u00a0\u00a0\u00a0 \u00a0\u00a0\u00a0\u00a0\u00a0\u00a0\u00a0\u00a0\u00a0<\/p><p><strong>\u00c1ngel G. Pi\u00f1ero (1932-2022):<\/strong><\/p><ul><li>Balada a una desconocida<\/li><li>Adagio Brisas de C\u00e1diz (Danza andaluza N\u00ba1). Premi\u00e8re<\/li><li>Pasi\u00f3n de amor (Premi\u00e8re)<br \/><br \/><\/li><\/ul><p><strong><span style=\"color: #000000;\">QUATOUR \u00c0 CORDES<br \/><\/span><\/strong><\/p><p><strong>Padre Antonio Soler (1729-1783):<\/strong> Fandango (arreglo para cuarteto de cuerda A.N. Rosch)<br \/><br \/><span style=\"color: #000000;\"><strong>GUITARE ET QUATOUR \u00c0 CORDES \u00a0\u00a0\u00a0\u00a0\u00a0\u00a0\u00a0 <\/strong><\/span>\u00a0\u00a0\u00a0\u00a0\u00a0\u00a0\u00a0\u00a0\u00a0\u00a0\u00a0\u00a0\u00a0\u00a0 \u00a0\u00a0\u00a0\u00a0\u00a0\u00a0\u00a0\u00a0\u00a0\u00a0\u00a0\u00a0\u00a0\u00a0\u00a0\u00a0\u00a0\u00a0\u00a0\u00a0\u00a0\u00a0\u00a0 \u00a0\u00a0\u00a0\u00a0\u00a0\u00a0\u00a0\u00a0\u00a0\u00a0\u00a0 \u00a0\u00a0\u00a0\u00a0\u00a0\u00a0\u00a0\u00a0\u00a0<\/p><p><strong>\u00c1ngel G. Pi\u00f1ero (1932-2022):<\/strong><\/p><ul><li>Viaje nocturno<\/li><li>Plenitud<\/li><li>Alegr\u00edas en el Puerto (Danza andaluza N\u00ba2)\u00a0\u00a0\u00a0\u00a0\u00a0\u00a0<\/li><\/ul>\t\t\t\t\t\t\t\t<\/div>\n\t\t\t\t<\/div>\n\t\t\t\t<div class=\"elementor-element elementor-element-7b05598 elementor-hidden-desktop elementor-hidden-tablet elementor-hidden-mobile elementor-widget elementor-widget-heading\" data-id=\"7b05598\" data-element_type=\"widget\" data-e-type=\"widget\" data-widget_type=\"heading.default\">\n\t\t\t\t<div class=\"elementor-widget-container\">\n\t\t\t\t\t<h2 class=\"elementor-heading-title elementor-size-default\">PRIMERA PARTE<\/h2>\t\t\t\t<\/div>\n\t\t\t\t<\/div>\n\t\t\t\t<div class=\"elementor-element elementor-element-b97c6cc elementor-hidden-desktop elementor-hidden-tablet elementor-hidden-mobile elementor-widget elementor-widget-tp-unfold\" data-id=\"b97c6cc\" data-element_type=\"widget\" data-e-type=\"widget\" data-widget_type=\"tp-unfold.default\">\n\t\t\t\t<div class=\"elementor-widget-container\">\n\t\t\t\t\t<div class=\"tp-unfold-wrapper plus69f4633402b9d  \" data-id=\"plus69f4633402b9d\"  data-content_a_source=\"content\" data-con_pos=\"default\" data-icon-position=\"tp_ic_pos_before\" data-readmore=\"Ver m\u00e1s\" data-readless=\"Ver menos\" data-readmore-icon=\"\" data-readless-icon=\"\"  data-transition-duration=\"200\" data-content-max-height=\"187\" data-content-max-height-t=\"100\" data-content-max-height-m=\"329\"  ><div class=\"tp-unfold-title\"><\/div><div class=\"tp-unfold-description\" ><div class=\"tp-unfold-description-inner\"><p><strong>Guitarra sola<\/strong><\/p><ul><li class=\"li1\">Meditaci\u00f3n. Int\u00e9rprete Luca Romanelli (Italia)<\/li><li class=\"li1\">Preludio azul. Int\u00e9rprete Stanislav Steshenko (Ucrania)<\/li><li class=\"li1\">Evocaci\u00f3n. Int\u00e9rprete Stanislav Steshenko<\/li><li class=\"li1\">Murmullo musical. Int\u00e9rprete Stanislav Steshenko<\/li><li class=\"li1\">El viento de la vida. Int\u00e9rprete Stanislav Steshenko<\/li><li class=\"li1\">Caprichos. Int\u00e9rprete Stanislav Steshenko<\/li><\/ul><p style=\"padding-left: 40px\"><strong>Meditaci\u00f3n<\/strong><br \/>Compuesta en 2020 en plena campa\u00f1a del coronavirus, como homenaje al dolor y a las v\u00edctimas de la pandemia.<\/p><p style=\"padding-left: 40px\"><strong>Preludio azul<\/strong><br \/>Dedicada a mi madre, v\u00edctima de la voracidad de la Guerra Civil espa\u00f1ola. Debe estar en el cielo y por eso lleva el nombre de Preludio Azul.<\/p><p style=\"padding-left: 40px\"><strong>Evocaci\u00f3n<\/strong><br \/>Recuerdo de juventud de postguerra con mi hermano y su apoyo para yo fuera m\u00fasico. En esta obra se refleja entre sus notas, la vida de sacrificios por salir adelante en nuestra juventud.<\/p><p style=\"padding-left: 40px\"><strong>Murmullo musical<\/strong><br \/>Es un murmullo musical en tono Mayor y menor simulando un chorro continuado de notas.<\/p><p style=\"padding-left: 40px\"><strong> El viento de la vida<\/strong><br \/>Preludio dedicado a la vida, su empuje y fuerza.<\/p><p style=\"padding-left: 40px\"><strong> Caprichos<\/strong><br \/>Es una obra espont\u00e1nea, juguetona, hay un juego entre la melod\u00eda y el cromatismo que le da un inter\u00e9s especial<\/p><\/div><\/div><div class=\"tp-unfold-last-toggle flex-start\"><button class=\"tp-unfold-toggle \"> Ver m\u00e1s <\/button><\/div><\/div>\t\t\t\t<\/div>\n\t\t\t\t<\/div>\n\t\t\t\t\t<\/div>\n\t\t<\/div>\n\t\t\t\t\t<\/div>\n\t\t<\/section>\n\t\t\t\t<section class=\"elementor-section elementor-top-section elementor-element elementor-element-60d4f6e elementor-section-boxed elementor-section-height-default elementor-section-height-default\" data-id=\"60d4f6e\" data-element_type=\"section\" data-e-type=\"section\" data-settings=\"{&quot;background_background&quot;:&quot;classic&quot;}\">\n\t\t\t\t\t\t<div class=\"elementor-container elementor-column-gap-default\">\n\t\t\t\t\t<div class=\"elementor-column elementor-col-100 elementor-top-column elementor-element elementor-element-0b8f0aa\" data-id=\"0b8f0aa\" data-element_type=\"column\" data-e-type=\"column\">\n\t\t\t<div class=\"elementor-widget-wrap elementor-element-populated\">\n\t\t\t\t\t\t<div class=\"elementor-element elementor-element-d2f4e17 elementor-widget elementor-widget-heading\" data-id=\"d2f4e17\" data-element_type=\"widget\" data-e-type=\"widget\" data-widget_type=\"heading.default\">\n\t\t\t\t<div class=\"elementor-widget-container\">\n\t\t\t\t\t<h2 class=\"elementor-heading-title elementor-size-default\">GALERIE<\/h2>\t\t\t\t<\/div>\n\t\t\t\t<\/div>\n\t\t\t\t<section class=\"elementor-section elementor-inner-section elementor-element elementor-element-51b52f1 elementor-section-boxed elementor-section-height-default elementor-section-height-default\" data-id=\"51b52f1\" data-element_type=\"section\" data-e-type=\"section\">\n\t\t\t\t\t\t<div class=\"elementor-container elementor-column-gap-default\">\n\t\t\t\t\t<div class=\"elementor-column elementor-col-50 elementor-inner-column elementor-element elementor-element-3e555f7\" data-id=\"3e555f7\" data-element_type=\"column\" data-e-type=\"column\">\n\t\t\t<div class=\"elementor-widget-wrap elementor-element-populated\">\n\t\t\t\t\t\t<div class=\"elementor-element elementor-element-a5c8f19 elementor-hidden-desktop elementor-hidden-tablet elementor-hidden-mobile elementor-widget elementor-widget-text-editor\" data-id=\"a5c8f19\" data-element_type=\"widget\" data-e-type=\"widget\" data-widget_type=\"text-editor.default\">\n\t\t\t\t<div class=\"elementor-widget-container\">\n\t\t\t\t\t\t\t\t\t<p>Duis malesuada sapien id dolor fermentum pretium. Curabitur a orci vehicula, porta augue id, ultrices ipsum. Aliquam lorem arcu, porttitor egestas ante quis, eleifend interdum orci. Donec id elementum nisl. Nulla enim augue, iaculis eget tellus eleifend, vehicula facilisis enim. Proin nec placerat nulla. Duis fringilla est est, in rutrum nunc consectetur sit amet. Proin in quam et sapien lobortis condimentum ac ac elit. Ut sed metus risus.<\/p>\t\t\t\t\t\t\t\t<\/div>\n\t\t\t\t<\/div>\n\t\t\t\t\t<\/div>\n\t\t<\/div>\n\t\t\t\t<div class=\"elementor-column elementor-col-50 elementor-inner-column elementor-element elementor-element-6f4259e\" data-id=\"6f4259e\" data-element_type=\"column\" data-e-type=\"column\">\n\t\t\t<div class=\"elementor-widget-wrap\">\n\t\t\t\t\t\t\t<\/div>\n\t\t<\/div>\n\t\t\t\t\t<\/div>\n\t\t<\/section>\n\t\t\t\t<div class=\"elementor-element elementor-element-deb5422 elementor-widget elementor-widget-gallery\" data-id=\"deb5422\" data-element_type=\"widget\" data-e-type=\"widget\" data-settings=\"{&quot;gallery_layout&quot;:&quot;justified&quot;,&quot;ideal_row_height&quot;:{&quot;unit&quot;:&quot;px&quot;,&quot;size&quot;:259,&quot;sizes&quot;:[]},&quot;overlay_title&quot;:&quot;caption&quot;,&quot;lazyload&quot;:&quot;yes&quot;,&quot;ideal_row_height_tablet&quot;:{&quot;unit&quot;:&quot;px&quot;,&quot;size&quot;:150,&quot;sizes&quot;:[]},&quot;ideal_row_height_mobile&quot;:{&quot;unit&quot;:&quot;px&quot;,&quot;size&quot;:150,&quot;sizes&quot;:[]},&quot;gap&quot;:{&quot;unit&quot;:&quot;px&quot;,&quot;size&quot;:10,&quot;sizes&quot;:[]},&quot;gap_tablet&quot;:{&quot;unit&quot;:&quot;px&quot;,&quot;size&quot;:10,&quot;sizes&quot;:[]},&quot;gap_mobile&quot;:{&quot;unit&quot;:&quot;px&quot;,&quot;size&quot;:10,&quot;sizes&quot;:[]},&quot;link_to&quot;:&quot;file&quot;,&quot;overlay_background&quot;:&quot;yes&quot;,&quot;content_hover_animation&quot;:&quot;fade-in&quot;}\" data-widget_type=\"gallery.default\">\n\t\t\t\t<div class=\"elementor-widget-container\">\n\t\t\t\t\t\t\t<div class=\"elementor-gallery__container\">\n\t\t\t\t\t\t\t<a class=\"e-gallery-item elementor-gallery-item elementor-animated-content\" href=\"https:\/\/recuerdasdeunavida.com\/wp-content\/uploads\/2023\/06\/1_CONCIERTO-AMBERES-1-copia-1.jpg\" data-elementor-open-lightbox=\"yes\" data-elementor-lightbox-slideshow=\"deb5422\" data-e-action-hash=\"#elementor-action%3Aaction%3Dlightbox%26settings%3DeyJpZCI6NjAyOCwidXJsIjoiaHR0cHM6XC9cL3JlY3VlcmRhc2RldW5hdmlkYS5jb21cL3dwLWNvbnRlbnRcL3VwbG9hZHNcLzIwMjNcLzA2XC8xX0NPTkNJRVJUTy1BTUJFUkVTLTEtY29waWEtMS5qcGciLCJzbGlkZXNob3ciOiJkZWI1NDIyIn0%3D\">\n\t\t\t\t\t<div class=\"e-gallery-image elementor-gallery-item__image\" data-thumbnail=\"https:\/\/recuerdasdeunavida.com\/wp-content\/uploads\/2023\/06\/1_CONCIERTO-AMBERES-1-copia-1-768x432.jpg\" data-width=\"768\" data-height=\"432\" aria-label=\"\" role=\"img\" ><\/div>\n\t\t\t\t\t\t\t\t\t\t\t<div class=\"elementor-gallery-item__overlay\"><\/div>\n\t\t\t\t\t\t\t\t\t\t\t\t\t\t\t<div class=\"elementor-gallery-item__content\">\n\t\t\t\t\t\t\t\t\t\t\t<\/div>\n\t\t\t\t\t\t\t\t\t<\/a>\n\t\t\t\t\t\t\t<a class=\"e-gallery-item elementor-gallery-item elementor-animated-content\" href=\"https:\/\/recuerdasdeunavida.com\/wp-content\/uploads\/2023\/06\/2_CONCIERTO-AMBERES-26-copia-1.jpg\" data-elementor-open-lightbox=\"yes\" data-elementor-lightbox-slideshow=\"deb5422\" data-e-action-hash=\"#elementor-action%3Aaction%3Dlightbox%26settings%3DeyJpZCI6NjAzMSwidXJsIjoiaHR0cHM6XC9cL3JlY3VlcmRhc2RldW5hdmlkYS5jb21cL3dwLWNvbnRlbnRcL3VwbG9hZHNcLzIwMjNcLzA2XC8yX0NPTkNJRVJUTy1BTUJFUkVTLTI2LWNvcGlhLTEuanBnIiwic2xpZGVzaG93IjoiZGViNTQyMiJ9\">\n\t\t\t\t\t<div class=\"e-gallery-image elementor-gallery-item__image\" data-thumbnail=\"https:\/\/recuerdasdeunavida.com\/wp-content\/uploads\/2023\/06\/2_CONCIERTO-AMBERES-26-copia-1-768x432.jpg\" data-width=\"768\" data-height=\"432\" aria-label=\"\" role=\"img\" ><\/div>\n\t\t\t\t\t\t\t\t\t\t\t<div class=\"elementor-gallery-item__overlay\"><\/div>\n\t\t\t\t\t\t\t\t\t\t\t\t\t\t\t<div class=\"elementor-gallery-item__content\">\n\t\t\t\t\t\t\t\t\t\t\t<\/div>\n\t\t\t\t\t\t\t\t\t<\/a>\n\t\t\t\t\t\t\t<a class=\"e-gallery-item elementor-gallery-item elementor-animated-content\" href=\"https:\/\/recuerdasdeunavida.com\/wp-content\/uploads\/2023\/06\/3_CONCIERTO-AMBERES-22-copia-1.jpg\" data-elementor-open-lightbox=\"yes\" data-elementor-lightbox-slideshow=\"deb5422\" data-e-action-hash=\"#elementor-action%3Aaction%3Dlightbox%26settings%3DeyJpZCI6NjAzNCwidXJsIjoiaHR0cHM6XC9cL3JlY3VlcmRhc2RldW5hdmlkYS5jb21cL3dwLWNvbnRlbnRcL3VwbG9hZHNcLzIwMjNcLzA2XC8zX0NPTkNJRVJUTy1BTUJFUkVTLTIyLWNvcGlhLTEuanBnIiwic2xpZGVzaG93IjoiZGViNTQyMiJ9\">\n\t\t\t\t\t<div class=\"e-gallery-image elementor-gallery-item__image\" data-thumbnail=\"https:\/\/recuerdasdeunavida.com\/wp-content\/uploads\/2023\/06\/3_CONCIERTO-AMBERES-22-copia-1-768x432.jpg\" data-width=\"768\" data-height=\"432\" aria-label=\"\" role=\"img\" ><\/div>\n\t\t\t\t\t\t\t\t\t\t\t<div class=\"elementor-gallery-item__overlay\"><\/div>\n\t\t\t\t\t\t\t\t\t\t\t\t\t\t\t<div class=\"elementor-gallery-item__content\">\n\t\t\t\t\t\t\t\t\t\t\t<\/div>\n\t\t\t\t\t\t\t\t\t<\/a>\n\t\t\t\t\t\t\t<a class=\"e-gallery-item elementor-gallery-item elementor-animated-content\" href=\"https:\/\/recuerdasdeunavida.com\/wp-content\/uploads\/2023\/06\/4_CONCIERTO-AMBERES-20-copia-1.jpg\" data-elementor-open-lightbox=\"yes\" data-elementor-lightbox-slideshow=\"deb5422\" data-e-action-hash=\"#elementor-action%3Aaction%3Dlightbox%26settings%3DeyJpZCI6NjAzNywidXJsIjoiaHR0cHM6XC9cL3JlY3VlcmRhc2RldW5hdmlkYS5jb21cL3dwLWNvbnRlbnRcL3VwbG9hZHNcLzIwMjNcLzA2XC80X0NPTkNJRVJUTy1BTUJFUkVTLTIwLWNvcGlhLTEuanBnIiwic2xpZGVzaG93IjoiZGViNTQyMiJ9\">\n\t\t\t\t\t<div class=\"e-gallery-image elementor-gallery-item__image\" data-thumbnail=\"https:\/\/recuerdasdeunavida.com\/wp-content\/uploads\/2023\/06\/4_CONCIERTO-AMBERES-20-copia-1-768x432.jpg\" data-width=\"768\" data-height=\"432\" aria-label=\"\" role=\"img\" ><\/div>\n\t\t\t\t\t\t\t\t\t\t\t<div class=\"elementor-gallery-item__overlay\"><\/div>\n\t\t\t\t\t\t\t\t\t\t\t\t\t\t\t<div class=\"elementor-gallery-item__content\">\n\t\t\t\t\t\t\t\t\t\t\t<\/div>\n\t\t\t\t\t\t\t\t\t<\/a>\n\t\t\t\t\t\t\t<a class=\"e-gallery-item elementor-gallery-item elementor-animated-content\" href=\"https:\/\/recuerdasdeunavida.com\/wp-content\/uploads\/2023\/06\/5_CONCIERTO-AMBERES-4-copia-1.jpg\" data-elementor-open-lightbox=\"yes\" data-elementor-lightbox-slideshow=\"deb5422\" data-e-action-hash=\"#elementor-action%3Aaction%3Dlightbox%26settings%3DeyJpZCI6NjA0MCwidXJsIjoiaHR0cHM6XC9cL3JlY3VlcmRhc2RldW5hdmlkYS5jb21cL3dwLWNvbnRlbnRcL3VwbG9hZHNcLzIwMjNcLzA2XC81X0NPTkNJRVJUTy1BTUJFUkVTLTQtY29waWEtMS5qcGciLCJzbGlkZXNob3ciOiJkZWI1NDIyIn0%3D\">\n\t\t\t\t\t<div class=\"e-gallery-image elementor-gallery-item__image\" data-thumbnail=\"https:\/\/recuerdasdeunavida.com\/wp-content\/uploads\/2023\/06\/5_CONCIERTO-AMBERES-4-copia-1-768x472.jpg\" data-width=\"768\" data-height=\"472\" aria-label=\"\" role=\"img\" ><\/div>\n\t\t\t\t\t\t\t\t\t\t\t<div class=\"elementor-gallery-item__overlay\"><\/div>\n\t\t\t\t\t\t\t\t\t\t\t\t\t\t\t<div class=\"elementor-gallery-item__content\">\n\t\t\t\t\t\t\t\t\t\t\t<\/div>\n\t\t\t\t\t\t\t\t\t<\/a>\n\t\t\t\t\t\t\t<a class=\"e-gallery-item elementor-gallery-item elementor-animated-content\" href=\"https:\/\/recuerdasdeunavida.com\/wp-content\/uploads\/2023\/06\/6_CONCIERTO-AMBERES-7-copia-1.jpg\" data-elementor-open-lightbox=\"yes\" data-elementor-lightbox-slideshow=\"deb5422\" data-e-action-hash=\"#elementor-action%3Aaction%3Dlightbox%26settings%3DeyJpZCI6NjA0MywidXJsIjoiaHR0cHM6XC9cL3JlY3VlcmRhc2RldW5hdmlkYS5jb21cL3dwLWNvbnRlbnRcL3VwbG9hZHNcLzIwMjNcLzA2XC82X0NPTkNJRVJUTy1BTUJFUkVTLTctY29waWEtMS5qcGciLCJzbGlkZXNob3ciOiJkZWI1NDIyIn0%3D\">\n\t\t\t\t\t<div class=\"e-gallery-image elementor-gallery-item__image\" data-thumbnail=\"https:\/\/recuerdasdeunavida.com\/wp-content\/uploads\/2023\/06\/6_CONCIERTO-AMBERES-7-copia-1-768x432.jpg\" data-width=\"768\" data-height=\"432\" aria-label=\"\" role=\"img\" ><\/div>\n\t\t\t\t\t\t\t\t\t\t\t<div class=\"elementor-gallery-item__overlay\"><\/div>\n\t\t\t\t\t\t\t\t\t\t\t\t\t\t\t<div class=\"elementor-gallery-item__content\">\n\t\t\t\t\t\t\t\t\t\t\t<\/div>\n\t\t\t\t\t\t\t\t\t<\/a>\n\t\t\t\t\t\t\t<a class=\"e-gallery-item elementor-gallery-item elementor-animated-content\" href=\"https:\/\/recuerdasdeunavida.com\/wp-content\/uploads\/2023\/06\/7_CONCIERTO-AMBERES-17-copia-1.jpg\" data-elementor-open-lightbox=\"yes\" data-elementor-lightbox-slideshow=\"deb5422\" data-e-action-hash=\"#elementor-action%3Aaction%3Dlightbox%26settings%3DeyJpZCI6NjA0NiwidXJsIjoiaHR0cHM6XC9cL3JlY3VlcmRhc2RldW5hdmlkYS5jb21cL3dwLWNvbnRlbnRcL3VwbG9hZHNcLzIwMjNcLzA2XC83X0NPTkNJRVJUTy1BTUJFUkVTLTE3LWNvcGlhLTEuanBnIiwic2xpZGVzaG93IjoiZGViNTQyMiJ9\">\n\t\t\t\t\t<div class=\"e-gallery-image elementor-gallery-item__image\" data-thumbnail=\"https:\/\/recuerdasdeunavida.com\/wp-content\/uploads\/2023\/06\/7_CONCIERTO-AMBERES-17-copia-1-768x432.jpg\" data-width=\"768\" data-height=\"432\" aria-label=\"\" role=\"img\" ><\/div>\n\t\t\t\t\t\t\t\t\t\t\t<div class=\"elementor-gallery-item__overlay\"><\/div>\n\t\t\t\t\t\t\t\t\t\t\t\t\t\t\t<div class=\"elementor-gallery-item__content\">\n\t\t\t\t\t\t\t\t\t\t\t<\/div>\n\t\t\t\t\t\t\t\t\t<\/a>\n\t\t\t\t\t\t\t<a class=\"e-gallery-item elementor-gallery-item elementor-animated-content\" href=\"https:\/\/recuerdasdeunavida.com\/wp-content\/uploads\/2023\/06\/8_CONCIERTO-AMBERES-30-copia-4.jpg\" data-elementor-open-lightbox=\"yes\" data-elementor-lightbox-slideshow=\"deb5422\" data-e-action-hash=\"#elementor-action%3Aaction%3Dlightbox%26settings%3DeyJpZCI6NjA1OSwidXJsIjoiaHR0cHM6XC9cL3JlY3VlcmRhc2RldW5hdmlkYS5jb21cL3dwLWNvbnRlbnRcL3VwbG9hZHNcLzIwMjNcLzA2XC84X0NPTkNJRVJUTy1BTUJFUkVTLTMwLWNvcGlhLTQuanBnIiwic2xpZGVzaG93IjoiZGViNTQyMiJ9\">\n\t\t\t\t\t<div class=\"e-gallery-image elementor-gallery-item__image\" data-thumbnail=\"https:\/\/recuerdasdeunavida.com\/wp-content\/uploads\/2023\/06\/8_CONCIERTO-AMBERES-30-copia-4-768x432.jpg\" data-width=\"768\" data-height=\"432\" aria-label=\"\" role=\"img\" ><\/div>\n\t\t\t\t\t\t\t\t\t\t\t<div class=\"elementor-gallery-item__overlay\"><\/div>\n\t\t\t\t\t\t\t\t\t\t\t\t\t\t\t<div class=\"elementor-gallery-item__content\">\n\t\t\t\t\t\t\t\t\t\t\t<\/div>\n\t\t\t\t\t\t\t\t\t<\/a>\n\t\t\t\t\t\t\t<a class=\"e-gallery-item elementor-gallery-item elementor-animated-content\" href=\"https:\/\/recuerdasdeunavida.com\/wp-content\/uploads\/2023\/06\/9_CONCIERTO-AMBERES-29-copia-1.jpg\" data-elementor-open-lightbox=\"yes\" data-elementor-lightbox-slideshow=\"deb5422\" data-e-action-hash=\"#elementor-action%3Aaction%3Dlightbox%26settings%3DeyJpZCI6NjA2MiwidXJsIjoiaHR0cHM6XC9cL3JlY3VlcmRhc2RldW5hdmlkYS5jb21cL3dwLWNvbnRlbnRcL3VwbG9hZHNcLzIwMjNcLzA2XC85X0NPTkNJRVJUTy1BTUJFUkVTLTI5LWNvcGlhLTEuanBnIiwic2xpZGVzaG93IjoiZGViNTQyMiJ9\">\n\t\t\t\t\t<div class=\"e-gallery-image elementor-gallery-item__image\" data-thumbnail=\"https:\/\/recuerdasdeunavida.com\/wp-content\/uploads\/2023\/06\/9_CONCIERTO-AMBERES-29-copia-1-768x471.jpg\" data-width=\"768\" data-height=\"471\" aria-label=\"\" role=\"img\" ><\/div>\n\t\t\t\t\t\t\t\t\t\t\t<div class=\"elementor-gallery-item__overlay\"><\/div>\n\t\t\t\t\t\t\t\t\t\t\t\t\t\t\t<div class=\"elementor-gallery-item__content\">\n\t\t\t\t\t\t\t\t\t\t\t<\/div>\n\t\t\t\t\t\t\t\t\t<\/a>\n\t\t\t\t\t\t\t<a class=\"e-gallery-item elementor-gallery-item elementor-animated-content\" href=\"https:\/\/recuerdasdeunavida.com\/wp-content\/uploads\/2023\/06\/10_CONCIERTO-AMBERES-8-copia-1.jpg\" data-elementor-open-lightbox=\"yes\" data-elementor-lightbox-slideshow=\"deb5422\" data-e-action-hash=\"#elementor-action%3Aaction%3Dlightbox%26settings%3DeyJpZCI6NjA2NSwidXJsIjoiaHR0cHM6XC9cL3JlY3VlcmRhc2RldW5hdmlkYS5jb21cL3dwLWNvbnRlbnRcL3VwbG9hZHNcLzIwMjNcLzA2XC8xMF9DT05DSUVSVE8tQU1CRVJFUy04LWNvcGlhLTEuanBnIiwic2xpZGVzaG93IjoiZGViNTQyMiJ9\">\n\t\t\t\t\t<div class=\"e-gallery-image elementor-gallery-item__image\" data-thumbnail=\"https:\/\/recuerdasdeunavida.com\/wp-content\/uploads\/2023\/06\/10_CONCIERTO-AMBERES-8-copia-1-768x426.jpg\" data-width=\"768\" data-height=\"426\" aria-label=\"\" role=\"img\" ><\/div>\n\t\t\t\t\t\t\t\t\t\t\t<div class=\"elementor-gallery-item__overlay\"><\/div>\n\t\t\t\t\t\t\t\t\t\t\t\t\t\t\t<div class=\"elementor-gallery-item__content\">\n\t\t\t\t\t\t\t\t\t\t\t<\/div>\n\t\t\t\t\t\t\t\t\t<\/a>\n\t\t\t\t\t\t\t<a class=\"e-gallery-item elementor-gallery-item elementor-animated-content\" href=\"https:\/\/recuerdasdeunavida.com\/wp-content\/uploads\/2023\/06\/11_CONCIERTO-AMBERES-11-copia-1.jpg\" data-elementor-open-lightbox=\"yes\" data-elementor-lightbox-slideshow=\"deb5422\" data-e-action-hash=\"#elementor-action%3Aaction%3Dlightbox%26settings%3DeyJpZCI6NjA2OCwidXJsIjoiaHR0cHM6XC9cL3JlY3VlcmRhc2RldW5hdmlkYS5jb21cL3dwLWNvbnRlbnRcL3VwbG9hZHNcLzIwMjNcLzA2XC8xMV9DT05DSUVSVE8tQU1CRVJFUy0xMS1jb3BpYS0xLmpwZyIsInNsaWRlc2hvdyI6ImRlYjU0MjIifQ%3D%3D\">\n\t\t\t\t\t<div class=\"e-gallery-image elementor-gallery-item__image\" data-thumbnail=\"https:\/\/recuerdasdeunavida.com\/wp-content\/uploads\/2023\/06\/11_CONCIERTO-AMBERES-11-copia-1-768x432.jpg\" data-width=\"768\" data-height=\"432\" aria-label=\"\" role=\"img\" ><\/div>\n\t\t\t\t\t\t\t\t\t\t\t<div class=\"elementor-gallery-item__overlay\"><\/div>\n\t\t\t\t\t\t\t\t\t\t\t\t\t\t\t<div class=\"elementor-gallery-item__content\">\n\t\t\t\t\t\t\t\t\t\t\t<\/div>\n\t\t\t\t\t\t\t\t\t<\/a>\n\t\t\t\t\t\t\t<a class=\"e-gallery-item elementor-gallery-item elementor-animated-content\" href=\"https:\/\/recuerdasdeunavida.com\/wp-content\/uploads\/2023\/06\/12_CONCIERTO-AMBERES-24-copia-1.jpg\" data-elementor-open-lightbox=\"yes\" data-elementor-lightbox-slideshow=\"deb5422\" data-e-action-hash=\"#elementor-action%3Aaction%3Dlightbox%26settings%3DeyJpZCI6NjA3MSwidXJsIjoiaHR0cHM6XC9cL3JlY3VlcmRhc2RldW5hdmlkYS5jb21cL3dwLWNvbnRlbnRcL3VwbG9hZHNcLzIwMjNcLzA2XC8xMl9DT05DSUVSVE8tQU1CRVJFUy0yNC1jb3BpYS0xLmpwZyIsInNsaWRlc2hvdyI6ImRlYjU0MjIifQ%3D%3D\">\n\t\t\t\t\t<div class=\"e-gallery-image elementor-gallery-item__image\" data-thumbnail=\"https:\/\/recuerdasdeunavida.com\/wp-content\/uploads\/2023\/06\/12_CONCIERTO-AMBERES-24-copia-1-768x432.jpg\" data-width=\"768\" data-height=\"432\" aria-label=\"\" role=\"img\" ><\/div>\n\t\t\t\t\t\t\t\t\t\t\t<div class=\"elementor-gallery-item__overlay\"><\/div>\n\t\t\t\t\t\t\t\t\t\t\t\t\t\t\t<div class=\"elementor-gallery-item__content\">\n\t\t\t\t\t\t\t\t\t\t\t<\/div>\n\t\t\t\t\t\t\t\t\t<\/a>\n\t\t\t\t\t\t\t<a class=\"e-gallery-item elementor-gallery-item elementor-animated-content\" href=\"https:\/\/recuerdasdeunavida.com\/wp-content\/uploads\/2023\/06\/13_CONCIERTO-AMBERES-28-copia-1.jpg\" data-elementor-open-lightbox=\"yes\" data-elementor-lightbox-slideshow=\"deb5422\" data-e-action-hash=\"#elementor-action%3Aaction%3Dlightbox%26settings%3DeyJpZCI6NjA3NCwidXJsIjoiaHR0cHM6XC9cL3JlY3VlcmRhc2RldW5hdmlkYS5jb21cL3dwLWNvbnRlbnRcL3VwbG9hZHNcLzIwMjNcLzA2XC8xM19DT05DSUVSVE8tQU1CRVJFUy0yOC1jb3BpYS0xLmpwZyIsInNsaWRlc2hvdyI6ImRlYjU0MjIifQ%3D%3D\">\n\t\t\t\t\t<div class=\"e-gallery-image elementor-gallery-item__image\" data-thumbnail=\"https:\/\/recuerdasdeunavida.com\/wp-content\/uploads\/2023\/06\/13_CONCIERTO-AMBERES-28-copia-1-768x432.jpg\" data-width=\"768\" data-height=\"432\" aria-label=\"\" role=\"img\" ><\/div>\n\t\t\t\t\t\t\t\t\t\t\t<div class=\"elementor-gallery-item__overlay\"><\/div>\n\t\t\t\t\t\t\t\t\t\t\t\t\t\t\t<div class=\"elementor-gallery-item__content\">\n\t\t\t\t\t\t\t\t\t\t\t<\/div>\n\t\t\t\t\t\t\t\t\t<\/a>\n\t\t\t\t\t\t\t<a class=\"e-gallery-item elementor-gallery-item elementor-animated-content\" href=\"https:\/\/recuerdasdeunavida.com\/wp-content\/uploads\/2023\/06\/14_CONCIERTO-AMBERES-33-copia-1.jpg\" data-elementor-open-lightbox=\"yes\" data-elementor-lightbox-slideshow=\"deb5422\" data-e-action-hash=\"#elementor-action%3Aaction%3Dlightbox%26settings%3DeyJpZCI6NjA3NywidXJsIjoiaHR0cHM6XC9cL3JlY3VlcmRhc2RldW5hdmlkYS5jb21cL3dwLWNvbnRlbnRcL3VwbG9hZHNcLzIwMjNcLzA2XC8xNF9DT05DSUVSVE8tQU1CRVJFUy0zMy1jb3BpYS0xLmpwZyIsInNsaWRlc2hvdyI6ImRlYjU0MjIifQ%3D%3D\">\n\t\t\t\t\t<div class=\"e-gallery-image elementor-gallery-item__image\" data-thumbnail=\"https:\/\/recuerdasdeunavida.com\/wp-content\/uploads\/2023\/06\/14_CONCIERTO-AMBERES-33-copia-1-768x432.jpg\" data-width=\"768\" data-height=\"432\" aria-label=\"\" role=\"img\" ><\/div>\n\t\t\t\t\t\t\t\t\t\t\t<div class=\"elementor-gallery-item__overlay\"><\/div>\n\t\t\t\t\t\t\t\t\t\t\t\t\t\t\t<div class=\"elementor-gallery-item__content\">\n\t\t\t\t\t\t\t\t\t\t\t<\/div>\n\t\t\t\t\t\t\t\t\t<\/a>\n\t\t\t\t\t\t\t<a class=\"e-gallery-item elementor-gallery-item elementor-animated-content\" href=\"https:\/\/recuerdasdeunavida.com\/wp-content\/uploads\/2023\/06\/15_CONCIERTO-AMBERES-35-copia-1.jpg\" data-elementor-open-lightbox=\"yes\" data-elementor-lightbox-slideshow=\"deb5422\" data-e-action-hash=\"#elementor-action%3Aaction%3Dlightbox%26settings%3DeyJpZCI6NjA4MCwidXJsIjoiaHR0cHM6XC9cL3JlY3VlcmRhc2RldW5hdmlkYS5jb21cL3dwLWNvbnRlbnRcL3VwbG9hZHNcLzIwMjNcLzA2XC8xNV9DT05DSUVSVE8tQU1CRVJFUy0zNS1jb3BpYS0xLmpwZyIsInNsaWRlc2hvdyI6ImRlYjU0MjIifQ%3D%3D\">\n\t\t\t\t\t<div class=\"e-gallery-image elementor-gallery-item__image\" data-thumbnail=\"https:\/\/recuerdasdeunavida.com\/wp-content\/uploads\/2023\/06\/15_CONCIERTO-AMBERES-35-copia-1-768x432.jpg\" data-width=\"768\" data-height=\"432\" aria-label=\"\" role=\"img\" ><\/div>\n\t\t\t\t\t\t\t\t\t\t\t<div class=\"elementor-gallery-item__overlay\"><\/div>\n\t\t\t\t\t\t\t\t\t\t\t\t\t\t\t<div class=\"elementor-gallery-item__content\">\n\t\t\t\t\t\t\t\t\t\t\t<\/div>\n\t\t\t\t\t\t\t\t\t<\/a>\n\t\t\t\t\t\t\t<a class=\"e-gallery-item elementor-gallery-item elementor-animated-content\" href=\"https:\/\/recuerdasdeunavida.com\/wp-content\/uploads\/2023\/06\/16_FAB05057-114-copia-1.jpg\" data-elementor-open-lightbox=\"yes\" data-elementor-lightbox-slideshow=\"deb5422\" data-e-action-hash=\"#elementor-action%3Aaction%3Dlightbox%26settings%3DeyJpZCI6NjA4MywidXJsIjoiaHR0cHM6XC9cL3JlY3VlcmRhc2RldW5hdmlkYS5jb21cL3dwLWNvbnRlbnRcL3VwbG9hZHNcLzIwMjNcLzA2XC8xNl9GQUIwNTA1Ny0xMTQtY29waWEtMS5qcGciLCJzbGlkZXNob3ciOiJkZWI1NDIyIn0%3D\">\n\t\t\t\t\t<div class=\"e-gallery-image elementor-gallery-item__image\" data-thumbnail=\"https:\/\/recuerdasdeunavida.com\/wp-content\/uploads\/2023\/06\/16_FAB05057-114-copia-1-768x512.jpg\" data-width=\"768\" data-height=\"512\" aria-label=\"\" role=\"img\" ><\/div>\n\t\t\t\t\t\t\t\t\t\t\t<div class=\"elementor-gallery-item__overlay\"><\/div>\n\t\t\t\t\t\t\t\t\t\t\t\t\t\t\t<div class=\"elementor-gallery-item__content\">\n\t\t\t\t\t\t\t\t\t\t\t<\/div>\n\t\t\t\t\t\t\t\t\t<\/a>\n\t\t\t\t\t\t\t<a class=\"e-gallery-item elementor-gallery-item elementor-animated-content\" href=\"https:\/\/recuerdasdeunavida.com\/wp-content\/uploads\/2023\/06\/17_FAB05088-132-copia-1.jpg\" data-elementor-open-lightbox=\"yes\" data-elementor-lightbox-slideshow=\"deb5422\" data-e-action-hash=\"#elementor-action%3Aaction%3Dlightbox%26settings%3DeyJpZCI6NjA4NiwidXJsIjoiaHR0cHM6XC9cL3JlY3VlcmRhc2RldW5hdmlkYS5jb21cL3dwLWNvbnRlbnRcL3VwbG9hZHNcLzIwMjNcLzA2XC8xN19GQUIwNTA4OC0xMzItY29waWEtMS5qcGciLCJzbGlkZXNob3ciOiJkZWI1NDIyIn0%3D\">\n\t\t\t\t\t<div class=\"e-gallery-image elementor-gallery-item__image\" data-thumbnail=\"https:\/\/recuerdasdeunavida.com\/wp-content\/uploads\/2023\/06\/17_FAB05088-132-copia-1-768x512.jpg\" data-width=\"768\" data-height=\"512\" aria-label=\"\" role=\"img\" ><\/div>\n\t\t\t\t\t\t\t\t\t\t\t<div class=\"elementor-gallery-item__overlay\"><\/div>\n\t\t\t\t\t\t\t\t\t\t\t\t\t\t\t<div class=\"elementor-gallery-item__content\">\n\t\t\t\t\t\t\t\t\t\t\t<\/div>\n\t\t\t\t\t\t\t\t\t<\/a>\n\t\t\t\t\t\t\t<a class=\"e-gallery-item elementor-gallery-item elementor-animated-content\" href=\"https:\/\/recuerdasdeunavida.com\/wp-content\/uploads\/2023\/06\/18_FAB05107-138-copia-1.jpg\" data-elementor-open-lightbox=\"yes\" data-elementor-lightbox-slideshow=\"deb5422\" data-e-action-hash=\"#elementor-action%3Aaction%3Dlightbox%26settings%3DeyJpZCI6NjA4OSwidXJsIjoiaHR0cHM6XC9cL3JlY3VlcmRhc2RldW5hdmlkYS5jb21cL3dwLWNvbnRlbnRcL3VwbG9hZHNcLzIwMjNcLzA2XC8xOF9GQUIwNTEwNy0xMzgtY29waWEtMS5qcGciLCJzbGlkZXNob3ciOiJkZWI1NDIyIn0%3D\">\n\t\t\t\t\t<div class=\"e-gallery-image elementor-gallery-item__image\" data-thumbnail=\"https:\/\/recuerdasdeunavida.com\/wp-content\/uploads\/2023\/06\/18_FAB05107-138-copia-1-768x512.jpg\" data-width=\"768\" data-height=\"512\" aria-label=\"\" role=\"img\" ><\/div>\n\t\t\t\t\t\t\t\t\t\t\t<div class=\"elementor-gallery-item__overlay\"><\/div>\n\t\t\t\t\t\t\t\t\t\t\t\t\t\t\t<div class=\"elementor-gallery-item__content\">\n\t\t\t\t\t\t\t\t\t\t\t<\/div>\n\t\t\t\t\t\t\t\t\t<\/a>\n\t\t\t\t\t<\/div>\n\t\t\t\t\t<\/div>\n\t\t\t\t<\/div>\n\t\t\t\t\t<\/div>\n\t\t<\/div>\n\t\t\t\t\t<\/div>\n\t\t<\/section>\n\t\t\t\t<section class=\"elementor-section elementor-top-section elementor-element elementor-element-ba65d81 elementor-section-boxed elementor-section-height-default elementor-section-height-default\" data-id=\"ba65d81\" data-element_type=\"section\" data-e-type=\"section\" data-settings=\"{&quot;background_background&quot;:&quot;classic&quot;}\">\n\t\t\t\t\t\t<div class=\"elementor-container elementor-column-gap-default\">\n\t\t\t\t\t<div class=\"elementor-column elementor-col-100 elementor-top-column elementor-element elementor-element-4636bd2\" data-id=\"4636bd2\" data-element_type=\"column\" data-e-type=\"column\">\n\t\t\t<div class=\"elementor-widget-wrap elementor-element-populated\">\n\t\t\t\t\t\t<div class=\"elementor-element elementor-element-22ede3b elementor-widget elementor-widget-heading\" data-id=\"22ede3b\" data-element_type=\"widget\" data-e-type=\"widget\" data-widget_type=\"heading.default\">\n\t\t\t\t<div class=\"elementor-widget-container\">\n\t\t\t\t\t<h2 class=\"elementor-heading-title elementor-size-default\">VID\u00c9OS<\/h2>\t\t\t\t<\/div>\n\t\t\t\t<\/div>\n\t\t\t\t<section class=\"elementor-section elementor-inner-section elementor-element elementor-element-1b8860f elementor-section-boxed elementor-section-height-default elementor-section-height-default\" data-id=\"1b8860f\" data-element_type=\"section\" data-e-type=\"section\">\n\t\t\t\t\t\t<div class=\"elementor-container elementor-column-gap-default\">\n\t\t\t\t\t<div class=\"elementor-column elementor-col-50 elementor-inner-column elementor-element elementor-element-6f499aa\" data-id=\"6f499aa\" data-element_type=\"column\" data-e-type=\"column\">\n\t\t\t<div class=\"elementor-widget-wrap elementor-element-populated\">\n\t\t\t\t\t\t<div class=\"elementor-element elementor-element-5d07305 elementor-widget elementor-widget-text-editor\" data-id=\"5d07305\" data-element_type=\"widget\" data-e-type=\"widget\" data-widget_type=\"text-editor.default\">\n\t\t\t\t<div class=\"elementor-widget-container\">\n\t\t\t\t\t\t\t\t\t<p><strong><span style=\"color: #9e7e54;\">Concert complet<br \/><\/span><\/strong><\/p>\t\t\t\t\t\t\t\t<\/div>\n\t\t\t\t<\/div>\n\t\t\t\t<div class=\"elementor-element elementor-element-b9df531 elementor-widget elementor-widget-video\" data-id=\"b9df531\" data-element_type=\"widget\" data-e-type=\"widget\" data-settings=\"{&quot;youtube_url&quot;:&quot;https:\\\/\\\/www.youtube.com\\\/watch?v=KoeGADE7KQg&amp;t=2s&quot;,&quot;video_type&quot;:&quot;youtube&quot;,&quot;controls&quot;:&quot;yes&quot;}\" data-widget_type=\"video.default\">\n\t\t\t\t<div class=\"elementor-widget-container\">\n\t\t\t\t\t\t\t<div class=\"elementor-wrapper elementor-open-inline\">\n\t\t\t<div class=\"elementor-video\"><\/div>\t\t<\/div>\n\t\t\t\t\t\t<\/div>\n\t\t\t\t<\/div>\n\t\t\t\t\t<\/div>\n\t\t<\/div>\n\t\t\t\t<div class=\"elementor-column elementor-col-50 elementor-inner-column elementor-element elementor-element-ddbbaa7 elementor-hidden-desktop elementor-hidden-tablet elementor-hidden-mobile\" data-id=\"ddbbaa7\" data-element_type=\"column\" data-e-type=\"column\">\n\t\t\t<div class=\"elementor-widget-wrap elementor-element-populated\">\n\t\t\t\t\t\t<div class=\"elementor-element elementor-element-b8befdb elementor-widget elementor-widget-text-editor\" data-id=\"b8befdb\" data-element_type=\"widget\" data-e-type=\"widget\" data-widget_type=\"text-editor.default\">\n\t\t\t\t<div class=\"elementor-widget-container\">\n\t\t\t\t\t\t\t\t\t<p><strong><span style=\"color: #9e7e54;\">Canto a la serran\u00eda<\/span><\/strong><\/p>\t\t\t\t\t\t\t\t<\/div>\n\t\t\t\t<\/div>\n\t\t\t\t<div class=\"elementor-element elementor-element-260d2e8 elementor-widget elementor-widget-video\" data-id=\"260d2e8\" data-element_type=\"widget\" data-e-type=\"widget\" data-settings=\"{&quot;youtube_url&quot;:&quot;https:\\\/\\\/youtu.be\\\/3W0q1ZHhLoo&quot;,&quot;video_type&quot;:&quot;youtube&quot;,&quot;controls&quot;:&quot;yes&quot;}\" data-widget_type=\"video.default\">\n\t\t\t\t<div class=\"elementor-widget-container\">\n\t\t\t\t\t\t\t<div class=\"elementor-wrapper elementor-open-inline\">\n\t\t\t<div class=\"elementor-video\"><\/div>\t\t<\/div>\n\t\t\t\t\t\t<\/div>\n\t\t\t\t<\/div>\n\t\t\t\t\t<\/div>\n\t\t<\/div>\n\t\t\t\t\t<\/div>\n\t\t<\/section>\n\t\t\t\t\t<\/div>\n\t\t<\/div>\n\t\t\t\t\t<\/div>\n\t\t<\/section>\n\t\t\t\t<section class=\"elementor-section elementor-top-section elementor-element elementor-element-9772a05 elementor-hidden-desktop elementor-hidden-tablet elementor-section-boxed elementor-section-height-default elementor-section-height-default\" data-id=\"9772a05\" data-element_type=\"section\" data-e-type=\"section\" data-settings=\"{&quot;background_background&quot;:&quot;classic&quot;}\">\n\t\t\t\t\t\t<div class=\"elementor-container elementor-column-gap-default\">\n\t\t\t\t\t<div class=\"elementor-column elementor-col-50 elementor-top-column elementor-element elementor-element-1648f1dc\" data-id=\"1648f1dc\" data-element_type=\"column\" data-e-type=\"column\">\n\t\t\t<div class=\"elementor-widget-wrap elementor-element-populated\">\n\t\t\t\t\t\t<div class=\"elementor-element elementor-element-53c6aae elementor-widget elementor-widget-heading\" data-id=\"53c6aae\" data-element_type=\"widget\" data-e-type=\"widget\" data-widget_type=\"heading.default\">\n\t\t\t\t<div class=\"elementor-widget-container\">\n\t\t\t\t\t<h2 class=\"elementor-heading-title elementor-size-default\">Cuarteto Chagall<\/h2>\t\t\t\t<\/div>\n\t\t\t\t<\/div>\n\t\t\t\t<div class=\"elementor-element elementor-element-e37553c elementor-widget elementor-widget-tp-unfold\" data-id=\"e37553c\" data-element_type=\"widget\" data-e-type=\"widget\" data-widget_type=\"tp-unfold.default\">\n\t\t\t\t<div class=\"elementor-widget-container\">\n\t\t\t\t\t<div class=\"tp-unfold-wrapper plus69f4633404daf  \" data-id=\"plus69f4633404daf\"  data-content_a_source=\"content\" data-con_pos=\"default\" data-icon-position=\"tp_ic_pos_before\" data-readmore=\"Ver m\u00e1s\" data-readless=\"Ver menos\" data-readmore-icon=\"\" data-readless-icon=\"\"  data-transition-duration=\"200\" data-content-max-height=\"187\" data-content-max-height-t=\"100\" data-content-max-height-m=\"329\"  ><div class=\"tp-unfold-title\"><\/div><div class=\"tp-unfold-description\" ><div class=\"tp-unfold-description-inner\"><p>El cuarteto Chagall est\u00e1 formado por Cristina Pascual Godoy (viol\u00edn), Sergio G\u00f3mez (viol\u00edn), Abel Nafee Rosch (viola) e Irene Celestino (chelo).<\/p><p>El cuarteto ha ofrecido numerosos conciertos tanto en el \u00e1mbito nacional como internacional, destacando sus participaciones en los festivales \u00abCl\u00e1sicos en Verano\u00bb y \u00bbArte Sacro\u00bb de la Comunidad de Madrid, en varios ciclos de conciertos en Boadilla del Monte (Madrid), en el ciclo\u2019 \u00abLas soir\u00e9es de Riaza\u00bb (Segovia), ciclos MusaE apoyados por Acci\u00f3n Cultural Espa\u00f1ola y el MECD, Juventudes Musicales o el concierto ofrecido en el Teatro de la Zarzuela de Madrid en conmemoraci\u00f3n del 115 Aniversario de la SGAE.<\/p><p>En el \u00e1mbito internacional cabe destacar la gira de conciertos como cuarteto invitado por el \u00abFestival Junger K\u00fcnstler Bayreuth\u00bb o su concierto en el Teatro Massimo Bellini de Catania, con gran \u00e9xito de cr\u00edtica y p\u00fablico. Ha realizado igualmente conciertos en San Juan de Luz y Biarritz (Francia).<\/p><\/div><\/div><div class=\"tp-unfold-last-toggle flex-start\"><button class=\"tp-unfold-toggle \"> Ver m\u00e1s <\/button><\/div><\/div>\t\t\t\t<\/div>\n\t\t\t\t<\/div>\n\t\t\t\t\t<\/div>\n\t\t<\/div>\n\t\t\t\t<div class=\"elementor-column elementor-col-50 elementor-top-column elementor-element elementor-element-7a8f5276\" data-id=\"7a8f5276\" data-element_type=\"column\" data-e-type=\"column\">\n\t\t\t<div class=\"elementor-widget-wrap elementor-element-populated\">\n\t\t\t\t\t\t<div class=\"elementor-element elementor-element-76ead76a elementor-widget elementor-widget-image\" data-id=\"76ead76a\" data-element_type=\"widget\" data-e-type=\"widget\" data-widget_type=\"image.default\">\n\t\t\t\t<div class=\"elementor-widget-container\">\n\t\t\t\t\t\t\t\t\t\t\t\t\t\t\t<img loading=\"lazy\" decoding=\"async\" width=\"2000\" height=\"1333\" src=\"https:\/\/recuerdasdeunavida.com\/wp-content\/uploads\/2023\/02\/cuartetochagall-1.jpg\" class=\"attachment-full size-full wp-image-5110\" alt=\"cuarteto chagall\" srcset=\"https:\/\/recuerdasdeunavida.com\/wp-content\/uploads\/2023\/02\/cuartetochagall-1.jpg 2000w, https:\/\/recuerdasdeunavida.com\/wp-content\/uploads\/2023\/02\/cuartetochagall-1-300x200.jpg 300w, https:\/\/recuerdasdeunavida.com\/wp-content\/uploads\/2023\/02\/cuartetochagall-1-1024x682.jpg 1024w, https:\/\/recuerdasdeunavida.com\/wp-content\/uploads\/2023\/02\/cuartetochagall-1-768x512.jpg 768w, https:\/\/recuerdasdeunavida.com\/wp-content\/uploads\/2023\/02\/cuartetochagall-1-1536x1024.jpg 1536w\" sizes=\"(max-width: 2000px) 100vw, 2000px\" \/>\t\t\t\t\t\t\t\t\t\t\t\t\t\t\t<\/div>\n\t\t\t\t<\/div>\n\t\t\t\t\t<\/div>\n\t\t<\/div>\n\t\t\t\t\t<\/div>\n\t\t<\/section>\n\t\t\t\t<section class=\"elementor-section elementor-top-section elementor-element elementor-element-31688254 elementor-hidden-desktop elementor-hidden-tablet elementor-hidden-mobile elementor-section-boxed elementor-section-height-default elementor-section-height-default\" data-id=\"31688254\" data-element_type=\"section\" data-e-type=\"section\" data-settings=\"{&quot;background_background&quot;:&quot;classic&quot;}\">\n\t\t\t\t\t\t<div class=\"elementor-container elementor-column-gap-default\">\n\t\t\t\t\t<div class=\"elementor-column elementor-col-100 elementor-top-column elementor-element elementor-element-26c3874c\" data-id=\"26c3874c\" data-element_type=\"column\" data-e-type=\"column\">\n\t\t\t<div class=\"elementor-widget-wrap elementor-element-populated\">\n\t\t\t\t\t\t<div class=\"elementor-element elementor-element-46ef1c59 elementor-widget elementor-widget-heading\" data-id=\"46ef1c59\" data-element_type=\"widget\" data-e-type=\"widget\" data-widget_type=\"heading.default\">\n\t\t\t\t<div class=\"elementor-widget-container\">\n\t\t\t\t\t<h2 class=\"elementor-heading-title elementor-size-default\">EL PROGRAMA<\/h2>\t\t\t\t<\/div>\n\t\t\t\t<\/div>\n\t\t\t\t<div class=\"elementor-element elementor-element-5ae009eb elementor-widget-divider--view-line elementor-widget elementor-widget-divider\" data-id=\"5ae009eb\" data-element_type=\"widget\" data-e-type=\"widget\" data-widget_type=\"divider.default\">\n\t\t\t\t<div class=\"elementor-widget-container\">\n\t\t\t\t\t\t\t<div class=\"elementor-divider\">\n\t\t\t<span class=\"elementor-divider-separator\">\n\t\t\t\t\t\t<\/span>\n\t\t<\/div>\n\t\t\t\t\t\t<\/div>\n\t\t\t\t<\/div>\n\t\t\t\t<div class=\"elementor-element elementor-element-5280524e elementor-widget elementor-widget-text-editor\" data-id=\"5280524e\" data-element_type=\"widget\" data-e-type=\"widget\" data-widget_type=\"text-editor.default\">\n\t\t\t\t<div class=\"elementor-widget-container\">\n\t\t\t\t\t\t\t\t\t<p><strong>Agust\u00edn Barrios (1885-1944) Paraguay:<\/strong> El \u00faltimo canto<\/p><p><strong>Manuel Maria Ponce (1935-2019) Madrid, Espa\u00f1a:<\/strong> Sonata III<\/p><p><strong>\u00c1ngel G. Pi\u00f1ero (1932-2022) C\u00e1diz (Espa\u00f1a)<\/strong><\/p><ul><li>A\u00f1oranza (estreno)<\/li><li>Encuentro en el Bosque (estreno)<\/li><li>Balada para una desconocida (guitarra y canto)<\/li><li>Viaje nocturno<br \/><br \/><\/li><\/ul><p><strong>Agust\u00edn Barrios (1885-1944) Paraguay:<\/strong> Danza paraguaya\u00a0 \u00a0 \u00a0 \u00a0 \u00a0 \u00a0 \u00a0 \u00a0 \u00a0 \u00a0 \u00a0 \u00a0<\/p>\t\t\t\t\t\t\t\t<\/div>\n\t\t\t\t<\/div>\n\t\t\t\t<div class=\"elementor-element elementor-element-388df93f elementor-hidden-desktop elementor-hidden-tablet elementor-hidden-mobile elementor-widget elementor-widget-heading\" data-id=\"388df93f\" data-element_type=\"widget\" data-e-type=\"widget\" data-widget_type=\"heading.default\">\n\t\t\t\t<div class=\"elementor-widget-container\">\n\t\t\t\t\t<h2 class=\"elementor-heading-title elementor-size-default\">PRIMERA PARTE<\/h2>\t\t\t\t<\/div>\n\t\t\t\t<\/div>\n\t\t\t\t<div class=\"elementor-element elementor-element-e886f61 elementor-hidden-desktop elementor-hidden-tablet elementor-hidden-mobile elementor-widget elementor-widget-tp-unfold\" data-id=\"e886f61\" data-element_type=\"widget\" data-e-type=\"widget\" data-widget_type=\"tp-unfold.default\">\n\t\t\t\t<div class=\"elementor-widget-container\">\n\t\t\t\t\t<div class=\"tp-unfold-wrapper plus69f4633406020  \" data-id=\"plus69f4633406020\"  data-content_a_source=\"content\" data-con_pos=\"default\" data-icon-position=\"tp_ic_pos_before\" data-readmore=\"Ver m\u00e1s\" data-readless=\"Ver menos\" data-readmore-icon=\"\" data-readless-icon=\"\"  data-transition-duration=\"200\" data-content-max-height=\"187\" data-content-max-height-t=\"100\" data-content-max-height-m=\"329\"  ><div class=\"tp-unfold-title\"><\/div><div class=\"tp-unfold-description\" ><div class=\"tp-unfold-description-inner\"><p><strong>Guitarra sola<\/strong><\/p><ul><li class=\"li1\">Meditaci\u00f3n. Int\u00e9rprete Luca Romanelli (Italia)<\/li><li class=\"li1\">Preludio azul. Int\u00e9rprete Stanislav Steshenko (Ucrania)<\/li><li class=\"li1\">Evocaci\u00f3n. Int\u00e9rprete Stanislav Steshenko<\/li><li class=\"li1\">Murmullo musical. Int\u00e9rprete Stanislav Steshenko<\/li><li class=\"li1\">El viento de la vida. Int\u00e9rprete Stanislav Steshenko<\/li><li class=\"li1\">Caprichos. Int\u00e9rprete Stanislav Steshenko<\/li><\/ul><p style=\"padding-left: 40px\"><strong>Meditaci\u00f3n<\/strong><br \/>Compuesta en 2020 en plena campa\u00f1a del coronavirus, como homenaje al dolor y a las v\u00edctimas de la pandemia.<\/p><p style=\"padding-left: 40px\"><strong>Preludio azul<\/strong><br \/>Dedicada a mi madre, v\u00edctima de la voracidad de la Guerra Civil espa\u00f1ola. Debe estar en el cielo y por eso lleva el nombre de Preludio Azul.<\/p><p style=\"padding-left: 40px\"><strong>Evocaci\u00f3n<\/strong><br \/>Recuerdo de juventud de postguerra con mi hermano y su apoyo para yo fuera m\u00fasico. En esta obra se refleja entre sus notas, la vida de sacrificios por salir adelante en nuestra juventud.<\/p><p style=\"padding-left: 40px\"><strong>Murmullo musical<\/strong><br \/>Es un murmullo musical en tono Mayor y menor simulando un chorro continuado de notas.<\/p><p style=\"padding-left: 40px\"><strong> El viento de la vida<\/strong><br \/>Preludio dedicado a la vida, su empuje y fuerza.<\/p><p style=\"padding-left: 40px\"><strong> Caprichos<\/strong><br \/>Es una obra espont\u00e1nea, juguetona, hay un juego entre la melod\u00eda y el cromatismo que le da un inter\u00e9s especial<\/p><\/div><\/div><div class=\"tp-unfold-last-toggle flex-start\"><button class=\"tp-unfold-toggle \"> Ver m\u00e1s <\/button><\/div><\/div>\t\t\t\t<\/div>\n\t\t\t\t<\/div>\n\t\t\t\t\t<\/div>\n\t\t<\/div>\n\t\t\t\t\t<\/div>\n\t\t<\/section>\n\t\t\t\t<section class=\"elementor-section elementor-top-section elementor-element elementor-element-1dc907b7 elementor-hidden-desktop elementor-hidden-tablet elementor-hidden-mobile elementor-section-boxed elementor-section-height-default elementor-section-height-default\" data-id=\"1dc907b7\" data-element_type=\"section\" data-e-type=\"section\" data-settings=\"{&quot;background_background&quot;:&quot;classic&quot;}\">\n\t\t\t\t\t\t<div class=\"elementor-container elementor-column-gap-default\">\n\t\t\t\t\t<div class=\"elementor-column elementor-col-100 elementor-top-column elementor-element elementor-element-7a709a64\" data-id=\"7a709a64\" data-element_type=\"column\" data-e-type=\"column\">\n\t\t\t<div class=\"elementor-widget-wrap elementor-element-populated\">\n\t\t\t\t\t\t<div class=\"elementor-element elementor-element-6a20c7b2 elementor-widget elementor-widget-heading\" data-id=\"6a20c7b2\" data-element_type=\"widget\" data-e-type=\"widget\" data-widget_type=\"heading.default\">\n\t\t\t\t<div class=\"elementor-widget-container\">\n\t\t\t\t\t<h2 class=\"elementor-heading-title elementor-size-default\">GALER\u00cdA <\/h2>\t\t\t\t<\/div>\n\t\t\t\t<\/div>\n\t\t\t\t<section class=\"elementor-section elementor-inner-section elementor-element elementor-element-2409b1d9 elementor-section-boxed elementor-section-height-default elementor-section-height-default\" data-id=\"2409b1d9\" data-element_type=\"section\" data-e-type=\"section\">\n\t\t\t\t\t\t<div class=\"elementor-container elementor-column-gap-default\">\n\t\t\t\t\t<div class=\"elementor-column elementor-col-50 elementor-inner-column elementor-element elementor-element-6c894891\" data-id=\"6c894891\" data-element_type=\"column\" data-e-type=\"column\">\n\t\t\t<div class=\"elementor-widget-wrap elementor-element-populated\">\n\t\t\t\t\t\t<div class=\"elementor-element elementor-element-1d947911 elementor-hidden-desktop elementor-hidden-tablet elementor-hidden-mobile elementor-widget elementor-widget-text-editor\" data-id=\"1d947911\" data-element_type=\"widget\" data-e-type=\"widget\" data-widget_type=\"text-editor.default\">\n\t\t\t\t<div class=\"elementor-widget-container\">\n\t\t\t\t\t\t\t\t\t<p>Duis malesuada sapien id dolor fermentum pretium. Curabitur a orci vehicula, porta augue id, ultrices ipsum. Aliquam lorem arcu, porttitor egestas ante quis, eleifend interdum orci. Donec id elementum nisl. Nulla enim augue, iaculis eget tellus eleifend, vehicula facilisis enim. Proin nec placerat nulla. Duis fringilla est est, in rutrum nunc consectetur sit amet. Proin in quam et sapien lobortis condimentum ac ac elit. Ut sed metus risus.<\/p>\t\t\t\t\t\t\t\t<\/div>\n\t\t\t\t<\/div>\n\t\t\t\t\t<\/div>\n\t\t<\/div>\n\t\t\t\t<div class=\"elementor-column elementor-col-50 elementor-inner-column elementor-element elementor-element-389b6b3f\" data-id=\"389b6b3f\" data-element_type=\"column\" data-e-type=\"column\">\n\t\t\t<div class=\"elementor-widget-wrap\">\n\t\t\t\t\t\t\t<\/div>\n\t\t<\/div>\n\t\t\t\t\t<\/div>\n\t\t<\/section>\n\t\t\t\t<div class=\"elementor-element elementor-element-13f7500c elementor-widget elementor-widget-gallery\" data-id=\"13f7500c\" data-element_type=\"widget\" data-e-type=\"widget\" data-settings=\"{&quot;gallery_layout&quot;:&quot;justified&quot;,&quot;ideal_row_height&quot;:{&quot;unit&quot;:&quot;px&quot;,&quot;size&quot;:259,&quot;sizes&quot;:[]},&quot;overlay_title&quot;:&quot;caption&quot;,&quot;lazyload&quot;:&quot;yes&quot;,&quot;ideal_row_height_tablet&quot;:{&quot;unit&quot;:&quot;px&quot;,&quot;size&quot;:150,&quot;sizes&quot;:[]},&quot;ideal_row_height_mobile&quot;:{&quot;unit&quot;:&quot;px&quot;,&quot;size&quot;:150,&quot;sizes&quot;:[]},&quot;gap&quot;:{&quot;unit&quot;:&quot;px&quot;,&quot;size&quot;:10,&quot;sizes&quot;:[]},&quot;gap_tablet&quot;:{&quot;unit&quot;:&quot;px&quot;,&quot;size&quot;:10,&quot;sizes&quot;:[]},&quot;gap_mobile&quot;:{&quot;unit&quot;:&quot;px&quot;,&quot;size&quot;:10,&quot;sizes&quot;:[]},&quot;link_to&quot;:&quot;file&quot;,&quot;overlay_background&quot;:&quot;yes&quot;,&quot;content_hover_animation&quot;:&quot;fade-in&quot;}\" data-widget_type=\"gallery.default\">\n\t\t\t\t<div class=\"elementor-widget-container\">\n\t\t\t\t\t\t\t<div class=\"elementor-gallery__container\">\n\t\t\t\t\t\t\t<a class=\"e-gallery-item elementor-gallery-item elementor-animated-content\" href=\"https:\/\/recuerdasdeunavida.com\/wp-content\/uploads\/2023\/01\/cartel.png\" data-elementor-open-lightbox=\"yes\" data-elementor-lightbox-slideshow=\"13f7500c\" data-e-action-hash=\"#elementor-action%3Aaction%3Dlightbox%26settings%3DeyJpZCI6NDgyNCwidXJsIjoiaHR0cHM6XC9cL3JlY3VlcmRhc2RldW5hdmlkYS5jb21cL3dwLWNvbnRlbnRcL3VwbG9hZHNcLzIwMjNcLzAxXC9jYXJ0ZWwucG5nIiwic2xpZGVzaG93IjoiMTNmNzUwMGMifQ%3D%3D\">\n\t\t\t\t\t<div class=\"e-gallery-image elementor-gallery-item__image\" data-thumbnail=\"https:\/\/recuerdasdeunavida.com\/wp-content\/uploads\/2023\/01\/cartel.png\" data-width=\"550\" data-height=\"660\" aria-label=\"\" role=\"img\" ><\/div>\n\t\t\t\t\t\t\t\t\t\t\t<div class=\"elementor-gallery-item__overlay\"><\/div>\n\t\t\t\t\t\t\t\t\t\t\t\t\t\t\t<div class=\"elementor-gallery-item__content\">\n\t\t\t\t\t\t\t\t\t\t\t<\/div>\n\t\t\t\t\t\t\t\t\t<\/a>\n\t\t\t\t\t<\/div>\n\t\t\t\t\t<\/div>\n\t\t\t\t<\/div>\n\t\t\t\t\t<\/div>\n\t\t<\/div>\n\t\t\t\t\t<\/div>\n\t\t<\/section>\n\t\t\t\t<section class=\"elementor-section elementor-top-section elementor-element elementor-element-0bcdbc2 elementor-hidden-desktop elementor-hidden-tablet elementor-hidden-mobile elementor-section-boxed elementor-section-height-default elementor-section-height-default\" data-id=\"0bcdbc2\" data-element_type=\"section\" data-e-type=\"section\" data-settings=\"{&quot;background_background&quot;:&quot;classic&quot;}\">\n\t\t\t\t\t\t<div class=\"elementor-container elementor-column-gap-default\">\n\t\t\t\t\t<div class=\"elementor-column elementor-col-100 elementor-top-column elementor-element elementor-element-b9ae583\" data-id=\"b9ae583\" data-element_type=\"column\" data-e-type=\"column\">\n\t\t\t<div class=\"elementor-widget-wrap elementor-element-populated\">\n\t\t\t\t\t\t<div class=\"elementor-element elementor-element-bacde01 elementor-widget elementor-widget-heading\" data-id=\"bacde01\" data-element_type=\"widget\" data-e-type=\"widget\" data-widget_type=\"heading.default\">\n\t\t\t\t<div class=\"elementor-widget-container\">\n\t\t\t\t\t<h2 class=\"elementor-heading-title elementor-size-default\">V\u00cdDEOS<\/h2>\t\t\t\t<\/div>\n\t\t\t\t<\/div>\n\t\t\t\t<section class=\"elementor-section elementor-inner-section elementor-element elementor-element-bb33ce9 elementor-section-boxed elementor-section-height-default elementor-section-height-default\" data-id=\"bb33ce9\" data-element_type=\"section\" data-e-type=\"section\">\n\t\t\t\t\t\t<div class=\"elementor-container elementor-column-gap-default\">\n\t\t\t\t\t<div class=\"elementor-column elementor-col-50 elementor-inner-column elementor-element elementor-element-dac99d3\" data-id=\"dac99d3\" data-element_type=\"column\" data-e-type=\"column\">\n\t\t\t<div class=\"elementor-widget-wrap elementor-element-populated\">\n\t\t\t\t\t\t<div class=\"elementor-element elementor-element-2a7d2a9 elementor-widget elementor-widget-text-editor\" data-id=\"2a7d2a9\" data-element_type=\"widget\" data-e-type=\"widget\" data-widget_type=\"text-editor.default\">\n\t\t\t\t<div class=\"elementor-widget-container\">\n\t\t\t\t\t\t\t\t\t<p><strong><span style=\"color: #9e7e54;\">Brisas de C\u00e1diz<\/span><\/strong><\/p>\t\t\t\t\t\t\t\t<\/div>\n\t\t\t\t<\/div>\n\t\t\t\t<div class=\"elementor-element elementor-element-00d837e elementor-widget elementor-widget-video\" data-id=\"00d837e\" data-element_type=\"widget\" data-e-type=\"widget\" data-settings=\"{&quot;youtube_url&quot;:&quot;https:\\\/\\\/youtu.be\\\/hrJhYj5bkbI&quot;,&quot;video_type&quot;:&quot;youtube&quot;,&quot;controls&quot;:&quot;yes&quot;}\" data-widget_type=\"video.default\">\n\t\t\t\t<div class=\"elementor-widget-container\">\n\t\t\t\t\t\t\t<div class=\"elementor-wrapper elementor-open-inline\">\n\t\t\t<div class=\"elementor-video\"><\/div>\t\t<\/div>\n\t\t\t\t\t\t<\/div>\n\t\t\t\t<\/div>\n\t\t\t\t\t<\/div>\n\t\t<\/div>\n\t\t\t\t<div class=\"elementor-column elementor-col-50 elementor-inner-column elementor-element elementor-element-1e3ef66\" data-id=\"1e3ef66\" data-element_type=\"column\" data-e-type=\"column\">\n\t\t\t<div class=\"elementor-widget-wrap elementor-element-populated\">\n\t\t\t\t\t\t<div class=\"elementor-element elementor-element-8f28a92 elementor-widget elementor-widget-text-editor\" data-id=\"8f28a92\" data-element_type=\"widget\" data-e-type=\"widget\" data-widget_type=\"text-editor.default\">\n\t\t\t\t<div class=\"elementor-widget-container\">\n\t\t\t\t\t\t\t\t\t<p><strong><span style=\"color: #9e7e54;\">Canto a la serran\u00eda<\/span><\/strong><\/p>\t\t\t\t\t\t\t\t<\/div>\n\t\t\t\t<\/div>\n\t\t\t\t<div class=\"elementor-element elementor-element-7623e3c elementor-widget elementor-widget-video\" data-id=\"7623e3c\" data-element_type=\"widget\" data-e-type=\"widget\" data-settings=\"{&quot;youtube_url&quot;:&quot;https:\\\/\\\/youtu.be\\\/3W0q1ZHhLoo&quot;,&quot;video_type&quot;:&quot;youtube&quot;,&quot;controls&quot;:&quot;yes&quot;}\" data-widget_type=\"video.default\">\n\t\t\t\t<div class=\"elementor-widget-container\">\n\t\t\t\t\t\t\t<div class=\"elementor-wrapper elementor-open-inline\">\n\t\t\t<div class=\"elementor-video\"><\/div>\t\t<\/div>\n\t\t\t\t\t\t<\/div>\n\t\t\t\t<\/div>\n\t\t\t\t\t<\/div>\n\t\t<\/div>\n\t\t\t\t\t<\/div>\n\t\t<\/section>\n\t\t\t\t\t<\/div>\n\t\t<\/div>\n\t\t\t\t\t<\/div>\n\t\t<\/section>\n\t\t\t\t<section class=\"elementor-section elementor-top-section elementor-element elementor-element-45b27867 elementor-hidden-desktop elementor-hidden-tablet elementor-hidden-mobile elementor-section-boxed elementor-section-height-default elementor-section-height-default\" data-id=\"45b27867\" data-element_type=\"section\" data-e-type=\"section\" data-settings=\"{&quot;background_background&quot;:&quot;classic&quot;}\">\n\t\t\t\t\t\t<div class=\"elementor-container elementor-column-gap-default\">\n\t\t\t\t\t<div class=\"elementor-column elementor-col-50 elementor-top-column elementor-element elementor-element-7db60efd\" data-id=\"7db60efd\" data-element_type=\"column\" data-e-type=\"column\">\n\t\t\t<div class=\"elementor-widget-wrap elementor-element-populated\">\n\t\t\t\t\t\t<div class=\"elementor-element elementor-element-4a5b595f elementor-widget elementor-widget-heading\" data-id=\"4a5b595f\" data-element_type=\"widget\" data-e-type=\"widget\" data-widget_type=\"heading.default\">\n\t\t\t\t<div class=\"elementor-widget-container\">\n\t\t\t\t\t<h2 class=\"elementor-heading-title elementor-size-default\">PRENSA<\/h2>\t\t\t\t<\/div>\n\t\t\t\t<\/div>\n\t\t\t\t<div class=\"elementor-element elementor-element-492663c4 elementor-widget elementor-widget-tp-accordion\" data-id=\"492663c4\" data-element_type=\"widget\" data-e-type=\"widget\" data-widget_type=\"tp-accordion.default\">\n\t\t\t\t<div class=\"elementor-widget-container\">\n\t\t\t\t\t\n<div class=\"theplus-accordion-wrapper elementor-accordion   \"\n    id=\"accordion69f4633419007\" data-accordion-id=\"accordion69f4633419007\"\n    data-connection=\"\"\n    data-accordion-type=\"accordion\"\n    data-heightlight-text       role=\"tablist\" >\n\n            <div class=\"theplus-accordion-item\"  role=\"tab\">\n            <div id=\"elementor-tab-title-1221\" class=\"elementor-tab-title plus-accordion-header 0 text-left \" data-tab=\"1\" aria-controls=\"elementor-tab-content-1221\">\n                                                <span class=\"accordion-icon-prefix \"><span\n                        class=\"plus-icon-accordion\"><i aria-hidden=\"true\" class=\"far fa-newspaper\"><\/i><\/span><\/span>\n                \n                <span style=\"width:100%\">SUD QUEST SAINT-JEAN-DE-LUZ<\/span>                <span class=\"elementor-accordion-icon elementor-accordion-icon-right\" aria-hidden=\"true\"><span class=\"elementor-accordion-icon-closed\"><i aria-hidden=\"true\" class=\"fas fa-chevron-up\"><\/i><\/span><span class=\"elementor-accordion-icon-opened\"><i aria-hidden=\"true\" class=\"fas fa-chevron-down\"><\/i><\/span><\/span>            <\/div>\n\n                        <div id=\"elementor-tab-content-1221\" class=\"elementor-tab-content elementor-clearfix plus-accordion-content 0 \" data-tab=\"1\" role=\"tabpanel\" aria-labelledby=\"elementor-tab-title-1221\">\n                <div class=\"plus-content-editor\" ><p><img loading=\"lazy\" decoding=\"async\" class=\"alignnone size-full wp-image-2767\" src=\"https:\/\/recuerdasdeunavida.com\/wp-content\/uploads\/2022\/10\/ARTICLE-SUD-OUEST.jpeg\" alt=\"\" width=\"1854\" height=\"2545\" srcset=\"https:\/\/recuerdasdeunavida.com\/wp-content\/uploads\/2022\/10\/ARTICLE-SUD-OUEST.jpeg 1854w, https:\/\/recuerdasdeunavida.com\/wp-content\/uploads\/2022\/10\/ARTICLE-SUD-OUEST-219x300.jpeg 219w, https:\/\/recuerdasdeunavida.com\/wp-content\/uploads\/2022\/10\/ARTICLE-SUD-OUEST-746x1024.jpeg 746w, https:\/\/recuerdasdeunavida.com\/wp-content\/uploads\/2022\/10\/ARTICLE-SUD-OUEST-768x1054.jpeg 768w, https:\/\/recuerdasdeunavida.com\/wp-content\/uploads\/2022\/10\/ARTICLE-SUD-OUEST-1119x1536.jpeg 1119w, https:\/\/recuerdasdeunavida.com\/wp-content\/uploads\/2022\/10\/ARTICLE-SUD-OUEST-1492x2048.jpeg 1492w\" sizes=\"(max-width: 1854px) 100vw, 1854px\" \/><\/p><p><img loading=\"lazy\" decoding=\"async\" class=\"alignnone size-full wp-image-2770\" src=\"https:\/\/recuerdasdeunavida.com\/wp-content\/uploads\/2022\/10\/Capture-decran-2022-05-27-a-11.09.00.png\" alt=\"\" width=\"452\" height=\"739\" srcset=\"https:\/\/recuerdasdeunavida.com\/wp-content\/uploads\/2022\/10\/Capture-decran-2022-05-27-a-11.09.00.png 452w, https:\/\/recuerdasdeunavida.com\/wp-content\/uploads\/2022\/10\/Capture-decran-2022-05-27-a-11.09.00-183x300.png 183w\" sizes=\"(max-width: 452px) 100vw, 452px\" \/><\/p><\/div>\n            <\/div>\n                    <\/div>\n        \n<\/div>\n\t\t\t\t<\/div>\n\t\t\t\t<\/div>\n\t\t\t\t\t<\/div>\n\t\t<\/div>\n\t\t\t\t<div class=\"elementor-column elementor-col-50 elementor-top-column elementor-element elementor-element-378dfd82 elementor-hidden-desktop elementor-hidden-tablet elementor-hidden-mobile\" data-id=\"378dfd82\" data-element_type=\"column\" data-e-type=\"column\">\n\t\t\t<div class=\"elementor-widget-wrap elementor-element-populated\">\n\t\t\t\t\t\t<div class=\"elementor-element elementor-element-6de2e676 elementor-widget elementor-widget-tp-accordion\" data-id=\"6de2e676\" data-element_type=\"widget\" data-e-type=\"widget\" data-widget_type=\"tp-accordion.default\">\n\t\t\t\t<div class=\"elementor-widget-container\">\n\t\t\t\t\t\n<div class=\"theplus-accordion-wrapper elementor-accordion   \"\n    id=\"accordion69f463341c48d\" data-accordion-id=\"accordion69f463341c48d\"\n    data-connection=\"\"\n    data-accordion-type=\"accordion\"\n    data-heightlight-text       role=\"tablist\" >\n\n            <div class=\"theplus-accordion-item\"  role=\"tab\">\n            <div id=\"elementor-tab-title-1841\" class=\"elementor-tab-title plus-accordion-header 0 text-left \" data-tab=\"1\" aria-controls=\"elementor-tab-content-1841\">\n                                                <span class=\"accordion-icon-prefix \"><span\n                        class=\"plus-icon-accordion\"><i aria-hidden=\"true\" class=\"far fa-newspaper\"><\/i><\/span><\/span>\n                \n                <span style=\"width:100%\">ASOCIACI\u00d3N MADRILE\u00d1A DE COMPOSITORES (11\/2021).   <\/br><b>Concierto Monogr\u00e1fico de \u00c1ngel Pi\u00f1ero  en SGAE.<\/b><\/span>                <span class=\"elementor-accordion-icon elementor-accordion-icon-right\" aria-hidden=\"true\"><span class=\"elementor-accordion-icon-closed\"><i aria-hidden=\"true\" class=\"fas fa-chevron-up\"><\/i><\/span><span class=\"elementor-accordion-icon-opened\"><i aria-hidden=\"true\" class=\"fas fa-chevron-down\"><\/i><\/span><\/span>            <\/div>\n\n                        <div id=\"elementor-tab-content-1841\" class=\"elementor-tab-content elementor-clearfix plus-accordion-content 0 \" data-tab=\"1\" role=\"tabpanel\" aria-labelledby=\"elementor-tab-title-1841\">\n                <div class=\"plus-content-editor\" ><p><span style=\"color: #333333;\">El 11 de noviembre a la 19:00 se organiza a trav\u00e9s de la Asociaci\u00f3n de guitarra cl\u00e1sica \u00c1ngel G. Pi\u00f1ero, un concierto de guitarra sola y guitarra y cuarteto de cuerdas en la sala Manuel de Falla de la SGAE. Es un concierto monogr\u00e1fico de parte de las obras de Pi\u00f1ero, que ser\u00e1n interpretadas por un concertista ucraniano premiado, Stalisnav Stetshenko y el cuarteto Chagall.<\/span><\/p><p><span style=\"color: #333333;\">El programa incluye las obras Preludio Azul, El viento de la vida, Murmullo musical, Balada a una desconocida, Viaje Nocturno, Alegr\u00edas en el puerto, Canto a la serran\u00eda y Brisas de C\u00e1diz.<\/span><\/p><p><a href=\"https:\/\/amcc.es\/concierto-monografico-de-angel-pinero-en-sgae\/\" target=\"_blank\" rel=\"noopener\"><span style=\"text-decoration: underline;\"><span style=\"color: #9e7e54; text-decoration: underline;\">Ver m\u00e1s<\/span><\/span><\/a><\/p><\/div>\n            <\/div>\n                    <\/div>\n        \n<\/div>\n\t\t\t\t<\/div>\n\t\t\t\t<\/div>\n\t\t\t\t\t<\/div>\n\t\t<\/div>\n\t\t\t\t\t<\/div>\n\t\t<\/section>\n\t\t\t\t<section class=\"elementor-section elementor-top-section elementor-element elementor-element-4ab4c9f elementor-hidden-desktop elementor-hidden-tablet elementor-hidden-mobile elementor-section-boxed elementor-section-height-default elementor-section-height-default\" data-id=\"4ab4c9f\" data-element_type=\"section\" data-e-type=\"section\" data-settings=\"{&quot;background_background&quot;:&quot;classic&quot;}\">\n\t\t\t\t\t\t<div class=\"elementor-container elementor-column-gap-default\">\n\t\t\t\t\t<div class=\"elementor-column elementor-col-50 elementor-top-column elementor-element elementor-element-ef295c6\" data-id=\"ef295c6\" data-element_type=\"column\" data-e-type=\"column\">\n\t\t\t<div class=\"elementor-widget-wrap elementor-element-populated\">\n\t\t\t\t\t\t<div class=\"elementor-element elementor-element-72973da elementor-widget elementor-widget-heading\" data-id=\"72973da\" data-element_type=\"widget\" data-e-type=\"widget\" data-widget_type=\"heading.default\">\n\t\t\t\t<div class=\"elementor-widget-container\">\n\t\t\t\t\t<h2 class=\"elementor-heading-title elementor-size-default\">PRENSA<\/h2>\t\t\t\t<\/div>\n\t\t\t\t<\/div>\n\t\t\t\t<div class=\"elementor-element elementor-element-7859b65 elementor-widget elementor-widget-tp-accordion\" data-id=\"7859b65\" data-element_type=\"widget\" data-e-type=\"widget\" data-widget_type=\"tp-accordion.default\">\n\t\t\t\t<div class=\"elementor-widget-container\">\n\t\t\t\t\t\n<div class=\"theplus-accordion-wrapper elementor-accordion   \"\n    id=\"accordion69f463341f9e0\" data-accordion-id=\"accordion69f463341f9e0\"\n    data-connection=\"\"\n    data-accordion-type=\"accordion\"\n    data-heightlight-text       role=\"tablist\" >\n\n            <div class=\"theplus-accordion-item\"  role=\"tab\">\n            <div id=\"elementor-tab-title-1261\" class=\"elementor-tab-title plus-accordion-header 0 text-left \" data-tab=\"1\" aria-controls=\"elementor-tab-content-1261\">\n                                                <span class=\"accordion-icon-prefix \"><span\n                        class=\"plus-icon-accordion\"><i aria-hidden=\"true\" class=\"far fa-newspaper\"><\/i><\/span><\/span>\n                \n                <span style=\"width:100%\">DIARIO JEREZ (15\/12\/22)<\/span>                <span class=\"elementor-accordion-icon elementor-accordion-icon-right\" aria-hidden=\"true\"><span class=\"elementor-accordion-icon-closed\"><i aria-hidden=\"true\" class=\"fas fa-chevron-up\"><\/i><\/span><span class=\"elementor-accordion-icon-opened\"><i aria-hidden=\"true\" class=\"fas fa-chevron-down\"><\/i><\/span><\/span>            <\/div>\n\n                        <div id=\"elementor-tab-content-1261\" class=\"elementor-tab-content elementor-clearfix plus-accordion-content 0 \" data-tab=\"1\" role=\"tabpanel\" aria-labelledby=\"elementor-tab-title-1261\">\n                <div class=\"plus-content-editor\" ><p>SOLIDARIDAD<\/p><p>&lsquo;Un juguete nuevo, una entrada&rsquo;, en los Claustros de Jerez<\/p><p>Este tradicional concierto de Navidad se celebrar\u00e1 este domingo, 18 de diciembre, a las 18 horas<\/p><p>La entrada ser\u00e1 la aportaci\u00f3n de un juguete nuevo, sin envolver, para la campa\u00f1a de los Retes Magos, que asistir\u00e1n a la cita<\/p><p><a href=\"https:\/\/www.diariodejerez.es\/ocio\/juguete-nuevo-entrada-Claustros-Jerez_0_1747925728.html\">https:\/\/www.diariodejerez.es\/ocio\/juguete-nuevo-entrada-Claustros-Jerez_0_1747925728.html<\/a><\/p><\/div>\n            <\/div>\n                    <\/div>\n        \n<\/div>\n\t\t\t\t<\/div>\n\t\t\t\t<\/div>\n\t\t\t\t\t<\/div>\n\t\t<\/div>\n\t\t\t\t<div class=\"elementor-column elementor-col-50 elementor-top-column elementor-element elementor-element-29a96ee elementor-hidden-desktop elementor-hidden-tablet elementor-hidden-mobile\" data-id=\"29a96ee\" data-element_type=\"column\" data-e-type=\"column\">\n\t\t\t<div class=\"elementor-widget-wrap elementor-element-populated\">\n\t\t\t\t\t\t<div class=\"elementor-element elementor-element-08fd9ab elementor-widget elementor-widget-tp-accordion\" data-id=\"08fd9ab\" data-element_type=\"widget\" data-e-type=\"widget\" data-widget_type=\"tp-accordion.default\">\n\t\t\t\t<div class=\"elementor-widget-container\">\n\t\t\t\t\t\n<div class=\"theplus-accordion-wrapper elementor-accordion   \"\n    id=\"accordion69f4633423434\" data-accordion-id=\"accordion69f4633423434\"\n    data-connection=\"\"\n    data-accordion-type=\"accordion\"\n    data-heightlight-text       role=\"tablist\" >\n\n            <div class=\"theplus-accordion-item\"  role=\"tab\">\n            <div id=\"elementor-tab-title-9421\" class=\"elementor-tab-title plus-accordion-header 0 text-left \" data-tab=\"1\" aria-controls=\"elementor-tab-content-9421\">\n                                                <span class=\"accordion-icon-prefix \"><span\n                        class=\"plus-icon-accordion\"><i aria-hidden=\"true\" class=\"far fa-newspaper\"><\/i><\/span><\/span>\n                \n                <span style=\"width:100%\">LA VOZ DIGITAL<\/span>                <span class=\"elementor-accordion-icon elementor-accordion-icon-right\" aria-hidden=\"true\"><span class=\"elementor-accordion-icon-closed\"><i aria-hidden=\"true\" class=\"fas fa-chevron-up\"><\/i><\/span><span class=\"elementor-accordion-icon-opened\"><i aria-hidden=\"true\" class=\"fas fa-chevron-down\"><\/i><\/span><\/span>            <\/div>\n\n                        <div id=\"elementor-tab-content-9421\" class=\"elementor-tab-content elementor-clearfix plus-accordion-content 0 \" data-tab=\"1\" role=\"tabpanel\" aria-labelledby=\"elementor-tab-title-9421\">\n                <div class=\"plus-content-editor\" ><p><img loading=\"lazy\" decoding=\"async\" class=\"alignnone size-medium wp-image-4321\" src=\"https:\/\/recuerdasdeunavida.com\/wp-content\/uploads\/2022\/11\/Captura-de-pantalla-2022-11-16-a-las-23.15.13-300x252.png\" alt=\"\" width=\"300\" height=\"252\" srcset=\"https:\/\/recuerdasdeunavida.com\/wp-content\/uploads\/2022\/11\/Captura-de-pantalla-2022-11-16-a-las-23.15.13-300x252.png 300w, https:\/\/recuerdasdeunavida.com\/wp-content\/uploads\/2022\/11\/Captura-de-pantalla-2022-11-16-a-las-23.15.13-768x646.png 768w, https:\/\/recuerdasdeunavida.com\/wp-content\/uploads\/2022\/11\/Captura-de-pantalla-2022-11-16-a-las-23.15.13.png 845w\" sizes=\"(max-width: 300px) 100vw, 300px\" \/><\/p><p><a href=\"https:\/\/www.lavozdigital.es\/provincia\/cadiz\/convento-santo-domingo-recuerda-guitarrista-gaditano-angel-20221111213116-ntv.html\">Leer m\u00e1s<\/a><\/p><\/div>\n            <\/div>\n                    <\/div>\n        \n<\/div>\n\t\t\t\t<\/div>\n\t\t\t\t<\/div>\n\t\t\t\t<div class=\"elementor-element elementor-element-44bdaec elementor-hidden-desktop elementor-hidden-tablet elementor-hidden-mobile elementor-widget elementor-widget-tp-accordion\" data-id=\"44bdaec\" data-element_type=\"widget\" data-e-type=\"widget\" data-widget_type=\"tp-accordion.default\">\n\t\t\t\t<div class=\"elementor-widget-container\">\n\t\t\t\t\t\n<div class=\"theplus-accordion-wrapper elementor-accordion   \"\n    id=\"accordion69f46334269bb\" data-accordion-id=\"accordion69f46334269bb\"\n    data-connection=\"\"\n    data-accordion-type=\"accordion\"\n    data-heightlight-text       role=\"tablist\" >\n\n            <div class=\"theplus-accordion-item\"  role=\"tab\">\n            <div id=\"elementor-tab-title-7201\" class=\"elementor-tab-title plus-accordion-header 0 text-left \" data-tab=\"1\" aria-controls=\"elementor-tab-content-7201\">\n                                                <span class=\"accordion-icon-prefix \"><span\n                        class=\"plus-icon-accordion\"><i aria-hidden=\"true\" class=\"far fa-newspaper\"><\/i><\/span><\/span>\n                \n                <span style=\"width:100%\">ASOCIACI\u00d3N MADRILE\u00d1A DE COMPOSITORES (11\/2021).   <\/br><b>Concierto Monogr\u00e1fico de \u00c1ngel Pi\u00f1ero  en SGAE.<\/b><\/span>                <span class=\"elementor-accordion-icon elementor-accordion-icon-right\" aria-hidden=\"true\"><span class=\"elementor-accordion-icon-closed\"><i aria-hidden=\"true\" class=\"fas fa-chevron-up\"><\/i><\/span><span class=\"elementor-accordion-icon-opened\"><i aria-hidden=\"true\" class=\"fas fa-chevron-down\"><\/i><\/span><\/span>            <\/div>\n\n                        <div id=\"elementor-tab-content-7201\" class=\"elementor-tab-content elementor-clearfix plus-accordion-content 0 \" data-tab=\"1\" role=\"tabpanel\" aria-labelledby=\"elementor-tab-title-7201\">\n                <div class=\"plus-content-editor\" ><p><span style=\"color: #333333;\">El 11 de noviembre a la 19:00 se organiza a trav\u00e9s de la Asociaci\u00f3n de guitarra cl\u00e1sica \u00c1ngel G. Pi\u00f1ero, un concierto de guitarra sola y guitarra y cuarteto de cuerdas en la sala Manuel de Falla de la SGAE. Es un concierto monogr\u00e1fico de parte de las obras de Pi\u00f1ero, que ser\u00e1n interpretadas por un concertista ucraniano premiado, Stalisnav Stetshenko y el cuarteto Chagall.<\/span><\/p><p><span style=\"color: #333333;\">El programa incluye las obras Preludio Azul, El viento de la vida, Murmullo musical, Balada a una desconocida, Viaje Nocturno, Alegr\u00edas en el puerto, Canto a la serran\u00eda y Brisas de C\u00e1diz.<\/span><\/p><p><a href=\"https:\/\/amcc.es\/concierto-monografico-de-angel-pinero-en-sgae\/\" target=\"_blank\" rel=\"noopener\"><span style=\"text-decoration: underline;\"><span style=\"color: #9e7e54; text-decoration: underline;\">Ver m\u00e1s<\/span><\/span><\/a><\/p><\/div>\n            <\/div>\n                    <\/div>\n        \n<\/div>\n\t\t\t\t<\/div>\n\t\t\t\t<\/div>\n\t\t\t\t\t<\/div>\n\t\t<\/div>\n\t\t\t\t\t<\/div>\n\t\t<\/section>\n\t\t\t\t<\/div>\n\t\t","protected":false},"featured_media":5636,"parent":0,"template":"","tipo":[29],"class_list":["post-5721","conciertos","type-conciertos","status-publish","has-post-thumbnail","hentry","tipo-precedents"],"_links":{"self":[{"href":"https:\/\/recuerdasdeunavida.com\/fr\/wp-json\/wp\/v2\/conciertos\/5721","targetHints":{"allow":["GET"]}}],"collection":[{"href":"https:\/\/recuerdasdeunavida.com\/fr\/wp-json\/wp\/v2\/conciertos"}],"about":[{"href":"https:\/\/recuerdasdeunavida.com\/fr\/wp-json\/wp\/v2\/types\/conciertos"}],"version-history":[{"count":52,"href":"https:\/\/recuerdasdeunavida.com\/fr\/wp-json\/wp\/v2\/conciertos\/5721\/revisions"}],"predecessor-version":[{"id":6243,"href":"https:\/\/recuerdasdeunavida.com\/fr\/wp-json\/wp\/v2\/conciertos\/5721\/revisions\/6243"}],"wp:featuredmedia":[{"embeddable":true,"href":"https:\/\/recuerdasdeunavida.com\/fr\/wp-json\/wp\/v2\/media\/5636"}],"wp:attachment":[{"href":"https:\/\/recuerdasdeunavida.com\/fr\/wp-json\/wp\/v2\/media?parent=5721"}],"wp:term":[{"taxonomy":"tipo","embeddable":true,"href":"https:\/\/recuerdasdeunavida.com\/fr\/wp-json\/wp\/v2\/tipo?post=5721"}],"curies":[{"name":"wp","href":"https:\/\/api.w.org\/{rel}","templated":true}]}}